{"id":18174,"date":"2020-06-17T13:07:44","date_gmt":"2020-06-17T11:07:44","guid":{"rendered":"http:\/\/www.lit.de\/temp\/zarzadzanie-kierowcami-i-flota-pojazdow\/"},"modified":"2021-02-19T11:43:51","modified_gmt":"2021-02-19T10:43:51","slug":"zarzadzanie-kierowcami-i-flota-pojazdow","status":"publish","type":"page","link":"https:\/\/www.lit.de\/pl\/zarzadzanie-kierowcami-i-flota-pojazdow\/","title":{"rendered":"Zarz\u0105dzanie kierowcami i flot\u0105 pojazd\u00f3w"},"content":{"rendered":"\t\t<div data-elementor-type=\"wp-page\" data-elementor-id=\"18174\" class=\"elementor elementor-18174 elementor-2095\" data-elementor-post-type=\"page\">\n\t\t\t\t\t\t<section class=\"elementor-section elementor-top-section elementor-element elementor-element-054c2e1 elementor-section-boxed elementor-section-height-default elementor-section-height-default\" data-id=\"054c2e1\" data-element_type=\"section\" data-settings=\"{&quot;background_background&quot;:&quot;classic&quot;}\">\n\t\t\t\t\t\t<div class=\"elementor-container elementor-column-gap-no\">\n\t\t\t\t\t<div class=\"elementor-column elementor-col-100 elementor-top-column elementor-element elementor-element-d0ac754\" data-id=\"d0ac754\" data-element_type=\"column\">\n\t\t\t<div class=\"elementor-widget-wrap elementor-element-populated\">\n\t\t\t\t\t\t<div class=\"elementor-element elementor-element-3750bad elementor-nav-menu__align-start lit-sticky elementor-nav-menu--dropdown-tablet elementor-nav-menu__text-align-aside elementor-nav-menu--toggle elementor-nav-menu--burger elementor-widget elementor-widget-nav-menu\" data-id=\"3750bad\" data-element_type=\"widget\" data-settings=\"{&quot;layout&quot;:&quot;vertical&quot;,&quot;submenu_icon&quot;:{&quot;value&quot;:&quot;&lt;i class=\\&quot;fas fa-caret-down\\&quot;&gt;&lt;\\\/i&gt;&quot;,&quot;library&quot;:&quot;fa-solid&quot;},&quot;toggle&quot;:&quot;burger&quot;}\" data-widget_type=\"nav-menu.default\">\n\t\t\t\t<div class=\"elementor-widget-container\">\n\t\t\t\t\t\t<nav class=\"elementor-nav-menu--main elementor-nav-menu__container elementor-nav-menu--layout-vertical e--pointer-none\">\n\t\t\t\t<ul id=\"menu-1-3750bad\" class=\"elementor-nav-menu sm-vertical\"><li class=\"menu-item menu-item-type-custom menu-item-object-custom menu-item-15256\"><a href=\"#fahrpersonalmanagement\" class=\"elementor-item elementor-item-anchor\">Zarz\u0105dzanie <br>kierowcami<\/a><\/li>\n<li class=\"menu-item menu-item-type-custom menu-item-object-custom menu-item-15257\"><a href=\"#fahrzeugmanagement-equipment\" class=\"elementor-item elementor-item-anchor\">Zarz\u0105dzanie pojazdami \/ sprz\u0119tem<\/a><\/li>\n<li class=\"menu-item menu-item-type-custom menu-item-object-custom menu-item-15258\"><a href=\"#tankstellen\" class=\"elementor-item elementor-item-anchor\">Stacje benzynowe i myjnie samochodowe<\/a><\/li>\n<li class=\"menu-item menu-item-type-custom menu-item-object-custom menu-item-15259\"><a href=\"#werkstaetten\" class=\"elementor-item elementor-item-anchor\">Warsztaty<\/a><\/li>\n<li class=\"menu-item menu-item-type-custom menu-item-object-custom menu-item-15260\"><a href=\"#ansprechpartner_fahrpersonal-und-fuhrparkmanagement\" class=\"elementor-item elementor-item-anchor\">Osoby kontaktowe<\/a><\/li>\n<li class=\"menu-item menu-item-type-custom menu-item-object-custom menu-item-15274\"><a href=\"#anfragen\" class=\"elementor-item elementor-item-anchor\">Zapytania<\/a><\/li>\n<\/ul>\t\t\t<\/nav>\n\t\t\t\t\t<div class=\"elementor-menu-toggle\" role=\"button\" tabindex=\"0\" aria-label=\"Menu Toggle\" aria-expanded=\"false\">\n\t\t\t<i aria-hidden=\"true\" role=\"presentation\" class=\"elementor-menu-toggle__icon--open eicon-menu-bar\"><\/i><i aria-hidden=\"true\" role=\"presentation\" class=\"elementor-menu-toggle__icon--close eicon-close\"><\/i>\t\t\t<span class=\"elementor-screen-only\">Menu<\/span>\n\t\t<\/div>\n\t\t\t\t\t<nav class=\"elementor-nav-menu--dropdown elementor-nav-menu__container\" aria-hidden=\"true\">\n\t\t\t\t<ul id=\"menu-2-3750bad\" class=\"elementor-nav-menu sm-vertical\"><li class=\"menu-item menu-item-type-custom menu-item-object-custom menu-item-15256\"><a href=\"#fahrpersonalmanagement\" class=\"elementor-item elementor-item-anchor\" tabindex=\"-1\">Zarz\u0105dzanie <br>kierowcami<\/a><\/li>\n<li class=\"menu-item menu-item-type-custom menu-item-object-custom menu-item-15257\"><a href=\"#fahrzeugmanagement-equipment\" class=\"elementor-item elementor-item-anchor\" tabindex=\"-1\">Zarz\u0105dzanie pojazdami \/ sprz\u0119tem<\/a><\/li>\n<li class=\"menu-item menu-item-type-custom menu-item-object-custom menu-item-15258\"><a href=\"#tankstellen\" class=\"elementor-item elementor-item-anchor\" tabindex=\"-1\">Stacje benzynowe i myjnie samochodowe<\/a><\/li>\n<li class=\"menu-item menu-item-type-custom menu-item-object-custom menu-item-15259\"><a href=\"#werkstaetten\" class=\"elementor-item elementor-item-anchor\" tabindex=\"-1\">Warsztaty<\/a><\/li>\n<li class=\"menu-item menu-item-type-custom menu-item-object-custom menu-item-15260\"><a href=\"#ansprechpartner_fahrpersonal-und-fuhrparkmanagement\" class=\"elementor-item elementor-item-anchor\" tabindex=\"-1\">Osoby kontaktowe<\/a><\/li>\n<li class=\"menu-item menu-item-type-custom menu-item-object-custom menu-item-15274\"><a href=\"#anfragen\" class=\"elementor-item elementor-item-anchor\" tabindex=\"-1\">Zapytania<\/a><\/li>\n<\/ul>\t\t\t<\/nav>\n\t\t\t\t<\/div>\n\t\t\t\t<\/div>\n\t\t\t\t<div class=\"elementor-element elementor-element-e7993d7 elementor-widget elementor-widget-menu-anchor\" data-id=\"e7993d7\" data-element_type=\"widget\" data-widget_type=\"menu-anchor.default\">\n\t\t\t\t<div class=\"elementor-widget-container\">\n\t\t\t\t\t<div id=\"transportlogistik\" class=\"elementor-menu-anchor\"><\/div>\n\t\t\t\t<\/div>\n\t\t\t\t<\/div>\n\t\t\t\t<div class=\"elementor-element elementor-element-150ad4e elementor-widget elementor-widget-text-editor\" data-id=\"150ad4e\" data-element_type=\"widget\" data-widget_type=\"text-editor.default\">\n\t\t\t\t<div class=\"elementor-widget-container\">\n\t\t\t\t\t\t\t<p>ZARZ\u0104DZANIE KIEROWCAMI I FLOT\u0104 POJAZD\u00d3W<\/p>\n\t\t\t\t\t\t<\/div>\n\t\t\t\t<\/div>\n\t\t\t\t<div class=\"elementor-element elementor-element-6768ed3 elementor-widget elementor-widget-heading\" data-id=\"6768ed3\" data-element_type=\"widget\" data-widget_type=\"heading.default\">\n\t\t\t\t<div class=\"elementor-widget-container\">\n\t\t\t<h1 class=\"elementor-heading-title elementor-size-default\">HAPPY DRIVE, HAPPY LIFE!<\/h1>\t\t<\/div>\n\t\t\t\t<\/div>\n\t\t\t\t<div class=\"elementor-element elementor-element-cdf4816 elementor-widget elementor-widget-heading\" data-id=\"cdf4816\" data-element_type=\"widget\" data-widget_type=\"heading.default\">\n\t\t\t\t<div class=\"elementor-widget-container\">\n\t\t\t<h2 class=\"elementor-heading-title elementor-size-default\">CZYSTO, PUNKTUALNIE, NIEZAWODNIE I BEZPIECZNIE! NASZA PALETA US\u0141UG ZWI\u0104ZANYCH Z TRANSPORTEM CI\u0118\u017bAROWYM TO KOMFORTOWY PAKIET<\/h2>\t\t<\/div>\n\t\t\t\t<\/div>\n\t\t\t\t\t<\/div>\n\t\t<\/div>\n\t\t\t\t\t<\/div>\n\t\t<\/section>\n\t\t\t\t<section class=\"elementor-section elementor-top-section elementor-element elementor-element-4baaf04 elementor-hidden-phone elementor-hidden-tablet elementor-section-boxed elementor-section-height-default elementor-section-height-default\" data-id=\"4baaf04\" data-element_type=\"section\" data-settings=\"{&quot;background_background&quot;:&quot;classic&quot;}\">\n\t\t\t\t\t\t<div class=\"elementor-container elementor-column-gap-default\">\n\t\t\t\t\t<div class=\"elementor-column elementor-col-25 elementor-top-column elementor-element elementor-element-434c73c\" data-id=\"434c73c\" data-element_type=\"column\">\n\t\t\t<div class=\"elementor-widget-wrap elementor-element-populated\">\n\t\t\t\t\t\t<div class=\"elementor-element elementor-element-3c6a23b elementor-widget elementor-widget-image\" data-id=\"3c6a23b\" data-element_type=\"widget\" data-widget_type=\"image.default\">\n\t\t\t\t<div class=\"elementor-widget-container\">\n\t\t\t\t\t\t\t\t\t\t\t\t\t\t<a href=\"#fahrpersonalmanagement\">\n\t\t\t\t\t\t\t<img fetchpriority=\"high\" decoding=\"async\" width=\"750\" height=\"750\" src=\"https:\/\/www.lit.de\/wp-content\/uploads\/2021\/01\/Fahrpersonalmanagement_Vorschau_pl.jpg\" class=\"attachment-large size-large wp-image-22090\" alt=\"\" srcset=\"https:\/\/www.lit.de\/wp-content\/uploads\/2021\/01\/Fahrpersonalmanagement_Vorschau_pl.jpg 750w, https:\/\/www.lit.de\/wp-content\/uploads\/2021\/01\/Fahrpersonalmanagement_Vorschau_pl-150x150.jpg 150w, https:\/\/www.lit.de\/wp-content\/uploads\/2021\/01\/Fahrpersonalmanagement_Vorschau_pl-500x500.jpg 500w, https:\/\/www.lit.de\/wp-content\/uploads\/2021\/01\/Fahrpersonalmanagement_Vorschau_pl-300x300.jpg 300w, https:\/\/www.lit.de\/wp-content\/uploads\/2021\/01\/Fahrpersonalmanagement_Vorschau_pl-100x100.jpg 100w, https:\/\/www.lit.de\/wp-content\/uploads\/2021\/01\/Fahrpersonalmanagement_Vorschau_pl-600x600.jpg 600w\" sizes=\"(max-width: 750px) 100vw, 750px\" \/>\t\t\t\t\t\t\t\t<\/a>\n\t\t\t\t\t\t\t\t\t\t\t\t\t<\/div>\n\t\t\t\t<\/div>\n\t\t\t\t\t<\/div>\n\t\t<\/div>\n\t\t\t\t<div class=\"elementor-column elementor-col-25 elementor-top-column elementor-element elementor-element-0ba4f6f\" data-id=\"0ba4f6f\" data-element_type=\"column\">\n\t\t\t<div class=\"elementor-widget-wrap elementor-element-populated\">\n\t\t\t\t\t\t<div class=\"elementor-element elementor-element-aa23534 elementor-widget elementor-widget-image\" data-id=\"aa23534\" data-element_type=\"widget\" data-widget_type=\"image.default\">\n\t\t\t\t<div class=\"elementor-widget-container\">\n\t\t\t\t\t\t\t\t\t\t\t\t\t\t<a href=\"#fahrzeugmanagement-equipment\">\n\t\t\t\t\t\t\t<img decoding=\"async\" width=\"750\" height=\"750\" src=\"https:\/\/www.lit.de\/wp-content\/uploads\/2021\/01\/Fuhrparkmanagement_Vorschau_pl.jpg\" class=\"attachment-large size-large wp-image-22100\" alt=\"\" srcset=\"https:\/\/www.lit.de\/wp-content\/uploads\/2021\/01\/Fuhrparkmanagement_Vorschau_pl.jpg 750w, https:\/\/www.lit.de\/wp-content\/uploads\/2021\/01\/Fuhrparkmanagement_Vorschau_pl-150x150.jpg 150w, https:\/\/www.lit.de\/wp-content\/uploads\/2021\/01\/Fuhrparkmanagement_Vorschau_pl-500x500.jpg 500w, https:\/\/www.lit.de\/wp-content\/uploads\/2021\/01\/Fuhrparkmanagement_Vorschau_pl-300x300.jpg 300w, https:\/\/www.lit.de\/wp-content\/uploads\/2021\/01\/Fuhrparkmanagement_Vorschau_pl-100x100.jpg 100w, https:\/\/www.lit.de\/wp-content\/uploads\/2021\/01\/Fuhrparkmanagement_Vorschau_pl-600x600.jpg 600w\" sizes=\"(max-width: 750px) 100vw, 750px\" \/>\t\t\t\t\t\t\t\t<\/a>\n\t\t\t\t\t\t\t\t\t\t\t\t\t<\/div>\n\t\t\t\t<\/div>\n\t\t\t\t\t<\/div>\n\t\t<\/div>\n\t\t\t\t<div class=\"elementor-column elementor-col-25 elementor-top-column elementor-element elementor-element-1b9f1ee\" data-id=\"1b9f1ee\" data-element_type=\"column\">\n\t\t\t<div class=\"elementor-widget-wrap elementor-element-populated\">\n\t\t\t\t\t\t<div class=\"elementor-element elementor-element-04e5f30 elementor-widget elementor-widget-image\" data-id=\"04e5f30\" data-element_type=\"widget\" data-widget_type=\"image.default\">\n\t\t\t\t<div class=\"elementor-widget-container\">\n\t\t\t\t\t\t\t\t\t\t\t\t\t\t<a href=\"#tankstellen\">\n\t\t\t\t\t\t\t<img decoding=\"async\" width=\"750\" height=\"750\" src=\"https:\/\/www.lit.de\/wp-content\/uploads\/2021\/01\/Tankstellen-und-Waschstrassen_Vorschau_pl.jpg\" class=\"attachment-large size-large wp-image-22110\" alt=\"\" srcset=\"https:\/\/www.lit.de\/wp-content\/uploads\/2021\/01\/Tankstellen-und-Waschstrassen_Vorschau_pl.jpg 750w, https:\/\/www.lit.de\/wp-content\/uploads\/2021\/01\/Tankstellen-und-Waschstrassen_Vorschau_pl-150x150.jpg 150w, https:\/\/www.lit.de\/wp-content\/uploads\/2021\/01\/Tankstellen-und-Waschstrassen_Vorschau_pl-500x500.jpg 500w, https:\/\/www.lit.de\/wp-content\/uploads\/2021\/01\/Tankstellen-und-Waschstrassen_Vorschau_pl-300x300.jpg 300w, https:\/\/www.lit.de\/wp-content\/uploads\/2021\/01\/Tankstellen-und-Waschstrassen_Vorschau_pl-100x100.jpg 100w, https:\/\/www.lit.de\/wp-content\/uploads\/2021\/01\/Tankstellen-und-Waschstrassen_Vorschau_pl-600x600.jpg 600w\" sizes=\"(max-width: 750px) 100vw, 750px\" \/>\t\t\t\t\t\t\t\t<\/a>\n\t\t\t\t\t\t\t\t\t\t\t\t\t<\/div>\n\t\t\t\t<\/div>\n\t\t\t\t\t<\/div>\n\t\t<\/div>\n\t\t\t\t<div class=\"elementor-column elementor-col-25 elementor-top-column elementor-element elementor-element-6029e9a\" data-id=\"6029e9a\" data-element_type=\"column\">\n\t\t\t<div class=\"elementor-widget-wrap elementor-element-populated\">\n\t\t\t\t\t\t<div class=\"elementor-element elementor-element-d6a9315 elementor-widget elementor-widget-image\" data-id=\"d6a9315\" data-element_type=\"widget\" data-widget_type=\"image.default\">\n\t\t\t\t<div class=\"elementor-widget-container\">\n\t\t\t\t\t\t\t\t\t\t\t\t\t\t<a href=\"#werkstaetten\">\n\t\t\t\t\t\t\t<img loading=\"lazy\" decoding=\"async\" width=\"750\" height=\"750\" src=\"https:\/\/www.lit.de\/wp-content\/uploads\/2021\/01\/Werkstaetten_pl.jpg\" class=\"attachment-large size-large wp-image-22120\" alt=\"\" srcset=\"https:\/\/www.lit.de\/wp-content\/uploads\/2021\/01\/Werkstaetten_pl.jpg 750w, https:\/\/www.lit.de\/wp-content\/uploads\/2021\/01\/Werkstaetten_pl-150x150.jpg 150w, https:\/\/www.lit.de\/wp-content\/uploads\/2021\/01\/Werkstaetten_pl-500x500.jpg 500w, https:\/\/www.lit.de\/wp-content\/uploads\/2021\/01\/Werkstaetten_pl-300x300.jpg 300w, https:\/\/www.lit.de\/wp-content\/uploads\/2021\/01\/Werkstaetten_pl-100x100.jpg 100w, https:\/\/www.lit.de\/wp-content\/uploads\/2021\/01\/Werkstaetten_pl-600x600.jpg 600w\" sizes=\"(max-width: 750px) 100vw, 750px\" \/>\t\t\t\t\t\t\t\t<\/a>\n\t\t\t\t\t\t\t\t\t\t\t\t\t<\/div>\n\t\t\t\t<\/div>\n\t\t\t\t\t<\/div>\n\t\t<\/div>\n\t\t\t\t\t<\/div>\n\t\t<\/section>\n\t\t\t\t<section class=\"elementor-section elementor-top-section elementor-element elementor-element-4e94a96 elementor-hidden-desktop elementor-section-boxed elementor-section-height-default elementor-section-height-default\" data-id=\"4e94a96\" data-element_type=\"section\" data-settings=\"{&quot;background_background&quot;:&quot;classic&quot;}\">\n\t\t\t\t\t\t<div class=\"elementor-container elementor-column-gap-no\">\n\t\t\t\t\t<div class=\"elementor-column elementor-col-25 elementor-top-column elementor-element elementor-element-f7140fa\" data-id=\"f7140fa\" data-element_type=\"column\">\n\t\t\t<div class=\"elementor-widget-wrap elementor-element-populated\">\n\t\t\t\t\t\t<div class=\"elementor-element elementor-element-5b57939 elementor-widget elementor-widget-image\" data-id=\"5b57939\" data-element_type=\"widget\" data-widget_type=\"image.default\">\n\t\t\t\t<div class=\"elementor-widget-container\">\n\t\t\t\t\t\t\t\t\t\t\t\t\t\t<a href=\"#fahrpersonalmanagement\">\n\t\t\t\t\t\t\t<img fetchpriority=\"high\" decoding=\"async\" width=\"750\" height=\"750\" src=\"https:\/\/www.lit.de\/wp-content\/uploads\/2021\/01\/Fahrpersonalmanagement_Vorschau_pl.jpg\" class=\"attachment-large size-large wp-image-22090\" alt=\"\" srcset=\"https:\/\/www.lit.de\/wp-content\/uploads\/2021\/01\/Fahrpersonalmanagement_Vorschau_pl.jpg 750w, https:\/\/www.lit.de\/wp-content\/uploads\/2021\/01\/Fahrpersonalmanagement_Vorschau_pl-150x150.jpg 150w, https:\/\/www.lit.de\/wp-content\/uploads\/2021\/01\/Fahrpersonalmanagement_Vorschau_pl-500x500.jpg 500w, https:\/\/www.lit.de\/wp-content\/uploads\/2021\/01\/Fahrpersonalmanagement_Vorschau_pl-300x300.jpg 300w, https:\/\/www.lit.de\/wp-content\/uploads\/2021\/01\/Fahrpersonalmanagement_Vorschau_pl-100x100.jpg 100w, https:\/\/www.lit.de\/wp-content\/uploads\/2021\/01\/Fahrpersonalmanagement_Vorschau_pl-600x600.jpg 600w\" sizes=\"(max-width: 750px) 100vw, 750px\" \/>\t\t\t\t\t\t\t\t<\/a>\n\t\t\t\t\t\t\t\t\t\t\t\t\t<\/div>\n\t\t\t\t<\/div>\n\t\t\t\t\t<\/div>\n\t\t<\/div>\n\t\t\t\t<div class=\"elementor-column elementor-col-25 elementor-top-column elementor-element elementor-element-7d0a920\" data-id=\"7d0a920\" data-element_type=\"column\">\n\t\t\t<div class=\"elementor-widget-wrap elementor-element-populated\">\n\t\t\t\t\t\t<div class=\"elementor-element elementor-element-5e7fe0b elementor-widget elementor-widget-image\" data-id=\"5e7fe0b\" data-element_type=\"widget\" data-widget_type=\"image.default\">\n\t\t\t\t<div class=\"elementor-widget-container\">\n\t\t\t\t\t\t\t\t\t\t\t\t\t\t<a href=\"#fahrzeugmanagement-equipment\">\n\t\t\t\t\t\t\t<img decoding=\"async\" width=\"750\" height=\"750\" src=\"https:\/\/www.lit.de\/wp-content\/uploads\/2021\/01\/Fuhrparkmanagement_Vorschau_pl.jpg\" class=\"attachment-large size-large wp-image-22100\" alt=\"\" srcset=\"https:\/\/www.lit.de\/wp-content\/uploads\/2021\/01\/Fuhrparkmanagement_Vorschau_pl.jpg 750w, https:\/\/www.lit.de\/wp-content\/uploads\/2021\/01\/Fuhrparkmanagement_Vorschau_pl-150x150.jpg 150w, https:\/\/www.lit.de\/wp-content\/uploads\/2021\/01\/Fuhrparkmanagement_Vorschau_pl-500x500.jpg 500w, https:\/\/www.lit.de\/wp-content\/uploads\/2021\/01\/Fuhrparkmanagement_Vorschau_pl-300x300.jpg 300w, https:\/\/www.lit.de\/wp-content\/uploads\/2021\/01\/Fuhrparkmanagement_Vorschau_pl-100x100.jpg 100w, https:\/\/www.lit.de\/wp-content\/uploads\/2021\/01\/Fuhrparkmanagement_Vorschau_pl-600x600.jpg 600w\" sizes=\"(max-width: 750px) 100vw, 750px\" \/>\t\t\t\t\t\t\t\t<\/a>\n\t\t\t\t\t\t\t\t\t\t\t\t\t<\/div>\n\t\t\t\t<\/div>\n\t\t\t\t\t<\/div>\n\t\t<\/div>\n\t\t\t\t<div class=\"elementor-column elementor-col-25 elementor-top-column elementor-element elementor-element-e294892\" data-id=\"e294892\" data-element_type=\"column\">\n\t\t\t<div class=\"elementor-widget-wrap elementor-element-populated\">\n\t\t\t\t\t\t<div class=\"elementor-element elementor-element-de334d6 elementor-widget elementor-widget-image\" data-id=\"de334d6\" data-element_type=\"widget\" data-widget_type=\"image.default\">\n\t\t\t\t<div class=\"elementor-widget-container\">\n\t\t\t\t\t\t\t\t\t\t\t\t\t\t<a href=\"#tankstellen\">\n\t\t\t\t\t\t\t<img decoding=\"async\" width=\"750\" height=\"750\" src=\"https:\/\/www.lit.de\/wp-content\/uploads\/2021\/01\/Tankstellen-und-Waschstrassen_Vorschau_pl.jpg\" class=\"attachment-large size-large wp-image-22110\" alt=\"\" srcset=\"https:\/\/www.lit.de\/wp-content\/uploads\/2021\/01\/Tankstellen-und-Waschstrassen_Vorschau_pl.jpg 750w, https:\/\/www.lit.de\/wp-content\/uploads\/2021\/01\/Tankstellen-und-Waschstrassen_Vorschau_pl-150x150.jpg 150w, https:\/\/www.lit.de\/wp-content\/uploads\/2021\/01\/Tankstellen-und-Waschstrassen_Vorschau_pl-500x500.jpg 500w, https:\/\/www.lit.de\/wp-content\/uploads\/2021\/01\/Tankstellen-und-Waschstrassen_Vorschau_pl-300x300.jpg 300w, https:\/\/www.lit.de\/wp-content\/uploads\/2021\/01\/Tankstellen-und-Waschstrassen_Vorschau_pl-100x100.jpg 100w, https:\/\/www.lit.de\/wp-content\/uploads\/2021\/01\/Tankstellen-und-Waschstrassen_Vorschau_pl-600x600.jpg 600w\" sizes=\"(max-width: 750px) 100vw, 750px\" \/>\t\t\t\t\t\t\t\t<\/a>\n\t\t\t\t\t\t\t\t\t\t\t\t\t<\/div>\n\t\t\t\t<\/div>\n\t\t\t\t\t<\/div>\n\t\t<\/div>\n\t\t\t\t<div class=\"elementor-column elementor-col-25 elementor-top-column elementor-element elementor-element-a657c49\" data-id=\"a657c49\" data-element_type=\"column\">\n\t\t\t<div class=\"elementor-widget-wrap elementor-element-populated\">\n\t\t\t\t\t\t<div class=\"elementor-element elementor-element-57ca6cd elementor-widget elementor-widget-image\" data-id=\"57ca6cd\" data-element_type=\"widget\" data-widget_type=\"image.default\">\n\t\t\t\t<div class=\"elementor-widget-container\">\n\t\t\t\t\t\t\t\t\t\t\t\t\t\t<a href=\"#werkstaetten\">\n\t\t\t\t\t\t\t<img loading=\"lazy\" decoding=\"async\" width=\"750\" height=\"750\" src=\"https:\/\/www.lit.de\/wp-content\/uploads\/2021\/01\/Werkstaetten_pl.jpg\" class=\"attachment-large size-large wp-image-22120\" alt=\"\" srcset=\"https:\/\/www.lit.de\/wp-content\/uploads\/2021\/01\/Werkstaetten_pl.jpg 750w, https:\/\/www.lit.de\/wp-content\/uploads\/2021\/01\/Werkstaetten_pl-150x150.jpg 150w, https:\/\/www.lit.de\/wp-content\/uploads\/2021\/01\/Werkstaetten_pl-500x500.jpg 500w, https:\/\/www.lit.de\/wp-content\/uploads\/2021\/01\/Werkstaetten_pl-300x300.jpg 300w, https:\/\/www.lit.de\/wp-content\/uploads\/2021\/01\/Werkstaetten_pl-100x100.jpg 100w, https:\/\/www.lit.de\/wp-content\/uploads\/2021\/01\/Werkstaetten_pl-600x600.jpg 600w\" sizes=\"(max-width: 750px) 100vw, 750px\" \/>\t\t\t\t\t\t\t\t<\/a>\n\t\t\t\t\t\t\t\t\t\t\t\t\t<\/div>\n\t\t\t\t<\/div>\n\t\t\t\t\t<\/div>\n\t\t<\/div>\n\t\t\t\t\t<\/div>\n\t\t<\/section>\n\t\t\t\t<section class=\"elementor-section elementor-top-section elementor-element elementor-element-425499a elementor-section-boxed elementor-section-height-default elementor-section-height-default\" data-id=\"425499a\" data-element_type=\"section\">\n\t\t\t\t\t\t<div class=\"elementor-container elementor-column-gap-no\">\n\t\t\t\t\t<div class=\"elementor-column elementor-col-100 elementor-top-column elementor-element elementor-element-eae543d\" data-id=\"eae543d\" data-element_type=\"column\">\n\t\t\t<div class=\"elementor-widget-wrap elementor-element-populated\">\n\t\t\t\t\t\t<div class=\"elementor-element elementor-element-851d8e4 elementor-widget elementor-widget-text-editor\" data-id=\"851d8e4\" data-element_type=\"widget\" data-widget_type=\"text-editor.default\">\n\t\t\t\t<div class=\"elementor-widget-container\">\n\t\t\t\t\t\t\t<h4>Gdy przewozisz swoje towary z nami, mo\u017cesz wygodnie oprze\u0107 si\u0119 na fotelu i skupi\u0107 si\u0119 na swoich g\u0142\u00f3wnych kompetencjach: my zapewniamy wykwalifikowany personel, odpowiedni pojazd, niestandardowe wyposa\u017cenie specjalistyczne, a w takich kwestiach, jak flota pojazd\u00f3w, tankowanie, warsztat czy myjnia samochod\u00f3w ci\u0119\u017carowych dla zewn\u0119trznych us\u0142ugodawc\u00f3w, jeste\u015bmy najlepszym adresem.<\/h4>\n\t\t\t\t\t\t<\/div>\n\t\t\t\t<\/div>\n\t\t\t\t\t<\/div>\n\t\t<\/div>\n\t\t\t\t\t<\/div>\n\t\t<\/section>\n\t\t\t\t<section class=\"elementor-section elementor-top-section elementor-element elementor-element-f62e3fb elementor-section-boxed elementor-section-height-default elementor-section-height-default\" data-id=\"f62e3fb\" data-element_type=\"section\" data-settings=\"{&quot;background_background&quot;:&quot;classic&quot;}\">\n\t\t\t\t\t\t<div class=\"elementor-container elementor-column-gap-no\">\n\t\t\t\t\t<div class=\"elementor-column elementor-col-100 elementor-top-column elementor-element elementor-element-4ebe097\" data-id=\"4ebe097\" data-element_type=\"column\" data-settings=\"{&quot;background_background&quot;:&quot;classic&quot;}\">\n\t\t\t<div class=\"elementor-widget-wrap elementor-element-populated\">\n\t\t\t\t\t\t<div class=\"elementor-element elementor-element-32ee3a2 elementor-widget elementor-widget-menu-anchor\" data-id=\"32ee3a2\" data-element_type=\"widget\" data-widget_type=\"menu-anchor.default\">\n\t\t\t\t<div class=\"elementor-widget-container\">\n\t\t\t\t\t<div id=\"fahrpersonalmanagement\" class=\"elementor-menu-anchor\"><\/div>\n\t\t\t\t<\/div>\n\t\t\t\t<\/div>\n\t\t\t\t\t<\/div>\n\t\t<\/div>\n\t\t\t\t\t<\/div>\n\t\t<\/section>\n\t\t\t\t<section class=\"elementor-section elementor-top-section elementor-element elementor-element-9865479 elementor-section-boxed elementor-section-height-default elementor-section-height-default\" data-id=\"9865479\" data-element_type=\"section\" data-settings=\"{&quot;background_background&quot;:&quot;classic&quot;}\">\n\t\t\t\t\t\t<div class=\"elementor-container elementor-column-gap-no\">\n\t\t\t\t\t<div class=\"elementor-column elementor-col-100 elementor-top-column elementor-element elementor-element-ffccb83\" data-id=\"ffccb83\" data-element_type=\"column\">\n\t\t\t<div class=\"elementor-widget-wrap elementor-element-populated\">\n\t\t\t\t\t\t<div class=\"elementor-element elementor-element-96dea84 elementor-widget elementor-widget-text-editor\" data-id=\"96dea84\" data-element_type=\"widget\" data-widget_type=\"text-editor.default\">\n\t\t\t\t<div class=\"elementor-widget-container\">\n\t\t\t\t\t\t\t<p>ZARZ\u0104DZANIE KIEROWCAMI<\/p>\n\t\t\t\t\t\t<\/div>\n\t\t\t\t<\/div>\n\t\t\t\t<div class=\"elementor-element elementor-element-76d04cb elementor-widget elementor-widget-heading\" data-id=\"76d04cb\" data-element_type=\"widget\" data-widget_type=\"heading.default\">\n\t\t\t\t<div class=\"elementor-widget-container\">\n\t\t\t<h1 class=\"elementor-heading-title elementor-size-default\">NASZ KAPITA\u0141<\/h1>\t\t<\/div>\n\t\t\t\t<\/div>\n\t\t\t\t<div class=\"elementor-element elementor-element-8602589 elementor-widget elementor-widget-heading\" data-id=\"8602589\" data-element_type=\"widget\" data-widget_type=\"heading.default\">\n\t\t\t\t<div class=\"elementor-widget-container\">\n\t\t\t<h2 class=\"elementor-heading-title elementor-size-default\">PROFESJONALNI I ZMOTYWOWANI KIEROWCY!<\/h2>\t\t<\/div>\n\t\t\t\t<\/div>\n\t\t\t\t\t<\/div>\n\t\t<\/div>\n\t\t\t\t\t<\/div>\n\t\t<\/section>\n\t\t\t\t<section class=\"elementor-section elementor-top-section elementor-element elementor-element-a213f72 elementor-hidden-phone elementor-hidden-tablet elementor-section-boxed elementor-section-height-default elementor-section-height-default\" data-id=\"a213f72\" data-element_type=\"section\" data-settings=\"{&quot;background_background&quot;:&quot;classic&quot;}\">\n\t\t\t\t\t\t<div class=\"elementor-container elementor-column-gap-no\">\n\t\t\t\t\t<div class=\"elementor-column elementor-col-50 elementor-top-column elementor-element elementor-element-5f7781d\" data-id=\"5f7781d\" data-element_type=\"column\">\n\t\t\t<div class=\"elementor-widget-wrap elementor-element-populated\">\n\t\t\t\t\t\t<div class=\"elementor-element elementor-element-698c171 elementor-widget elementor-widget-text-editor\" data-id=\"698c171\" data-element_type=\"widget\" data-widget_type=\"text-editor.default\">\n\t\t\t\t<div class=\"elementor-widget-container\">\n\t\t\t\t\t\t\t<p>Nasi pracownicy za kierownic\u0105 s\u0105 dla nas szczeg\u00f3lnie wa\u017cni. Doceniamy bowiem posiadanie w naszych szeregach wykwalifikowanych i zmotywowanych kierowc\u00f3w.<\/p>\n<p>Przyk\u0142adowo dbamy o to, aby nasi kierowcy mieli optymalne wykszta\u0142cenie i regularnie podwy\u017cszali swoje kwalifikacje w ramach szkole\u0144 w L.I.T. Academy. R\u00f3wnie wa\u017cne jest dla nas tak\u017ce zdrowie i bezpiecze\u0144stwo naszych kierowc\u00f3w w ruchu drogowym. Dlatego intensywnie inwestujemy w niezawodny i najnowocze\u015bniejszy sprz\u0119t, a tak\u017ce dbamy o przestrzeganie przepis\u00f3w socjalnych oraz czas\u00f3w pracy i odpoczynku.<\/p>\n<p>Aby wszystko by\u0142o w porz\u0105dku, jeste\u015bmy w sta\u0142ym kontakcie z naszymi kierowcami, wspieramy ich we wszystkich kwestiach administracyjnych i zawsze z uwag\u0105 ich s\u0142uchamy, tak\u017ce w sprawach osobistych \u2013 zgodnie z mottem: \u00bbRazem po sukces!\u00ab<\/p><\/p>\n\t\t\t\t\t\t<\/div>\n\t\t\t\t<\/div>\n\t\t\t\t\t<\/div>\n\t\t<\/div>\n\t\t\t\t<div class=\"elementor-column elementor-col-25 elementor-top-column elementor-element elementor-element-fea025a\" data-id=\"fea025a\" data-element_type=\"column\">\n\t\t\t<div class=\"elementor-widget-wrap elementor-element-populated\">\n\t\t\t\t\t\t<div class=\"elementor-element elementor-element-fe4a530 elementor-widget elementor-widget-image\" data-id=\"fe4a530\" data-element_type=\"widget\" data-widget_type=\"image.default\">\n\t\t\t\t<div class=\"elementor-widget-container\">\n\t\t\t\t\t\t\t\t\t\t\t\t\t<img loading=\"lazy\" decoding=\"async\" width=\"800\" height=\"800\" src=\"https:\/\/www.lit.de\/wp-content\/uploads\/2020\/07\/Berufskraftfahrer.jpg\" class=\"attachment-large size-large wp-image-7379\" alt=\"\" srcset=\"https:\/\/www.lit.de\/wp-content\/uploads\/2020\/07\/Berufskraftfahrer.jpg 1024w, https:\/\/www.lit.de\/wp-content\/uploads\/2020\/07\/Berufskraftfahrer-300x300.jpg 300w, https:\/\/www.lit.de\/wp-content\/uploads\/2020\/07\/Berufskraftfahrer-100x100.jpg 100w, https:\/\/www.lit.de\/wp-content\/uploads\/2020\/07\/Berufskraftfahrer-600x600.jpg 600w\" sizes=\"(max-width: 800px) 100vw, 800px\" \/>\t\t\t\t\t\t\t\t\t\t\t\t\t<\/div>\n\t\t\t\t<\/div>\n\t\t\t\t\t<\/div>\n\t\t<\/div>\n\t\t\t\t<div class=\"elementor-column elementor-col-25 elementor-top-column elementor-element elementor-element-33e71f8\" data-id=\"33e71f8\" data-element_type=\"column\">\n\t\t\t<div class=\"elementor-widget-wrap elementor-element-populated\">\n\t\t\t\t\t\t<div class=\"elementor-element elementor-element-b8c82b8 elementor-widget elementor-widget-image\" data-id=\"b8c82b8\" data-element_type=\"widget\" data-widget_type=\"image.default\">\n\t\t\t\t<div class=\"elementor-widget-container\">\n\t\t\t\t\t\t\t\t\t\t\t\t\t<img loading=\"lazy\" decoding=\"async\" width=\"700\" height=\"700\" src=\"https:\/\/www.lit.de\/wp-content\/uploads\/2020\/08\/Berufskraftfahrer2_700-x-700-px.jpg\" class=\"attachment-large size-large wp-image-11191\" alt=\"\" srcset=\"https:\/\/www.lit.de\/wp-content\/uploads\/2020\/08\/Berufskraftfahrer2_700-x-700-px.jpg 700w, https:\/\/www.lit.de\/wp-content\/uploads\/2020\/08\/Berufskraftfahrer2_700-x-700-px-300x300.jpg 300w, https:\/\/www.lit.de\/wp-content\/uploads\/2020\/08\/Berufskraftfahrer2_700-x-700-px-100x100.jpg 100w, https:\/\/www.lit.de\/wp-content\/uploads\/2020\/08\/Berufskraftfahrer2_700-x-700-px-600x600.jpg 600w\" sizes=\"(max-width: 700px) 100vw, 700px\" \/>\t\t\t\t\t\t\t\t\t\t\t\t\t<\/div>\n\t\t\t\t<\/div>\n\t\t\t\t\t<\/div>\n\t\t<\/div>\n\t\t\t\t\t<\/div>\n\t\t<\/section>\n\t\t\t\t<section class=\"elementor-section elementor-top-section elementor-element elementor-element-ccf17fa elementor-hidden-phone elementor-hidden-tablet elementor-section-boxed elementor-section-height-default elementor-section-height-default\" data-id=\"ccf17fa\" data-element_type=\"section\" data-settings=\"{&quot;background_background&quot;:&quot;classic&quot;}\">\n\t\t\t\t\t\t<div class=\"elementor-container elementor-column-gap-default\">\n\t\t\t\t\t<div class=\"elementor-column elementor-col-25 elementor-top-column elementor-element elementor-element-8893f97\" data-id=\"8893f97\" data-element_type=\"column\">\n\t\t\t<div class=\"elementor-widget-wrap elementor-element-populated\">\n\t\t\t\t\t\t<div class=\"elementor-element elementor-element-8e69d9c elementor-widget elementor-widget-image\" data-id=\"8e69d9c\" data-element_type=\"widget\" data-widget_type=\"image.default\">\n\t\t\t\t<div class=\"elementor-widget-container\">\n\t\t\t\t\t\t\t\t\t\t\t\t\t<img loading=\"lazy\" decoding=\"async\" width=\"700\" height=\"700\" src=\"https:\/\/www.lit.de\/wp-content\/uploads\/2020\/08\/Berufskraftfahrer_700-x-700-px.jpg\" class=\"attachment-large size-large wp-image-11185\" alt=\"\" srcset=\"https:\/\/www.lit.de\/wp-content\/uploads\/2020\/08\/Berufskraftfahrer_700-x-700-px.jpg 700w, https:\/\/www.lit.de\/wp-content\/uploads\/2020\/08\/Berufskraftfahrer_700-x-700-px-300x300.jpg 300w, https:\/\/www.lit.de\/wp-content\/uploads\/2020\/08\/Berufskraftfahrer_700-x-700-px-100x100.jpg 100w, https:\/\/www.lit.de\/wp-content\/uploads\/2020\/08\/Berufskraftfahrer_700-x-700-px-600x600.jpg 600w\" sizes=\"(max-width: 700px) 100vw, 700px\" \/>\t\t\t\t\t\t\t\t\t\t\t\t\t<\/div>\n\t\t\t\t<\/div>\n\t\t\t\t\t<\/div>\n\t\t<\/div>\n\t\t\t\t<div class=\"elementor-column elementor-col-25 elementor-top-column elementor-element elementor-element-45642e4\" data-id=\"45642e4\" data-element_type=\"column\">\n\t\t\t<div class=\"elementor-widget-wrap elementor-element-populated\">\n\t\t\t\t\t\t<div class=\"elementor-element elementor-element-8fe34ce elementor-widget elementor-widget-image\" data-id=\"8fe34ce\" data-element_type=\"widget\" data-widget_type=\"image.default\">\n\t\t\t\t<div class=\"elementor-widget-container\">\n\t\t\t\t\t\t\t\t\t\t\t\t\t<img loading=\"lazy\" decoding=\"async\" width=\"700\" height=\"700\" src=\"https:\/\/www.lit.de\/wp-content\/uploads\/2020\/08\/Lkw-Fahrer-mit-verschraenkten-Armen_700-x-700-px-1.jpg\" class=\"attachment-full size-full wp-image-9501\" alt=\"\" srcset=\"https:\/\/www.lit.de\/wp-content\/uploads\/2020\/08\/Lkw-Fahrer-mit-verschraenkten-Armen_700-x-700-px-1.jpg 700w, https:\/\/www.lit.de\/wp-content\/uploads\/2020\/08\/Lkw-Fahrer-mit-verschraenkten-Armen_700-x-700-px-1-300x300.jpg 300w, https:\/\/www.lit.de\/wp-content\/uploads\/2020\/08\/Lkw-Fahrer-mit-verschraenkten-Armen_700-x-700-px-1-100x100.jpg 100w, https:\/\/www.lit.de\/wp-content\/uploads\/2020\/08\/Lkw-Fahrer-mit-verschraenkten-Armen_700-x-700-px-1-600x600.jpg 600w\" sizes=\"(max-width: 700px) 100vw, 700px\" \/>\t\t\t\t\t\t\t\t\t\t\t\t\t<\/div>\n\t\t\t\t<\/div>\n\t\t\t\t\t<\/div>\n\t\t<\/div>\n\t\t\t\t<div class=\"elementor-column elementor-col-50 elementor-top-column elementor-element elementor-element-30323f1\" data-id=\"30323f1\" data-element_type=\"column\">\n\t\t\t<div class=\"elementor-widget-wrap elementor-element-populated\">\n\t\t\t\t\t\t<div class=\"elementor-element elementor-element-4d7c7e3 elementor-widget elementor-widget-accordion\" data-id=\"4d7c7e3\" data-element_type=\"widget\" data-widget_type=\"accordion.default\">\n\t\t\t\t<div class=\"elementor-widget-container\">\n\t\t\t\t\t<div class=\"elementor-accordion\">\n\t\t\t\t\t\t\t<div class=\"elementor-accordion-item\">\n\t\t\t\t\t<div id=\"elementor-tab-title-8121\" class=\"elementor-tab-title\" data-tab=\"1\" role=\"button\" aria-controls=\"elementor-tab-content-8121\" aria-expanded=\"false\">\n\t\t\t\t\t\t\t\t\t\t\t\t\t<span class=\"elementor-accordion-icon elementor-accordion-icon-right\" aria-hidden=\"true\">\n\t\t\t\t\t\t\t\t\t\t\t\t\t\t\t<span class=\"elementor-accordion-icon-closed\"><i class=\"fas fa-plus\"><\/i><\/span>\n\t\t\t\t\t\t\t\t<span class=\"elementor-accordion-icon-opened\"><i class=\"fas fa-minus\"><\/i><\/span>\n\t\t\t\t\t\t\t\t\t\t\t\t\t\t<\/span>\n\t\t\t\t\t\t\t\t\t\t\t\t<a class=\"elementor-accordion-title\" tabindex=\"0\">REKRUTACJA<\/a>\n\t\t\t\t\t<\/div>\n\t\t\t\t\t<div id=\"elementor-tab-content-8121\" class=\"elementor-tab-content elementor-clearfix\" data-tab=\"1\" role=\"region\" aria-labelledby=\"elementor-tab-title-8121\"><ul>\n<li>Ukierunkowane na cel zatrudnianie kierowc\u00f3w<\/li>\n<li>Marketing rekomendacji o naszych optymalnie wyspecjalizowanych kierowcach i mened\u017cerach ds. kierowc\u00f3w<\/li>\n<\/ul>\n<\/div>\n\t\t\t\t<\/div>\n\t\t\t\t\t\t\t<div class=\"elementor-accordion-item\">\n\t\t\t\t\t<div id=\"elementor-tab-title-8122\" class=\"elementor-tab-title\" data-tab=\"2\" role=\"button\" aria-controls=\"elementor-tab-content-8122\" aria-expanded=\"false\">\n\t\t\t\t\t\t\t\t\t\t\t\t\t<span class=\"elementor-accordion-icon elementor-accordion-icon-right\" aria-hidden=\"true\">\n\t\t\t\t\t\t\t\t\t\t\t\t\t\t\t<span class=\"elementor-accordion-icon-closed\"><i class=\"fas fa-plus\"><\/i><\/span>\n\t\t\t\t\t\t\t\t<span class=\"elementor-accordion-icon-opened\"><i class=\"fas fa-minus\"><\/i><\/span>\n\t\t\t\t\t\t\t\t\t\t\t\t\t\t<\/span>\n\t\t\t\t\t\t\t\t\t\t\t\t<a class=\"elementor-accordion-title\" tabindex=\"0\">OBS\u0141UGA KIEROWC\u00d3W<\/a>\n\t\t\t\t\t<\/div>\n\t\t\t\t\t<div id=\"elementor-tab-content-8122\" class=\"elementor-tab-content elementor-clearfix\" data-tab=\"2\" role=\"region\" aria-labelledby=\"elementor-tab-title-8122\"><ul>\n<li>Obs\u0142uga operacyjna kierowc\u00f3w<\/li>\n<li>Zapewnienie optymalnej i zgodnej z wymogami za\u0142ogi w pojazdach<\/li>\n<li>Monitorowanie przepis\u00f3w socjalnych i przestrzegania czas\u00f3w pracy i odpoczynku<\/li>\n<li>Wspieranie ekonomicznego i bezszkodowego stylu jazdy<\/li>\n<li>Obs\u0142uga wszystkich danych dotycz\u0105cych kierowc\u00f3w w\u0142\u0105cznie z za\u0142ogami pojazd\u00f3w, sprawozdawczo\u015bci\u0105, prowadzeniem i dokumentowaniem szkole\u0144 w oparciu o innowacyjne oprogramowanie w\u0142asne<\/li>\n<li>Koncepcje awaryjne na wypadek spi\u0119trze\u0144 produkt\u00f3w czy nieobecno\u015bci kierowc\u00f3w i awarii sprz\u0119tu<span style=\"color: #000000;\"><br \/><\/span><\/li>\n<\/ul>\n<\/div>\n\t\t\t\t<\/div>\n\t\t\t\t\t\t\t<div class=\"elementor-accordion-item\">\n\t\t\t\t\t<div id=\"elementor-tab-title-8123\" class=\"elementor-tab-title\" data-tab=\"3\" role=\"button\" aria-controls=\"elementor-tab-content-8123\" aria-expanded=\"false\">\n\t\t\t\t\t\t\t\t\t\t\t\t\t<span class=\"elementor-accordion-icon elementor-accordion-icon-right\" aria-hidden=\"true\">\n\t\t\t\t\t\t\t\t\t\t\t\t\t\t\t<span class=\"elementor-accordion-icon-closed\"><i class=\"fas fa-plus\"><\/i><\/span>\n\t\t\t\t\t\t\t\t<span class=\"elementor-accordion-icon-opened\"><i class=\"fas fa-minus\"><\/i><\/span>\n\t\t\t\t\t\t\t\t\t\t\t\t\t\t<\/span>\n\t\t\t\t\t\t\t\t\t\t\t\t<a class=\"elementor-accordion-title\" tabindex=\"0\">US\u0141UGI<\/a>\n\t\t\t\t\t<\/div>\n\t\t\t\t\t<div id=\"elementor-tab-content-8123\" class=\"elementor-tab-content elementor-clearfix\" data-tab=\"3\" role=\"region\" aria-labelledby=\"elementor-tab-title-8123\"><ul>\n<li>Bezpo\u015bredni indywidualny kontakt z kierowcami<\/li>\n<li>P\u0142ynna komunikacja dzi\u0119ki osobom pos\u0142uguj\u0105cym si\u0119 rodzimym j\u0119zykiem kierowcy w wa\u017cnych punktach kontaktowych<\/li>\n<li>Wsparcie administracyjne ze strony naszego personelu specjalistycznego we wszystkich kwestiach<\/li>\n<li>Nieustanna modernizacja floty pojazd\u00f3w<\/li>\n<li><span style=\"color: #000000;\">Systematyczny rozw\u00f3j zawodowy i szkolenia dla kierowc\u00f3w zgodnie z mottem: Wspieranie &amp; Wymaganie<br \/><\/span><\/li>\n<\/ul>\n<\/div>\n\t\t\t\t<\/div>\n\t\t\t\t\t\t\t<div class=\"elementor-accordion-item\">\n\t\t\t\t\t<div id=\"elementor-tab-title-8124\" class=\"elementor-tab-title\" data-tab=\"4\" role=\"button\" aria-controls=\"elementor-tab-content-8124\" aria-expanded=\"false\">\n\t\t\t\t\t\t\t\t\t\t\t\t\t<span class=\"elementor-accordion-icon elementor-accordion-icon-right\" aria-hidden=\"true\">\n\t\t\t\t\t\t\t\t\t\t\t\t\t\t\t<span class=\"elementor-accordion-icon-closed\"><i class=\"fas fa-plus\"><\/i><\/span>\n\t\t\t\t\t\t\t\t<span class=\"elementor-accordion-icon-opened\"><i class=\"fas fa-minus\"><\/i><\/span>\n\t\t\t\t\t\t\t\t\t\t\t\t\t\t<\/span>\n\t\t\t\t\t\t\t\t\t\t\t\t<a class=\"elementor-accordion-title\" tabindex=\"0\">OSOBA KONTAKTOWA \u2013 ZARZ\u0104DZANIE KIEROWCAMI<\/a>\n\t\t\t\t\t<\/div>\n\t\t\t\t\t<div id=\"elementor-tab-content-8124\" class=\"elementor-tab-content elementor-clearfix\" data-tab=\"4\" role=\"region\" aria-labelledby=\"elementor-tab-title-8124\"><h5>L.I.T. Cargo GmbH<\/h5>\n<p>Otto-Hahn-Stra\u00dfe 18<br \/>26919 Brake<\/p>\n<h5>Robert Hennemann<\/h5>\n<p>Kierownik operacyjny i kierownik ds. zarz\u0105dzania kierowcami<br \/>Tel.: +49 4401 988-731<br \/>E-mail: <a href=\"mailto:robert.hennemann@lit.de\">robert.hennemann@lit.de<\/a><\/p>\n<\/div>\n\t\t\t\t<\/div>\n\t\t\t\t\t\t\t\t<\/div>\n\t\t\t\t<\/div>\n\t\t\t\t<\/div>\n\t\t\t\t\t<\/div>\n\t\t<\/div>\n\t\t\t\t\t<\/div>\n\t\t<\/section>\n\t\t\t\t<section class=\"elementor-section elementor-top-section elementor-element elementor-element-217e5b6 elementor-hidden-desktop elementor-reverse-mobile elementor-section-boxed elementor-section-height-default elementor-section-height-default\" data-id=\"217e5b6\" data-element_type=\"section\" data-settings=\"{&quot;background_background&quot;:&quot;classic&quot;}\">\n\t\t\t\t\t\t<div class=\"elementor-container elementor-column-gap-no\">\n\t\t\t\t\t<div class=\"elementor-column elementor-col-20 elementor-top-column elementor-element elementor-element-e21fd65\" data-id=\"e21fd65\" data-element_type=\"column\">\n\t\t\t<div class=\"elementor-widget-wrap elementor-element-populated\">\n\t\t\t\t\t\t<div class=\"elementor-element elementor-element-10c1508 elementor-widget elementor-widget-text-editor\" data-id=\"10c1508\" data-element_type=\"widget\" data-widget_type=\"text-editor.default\">\n\t\t\t\t<div class=\"elementor-widget-container\">\n\t\t\t\t\t\t\t<p>Nasi pracownicy za kierownic\u0105 s\u0105 dla nas szczeg\u00f3lnie wa\u017cni. Doceniamy bowiem posiadanie w naszych szeregach wykwalifikowanych i zmotywowanych kierowc\u00f3w.<\/p>\n<p>Przyk\u0142adowo dbamy o to, aby nasi kierowcy mieli optymalne wykszta\u0142cenie i regularnie podwy\u017cszali swoje kwalifikacje w ramach szkole\u0144 w L.I.T. Academy. R\u00f3wnie wa\u017cne jest dla nas tak\u017ce zdrowie i bezpiecze\u0144stwo naszych kierowc\u00f3w w ruchu drogowym. Dlatego intensywnie inwestujemy w niezawodny i najnowocze\u015bniejszy sprz\u0119t, a tak\u017ce dbamy o przestrzeganie przepis\u00f3w socjalnych oraz czas\u00f3w pracy i odpoczynku.<\/p>\n<p>Aby wszystko by\u0142o w porz\u0105dku, jeste\u015bmy w sta\u0142ym kontakcie z naszymi kierowcami, wspieramy ich we wszystkich kwestiach administracyjnych i zawsze z uwag\u0105 ich s\u0142uchamy, tak\u017ce w sprawach osobistych \u2013 zgodnie z mottem: \u00bbRazem po sukces!\u00ab<\/p><\/p>\n\t\t\t\t\t\t<\/div>\n\t\t\t\t<\/div>\n\t\t\t\t\t<\/div>\n\t\t<\/div>\n\t\t\t\t<div class=\"elementor-column elementor-col-20 elementor-top-column elementor-element elementor-element-0464f3b\" data-id=\"0464f3b\" data-element_type=\"column\">\n\t\t\t<div class=\"elementor-widget-wrap elementor-element-populated\">\n\t\t\t\t\t\t<div class=\"elementor-element elementor-element-b711629 elementor-widget elementor-widget-image\" data-id=\"b711629\" data-element_type=\"widget\" data-widget_type=\"image.default\">\n\t\t\t\t<div class=\"elementor-widget-container\">\n\t\t\t\t\t\t\t\t\t\t\t\t\t<img loading=\"lazy\" decoding=\"async\" width=\"800\" height=\"800\" src=\"https:\/\/www.lit.de\/wp-content\/uploads\/2020\/07\/Berufskraftfahrer.jpg\" class=\"attachment-large size-large wp-image-7379\" alt=\"\" srcset=\"https:\/\/www.lit.de\/wp-content\/uploads\/2020\/07\/Berufskraftfahrer.jpg 1024w, https:\/\/www.lit.de\/wp-content\/uploads\/2020\/07\/Berufskraftfahrer-300x300.jpg 300w, https:\/\/www.lit.de\/wp-content\/uploads\/2020\/07\/Berufskraftfahrer-100x100.jpg 100w, https:\/\/www.lit.de\/wp-content\/uploads\/2020\/07\/Berufskraftfahrer-600x600.jpg 600w\" sizes=\"(max-width: 800px) 100vw, 800px\" \/>\t\t\t\t\t\t\t\t\t\t\t\t\t<\/div>\n\t\t\t\t<\/div>\n\t\t\t\t\t<\/div>\n\t\t<\/div>\n\t\t\t\t<div class=\"elementor-column elementor-col-20 elementor-top-column elementor-element elementor-element-cd7de45\" data-id=\"cd7de45\" data-element_type=\"column\">\n\t\t\t<div class=\"elementor-widget-wrap elementor-element-populated\">\n\t\t\t\t\t\t<div class=\"elementor-element elementor-element-623cfa2 elementor-widget elementor-widget-image\" data-id=\"623cfa2\" data-element_type=\"widget\" data-widget_type=\"image.default\">\n\t\t\t\t<div class=\"elementor-widget-container\">\n\t\t\t\t\t\t\t\t\t\t\t\t\t<img loading=\"lazy\" decoding=\"async\" width=\"700\" height=\"700\" src=\"https:\/\/www.lit.de\/wp-content\/uploads\/2020\/08\/Berufskraftfahrer2_700-x-700-px.jpg\" class=\"attachment-large size-large wp-image-11191\" alt=\"\" srcset=\"https:\/\/www.lit.de\/wp-content\/uploads\/2020\/08\/Berufskraftfahrer2_700-x-700-px.jpg 700w, https:\/\/www.lit.de\/wp-content\/uploads\/2020\/08\/Berufskraftfahrer2_700-x-700-px-300x300.jpg 300w, https:\/\/www.lit.de\/wp-content\/uploads\/2020\/08\/Berufskraftfahrer2_700-x-700-px-100x100.jpg 100w, https:\/\/www.lit.de\/wp-content\/uploads\/2020\/08\/Berufskraftfahrer2_700-x-700-px-600x600.jpg 600w\" sizes=\"(max-width: 700px) 100vw, 700px\" \/>\t\t\t\t\t\t\t\t\t\t\t\t\t<\/div>\n\t\t\t\t<\/div>\n\t\t\t\t\t<\/div>\n\t\t<\/div>\n\t\t\t\t<div class=\"elementor-column elementor-col-20 elementor-top-column elementor-element elementor-element-6f48bbf\" data-id=\"6f48bbf\" data-element_type=\"column\">\n\t\t\t<div class=\"elementor-widget-wrap elementor-element-populated\">\n\t\t\t\t\t\t<div class=\"elementor-element elementor-element-12c3f3b elementor-widget elementor-widget-image\" data-id=\"12c3f3b\" data-element_type=\"widget\" data-widget_type=\"image.default\">\n\t\t\t\t<div class=\"elementor-widget-container\">\n\t\t\t\t\t\t\t\t\t\t\t\t\t<img loading=\"lazy\" decoding=\"async\" width=\"700\" height=\"700\" src=\"https:\/\/www.lit.de\/wp-content\/uploads\/2020\/08\/Lkw-Fahrer-mit-verschraenkten-Armen_700-x-700-px-1.jpg\" class=\"attachment-full size-full wp-image-9501\" alt=\"\" srcset=\"https:\/\/www.lit.de\/wp-content\/uploads\/2020\/08\/Lkw-Fahrer-mit-verschraenkten-Armen_700-x-700-px-1.jpg 700w, https:\/\/www.lit.de\/wp-content\/uploads\/2020\/08\/Lkw-Fahrer-mit-verschraenkten-Armen_700-x-700-px-1-300x300.jpg 300w, https:\/\/www.lit.de\/wp-content\/uploads\/2020\/08\/Lkw-Fahrer-mit-verschraenkten-Armen_700-x-700-px-1-100x100.jpg 100w, https:\/\/www.lit.de\/wp-content\/uploads\/2020\/08\/Lkw-Fahrer-mit-verschraenkten-Armen_700-x-700-px-1-600x600.jpg 600w\" sizes=\"(max-width: 700px) 100vw, 700px\" \/>\t\t\t\t\t\t\t\t\t\t\t\t\t<\/div>\n\t\t\t\t<\/div>\n\t\t\t\t\t<\/div>\n\t\t<\/div>\n\t\t\t\t<div class=\"elementor-column elementor-col-20 elementor-top-column elementor-element elementor-element-5ef2c34\" data-id=\"5ef2c34\" data-element_type=\"column\">\n\t\t\t<div class=\"elementor-widget-wrap elementor-element-populated\">\n\t\t\t\t\t\t<div class=\"elementor-element elementor-element-421ff3c elementor-widget elementor-widget-image\" data-id=\"421ff3c\" data-element_type=\"widget\" data-widget_type=\"image.default\">\n\t\t\t\t<div class=\"elementor-widget-container\">\n\t\t\t\t\t\t\t\t\t\t\t\t\t<img loading=\"lazy\" decoding=\"async\" width=\"700\" height=\"700\" src=\"https:\/\/www.lit.de\/wp-content\/uploads\/2020\/08\/Berufskraftfahrer_700-x-700-px.jpg\" class=\"attachment-large size-large wp-image-11185\" alt=\"\" srcset=\"https:\/\/www.lit.de\/wp-content\/uploads\/2020\/08\/Berufskraftfahrer_700-x-700-px.jpg 700w, https:\/\/www.lit.de\/wp-content\/uploads\/2020\/08\/Berufskraftfahrer_700-x-700-px-300x300.jpg 300w, https:\/\/www.lit.de\/wp-content\/uploads\/2020\/08\/Berufskraftfahrer_700-x-700-px-100x100.jpg 100w, https:\/\/www.lit.de\/wp-content\/uploads\/2020\/08\/Berufskraftfahrer_700-x-700-px-600x600.jpg 600w\" sizes=\"(max-width: 700px) 100vw, 700px\" \/>\t\t\t\t\t\t\t\t\t\t\t\t\t<\/div>\n\t\t\t\t<\/div>\n\t\t\t\t\t<\/div>\n\t\t<\/div>\n\t\t\t\t\t<\/div>\n\t\t<\/section>\n\t\t\t\t<section class=\"elementor-section elementor-top-section elementor-element elementor-element-310a878 elementor-hidden-desktop elementor-section-boxed elementor-section-height-default elementor-section-height-default\" data-id=\"310a878\" data-element_type=\"section\" data-settings=\"{&quot;background_background&quot;:&quot;classic&quot;}\">\n\t\t\t\t\t\t<div class=\"elementor-container elementor-column-gap-no\">\n\t\t\t\t\t<div class=\"elementor-column elementor-col-100 elementor-top-column elementor-element elementor-element-e0e42f1\" data-id=\"e0e42f1\" data-element_type=\"column\">\n\t\t\t<div class=\"elementor-widget-wrap elementor-element-populated\">\n\t\t\t\t\t\t<div class=\"elementor-element elementor-element-fc0e10d elementor-widget elementor-widget-accordion\" data-id=\"fc0e10d\" data-element_type=\"widget\" data-widget_type=\"accordion.default\">\n\t\t\t\t<div class=\"elementor-widget-container\">\n\t\t\t\t\t<div class=\"elementor-accordion\">\n\t\t\t\t\t\t\t<div class=\"elementor-accordion-item\">\n\t\t\t\t\t<div id=\"elementor-tab-title-2641\" class=\"elementor-tab-title\" data-tab=\"1\" role=\"button\" aria-controls=\"elementor-tab-content-2641\" aria-expanded=\"false\">\n\t\t\t\t\t\t\t\t\t\t\t\t\t<span class=\"elementor-accordion-icon elementor-accordion-icon-right\" aria-hidden=\"true\">\n\t\t\t\t\t\t\t\t\t\t\t\t\t\t\t<span class=\"elementor-accordion-icon-closed\"><i class=\"fas fa-plus\"><\/i><\/span>\n\t\t\t\t\t\t\t\t<span class=\"elementor-accordion-icon-opened\"><i class=\"fas fa-minus\"><\/i><\/span>\n\t\t\t\t\t\t\t\t\t\t\t\t\t\t<\/span>\n\t\t\t\t\t\t\t\t\t\t\t\t<a class=\"elementor-accordion-title\" tabindex=\"0\">REKRUTACJA<\/a>\n\t\t\t\t\t<\/div>\n\t\t\t\t\t<div id=\"elementor-tab-content-2641\" class=\"elementor-tab-content elementor-clearfix\" data-tab=\"1\" role=\"region\" aria-labelledby=\"elementor-tab-title-2641\"><ul>\n<li>Ukierunkowane na cel zatrudnianie kierowc\u00f3w<\/li>\n<li>Marketing rekomendacji o naszych optymalnie wyspecjalizowanych kierowcach i mened\u017cerach ds. kierowc\u00f3w<\/li>\n<\/ul>\n<\/div>\n\t\t\t\t<\/div>\n\t\t\t\t\t\t\t<div class=\"elementor-accordion-item\">\n\t\t\t\t\t<div id=\"elementor-tab-title-2642\" class=\"elementor-tab-title\" data-tab=\"2\" role=\"button\" aria-controls=\"elementor-tab-content-2642\" aria-expanded=\"false\">\n\t\t\t\t\t\t\t\t\t\t\t\t\t<span class=\"elementor-accordion-icon elementor-accordion-icon-right\" aria-hidden=\"true\">\n\t\t\t\t\t\t\t\t\t\t\t\t\t\t\t<span class=\"elementor-accordion-icon-closed\"><i class=\"fas fa-plus\"><\/i><\/span>\n\t\t\t\t\t\t\t\t<span class=\"elementor-accordion-icon-opened\"><i class=\"fas fa-minus\"><\/i><\/span>\n\t\t\t\t\t\t\t\t\t\t\t\t\t\t<\/span>\n\t\t\t\t\t\t\t\t\t\t\t\t<a class=\"elementor-accordion-title\" tabindex=\"0\">OBS\u0141UGA KIEROWC\u00d3W<\/a>\n\t\t\t\t\t<\/div>\n\t\t\t\t\t<div id=\"elementor-tab-content-2642\" class=\"elementor-tab-content elementor-clearfix\" data-tab=\"2\" role=\"region\" aria-labelledby=\"elementor-tab-title-2642\"><ul>\n<li>Obs\u0142uga operacyjna kierowc\u00f3w<\/li>\n<li>Zapewnienie optymalnej i zgodnej z wymogami za\u0142ogi w pojazdach<\/li>\n<li>Monitorowanie przepis\u00f3w socjalnych i przestrzegania czas\u00f3w pracy i odpoczynku<\/li>\n<li>Wspieranie ekonomicznego i bezszkodowego stylu jazdy<\/li>\n<li>Obs\u0142uga wszystkich danych dotycz\u0105cych kierowc\u00f3w w\u0142\u0105cznie z za\u0142ogami pojazd\u00f3w, sprawozdawczo\u015bci\u0105, prowadzeniem i dokumentowaniem szkole\u0144 w oparciu o innowacyjne oprogramowanie w\u0142asne<\/li>\n<li>Koncepcje awaryjne na wypadek spi\u0119trze\u0144 produkt\u00f3w czy nieobecno\u015bci kierowc\u00f3w i awarii sprz\u0119tu<span style=\"color: #000000;\"><br \/><\/span><\/li>\n<\/ul>\n<\/div>\n\t\t\t\t<\/div>\n\t\t\t\t\t\t\t<div class=\"elementor-accordion-item\">\n\t\t\t\t\t<div id=\"elementor-tab-title-2643\" class=\"elementor-tab-title\" data-tab=\"3\" role=\"button\" aria-controls=\"elementor-tab-content-2643\" aria-expanded=\"false\">\n\t\t\t\t\t\t\t\t\t\t\t\t\t<span class=\"elementor-accordion-icon elementor-accordion-icon-right\" aria-hidden=\"true\">\n\t\t\t\t\t\t\t\t\t\t\t\t\t\t\t<span class=\"elementor-accordion-icon-closed\"><i class=\"fas fa-plus\"><\/i><\/span>\n\t\t\t\t\t\t\t\t<span class=\"elementor-accordion-icon-opened\"><i class=\"fas fa-minus\"><\/i><\/span>\n\t\t\t\t\t\t\t\t\t\t\t\t\t\t<\/span>\n\t\t\t\t\t\t\t\t\t\t\t\t<a class=\"elementor-accordion-title\" tabindex=\"0\">US\u0141UGI<\/a>\n\t\t\t\t\t<\/div>\n\t\t\t\t\t<div id=\"elementor-tab-content-2643\" class=\"elementor-tab-content elementor-clearfix\" data-tab=\"3\" role=\"region\" aria-labelledby=\"elementor-tab-title-2643\"><ul>\n<li>Bezpo\u015bredni indywidualny kontakt z kierowcami<\/li>\n<li>P\u0142ynna komunikacja dzi\u0119ki osobom pos\u0142uguj\u0105cym si\u0119 rodzimym j\u0119zykiem kierowcy w wa\u017cnych punktach kontaktowych<\/li>\n<li>Wsparcie administracyjne ze strony naszego personelu specjalistycznego we wszystkich kwestiach<\/li>\n<li>Nieustanna modernizacja floty pojazd\u00f3w<\/li>\n<li><span style=\"color: #000000;\">Systematyczny rozw\u00f3j zawodowy i szkolenia dla kierowc\u00f3w zgodnie z mottem: Wspieranie &amp; Wymaganie<br \/><\/span><\/li>\n<\/ul>\n<\/div>\n\t\t\t\t<\/div>\n\t\t\t\t\t\t\t<div class=\"elementor-accordion-item\">\n\t\t\t\t\t<div id=\"elementor-tab-title-2644\" class=\"elementor-tab-title\" data-tab=\"4\" role=\"button\" aria-controls=\"elementor-tab-content-2644\" aria-expanded=\"false\">\n\t\t\t\t\t\t\t\t\t\t\t\t\t<span class=\"elementor-accordion-icon elementor-accordion-icon-right\" aria-hidden=\"true\">\n\t\t\t\t\t\t\t\t\t\t\t\t\t\t\t<span class=\"elementor-accordion-icon-closed\"><i class=\"fas fa-plus\"><\/i><\/span>\n\t\t\t\t\t\t\t\t<span class=\"elementor-accordion-icon-opened\"><i class=\"fas fa-minus\"><\/i><\/span>\n\t\t\t\t\t\t\t\t\t\t\t\t\t\t<\/span>\n\t\t\t\t\t\t\t\t\t\t\t\t<a class=\"elementor-accordion-title\" tabindex=\"0\">OSOBA KONTAKTOWA \u2013 ZARZ\u0104DZANIE KIEROWCAMI<\/a>\n\t\t\t\t\t<\/div>\n\t\t\t\t\t<div id=\"elementor-tab-content-2644\" class=\"elementor-tab-content elementor-clearfix\" data-tab=\"4\" role=\"region\" aria-labelledby=\"elementor-tab-title-2644\"><h5>L.I.T. Cargo GmbH<\/h5>\n<p>Otto-Hahn-Stra\u00dfe 18<br \/>26919 Brake<\/p>\n<h5>Robert Hennemann<\/h5>\n<p>Kierownik operacyjny i kierownik ds. zarz\u0105dzania kierowcami<br \/>Tel.: +49 4401 988-731<br \/>E-mail: <a href=\"mailto:robert.hennemann@lit.de\">robert.hennemann@lit.de<\/a><\/p>\n<\/div>\n\t\t\t\t<\/div>\n\t\t\t\t\t\t\t\t<\/div>\n\t\t\t\t<\/div>\n\t\t\t\t<\/div>\n\t\t\t\t\t<\/div>\n\t\t<\/div>\n\t\t\t\t\t<\/div>\n\t\t<\/section>\n\t\t\t\t<section class=\"elementor-section elementor-top-section elementor-element elementor-element-4703c1b elementor-section-boxed elementor-section-height-default elementor-section-height-default\" data-id=\"4703c1b\" data-element_type=\"section\" data-settings=\"{&quot;background_background&quot;:&quot;classic&quot;}\">\n\t\t\t\t\t\t<div class=\"elementor-container elementor-column-gap-no\">\n\t\t\t\t\t<div class=\"elementor-column elementor-col-100 elementor-top-column elementor-element elementor-element-b73c3ff\" data-id=\"b73c3ff\" data-element_type=\"column\" data-settings=\"{&quot;background_background&quot;:&quot;classic&quot;}\">\n\t\t\t<div class=\"elementor-widget-wrap elementor-element-populated\">\n\t\t\t\t\t\t<div class=\"elementor-element elementor-element-4f093a2 elementor-widget elementor-widget-menu-anchor\" data-id=\"4f093a2\" data-element_type=\"widget\" data-widget_type=\"menu-anchor.default\">\n\t\t\t\t<div class=\"elementor-widget-container\">\n\t\t\t\t\t<div id=\"fahrzeugmanagement-equipment\" class=\"elementor-menu-anchor\"><\/div>\n\t\t\t\t<\/div>\n\t\t\t\t<\/div>\n\t\t\t\t\t<\/div>\n\t\t<\/div>\n\t\t\t\t\t<\/div>\n\t\t<\/section>\n\t\t\t\t<section class=\"elementor-section elementor-top-section elementor-element elementor-element-33ee850 elementor-section-boxed elementor-section-height-default elementor-section-height-default\" data-id=\"33ee850\" data-element_type=\"section\" data-settings=\"{&quot;background_background&quot;:&quot;classic&quot;}\">\n\t\t\t\t\t\t<div class=\"elementor-container elementor-column-gap-no\">\n\t\t\t\t\t<div class=\"elementor-column elementor-col-100 elementor-top-column elementor-element elementor-element-7c8cf63\" data-id=\"7c8cf63\" data-element_type=\"column\">\n\t\t\t<div class=\"elementor-widget-wrap elementor-element-populated\">\n\t\t\t\t\t\t<div class=\"elementor-element elementor-element-cc91510 elementor-widget elementor-widget-text-editor\" data-id=\"cc91510\" data-element_type=\"widget\" data-widget_type=\"text-editor.default\">\n\t\t\t\t<div class=\"elementor-widget-container\">\n\t\t\t\t\t\t\t<p>ZARZ\u0104DZANIE POJAZDAMI | SPRZ\u0118TEM<\/p>\n\t\t\t\t\t\t<\/div>\n\t\t\t\t<\/div>\n\t\t\t\t<div class=\"elementor-element elementor-element-4bc478d elementor-hidden-desktop elementor-hidden-tablet elementor-widget elementor-widget-heading\" data-id=\"4bc478d\" data-element_type=\"widget\" data-widget_type=\"heading.default\">\n\t\t\t\t<div class=\"elementor-widget-container\">\n\t\t\t<h1 class=\"elementor-heading-title elementor-size-default\">MAKSYMALNA<br>WYDAJNO\u015a\u0106 W TRANSPORCIE DU\u017bYCH OBJ\u0118TO\u015aCI!<\/h1>\t\t<\/div>\n\t\t\t\t<\/div>\n\t\t\t\t<div class=\"elementor-element elementor-element-52ee884 elementor-hidden-phone elementor-widget elementor-widget-heading\" data-id=\"52ee884\" data-element_type=\"widget\" data-widget_type=\"heading.default\">\n\t\t\t\t<div class=\"elementor-widget-container\">\n\t\t\t<h1 class=\"elementor-heading-title elementor-size-default\">MAKSYMALNA WYDAJNO\u015a\u0106 W TRANSPORCIE DU\u017bYCH OBJ\u0118TO\u015aCI!<\/h1>\t\t<\/div>\n\t\t\t\t<\/div>\n\t\t\t\t<div class=\"elementor-element elementor-element-837f047 elementor-widget elementor-widget-heading\" data-id=\"837f047\" data-element_type=\"widget\" data-widget_type=\"heading.default\">\n\t\t\t\t<div class=\"elementor-widget-container\">\n\t\t\t<h2 class=\"elementor-heading-title elementor-size-default\">OPTYMALNE ROZWI\u0104ZANIA DLA CIEBIE DZI\u0118KI NASZEJ FLOCIE POJAZD\u00d3W<\/h2>\t\t<\/div>\n\t\t\t\t<\/div>\n\t\t\t\t\t<\/div>\n\t\t<\/div>\n\t\t\t\t\t<\/div>\n\t\t<\/section>\n\t\t\t\t<section class=\"elementor-section elementor-top-section elementor-element elementor-element-dd7a830 elementor-section-boxed elementor-section-height-default elementor-section-height-default\" data-id=\"dd7a830\" data-element_type=\"section\" data-settings=\"{&quot;background_background&quot;:&quot;classic&quot;}\">\n\t\t\t\t\t\t\t<div class=\"elementor-background-overlay\"><\/div>\n\t\t\t\t\t\t\t<div class=\"elementor-container elementor-column-gap-no\">\n\t\t\t\t\t<div class=\"elementor-column elementor-col-50 elementor-top-column elementor-element elementor-element-d879ccf\" data-id=\"d879ccf\" data-element_type=\"column\">\n\t\t\t<div class=\"elementor-widget-wrap elementor-element-populated\">\n\t\t\t\t\t\t<div class=\"elementor-element elementor-element-7a52a24 elementor-widget elementor-widget-text-editor\" data-id=\"7a52a24\" data-element_type=\"widget\" data-widget_type=\"text-editor.default\">\n\t\t\t\t<div class=\"elementor-widget-container\">\n\t\t\t\t\t\t\t<p>Dzi\u0119ki r\u00f3\u017cnym rodzajom samochod\u00f3w ci\u0119\u017carowych i wszechstronnemu wyposa\u017ceniu specjalistycznemu zawsze jeste\u015bmy w stanie oferowa\u0107 naszym klientom optymalne rozwi\u0105zania transportowe. Zbyt d\u0142ugie, zbyt ci\u0119\u017ckie, zbyt niepor\u0119czne \u2013 u nas tego nie us\u0142yszysz! Nasza rozbudowana, wyspecjalizowana flota pojazd\u00f3w gwarantuje ofert\u0119 rozwi\u0105za\u0144 transportowych idealnie dopasowan\u0105 do Twoich potrzeb oraz sta\u0142\u0105 dost\u0119pno\u015b\u0107 pojazd\u00f3w.<\/p>\n<p>Aby m\u00f3c oferowa\u0107 naszym klientom terminowe, niezawodne i bezpieczne <a href=\"https:\/\/www.lit.de\/pl\/logistyka-transportu\/#lkw-transporte\">us\u0142ugi transportowe<\/a>, konieczne jest utrzymywanie naszej floty pojazd\u00f3w w nienagannym stanie technicznym. Dlatego regularnie kompleksowo kontrolujemy pojazdy w naszych w\u0142asnych <a href=\"#werkstaetten\">warsztatach<\/a>. Nasi technicy pracuj\u0105 przez ca\u0142\u0105 dob\u0119.<\/p>\n\t\t\t\t\t\t<\/div>\n\t\t\t\t<\/div>\n\t\t\t\t\t<\/div>\n\t\t<\/div>\n\t\t\t\t<div class=\"elementor-column elementor-col-50 elementor-top-column elementor-element elementor-element-732873b\" data-id=\"732873b\" data-element_type=\"column\" data-settings=\"{&quot;background_background&quot;:&quot;classic&quot;}\">\n\t\t\t<div class=\"elementor-widget-wrap elementor-element-populated\">\n\t\t\t\t\t<div class=\"elementor-background-overlay\"><\/div>\n\t\t\t\t\t\t<div class=\"elementor-element elementor-element-99b1a5c elementor-widget elementor-widget-accordion\" data-id=\"99b1a5c\" data-element_type=\"widget\" data-widget_type=\"accordion.default\">\n\t\t\t\t<div class=\"elementor-widget-container\">\n\t\t\t\t\t<div class=\"elementor-accordion\">\n\t\t\t\t\t\t\t<div class=\"elementor-accordion-item\">\n\t\t\t\t\t<div id=\"elementor-tab-title-1611\" class=\"elementor-tab-title\" data-tab=\"1\" role=\"button\" aria-controls=\"elementor-tab-content-1611\" aria-expanded=\"false\">\n\t\t\t\t\t\t\t\t\t\t\t\t\t<span class=\"elementor-accordion-icon elementor-accordion-icon-right\" aria-hidden=\"true\">\n\t\t\t\t\t\t\t\t\t\t\t\t\t\t\t<span class=\"elementor-accordion-icon-closed\"><i class=\"fas fa-plus\"><\/i><\/span>\n\t\t\t\t\t\t\t\t<span class=\"elementor-accordion-icon-opened\"><i class=\"fas fa-minus\"><\/i><\/span>\n\t\t\t\t\t\t\t\t\t\t\t\t\t\t<\/span>\n\t\t\t\t\t\t\t\t\t\t\t\t<a class=\"elementor-accordion-title\" tabindex=\"0\">US\u0141UGI<\/a>\n\t\t\t\t\t<\/div>\n\t\t\t\t\t<div id=\"elementor-tab-content-1611\" class=\"elementor-tab-content elementor-clearfix\" data-tab=\"1\" role=\"region\" aria-labelledby=\"elementor-tab-title-1611\"><ul>\n<li>Kontrola stanu technicznego ca\u0142ej floty pojazd\u00f3w<\/li>\n<li>Ustalanie harmonogramu i fachowa realizacja zlece\u0144 warsztatowych wraz ze wsparciem systemowym przy monitorowaniu statusu obs\u0142ugi przez naszych technik\u00f3w<\/li>\n<li>Systemowe monitorowanie wymaganych ustaw\u0105 bada\u0144, przepis\u00f3w i wytycznych technicznych z zapewnieniem ci\u0105g\u0142o\u015bci prac konserwacyjnych i serwisowych<\/li>\n<li>Systemowy mechanizm kontroli naszych zoptymalizowanych pod k\u0105tem oporu toczenia opon<\/li>\n<li>Dost\u0119pno\u015b\u0107 przez ca\u0142\u0105 dob\u0119 w ka\u017cdy dzie\u0144 tygodnia<\/li>\n<\/ul>\n<\/div>\n\t\t\t\t<\/div>\n\t\t\t\t\t\t\t<div class=\"elementor-accordion-item\">\n\t\t\t\t\t<div id=\"elementor-tab-title-1612\" class=\"elementor-tab-title\" data-tab=\"2\" role=\"button\" aria-controls=\"elementor-tab-content-1612\" aria-expanded=\"false\">\n\t\t\t\t\t\t\t\t\t\t\t\t\t<span class=\"elementor-accordion-icon elementor-accordion-icon-right\" aria-hidden=\"true\">\n\t\t\t\t\t\t\t\t\t\t\t\t\t\t\t<span class=\"elementor-accordion-icon-closed\"><i class=\"fas fa-plus\"><\/i><\/span>\n\t\t\t\t\t\t\t\t<span class=\"elementor-accordion-icon-opened\"><i class=\"fas fa-minus\"><\/i><\/span>\n\t\t\t\t\t\t\t\t\t\t\t\t\t\t<\/span>\n\t\t\t\t\t\t\t\t\t\t\t\t<a class=\"elementor-accordion-title\" tabindex=\"0\">WYPOSA\u017bENIE SPECJALISTYCZNE<\/a>\n\t\t\t\t\t<\/div>\n\t\t\t\t\t<div id=\"elementor-tab-content-1612\" class=\"elementor-tab-content elementor-clearfix\" data-tab=\"2\" role=\"region\" aria-labelledby=\"elementor-tab-title-1612\"><ul>\n<li>Podnoszony dach<\/li>\n<li>Mega Trailer<\/li>\n<li>Innowacyjne produkty (np. technika samoroz\u0142adunku, alternatywne nap\u0119dy)<\/li>\n<li>Szybkie planowanie<\/li>\n<li>Zag\u0142\u0119bienie na zwoje<\/li>\n<li>Naczepy typu mega ze stojakami na zwoje papieru<\/li>\n<li>Naczepy Joloda<\/li>\n<li>Przyczepy do transportu zwoj\u00f3w ta\u015bmy stalowej i drutu stalowego<\/li>\n<li>Pojazdy z nadwoziem furgonowym (np. ch\u0142odnia wielostrefowa)<\/li>\n<li>Rozwi\u0105zania specjalistyczne w zale\u017cno\u015bci od potrzeb<\/li>\n<\/ul>\n<p><span style=\"color: #000000;\">\u00a0<\/span><\/p>\n<\/div>\n\t\t\t\t<\/div>\n\t\t\t\t\t\t\t<div class=\"elementor-accordion-item\">\n\t\t\t\t\t<div id=\"elementor-tab-title-1613\" class=\"elementor-tab-title\" data-tab=\"3\" role=\"button\" aria-controls=\"elementor-tab-content-1613\" aria-expanded=\"false\">\n\t\t\t\t\t\t\t\t\t\t\t\t\t<span class=\"elementor-accordion-icon elementor-accordion-icon-right\" aria-hidden=\"true\">\n\t\t\t\t\t\t\t\t\t\t\t\t\t\t\t<span class=\"elementor-accordion-icon-closed\"><i class=\"fas fa-plus\"><\/i><\/span>\n\t\t\t\t\t\t\t\t<span class=\"elementor-accordion-icon-opened\"><i class=\"fas fa-minus\"><\/i><\/span>\n\t\t\t\t\t\t\t\t\t\t\t\t\t\t<\/span>\n\t\t\t\t\t\t\t\t\t\t\t\t<a class=\"elementor-accordion-title\" tabindex=\"0\">OSOBA KONTAKTOWA \u2013 ZARZ\u0104DZANIE POJAZDAMI | SPRZ\u0118TEM<\/a>\n\t\t\t\t\t<\/div>\n\t\t\t\t\t<div id=\"elementor-tab-content-1613\" class=\"elementor-tab-content elementor-clearfix\" data-tab=\"3\" role=\"region\" aria-labelledby=\"elementor-tab-title-1613\"><h5>L.I.T. Cargo GmbH<\/h5>\n<p>Otto-Hahn-Stra\u00dfe 18<br \/>26919 Brake<\/p>\n<h5>Ingo Schreiber<\/h5>\n<p>Cz\u0142onek zarz\u0105du L.I.T. AG i<br \/>dyrektor zarz\u0105dzaj\u0105cy L.I.T. Cargo GmbH<br \/>Tel.: +49 4401 988-711<br \/>E-mail: <a href=\"mailto:ingo.schreiber@lit.de\">ingo.schreiber@lit.de<\/a><\/p>\n<\/div>\n\t\t\t\t<\/div>\n\t\t\t\t\t\t\t\t<\/div>\n\t\t\t\t<\/div>\n\t\t\t\t<\/div>\n\t\t\t\t\t<\/div>\n\t\t<\/div>\n\t\t\t\t\t<\/div>\n\t\t<\/section>\n\t\t\t\t<section class=\"elementor-section elementor-top-section elementor-element elementor-element-8eff59a elementor-section-boxed elementor-section-height-default elementor-section-height-default\" data-id=\"8eff59a\" data-element_type=\"section\">\n\t\t\t\t\t\t<div class=\"elementor-container elementor-column-gap-no\">\n\t\t\t\t\t<div class=\"elementor-column elementor-col-50 elementor-top-column elementor-element elementor-element-2cb917f\" data-id=\"2cb917f\" data-element_type=\"column\">\n\t\t\t<div class=\"elementor-widget-wrap elementor-element-populated\">\n\t\t\t\t\t\t<div class=\"elementor-element elementor-element-bbb37a1 elementor-widget elementor-widget-image\" data-id=\"bbb37a1\" data-element_type=\"widget\" data-widget_type=\"image.default\">\n\t\t\t\t<div class=\"elementor-widget-container\">\n\t\t\t\t\t\t\t\t\t\t\t\t\t<img loading=\"lazy\" decoding=\"async\" width=\"800\" height=\"800\" src=\"https:\/\/www.lit.de\/wp-content\/uploads\/2021\/01\/Jumbo_Freisteller_pl-1024x1024.jpg\" class=\"attachment-large size-large wp-image-22285\" alt=\"\" srcset=\"https:\/\/www.lit.de\/wp-content\/uploads\/2021\/01\/Jumbo_Freisteller_pl-1024x1024.jpg 1024w, https:\/\/www.lit.de\/wp-content\/uploads\/2021\/01\/Jumbo_Freisteller_pl-150x150.jpg 150w, https:\/\/www.lit.de\/wp-content\/uploads\/2021\/01\/Jumbo_Freisteller_pl-500x500.jpg 500w, https:\/\/www.lit.de\/wp-content\/uploads\/2021\/01\/Jumbo_Freisteller_pl-768x768.jpg 768w, https:\/\/www.lit.de\/wp-content\/uploads\/2021\/01\/Jumbo_Freisteller_pl-300x300.jpg 300w, https:\/\/www.lit.de\/wp-content\/uploads\/2021\/01\/Jumbo_Freisteller_pl-100x100.jpg 100w, https:\/\/www.lit.de\/wp-content\/uploads\/2021\/01\/Jumbo_Freisteller_pl-600x600.jpg 600w, https:\/\/www.lit.de\/wp-content\/uploads\/2021\/01\/Jumbo_Freisteller_pl.jpg 1908w\" sizes=\"(max-width: 800px) 100vw, 800px\" \/>\t\t\t\t\t\t\t\t\t\t\t\t\t<\/div>\n\t\t\t\t<\/div>\n\t\t\t\t\t<\/div>\n\t\t<\/div>\n\t\t\t\t<div class=\"elementor-column elementor-col-50 elementor-top-column elementor-element elementor-element-4f0acf2\" data-id=\"4f0acf2\" data-element_type=\"column\">\n\t\t\t<div class=\"elementor-widget-wrap elementor-element-populated\">\n\t\t\t\t\t\t<div class=\"elementor-element elementor-element-0166095 elementor-widget elementor-widget-image\" data-id=\"0166095\" data-element_type=\"widget\" data-widget_type=\"image.default\">\n\t\t\t\t<div class=\"elementor-widget-container\">\n\t\t\t\t\t\t\t\t\t\t\t\t\t<img loading=\"lazy\" decoding=\"async\" width=\"800\" height=\"800\" src=\"https:\/\/www.lit.de\/wp-content\/uploads\/2021\/01\/Ultralight_Freisteller_pl-1024x1024.jpg\" class=\"attachment-large size-large wp-image-22280\" alt=\"\" srcset=\"https:\/\/www.lit.de\/wp-content\/uploads\/2021\/01\/Ultralight_Freisteller_pl-1024x1024.jpg 1024w, https:\/\/www.lit.de\/wp-content\/uploads\/2021\/01\/Ultralight_Freisteller_pl-150x150.jpg 150w, https:\/\/www.lit.de\/wp-content\/uploads\/2021\/01\/Ultralight_Freisteller_pl-500x500.jpg 500w, https:\/\/www.lit.de\/wp-content\/uploads\/2021\/01\/Ultralight_Freisteller_pl-768x768.jpg 768w, https:\/\/www.lit.de\/wp-content\/uploads\/2021\/01\/Ultralight_Freisteller_pl-300x300.jpg 300w, https:\/\/www.lit.de\/wp-content\/uploads\/2021\/01\/Ultralight_Freisteller_pl-100x100.jpg 100w, https:\/\/www.lit.de\/wp-content\/uploads\/2021\/01\/Ultralight_Freisteller_pl-600x600.jpg 600w, https:\/\/www.lit.de\/wp-content\/uploads\/2021\/01\/Ultralight_Freisteller_pl.jpg 1908w\" sizes=\"(max-width: 800px) 100vw, 800px\" \/>\t\t\t\t\t\t\t\t\t\t\t\t\t<\/div>\n\t\t\t\t<\/div>\n\t\t\t\t\t<\/div>\n\t\t<\/div>\n\t\t\t\t\t<\/div>\n\t\t<\/section>\n\t\t\t\t<section class=\"elementor-section elementor-top-section elementor-element elementor-element-8181238 elementor-section-boxed elementor-section-height-default elementor-section-height-default\" data-id=\"8181238\" data-element_type=\"section\">\n\t\t\t\t\t\t<div class=\"elementor-container elementor-column-gap-default\">\n\t\t\t\t\t<div class=\"elementor-column elementor-col-50 elementor-top-column elementor-element elementor-element-b6eeb64\" data-id=\"b6eeb64\" data-element_type=\"column\">\n\t\t\t<div class=\"elementor-widget-wrap elementor-element-populated\">\n\t\t\t\t\t\t<div class=\"elementor-element elementor-element-02320eb elementor-widget elementor-widget-image\" data-id=\"02320eb\" data-element_type=\"widget\" data-widget_type=\"image.default\">\n\t\t\t\t<div class=\"elementor-widget-container\">\n\t\t\t\t\t\t\t\t\t\t\t\t\t<img loading=\"lazy\" decoding=\"async\" width=\"800\" height=\"800\" src=\"https:\/\/www.lit.de\/wp-content\/uploads\/2021\/01\/LIT_Lowliner_pl-1024x1024.jpg\" class=\"attachment-large size-large wp-image-22275\" alt=\"\" srcset=\"https:\/\/www.lit.de\/wp-content\/uploads\/2021\/01\/LIT_Lowliner_pl-1024x1024.jpg 1024w, https:\/\/www.lit.de\/wp-content\/uploads\/2021\/01\/LIT_Lowliner_pl-150x150.jpg 150w, https:\/\/www.lit.de\/wp-content\/uploads\/2021\/01\/LIT_Lowliner_pl-500x500.jpg 500w, https:\/\/www.lit.de\/wp-content\/uploads\/2021\/01\/LIT_Lowliner_pl-768x768.jpg 768w, https:\/\/www.lit.de\/wp-content\/uploads\/2021\/01\/LIT_Lowliner_pl-300x300.jpg 300w, https:\/\/www.lit.de\/wp-content\/uploads\/2021\/01\/LIT_Lowliner_pl-100x100.jpg 100w, https:\/\/www.lit.de\/wp-content\/uploads\/2021\/01\/LIT_Lowliner_pl-600x600.jpg 600w, https:\/\/www.lit.de\/wp-content\/uploads\/2021\/01\/LIT_Lowliner_pl.jpg 1908w\" sizes=\"(max-width: 800px) 100vw, 800px\" \/>\t\t\t\t\t\t\t\t\t\t\t\t\t<\/div>\n\t\t\t\t<\/div>\n\t\t\t\t\t<\/div>\n\t\t<\/div>\n\t\t\t\t<div class=\"elementor-column elementor-col-50 elementor-top-column elementor-element elementor-element-1d5c711\" data-id=\"1d5c711\" data-element_type=\"column\">\n\t\t\t<div class=\"elementor-widget-wrap elementor-element-populated\">\n\t\t\t\t\t\t<div class=\"elementor-element elementor-element-7b89f92 elementor-widget elementor-widget-image\" data-id=\"7b89f92\" data-element_type=\"widget\" data-widget_type=\"image.default\">\n\t\t\t\t<div class=\"elementor-widget-container\">\n\t\t\t\t\t\t\t\t\t\t\t\t\t<img loading=\"lazy\" decoding=\"async\" width=\"800\" height=\"800\" src=\"https:\/\/www.lit.de\/wp-content\/uploads\/2021\/01\/Euro-Combi_Freisteller_pl-1024x1024.jpg\" class=\"attachment-large size-large wp-image-22270\" alt=\"\" srcset=\"https:\/\/www.lit.de\/wp-content\/uploads\/2021\/01\/Euro-Combi_Freisteller_pl-1024x1024.jpg 1024w, https:\/\/www.lit.de\/wp-content\/uploads\/2021\/01\/Euro-Combi_Freisteller_pl-150x150.jpg 150w, https:\/\/www.lit.de\/wp-content\/uploads\/2021\/01\/Euro-Combi_Freisteller_pl-500x500.jpg 500w, https:\/\/www.lit.de\/wp-content\/uploads\/2021\/01\/Euro-Combi_Freisteller_pl-768x768.jpg 768w, https:\/\/www.lit.de\/wp-content\/uploads\/2021\/01\/Euro-Combi_Freisteller_pl-300x300.jpg 300w, https:\/\/www.lit.de\/wp-content\/uploads\/2021\/01\/Euro-Combi_Freisteller_pl-100x100.jpg 100w, https:\/\/www.lit.de\/wp-content\/uploads\/2021\/01\/Euro-Combi_Freisteller_pl-600x600.jpg 600w, https:\/\/www.lit.de\/wp-content\/uploads\/2021\/01\/Euro-Combi_Freisteller_pl.jpg 1908w\" sizes=\"(max-width: 800px) 100vw, 800px\" \/>\t\t\t\t\t\t\t\t\t\t\t\t\t<\/div>\n\t\t\t\t<\/div>\n\t\t\t\t\t<\/div>\n\t\t<\/div>\n\t\t\t\t\t<\/div>\n\t\t<\/section>\n\t\t\t\t<section class=\"elementor-section elementor-top-section elementor-element elementor-element-2d0ddc0 elementor-section-boxed elementor-section-height-default elementor-section-height-default\" data-id=\"2d0ddc0\" data-element_type=\"section\">\n\t\t\t\t\t\t<div class=\"elementor-container elementor-column-gap-default\">\n\t\t\t\t\t<div class=\"elementor-column elementor-col-50 elementor-top-column elementor-element elementor-element-39f4abb\" data-id=\"39f4abb\" data-element_type=\"column\">\n\t\t\t<div class=\"elementor-widget-wrap elementor-element-populated\">\n\t\t\t\t\t\t<div class=\"elementor-element elementor-element-0e8475f elementor-widget elementor-widget-image\" data-id=\"0e8475f\" data-element_type=\"widget\" data-widget_type=\"image.default\">\n\t\t\t\t<div class=\"elementor-widget-container\">\n\t\t\t\t\t\t\t\t\t\t\t\t\t<img loading=\"lazy\" decoding=\"async\" width=\"800\" height=\"800\" src=\"https:\/\/www.lit.de\/wp-content\/uploads\/2021\/01\/Jumbo-Wechselbruecke__Freisteller_pl-1024x1024.jpg\" class=\"attachment-large size-large wp-image-22265\" alt=\"\" srcset=\"https:\/\/www.lit.de\/wp-content\/uploads\/2021\/01\/Jumbo-Wechselbruecke__Freisteller_pl-1024x1024.jpg 1024w, https:\/\/www.lit.de\/wp-content\/uploads\/2021\/01\/Jumbo-Wechselbruecke__Freisteller_pl-150x150.jpg 150w, https:\/\/www.lit.de\/wp-content\/uploads\/2021\/01\/Jumbo-Wechselbruecke__Freisteller_pl-500x500.jpg 500w, https:\/\/www.lit.de\/wp-content\/uploads\/2021\/01\/Jumbo-Wechselbruecke__Freisteller_pl-768x768.jpg 768w, https:\/\/www.lit.de\/wp-content\/uploads\/2021\/01\/Jumbo-Wechselbruecke__Freisteller_pl-300x300.jpg 300w, https:\/\/www.lit.de\/wp-content\/uploads\/2021\/01\/Jumbo-Wechselbruecke__Freisteller_pl-100x100.jpg 100w, https:\/\/www.lit.de\/wp-content\/uploads\/2021\/01\/Jumbo-Wechselbruecke__Freisteller_pl-600x600.jpg 600w, https:\/\/www.lit.de\/wp-content\/uploads\/2021\/01\/Jumbo-Wechselbruecke__Freisteller_pl.jpg 1908w\" sizes=\"(max-width: 800px) 100vw, 800px\" \/>\t\t\t\t\t\t\t\t\t\t\t\t\t<\/div>\n\t\t\t\t<\/div>\n\t\t\t\t\t<\/div>\n\t\t<\/div>\n\t\t\t\t<div class=\"elementor-column elementor-col-50 elementor-top-column elementor-element elementor-element-1bd708e\" data-id=\"1bd708e\" data-element_type=\"column\">\n\t\t\t<div class=\"elementor-widget-wrap elementor-element-populated\">\n\t\t\t\t\t\t<div class=\"elementor-element elementor-element-e2abe79 elementor-widget elementor-widget-image\" data-id=\"e2abe79\" data-element_type=\"widget\" data-widget_type=\"image.default\">\n\t\t\t\t<div class=\"elementor-widget-container\">\n\t\t\t\t\t\t\t\t\t\t\t\t\t<img loading=\"lazy\" decoding=\"async\" width=\"800\" height=\"800\" src=\"https:\/\/www.lit.de\/wp-content\/uploads\/2021\/01\/Tiefbett_Freisteller_pl-1024x1024.jpg\" class=\"attachment-large size-large wp-image-22260\" alt=\"\" srcset=\"https:\/\/www.lit.de\/wp-content\/uploads\/2021\/01\/Tiefbett_Freisteller_pl-1024x1024.jpg 1024w, https:\/\/www.lit.de\/wp-content\/uploads\/2021\/01\/Tiefbett_Freisteller_pl-150x150.jpg 150w, https:\/\/www.lit.de\/wp-content\/uploads\/2021\/01\/Tiefbett_Freisteller_pl-500x500.jpg 500w, https:\/\/www.lit.de\/wp-content\/uploads\/2021\/01\/Tiefbett_Freisteller_pl-768x768.jpg 768w, https:\/\/www.lit.de\/wp-content\/uploads\/2021\/01\/Tiefbett_Freisteller_pl-300x300.jpg 300w, https:\/\/www.lit.de\/wp-content\/uploads\/2021\/01\/Tiefbett_Freisteller_pl-100x100.jpg 100w, https:\/\/www.lit.de\/wp-content\/uploads\/2021\/01\/Tiefbett_Freisteller_pl-600x600.jpg 600w, https:\/\/www.lit.de\/wp-content\/uploads\/2021\/01\/Tiefbett_Freisteller_pl.jpg 1908w\" sizes=\"(max-width: 800px) 100vw, 800px\" \/>\t\t\t\t\t\t\t\t\t\t\t\t\t<\/div>\n\t\t\t\t<\/div>\n\t\t\t\t\t<\/div>\n\t\t<\/div>\n\t\t\t\t\t<\/div>\n\t\t<\/section>\n\t\t\t\t<section class=\"elementor-section elementor-top-section elementor-element elementor-element-3870255 elementor-section-boxed elementor-section-height-default elementor-section-height-default\" data-id=\"3870255\" data-element_type=\"section\" data-settings=\"{&quot;background_background&quot;:&quot;classic&quot;}\">\n\t\t\t\t\t\t<div class=\"elementor-container elementor-column-gap-no\">\n\t\t\t\t\t<div class=\"elementor-column elementor-col-100 elementor-top-column elementor-element elementor-element-87fe3cc\" data-id=\"87fe3cc\" data-element_type=\"column\" data-settings=\"{&quot;background_background&quot;:&quot;classic&quot;}\">\n\t\t\t<div class=\"elementor-widget-wrap elementor-element-populated\">\n\t\t\t\t\t\t<div class=\"elementor-element elementor-element-b67c6fd elementor-widget elementor-widget-menu-anchor\" data-id=\"b67c6fd\" data-element_type=\"widget\" data-widget_type=\"menu-anchor.default\">\n\t\t\t\t<div class=\"elementor-widget-container\">\n\t\t\t\t\t<div id=\"tankstellen\" class=\"elementor-menu-anchor\"><\/div>\n\t\t\t\t<\/div>\n\t\t\t\t<\/div>\n\t\t\t\t\t<\/div>\n\t\t<\/div>\n\t\t\t\t\t<\/div>\n\t\t<\/section>\n\t\t\t\t<section class=\"elementor-section elementor-top-section elementor-element elementor-element-23af68c elementor-section-boxed elementor-section-height-default elementor-section-height-default\" data-id=\"23af68c\" data-element_type=\"section\" data-settings=\"{&quot;background_background&quot;:&quot;classic&quot;}\">\n\t\t\t\t\t\t<div class=\"elementor-container elementor-column-gap-no\">\n\t\t\t\t\t<div class=\"elementor-column elementor-col-100 elementor-top-column elementor-element elementor-element-cf187a5\" data-id=\"cf187a5\" data-element_type=\"column\">\n\t\t\t<div class=\"elementor-widget-wrap elementor-element-populated\">\n\t\t\t\t\t\t<div class=\"elementor-element elementor-element-c83bbcf elementor-widget elementor-widget-text-editor\" data-id=\"c83bbcf\" data-element_type=\"widget\" data-widget_type=\"text-editor.default\">\n\t\t\t\t<div class=\"elementor-widget-container\">\n\t\t\t\t\t\t\t<p>STACJE PALIW I MYJNIE SAMOCHODOWE<\/p>\n\t\t\t\t\t\t<\/div>\n\t\t\t\t<\/div>\n\t\t\t\t<div class=\"elementor-element elementor-element-3dbf358 elementor-widget elementor-widget-heading\" data-id=\"3dbf358\" data-element_type=\"widget\" data-widget_type=\"heading.default\">\n\t\t\t\t<div class=\"elementor-widget-container\">\n\t\t\t<h1 class=\"elementor-heading-title elementor-size-default\">MYCIE I TANKOWANIE DO PE\u0141NA, POPROSZ\u0118!<\/h1>\t\t<\/div>\n\t\t\t\t<\/div>\n\t\t\t\t<div class=\"elementor-element elementor-element-37d1bdc elementor-widget elementor-widget-heading\" data-id=\"37d1bdc\" data-element_type=\"widget\" data-widget_type=\"heading.default\">\n\t\t\t\t<div class=\"elementor-widget-container\">\n\t\t\t<h2 class=\"elementor-heading-title elementor-size-default\">Czysta sprawa \u2013 dzi\u0119ki naszym atrakcyjnym warunkom tankowania DIESLA i ADBLUE oraz korzystania z myjni samochodowych Tw\u00f3j portfel b\u0119dzie zadowolony<\/h2>\t\t<\/div>\n\t\t\t\t<\/div>\n\t\t\t\t\t<\/div>\n\t\t<\/div>\n\t\t\t\t\t<\/div>\n\t\t<\/section>\n\t\t\t\t<section class=\"elementor-section elementor-top-section elementor-element elementor-element-e30dc62 elementor-hidden-phone elementor-hidden-tablet elementor-section-boxed elementor-section-height-default elementor-section-height-default\" data-id=\"e30dc62\" data-element_type=\"section\" data-settings=\"{&quot;background_background&quot;:&quot;classic&quot;}\">\n\t\t\t\t\t\t<div class=\"elementor-container elementor-column-gap-no\">\n\t\t\t\t\t<div class=\"elementor-column elementor-col-33 elementor-top-column elementor-element elementor-element-53c1250\" data-id=\"53c1250\" data-element_type=\"column\">\n\t\t\t<div class=\"elementor-widget-wrap elementor-element-populated\">\n\t\t\t\t\t\t<div class=\"elementor-element elementor-element-d54ac00 elementor-widget elementor-widget-text-editor\" data-id=\"d54ac00\" data-element_type=\"widget\" data-widget_type=\"text-editor.default\">\n\t\t\t\t<div class=\"elementor-widget-container\">\n\t\t\t\t\t\t\t<p>Oko\u0142o 30 procent koszt\u00f3w spedycji przypada na paliwo. Dlatego warto dok\u0142adniej przyjrze\u0107 si\u0119 procesom i cenom, aby zidentyfikowa\u0107 potencja\u0142y oszcz\u0119dno\u015bci. W\u0142a\u015bnie tak zrobili\u015bmy i teraz kontynuujemy rozbudow\u0119 naszej w\u0142asnej <a href=\"https:\/\/www.lit.de\/2020\/02\/27\/vtm-tankstellen-netzwerk\/\">sieci stacji paliw<\/a>. A dodatkowo udost\u0119pniamy t\u0119 us\u0142ug\u0119 innym.<\/p>\n<p>Aby tak\u017ce Twoje pojazdy czy ca\u0142a flota samochod\u00f3w ci\u0119\u017carowych mog\u0142a b\u0142yszcze\u0107 pe\u0142nym blaskiem, mo\u017cesz skorzysta\u0107 z nowoczesnych myjni dla samochod\u00f3w u\u017cytkowych w naszych czterech oddzia\u0142ach.<\/p>\n<p>W godzinach otwarcia mi\u0119dzy 8:00 a 17:00 gwarantujemy profesjonalne i zapewniaj\u0105ce ochron\u0119 mycie. Po uzgodnieniu us\u0142ug\u0119 t\u0119 mo\u017cemy tak\u017ce oferowa\u0107 regularnie.<\/p>\n\t\t\t\t\t\t<\/div>\n\t\t\t\t<\/div>\n\t\t\t\t\t<\/div>\n\t\t<\/div>\n\t\t\t\t<div class=\"elementor-column elementor-col-33 elementor-top-column elementor-element elementor-element-6fbc011\" data-id=\"6fbc011\" data-element_type=\"column\">\n\t\t\t<div class=\"elementor-widget-wrap elementor-element-populated\">\n\t\t\t\t\t\t<div class=\"elementor-element elementor-element-75a6339 elementor-widget elementor-widget-image\" data-id=\"75a6339\" data-element_type=\"widget\" data-widget_type=\"image.default\">\n\t\t\t\t<div class=\"elementor-widget-container\">\n\t\t\t\t\t\t\t\t\t\t\t\t\t<img loading=\"lazy\" decoding=\"async\" width=\"750\" height=\"750\" src=\"https:\/\/www.lit.de\/wp-content\/uploads\/2021\/01\/Diesel_Adblue_pl.jpg\" class=\"attachment-full size-full wp-image-22125\" alt=\"\" srcset=\"https:\/\/www.lit.de\/wp-content\/uploads\/2021\/01\/Diesel_Adblue_pl.jpg 750w, https:\/\/www.lit.de\/wp-content\/uploads\/2021\/01\/Diesel_Adblue_pl-150x150.jpg 150w, https:\/\/www.lit.de\/wp-content\/uploads\/2021\/01\/Diesel_Adblue_pl-500x500.jpg 500w, https:\/\/www.lit.de\/wp-content\/uploads\/2021\/01\/Diesel_Adblue_pl-300x300.jpg 300w, https:\/\/www.lit.de\/wp-content\/uploads\/2021\/01\/Diesel_Adblue_pl-100x100.jpg 100w, https:\/\/www.lit.de\/wp-content\/uploads\/2021\/01\/Diesel_Adblue_pl-600x600.jpg 600w\" sizes=\"(max-width: 750px) 100vw, 750px\" \/>\t\t\t\t\t\t\t\t\t\t\t\t\t<\/div>\n\t\t\t\t<\/div>\n\t\t\t\t\t<\/div>\n\t\t<\/div>\n\t\t\t\t<div class=\"elementor-column elementor-col-33 elementor-top-column elementor-element elementor-element-109d640\" data-id=\"109d640\" data-element_type=\"column\">\n\t\t\t<div class=\"elementor-widget-wrap elementor-element-populated\">\n\t\t\t\t\t\t<div class=\"elementor-element elementor-element-b9ea88b elementor-widget elementor-widget-image\" data-id=\"b9ea88b\" data-element_type=\"widget\" data-widget_type=\"image.default\">\n\t\t\t\t<div class=\"elementor-widget-container\">\n\t\t\t\t\t\t\t\t\t\t\t\t\t<img loading=\"lazy\" decoding=\"async\" width=\"750\" height=\"750\" src=\"https:\/\/www.lit.de\/wp-content\/uploads\/2020\/09\/Waschstrasse_Baunatal.jpg\" class=\"attachment-full size-full wp-image-11589\" alt=\"\" srcset=\"https:\/\/www.lit.de\/wp-content\/uploads\/2020\/09\/Waschstrasse_Baunatal.jpg 750w, https:\/\/www.lit.de\/wp-content\/uploads\/2020\/09\/Waschstrasse_Baunatal-300x300.jpg 300w, https:\/\/www.lit.de\/wp-content\/uploads\/2020\/09\/Waschstrasse_Baunatal-100x100.jpg 100w, https:\/\/www.lit.de\/wp-content\/uploads\/2020\/09\/Waschstrasse_Baunatal-600x600.jpg 600w\" sizes=\"(max-width: 750px) 100vw, 750px\" \/>\t\t\t\t\t\t\t\t\t\t\t\t\t<\/div>\n\t\t\t\t<\/div>\n\t\t\t\t\t<\/div>\n\t\t<\/div>\n\t\t\t\t\t<\/div>\n\t\t<\/section>\n\t\t\t\t<section class=\"elementor-section elementor-top-section elementor-element elementor-element-15e12d2 elementor-hidden-phone elementor-hidden-tablet elementor-section-boxed elementor-section-height-default elementor-section-height-default\" data-id=\"15e12d2\" data-element_type=\"section\" data-settings=\"{&quot;background_background&quot;:&quot;classic&quot;}\">\n\t\t\t\t\t\t<div class=\"elementor-container elementor-column-gap-no\">\n\t\t\t\t\t<div class=\"elementor-column elementor-col-33 elementor-top-column elementor-element elementor-element-edd4858\" data-id=\"edd4858\" data-element_type=\"column\">\n\t\t\t<div class=\"elementor-widget-wrap elementor-element-populated\">\n\t\t\t\t\t\t<div class=\"elementor-element elementor-element-1eda599 elementor-widget elementor-widget-image\" data-id=\"1eda599\" data-element_type=\"widget\" data-widget_type=\"image.default\">\n\t\t\t\t<div class=\"elementor-widget-container\">\n\t\t\t\t\t\t\t\t\t\t\t\t\t<img loading=\"lazy\" decoding=\"async\" width=\"700\" height=\"700\" src=\"https:\/\/www.lit.de\/wp-content\/uploads\/2020\/09\/Waschstrasse_700-x-700-px.jpg\" class=\"attachment-full size-full wp-image-12696\" alt=\"\" srcset=\"https:\/\/www.lit.de\/wp-content\/uploads\/2020\/09\/Waschstrasse_700-x-700-px.jpg 700w, https:\/\/www.lit.de\/wp-content\/uploads\/2020\/09\/Waschstrasse_700-x-700-px-300x300.jpg 300w, https:\/\/www.lit.de\/wp-content\/uploads\/2020\/09\/Waschstrasse_700-x-700-px-100x100.jpg 100w, https:\/\/www.lit.de\/wp-content\/uploads\/2020\/09\/Waschstrasse_700-x-700-px-600x600.jpg 600w\" sizes=\"(max-width: 700px) 100vw, 700px\" \/>\t\t\t\t\t\t\t\t\t\t\t\t\t<\/div>\n\t\t\t\t<\/div>\n\t\t\t\t\t<\/div>\n\t\t<\/div>\n\t\t\t\t<div class=\"elementor-column elementor-col-33 elementor-top-column elementor-element elementor-element-7fedc68\" data-id=\"7fedc68\" data-element_type=\"column\">\n\t\t\t<div class=\"elementor-widget-wrap elementor-element-populated\">\n\t\t\t\t\t\t<div class=\"elementor-element elementor-element-f8472ce elementor-widget elementor-widget-image\" data-id=\"f8472ce\" data-element_type=\"widget\" data-widget_type=\"image.default\">\n\t\t\t\t<div class=\"elementor-widget-container\">\n\t\t\t\t\t\t\t\t\t\t\t\t\t<img loading=\"lazy\" decoding=\"async\" width=\"700\" height=\"700\" src=\"https:\/\/www.lit.de\/wp-content\/uploads\/2020\/03\/Tankstellennetz_700-X-700.jpg\" class=\"attachment-full size-full wp-image-4260\" alt=\"\" srcset=\"https:\/\/www.lit.de\/wp-content\/uploads\/2020\/03\/Tankstellennetz_700-X-700.jpg 700w, https:\/\/www.lit.de\/wp-content\/uploads\/2020\/03\/Tankstellennetz_700-X-700-500x500.jpg 500w, https:\/\/www.lit.de\/wp-content\/uploads\/2020\/03\/Tankstellennetz_700-X-700-150x150.jpg 150w\" sizes=\"(max-width: 700px) 100vw, 700px\" \/>\t\t\t\t\t\t\t\t\t\t\t\t\t<\/div>\n\t\t\t\t<\/div>\n\t\t\t\t\t<\/div>\n\t\t<\/div>\n\t\t\t\t<div class=\"elementor-column elementor-col-33 elementor-top-column elementor-element elementor-element-68b9f6d\" data-id=\"68b9f6d\" data-element_type=\"column\">\n\t\t\t<div class=\"elementor-widget-wrap elementor-element-populated\">\n\t\t\t\t\t\t<div class=\"elementor-element elementor-element-0e26c94 elementor-widget elementor-widget-accordion\" data-id=\"0e26c94\" data-element_type=\"widget\" data-widget_type=\"accordion.default\">\n\t\t\t\t<div class=\"elementor-widget-container\">\n\t\t\t\t\t<div class=\"elementor-accordion\">\n\t\t\t\t\t\t\t<div class=\"elementor-accordion-item\">\n\t\t\t\t\t<div id=\"elementor-tab-title-1481\" class=\"elementor-tab-title\" data-tab=\"1\" role=\"button\" aria-controls=\"elementor-tab-content-1481\" aria-expanded=\"false\">\n\t\t\t\t\t\t\t\t\t\t\t\t\t<span class=\"elementor-accordion-icon elementor-accordion-icon-right\" aria-hidden=\"true\">\n\t\t\t\t\t\t\t\t\t\t\t\t\t\t\t<span class=\"elementor-accordion-icon-closed\"><i class=\"fas fa-plus\"><\/i><\/span>\n\t\t\t\t\t\t\t\t<span class=\"elementor-accordion-icon-opened\"><i class=\"fas fa-minus\"><\/i><\/span>\n\t\t\t\t\t\t\t\t\t\t\t\t\t\t<\/span>\n\t\t\t\t\t\t\t\t\t\t\t\t<a class=\"elementor-accordion-title\" tabindex=\"0\">STACJA PALIW \/ MYJNIA SAMOCHODOWA >> BAUNATAL<\/a>\n\t\t\t\t\t<\/div>\n\t\t\t\t\t<div id=\"elementor-tab-content-1481\" class=\"elementor-tab-content elementor-clearfix\" data-tab=\"1\" role=\"region\" aria-labelledby=\"elementor-tab-title-1481\"><h5>L.I.T. CARGO GmbH<\/h5>\n<p>Oddzia\u0142 Baunatal<br \/>Salzgitter Str. 28<br \/>34225 Baunatal<\/p>\n<h5>Osoba kontaktowa:<\/h5>\n<p>Arwed Butterweck<br \/>Kierownik oddzia\u0142u<br \/>Tel: +49 561 988469-11<br \/>Tel. kom.: +49 178 9099327<\/p>\n<h5>Miejsca akceptuj\u0105ce te karty paliwowe:<\/h5>\n<p>RHV, DKV, UTA, TND, EUROWAG (Praga), Novofleet, AS 24, Tankpool 24, karty debetowe w strefie samochod\u00f3w osobowych, LogPay Financial Services GmbH, Hoyer, Calpam, Lomo, M-Oil, bpt, Hoffmann, Tankhof Gr\u00fcn, Kloiber (Petershausen), TK Tankstellen (B\u00fcrs), DTS Gollackner (Salzburg), Schneider Mineral\u00f6l Meissen, W\u00f6lfl (Wals), Zieglmeier (Schrobenhausen), Zehner (Bad K\u00f6nigshofen), Greenline (Sch\u00f6nebeck) Tebbe (Visbeck), Raiffeisen Vogelsbger (Lauterbach), Stiglechner (Linz), Kaiser (Brilon), Raiffeisen Waren GmbH (Borken), Raiffeisen Waren GmbH (Kassel), Knies + Lagotka<\/p>\n<\/div>\n\t\t\t\t<\/div>\n\t\t\t\t\t\t\t<div class=\"elementor-accordion-item\">\n\t\t\t\t\t<div id=\"elementor-tab-title-1482\" class=\"elementor-tab-title\" data-tab=\"2\" role=\"button\" aria-controls=\"elementor-tab-content-1482\" aria-expanded=\"false\">\n\t\t\t\t\t\t\t\t\t\t\t\t\t<span class=\"elementor-accordion-icon elementor-accordion-icon-right\" aria-hidden=\"true\">\n\t\t\t\t\t\t\t\t\t\t\t\t\t\t\t<span class=\"elementor-accordion-icon-closed\"><i class=\"fas fa-plus\"><\/i><\/span>\n\t\t\t\t\t\t\t\t<span class=\"elementor-accordion-icon-opened\"><i class=\"fas fa-minus\"><\/i><\/span>\n\t\t\t\t\t\t\t\t\t\t\t\t\t\t<\/span>\n\t\t\t\t\t\t\t\t\t\t\t\t<a class=\"elementor-accordion-title\" tabindex=\"0\">STACJA PALIW >> OEBISFELDE<\/a>\n\t\t\t\t\t<\/div>\n\t\t\t\t\t<div id=\"elementor-tab-content-1482\" class=\"elementor-tab-content elementor-clearfix\" data-tab=\"2\" role=\"region\" aria-labelledby=\"elementor-tab-title-1482\"><h5>L.I.T. CARGO GmbH<\/h5>\n<p>Oddzia\u0142 Oebisfelde<br \/>Gewerbegebiet West 7<br \/>39646 Oebisfelde-Weferlingen<\/p>\n<h5>Osoba kontaktowa:<\/h5>\n<p>Enrico Tietze<br \/>Osoba odpowiedzialna w oddziale<br \/>Tel: +49 39002 4897-10<br \/>Tel. kom.: +49 178 9099688<\/p>\n<h5>Miejsca akceptuj\u0105ce te karty paliwowe:<\/h5>\n<p>VTM, RHV<\/p>\n<\/div>\n\t\t\t\t<\/div>\n\t\t\t\t\t\t\t<div class=\"elementor-accordion-item\">\n\t\t\t\t\t<div id=\"elementor-tab-title-1483\" class=\"elementor-tab-title\" data-tab=\"3\" role=\"button\" aria-controls=\"elementor-tab-content-1483\" aria-expanded=\"false\">\n\t\t\t\t\t\t\t\t\t\t\t\t\t<span class=\"elementor-accordion-icon elementor-accordion-icon-right\" aria-hidden=\"true\">\n\t\t\t\t\t\t\t\t\t\t\t\t\t\t\t<span class=\"elementor-accordion-icon-closed\"><i class=\"fas fa-plus\"><\/i><\/span>\n\t\t\t\t\t\t\t\t<span class=\"elementor-accordion-icon-opened\"><i class=\"fas fa-minus\"><\/i><\/span>\n\t\t\t\t\t\t\t\t\t\t\t\t\t\t<\/span>\n\t\t\t\t\t\t\t\t\t\t\t\t<a class=\"elementor-accordion-title\" tabindex=\"0\">STACJA PALIW \/ WASCHSTRASSE >> POLCH<\/a>\n\t\t\t\t\t<\/div>\n\t\t\t\t\t<div id=\"elementor-tab-content-1483\" class=\"elementor-tab-content elementor-clearfix\" data-tab=\"3\" role=\"region\" aria-labelledby=\"elementor-tab-title-1483\"><h5>L.I.T. CARGO GmbH<\/h5>\n<p>Oddzia\u0142 Polch<br \/>Rudolf-Diesel-Str. 23-31<br \/>56751 Polch<\/p>\n<h5>Osoba kontaktowa:<\/h5>\n<p>Timo Otto<br \/>Osoba odpowiedzialna w oddziale<br \/>Tel: +49 2654 9497-101<br \/>Tel. kom.: +49 173 3092364<\/p>\n<h5>Miejsca akceptuj\u0105ce te karty paliwowe:<\/h5>\n<p>RHV, DKV, UTA, TND<\/p>\n<p>Myjnia akceptuje tylko zap\u0142at\u0119 got\u00f3wk\u0105 lub na podstawie faktury w przypadku sta\u0142ej umowy<\/p>\n<\/div>\n\t\t\t\t<\/div>\n\t\t\t\t\t\t\t\t<\/div>\n\t\t\t\t<\/div>\n\t\t\t\t<\/div>\n\t\t\t\t\t<\/div>\n\t\t<\/div>\n\t\t\t\t\t<\/div>\n\t\t<\/section>\n\t\t\t\t<section class=\"elementor-section elementor-top-section elementor-element elementor-element-96eafaf elementor-hidden-desktop elementor-reverse-mobile elementor-section-boxed elementor-section-height-default elementor-section-height-default\" data-id=\"96eafaf\" data-element_type=\"section\" data-settings=\"{&quot;background_background&quot;:&quot;classic&quot;}\">\n\t\t\t\t\t\t<div class=\"elementor-container elementor-column-gap-no\">\n\t\t\t\t\t<div class=\"elementor-column elementor-col-33 elementor-top-column elementor-element elementor-element-f26895f\" data-id=\"f26895f\" data-element_type=\"column\">\n\t\t\t<div class=\"elementor-widget-wrap elementor-element-populated\">\n\t\t\t\t\t\t<div class=\"elementor-element elementor-element-d6a7ce1 elementor-widget elementor-widget-text-editor\" data-id=\"d6a7ce1\" data-element_type=\"widget\" data-widget_type=\"text-editor.default\">\n\t\t\t\t<div class=\"elementor-widget-container\">\n\t\t\t\t\t\t\t<p>Oko\u0142o 30 procent koszt\u00f3w spedycji przypada na paliwo. Dlatego warto dok\u0142adniej przyjrze\u0107 si\u0119 procesom i cenom, aby zidentyfikowa\u0107 potencja\u0142y oszcz\u0119dno\u015bci. W\u0142a\u015bnie tak zrobili\u015bmy i teraz kontynuujemy rozbudow\u0119 naszej w\u0142asnej <a href=\"https:\/\/www.lit.de\/2020\/02\/27\/vtm-tankstellen-netzwerk\/\">sieci stacji paliw<\/a>. A dodatkowo udost\u0119pniamy t\u0119 us\u0142ug\u0119 innym.<\/p>\n<p>Aby tak\u017ce Twoje pojazdy czy ca\u0142a flota samochod\u00f3w ci\u0119\u017carowych mog\u0142a b\u0142yszcze\u0107 pe\u0142nym blaskiem, mo\u017cesz skorzysta\u0107 z nowoczesnych myjni dla samochod\u00f3w u\u017cytkowych w naszych czterech oddzia\u0142ach.<\/p>\n<p>W godzinach otwarcia mi\u0119dzy 8:00 a 17:00 gwarantujemy profesjonalne i zapewniaj\u0105ce ochron\u0119 mycie. Po uzgodnieniu us\u0142ug\u0119 t\u0119 mo\u017cemy tak\u017ce oferowa\u0107 regularnie.<\/p>\n\t\t\t\t\t\t<\/div>\n\t\t\t\t<\/div>\n\t\t\t\t<div class=\"elementor-element elementor-element-079975c elementor-widget elementor-widget-accordion\" data-id=\"079975c\" data-element_type=\"widget\" data-widget_type=\"accordion.default\">\n\t\t\t\t<div class=\"elementor-widget-container\">\n\t\t\t\t\t<div class=\"elementor-accordion\">\n\t\t\t\t\t\t\t<div class=\"elementor-accordion-item\">\n\t\t\t\t\t<div id=\"elementor-tab-title-7961\" class=\"elementor-tab-title\" data-tab=\"1\" role=\"button\" aria-controls=\"elementor-tab-content-7961\" aria-expanded=\"false\">\n\t\t\t\t\t\t\t\t\t\t\t\t\t<span class=\"elementor-accordion-icon elementor-accordion-icon-right\" aria-hidden=\"true\">\n\t\t\t\t\t\t\t\t\t\t\t\t\t\t\t<span class=\"elementor-accordion-icon-closed\"><i class=\"fas fa-plus\"><\/i><\/span>\n\t\t\t\t\t\t\t\t<span class=\"elementor-accordion-icon-opened\"><i class=\"fas fa-minus\"><\/i><\/span>\n\t\t\t\t\t\t\t\t\t\t\t\t\t\t<\/span>\n\t\t\t\t\t\t\t\t\t\t\t\t<a class=\"elementor-accordion-title\" tabindex=\"0\">STACJA PALIW \/ MYJNIA SAMOCHODOWA >> BAUNATAL<\/a>\n\t\t\t\t\t<\/div>\n\t\t\t\t\t<div id=\"elementor-tab-content-7961\" class=\"elementor-tab-content elementor-clearfix\" data-tab=\"1\" role=\"region\" aria-labelledby=\"elementor-tab-title-7961\"><h5>L.I.T. CARGO GmbH<\/h5>\n<p>Oddzia\u0142 Baunatal<br \/>Salzgitter Str. 28<br \/>34225 Baunatal<\/p>\n<h5>Osoba kontaktowa:<\/h5>\n<p>Arwed Butterweck<br \/>Kierownik oddzia\u0142u<br \/>Tel: +49 561 988469-11<br \/>Tel. kom.: +49 178 9099327<\/p>\n<h5>Miejsca akceptuj\u0105ce te karty paliwowe:<\/h5>\n<p>RHV, DKV, UTA, TND, EUROWAG (Praga), Novofleet, AS 24, Tankpool 24, karty debetowe w strefie samochod\u00f3w osobowych, LogPay Financial Services GmbH, Hoyer, Calpam, Lomo, M-Oil, bpt, Hoffmann, Tankhof Gr\u00fcn, Kloiber (Petershausen), TK Tankstellen (B\u00fcrs), DTS Gollackner (Salzburg), Schneider Mineral\u00f6l Meissen, W\u00f6lfl (Wals), Zieglmeier (Schrobenhausen), Zehner (Bad K\u00f6nigshofen), Greenline (Sch\u00f6nebeck) Tebbe (Visbeck), Raiffeisen Vogelsbger (Lauterbach), Stiglechner (Linz), Kaiser (Brilon), Raiffeisen Waren GmbH (Borken), Raiffeisen Waren GmbH (Kassel), Knies + Lagotka<\/p>\n<\/div>\n\t\t\t\t<\/div>\n\t\t\t\t\t\t\t<div class=\"elementor-accordion-item\">\n\t\t\t\t\t<div id=\"elementor-tab-title-7962\" class=\"elementor-tab-title\" data-tab=\"2\" role=\"button\" aria-controls=\"elementor-tab-content-7962\" aria-expanded=\"false\">\n\t\t\t\t\t\t\t\t\t\t\t\t\t<span class=\"elementor-accordion-icon elementor-accordion-icon-right\" aria-hidden=\"true\">\n\t\t\t\t\t\t\t\t\t\t\t\t\t\t\t<span class=\"elementor-accordion-icon-closed\"><i class=\"fas fa-plus\"><\/i><\/span>\n\t\t\t\t\t\t\t\t<span class=\"elementor-accordion-icon-opened\"><i class=\"fas fa-minus\"><\/i><\/span>\n\t\t\t\t\t\t\t\t\t\t\t\t\t\t<\/span>\n\t\t\t\t\t\t\t\t\t\t\t\t<a class=\"elementor-accordion-title\" tabindex=\"0\">STACJA PALIW >> OEBISFELDE<\/a>\n\t\t\t\t\t<\/div>\n\t\t\t\t\t<div id=\"elementor-tab-content-7962\" class=\"elementor-tab-content elementor-clearfix\" data-tab=\"2\" role=\"region\" aria-labelledby=\"elementor-tab-title-7962\"><h5>L.I.T. CARGO GmbH<\/h5>\n<p>Oddzia\u0142 Oebisfelde<br \/>Gewerbegebiet West 7<br \/>39646 Oebisfelde-Weferlingen<\/p>\n<h5>Osoba kontaktowa:<\/h5>\n<p>Enrico Tietze<br \/>Osoba odpowiedzialna w oddziale<br \/>Tel: +49 39002 4897-10<br \/>Tel. kom.: +49 178 9099688<\/p>\n<h5>Miejsca akceptuj\u0105ce te karty paliwowe:<\/h5>\n<p>VTM, RHV<\/p>\n<\/div>\n\t\t\t\t<\/div>\n\t\t\t\t\t\t\t<div class=\"elementor-accordion-item\">\n\t\t\t\t\t<div id=\"elementor-tab-title-7963\" class=\"elementor-tab-title\" data-tab=\"3\" role=\"button\" aria-controls=\"elementor-tab-content-7963\" aria-expanded=\"false\">\n\t\t\t\t\t\t\t\t\t\t\t\t\t<span class=\"elementor-accordion-icon elementor-accordion-icon-right\" aria-hidden=\"true\">\n\t\t\t\t\t\t\t\t\t\t\t\t\t\t\t<span class=\"elementor-accordion-icon-closed\"><i class=\"fas fa-plus\"><\/i><\/span>\n\t\t\t\t\t\t\t\t<span class=\"elementor-accordion-icon-opened\"><i class=\"fas fa-minus\"><\/i><\/span>\n\t\t\t\t\t\t\t\t\t\t\t\t\t\t<\/span>\n\t\t\t\t\t\t\t\t\t\t\t\t<a class=\"elementor-accordion-title\" tabindex=\"0\">STACJA PALIW \/ WASCHSTRASSE >> POLCH<\/a>\n\t\t\t\t\t<\/div>\n\t\t\t\t\t<div id=\"elementor-tab-content-7963\" class=\"elementor-tab-content elementor-clearfix\" data-tab=\"3\" role=\"region\" aria-labelledby=\"elementor-tab-title-7963\"><h5>L.I.T. CARGO GmbH<\/h5>\n<p>Oddzia\u0142 Polch<br \/>Rudolf-Diesel-Str. 23-31<br \/>56751 Polch<\/p>\n<h5>Osoba kontaktowa:<\/h5>\n<p>Timo Otto<br \/>Osoba odpowiedzialna w oddziale<br \/>Tel: +49 2654 9497-101<br \/>Tel. kom.: +49 173 3092364<\/p>\n<h5>Miejsca akceptuj\u0105ce te karty paliwowe:<\/h5>\n<p>RHV, DKV, UTA, TND<\/p>\n<p>Myjnia akceptuje tylko zap\u0142at\u0119 got\u00f3wk\u0105 lub na podstawie faktury w przypadku sta\u0142ej umowy<\/p>\n<\/div>\n\t\t\t\t<\/div>\n\t\t\t\t\t\t\t\t<\/div>\n\t\t\t\t<\/div>\n\t\t\t\t<\/div>\n\t\t\t\t\t<\/div>\n\t\t<\/div>\n\t\t\t\t<div class=\"elementor-column elementor-col-33 elementor-top-column elementor-element elementor-element-d6ab247\" data-id=\"d6ab247\" data-element_type=\"column\">\n\t\t\t<div class=\"elementor-widget-wrap elementor-element-populated\">\n\t\t\t\t\t\t<div class=\"elementor-element elementor-element-0e85ab2 elementor-widget elementor-widget-image\" data-id=\"0e85ab2\" data-element_type=\"widget\" data-widget_type=\"image.default\">\n\t\t\t\t<div class=\"elementor-widget-container\">\n\t\t\t\t\t\t\t\t\t\t\t\t\t<img loading=\"lazy\" decoding=\"async\" width=\"750\" height=\"750\" src=\"https:\/\/www.lit.de\/wp-content\/uploads\/2020\/09\/Diesel_Adblue.jpg\" class=\"attachment-full size-full wp-image-11567\" alt=\"\" srcset=\"https:\/\/www.lit.de\/wp-content\/uploads\/2020\/09\/Diesel_Adblue.jpg 750w, https:\/\/www.lit.de\/wp-content\/uploads\/2020\/09\/Diesel_Adblue-300x300.jpg 300w, https:\/\/www.lit.de\/wp-content\/uploads\/2020\/09\/Diesel_Adblue-100x100.jpg 100w, https:\/\/www.lit.de\/wp-content\/uploads\/2020\/09\/Diesel_Adblue-600x600.jpg 600w\" sizes=\"(max-width: 750px) 100vw, 750px\" \/>\t\t\t\t\t\t\t\t\t\t\t\t\t<\/div>\n\t\t\t\t<\/div>\n\t\t\t\t<div class=\"elementor-element elementor-element-e891225 elementor-widget elementor-widget-image\" data-id=\"e891225\" data-element_type=\"widget\" data-widget_type=\"image.default\">\n\t\t\t\t<div class=\"elementor-widget-container\">\n\t\t\t\t\t\t\t\t\t\t\t\t\t<img loading=\"lazy\" decoding=\"async\" width=\"700\" height=\"700\" src=\"https:\/\/www.lit.de\/wp-content\/uploads\/2020\/09\/Waschstrasse_700-x-700-px.jpg\" class=\"attachment-full size-full wp-image-12696\" alt=\"\" srcset=\"https:\/\/www.lit.de\/wp-content\/uploads\/2020\/09\/Waschstrasse_700-x-700-px.jpg 700w, https:\/\/www.lit.de\/wp-content\/uploads\/2020\/09\/Waschstrasse_700-x-700-px-300x300.jpg 300w, https:\/\/www.lit.de\/wp-content\/uploads\/2020\/09\/Waschstrasse_700-x-700-px-100x100.jpg 100w, https:\/\/www.lit.de\/wp-content\/uploads\/2020\/09\/Waschstrasse_700-x-700-px-600x600.jpg 600w\" sizes=\"(max-width: 700px) 100vw, 700px\" \/>\t\t\t\t\t\t\t\t\t\t\t\t\t<\/div>\n\t\t\t\t<\/div>\n\t\t\t\t\t<\/div>\n\t\t<\/div>\n\t\t\t\t<div class=\"elementor-column elementor-col-33 elementor-top-column elementor-element elementor-element-f8691f6\" data-id=\"f8691f6\" data-element_type=\"column\">\n\t\t\t<div class=\"elementor-widget-wrap elementor-element-populated\">\n\t\t\t\t\t\t<div class=\"elementor-element elementor-element-5b99b89 elementor-widget elementor-widget-image\" data-id=\"5b99b89\" data-element_type=\"widget\" data-widget_type=\"image.default\">\n\t\t\t\t<div class=\"elementor-widget-container\">\n\t\t\t\t\t\t\t\t\t\t\t\t\t<img loading=\"lazy\" decoding=\"async\" width=\"750\" height=\"750\" src=\"https:\/\/www.lit.de\/wp-content\/uploads\/2020\/09\/Waschstrasse_Baunatal.jpg\" class=\"attachment-full size-full wp-image-11589\" alt=\"\" srcset=\"https:\/\/www.lit.de\/wp-content\/uploads\/2020\/09\/Waschstrasse_Baunatal.jpg 750w, https:\/\/www.lit.de\/wp-content\/uploads\/2020\/09\/Waschstrasse_Baunatal-300x300.jpg 300w, https:\/\/www.lit.de\/wp-content\/uploads\/2020\/09\/Waschstrasse_Baunatal-100x100.jpg 100w, https:\/\/www.lit.de\/wp-content\/uploads\/2020\/09\/Waschstrasse_Baunatal-600x600.jpg 600w\" sizes=\"(max-width: 750px) 100vw, 750px\" \/>\t\t\t\t\t\t\t\t\t\t\t\t\t<\/div>\n\t\t\t\t<\/div>\n\t\t\t\t<div class=\"elementor-element elementor-element-46875ec elementor-widget elementor-widget-image\" data-id=\"46875ec\" data-element_type=\"widget\" data-widget_type=\"image.default\">\n\t\t\t\t<div class=\"elementor-widget-container\">\n\t\t\t\t\t\t\t\t\t\t\t\t\t<img loading=\"lazy\" decoding=\"async\" width=\"700\" height=\"700\" src=\"https:\/\/www.lit.de\/wp-content\/uploads\/2020\/03\/Tankstellennetz_700-X-700.jpg\" class=\"attachment-full size-full wp-image-4260\" alt=\"\" srcset=\"https:\/\/www.lit.de\/wp-content\/uploads\/2020\/03\/Tankstellennetz_700-X-700.jpg 700w, https:\/\/www.lit.de\/wp-content\/uploads\/2020\/03\/Tankstellennetz_700-X-700-500x500.jpg 500w, https:\/\/www.lit.de\/wp-content\/uploads\/2020\/03\/Tankstellennetz_700-X-700-150x150.jpg 150w\" sizes=\"(max-width: 700px) 100vw, 700px\" \/>\t\t\t\t\t\t\t\t\t\t\t\t\t<\/div>\n\t\t\t\t<\/div>\n\t\t\t\t\t<\/div>\n\t\t<\/div>\n\t\t\t\t\t<\/div>\n\t\t<\/section>\n\t\t\t\t<section class=\"elementor-section elementor-top-section elementor-element elementor-element-645e36f elementor-section-boxed elementor-section-height-default elementor-section-height-default\" data-id=\"645e36f\" data-element_type=\"section\" data-settings=\"{&quot;background_background&quot;:&quot;classic&quot;}\">\n\t\t\t\t\t\t<div class=\"elementor-container elementor-column-gap-no\">\n\t\t\t\t\t<div class=\"elementor-column elementor-col-100 elementor-top-column elementor-element elementor-element-0b864fb\" data-id=\"0b864fb\" data-element_type=\"column\" data-settings=\"{&quot;background_background&quot;:&quot;classic&quot;}\">\n\t\t\t<div class=\"elementor-widget-wrap elementor-element-populated\">\n\t\t\t\t\t\t<div class=\"elementor-element elementor-element-26ea579 elementor-widget elementor-widget-menu-anchor\" data-id=\"26ea579\" data-element_type=\"widget\" data-widget_type=\"menu-anchor.default\">\n\t\t\t\t<div class=\"elementor-widget-container\">\n\t\t\t\t\t<div id=\"werkstaetten\" class=\"elementor-menu-anchor\"><\/div>\n\t\t\t\t<\/div>\n\t\t\t\t<\/div>\n\t\t\t\t\t<\/div>\n\t\t<\/div>\n\t\t\t\t\t<\/div>\n\t\t<\/section>\n\t\t\t\t<section class=\"elementor-section elementor-top-section elementor-element elementor-element-c2db700 elementor-section-boxed elementor-section-height-default elementor-section-height-default\" data-id=\"c2db700\" data-element_type=\"section\" data-settings=\"{&quot;background_background&quot;:&quot;classic&quot;}\">\n\t\t\t\t\t\t<div class=\"elementor-container elementor-column-gap-no\">\n\t\t\t\t\t<div class=\"elementor-column elementor-col-100 elementor-top-column elementor-element elementor-element-f014ed5\" data-id=\"f014ed5\" data-element_type=\"column\">\n\t\t\t<div class=\"elementor-widget-wrap elementor-element-populated\">\n\t\t\t\t\t\t<div class=\"elementor-element elementor-element-2581a58 elementor-widget elementor-widget-text-editor\" data-id=\"2581a58\" data-element_type=\"widget\" data-widget_type=\"text-editor.default\">\n\t\t\t\t<div class=\"elementor-widget-container\">\n\t\t\t\t\t\t\t<p>WARSZTATY<\/p>\n\t\t\t\t\t\t<\/div>\n\t\t\t\t<\/div>\n\t\t\t\t<div class=\"elementor-element elementor-element-9afe6e8 elementor-widget elementor-widget-heading\" data-id=\"9afe6e8\" data-element_type=\"widget\" data-widget_type=\"heading.default\">\n\t\t\t\t<div class=\"elementor-widget-container\">\n\t\t\t<h1 class=\"elementor-heading-title elementor-size-default\">ABY TWOJA FLOTA POJAZD\u00d3W JE\u0179DZI\u0141A BEZ PRZERWY!<\/h1>\t\t<\/div>\n\t\t\t\t<\/div>\n\t\t\t\t<div class=\"elementor-element elementor-element-a388b2c elementor-widget elementor-widget-heading\" data-id=\"a388b2c\" data-element_type=\"widget\" data-widget_type=\"heading.default\">\n\t\t\t\t<div class=\"elementor-widget-container\">\n\t\t\t<h2 class=\"elementor-heading-title elementor-size-default\">NASZA OFERTA DLA CIEBIE: KOMPLEKSOWE NAPRAWY, DORA\u0179NE US\u0141UGI WARSZTATOWE ORAZ PRACE KONSERWACYJNE PRZY PODWOZIACH I CI\u0104GNIKACH SAMOCHODOWYCH<\/h2>\t\t<\/div>\n\t\t\t\t<\/div>\n\t\t\t\t\t<\/div>\n\t\t<\/div>\n\t\t\t\t\t<\/div>\n\t\t<\/section>\n\t\t\t\t<section class=\"elementor-section elementor-top-section elementor-element elementor-element-970b202 elementor-hidden-desktop elementor-section-boxed elementor-section-height-default elementor-section-height-default\" data-id=\"970b202\" data-element_type=\"section\" data-settings=\"{&quot;background_background&quot;:&quot;classic&quot;}\">\n\t\t\t\t\t\t<div class=\"elementor-container elementor-column-gap-no\">\n\t\t\t\t\t<div class=\"elementor-column elementor-col-14 elementor-top-column elementor-element elementor-element-e38caec\" data-id=\"e38caec\" data-element_type=\"column\">\n\t\t\t<div class=\"elementor-widget-wrap elementor-element-populated\">\n\t\t\t\t\t\t<div class=\"elementor-element elementor-element-35ff0a9 elementor-widget elementor-widget-text-editor\" data-id=\"35ff0a9\" data-element_type=\"widget\" data-widget_type=\"text-editor.default\">\n\t\t\t\t<div class=\"elementor-widget-container\">\n\t\t\t\t\t\t\t<p>W naszych warsztatach oferujemy wszechstronne spektrum us\u0142ug na podstawie innowacyjnego oprogramowania z interfejsami do wszystkich popularnych marek. Opr\u00f3cz klasycznych prac konserwacyjnych i naprawczych w samochodach ci\u0119\u017carowych, przyczepach i nadwoziach pojazd\u00f3w nasza oferta serwisowa obejmuje tak\u017ce nakazany ustawowo przegl\u0105d rejestracyjny i pomiar spalin, a tak\u017ce sporz\u0105dzanie ekspertyz powypadkowych. Komunikaty o statusie informuj\u0105 Ci\u0119 na bie\u017c\u0105co o Twoim zleceniu. Aby Tw\u00f3j \u0142adunek szybko i bezpiecznie dotar\u0142 do celu.<\/p>\n<p>Skontaktuj si\u0119 z nami i uzgodnij termin na miejscu!<br \/>Czekamy na Ciebie.<\/p>\n\t\t\t\t\t\t<\/div>\n\t\t\t\t<\/div>\n\t\t\t\t\t<\/div>\n\t\t<\/div>\n\t\t\t\t<div class=\"elementor-column elementor-col-14 elementor-top-column elementor-element elementor-element-e25cc0e\" data-id=\"e25cc0e\" data-element_type=\"column\">\n\t\t\t<div class=\"elementor-widget-wrap elementor-element-populated\">\n\t\t\t\t\t\t<div class=\"elementor-element elementor-element-d7b6720 elementor-widget elementor-widget-image\" data-id=\"d7b6720\" data-element_type=\"widget\" data-widget_type=\"image.default\">\n\t\t\t\t<div class=\"elementor-widget-container\">\n\t\t\t\t\t\t\t\t\t\t\t\t\t<img loading=\"lazy\" decoding=\"async\" width=\"750\" height=\"750\" src=\"https:\/\/www.lit.de\/wp-content\/uploads\/2020\/09\/Werkstatt_schweissen.jpg\" class=\"attachment-full size-full wp-image-11601\" alt=\"\" srcset=\"https:\/\/www.lit.de\/wp-content\/uploads\/2020\/09\/Werkstatt_schweissen.jpg 750w, https:\/\/www.lit.de\/wp-content\/uploads\/2020\/09\/Werkstatt_schweissen-300x300.jpg 300w, https:\/\/www.lit.de\/wp-content\/uploads\/2020\/09\/Werkstatt_schweissen-100x100.jpg 100w, https:\/\/www.lit.de\/wp-content\/uploads\/2020\/09\/Werkstatt_schweissen-600x600.jpg 600w\" sizes=\"(max-width: 750px) 100vw, 750px\" \/>\t\t\t\t\t\t\t\t\t\t\t\t\t<\/div>\n\t\t\t\t<\/div>\n\t\t\t\t\t<\/div>\n\t\t<\/div>\n\t\t\t\t<div class=\"elementor-column elementor-col-14 elementor-top-column elementor-element elementor-element-9b53ba0\" data-id=\"9b53ba0\" data-element_type=\"column\">\n\t\t\t<div class=\"elementor-widget-wrap elementor-element-populated\">\n\t\t\t\t\t\t<div class=\"elementor-element elementor-element-4eca4a3 elementor-widget elementor-widget-image\" data-id=\"4eca4a3\" data-element_type=\"widget\" data-widget_type=\"image.default\">\n\t\t\t\t<div class=\"elementor-widget-container\">\n\t\t\t\t\t\t\t\t\t\t\t\t\t<img loading=\"lazy\" decoding=\"async\" width=\"750\" height=\"750\" src=\"https:\/\/www.lit.de\/wp-content\/uploads\/2020\/09\/Werkstatt_Grube.jpg\" class=\"attachment-large size-large wp-image-11622\" alt=\"\" srcset=\"https:\/\/www.lit.de\/wp-content\/uploads\/2020\/09\/Werkstatt_Grube.jpg 750w, https:\/\/www.lit.de\/wp-content\/uploads\/2020\/09\/Werkstatt_Grube-300x300.jpg 300w, https:\/\/www.lit.de\/wp-content\/uploads\/2020\/09\/Werkstatt_Grube-100x100.jpg 100w, https:\/\/www.lit.de\/wp-content\/uploads\/2020\/09\/Werkstatt_Grube-600x600.jpg 600w\" sizes=\"(max-width: 750px) 100vw, 750px\" \/>\t\t\t\t\t\t\t\t\t\t\t\t\t<\/div>\n\t\t\t\t<\/div>\n\t\t\t\t\t<\/div>\n\t\t<\/div>\n\t\t\t\t<div class=\"elementor-column elementor-col-14 elementor-top-column elementor-element elementor-element-4dab0a7\" data-id=\"4dab0a7\" data-element_type=\"column\">\n\t\t\t<div class=\"elementor-widget-wrap elementor-element-populated\">\n\t\t\t\t\t\t<div class=\"elementor-element elementor-element-7703d13 elementor-widget elementor-widget-image\" data-id=\"7703d13\" data-element_type=\"widget\" data-widget_type=\"image.default\">\n\t\t\t\t<div class=\"elementor-widget-container\">\n\t\t\t\t\t\t\t\t\t\t\t\t\t<img loading=\"lazy\" decoding=\"async\" width=\"700\" height=\"700\" src=\"https:\/\/www.lit.de\/wp-content\/uploads\/2020\/06\/Werkstatt_700-x-700-px.jpg\" class=\"attachment-full size-full wp-image-5156\" alt=\"\" srcset=\"https:\/\/www.lit.de\/wp-content\/uploads\/2020\/06\/Werkstatt_700-x-700-px.jpg 700w, https:\/\/www.lit.de\/wp-content\/uploads\/2020\/06\/Werkstatt_700-x-700-px-300x300.jpg 300w, https:\/\/www.lit.de\/wp-content\/uploads\/2020\/06\/Werkstatt_700-x-700-px-100x100.jpg 100w, https:\/\/www.lit.de\/wp-content\/uploads\/2020\/06\/Werkstatt_700-x-700-px-600x600.jpg 600w\" sizes=\"(max-width: 700px) 100vw, 700px\" \/>\t\t\t\t\t\t\t\t\t\t\t\t\t<\/div>\n\t\t\t\t<\/div>\n\t\t\t\t\t<\/div>\n\t\t<\/div>\n\t\t\t\t<div class=\"elementor-column elementor-col-14 elementor-top-column elementor-element elementor-element-fb09909\" data-id=\"fb09909\" data-element_type=\"column\">\n\t\t\t<div class=\"elementor-widget-wrap elementor-element-populated\">\n\t\t\t\t\t\t<div class=\"elementor-element elementor-element-e7d9c4e elementor-widget elementor-widget-image\" data-id=\"e7d9c4e\" data-element_type=\"widget\" data-widget_type=\"image.default\">\n\t\t\t\t<div class=\"elementor-widget-container\">\n\t\t\t\t\t\t\t\t\t\t\t\t\t<img loading=\"lazy\" decoding=\"async\" width=\"700\" height=\"700\" src=\"https:\/\/www.lit.de\/wp-content\/uploads\/2020\/09\/Werkstatt-3_700-x-700-px-Kopie.jpg\" class=\"attachment-full size-full wp-image-11614\" alt=\"\" srcset=\"https:\/\/www.lit.de\/wp-content\/uploads\/2020\/09\/Werkstatt-3_700-x-700-px-Kopie.jpg 700w, https:\/\/www.lit.de\/wp-content\/uploads\/2020\/09\/Werkstatt-3_700-x-700-px-Kopie-300x300.jpg 300w, https:\/\/www.lit.de\/wp-content\/uploads\/2020\/09\/Werkstatt-3_700-x-700-px-Kopie-100x100.jpg 100w, https:\/\/www.lit.de\/wp-content\/uploads\/2020\/09\/Werkstatt-3_700-x-700-px-Kopie-600x600.jpg 600w\" sizes=\"(max-width: 700px) 100vw, 700px\" \/>\t\t\t\t\t\t\t\t\t\t\t\t\t<\/div>\n\t\t\t\t<\/div>\n\t\t\t\t\t<\/div>\n\t\t<\/div>\n\t\t\t\t<div class=\"elementor-column elementor-col-14 elementor-top-column elementor-element elementor-element-958ddf6\" data-id=\"958ddf6\" data-element_type=\"column\" data-settings=\"{&quot;background_background&quot;:&quot;classic&quot;}\">\n\t\t\t<div class=\"elementor-widget-wrap elementor-element-populated\">\n\t\t\t\t\t\t<div class=\"elementor-element elementor-element-3001cf7 elementor-widget elementor-widget-text-editor\" data-id=\"3001cf7\" data-element_type=\"widget\" data-widget_type=\"text-editor.default\">\n\t\t\t\t<div class=\"elementor-widget-container\">\n\t\t\t\t\t\t\t<h4>NASZ ZAKRES US\u0141UG<\/h4>\n<ul>\n<li>System ABS (Wabco, Knorr, Haldex)<\/li>\n<li>Uk\u0142ad hamulcowy (hamulce tarczowe i b\u0119bnowe)<\/li>\n<li>Naprawy podwozi i osi wszystkich producent\u00f3w<\/li>\n<li>Specyfikacja, zestawienie koszt\u00f3w \u2013 konserwacja, zu\u017cycie, szkody<\/li>\n<li>Prace przy uk\u0142adzie elektrycznym pojazdu<\/li>\n<li>Magazyn cz\u0119\u015bci zamiennych<\/li>\n<li>Przebudowa konstrukcji pojazd\u00f3w<\/li>\n<li>Prace gwarancyjne<\/li>\n<li>Przegl\u0105dy rejestracyjne, pomiary spalin, kontrole bezpiecze\u0144stwa<\/li>\n<li>Odbiory wed\u0142ug \u00a7 57b niemieckiego kodeksu drogowego<\/li>\n<li>Kontrole uzupe\u0142niaj\u0105ce zabezpieczenia \u0142adunku<\/li>\n<li>Kontrole zawiesi i osprz\u0119tu do podnoszenia<\/li>\n<li>Naprawy szk\u00f3d powypadkowych<\/li>\n<li>Coroczne przegl\u0105dy ustawowe<\/li>\n<li>Wynajem przyczep i podwozi kontenerowych\u00a0<\/li>\n<li>Nadwozia pojazd\u00f3w<\/li>\n<li>Serwis opon<\/li>\n<li>Naprawy wszystkich marek samochod\u00f3w ci\u0119\u017carowych \/ przyczep \/ naczep<\/li>\n<li>Konserwacja zapobiegawcza<\/li>\n<li>Pojazdy zast\u0119pcze (samochody osobowe)<\/li>\n<\/ul>\n\t\t\t\t\t\t<\/div>\n\t\t\t\t<\/div>\n\t\t\t\t\t<\/div>\n\t\t<\/div>\n\t\t\t\t<div class=\"elementor-column elementor-col-14 elementor-top-column elementor-element elementor-element-b74e306\" data-id=\"b74e306\" data-element_type=\"column\" data-settings=\"{&quot;background_background&quot;:&quot;classic&quot;}\">\n\t\t\t<div class=\"elementor-widget-wrap elementor-element-populated\">\n\t\t\t\t\t\t<div class=\"elementor-element elementor-element-cebf2f7 elementor-widget elementor-widget-accordion\" data-id=\"cebf2f7\" data-element_type=\"widget\" data-widget_type=\"accordion.default\">\n\t\t\t\t<div class=\"elementor-widget-container\">\n\t\t\t\t\t<div class=\"elementor-accordion\">\n\t\t\t\t\t\t\t<div class=\"elementor-accordion-item\">\n\t\t\t\t\t<div id=\"elementor-tab-title-2161\" class=\"elementor-tab-title\" data-tab=\"1\" role=\"button\" aria-controls=\"elementor-tab-content-2161\" aria-expanded=\"false\">\n\t\t\t\t\t\t\t\t\t\t\t\t\t<span class=\"elementor-accordion-icon elementor-accordion-icon-right\" aria-hidden=\"true\">\n\t\t\t\t\t\t\t\t\t\t\t\t\t\t\t<span class=\"elementor-accordion-icon-closed\"><i class=\"fas fa-plus\"><\/i><\/span>\n\t\t\t\t\t\t\t\t<span class=\"elementor-accordion-icon-opened\"><i class=\"fas fa-minus\"><\/i><\/span>\n\t\t\t\t\t\t\t\t\t\t\t\t\t\t<\/span>\n\t\t\t\t\t\t\t\t\t\t\t\t<a class=\"elementor-accordion-title\" tabindex=\"0\">WARSZTAT >> BAUNATAL<\/a>\n\t\t\t\t\t<\/div>\n\t\t\t\t\t<div id=\"elementor-tab-content-2161\" class=\"elementor-tab-content elementor-clearfix\" data-tab=\"1\" role=\"region\" aria-labelledby=\"elementor-tab-title-2161\"><h5>L.I.T. CARGO GmbH<\/h5>\n<p>Oddzia\u0142 Baunatal<br \/>Salzgitter Str. 28<br \/>34225 Baunatal<\/p>\n<h5>Osoba kontaktowa:<\/h5>\n<p>Arwed Butterweck<br \/>Kierownik oddzia\u0142u<br \/>Tel: +49 561 988469-11<br \/>Tel. kom.: +49 178 9099327<\/p>\n<h5>Godziny pracy:<\/h5>\n<p>pon\u2013pt: godz. 8:00 &#8211; 17:00 | sob: godz. 06:00 &#8211; 12:00<\/p>\n<\/div>\n\t\t\t\t<\/div>\n\t\t\t\t\t\t\t<div class=\"elementor-accordion-item\">\n\t\t\t\t\t<div id=\"elementor-tab-title-2162\" class=\"elementor-tab-title\" data-tab=\"2\" role=\"button\" aria-controls=\"elementor-tab-content-2162\" aria-expanded=\"false\">\n\t\t\t\t\t\t\t\t\t\t\t\t\t<span class=\"elementor-accordion-icon elementor-accordion-icon-right\" aria-hidden=\"true\">\n\t\t\t\t\t\t\t\t\t\t\t\t\t\t\t<span class=\"elementor-accordion-icon-closed\"><i class=\"fas fa-plus\"><\/i><\/span>\n\t\t\t\t\t\t\t\t<span class=\"elementor-accordion-icon-opened\"><i class=\"fas fa-minus\"><\/i><\/span>\n\t\t\t\t\t\t\t\t\t\t\t\t\t\t<\/span>\n\t\t\t\t\t\t\t\t\t\t\t\t<a class=\"elementor-accordion-title\" tabindex=\"0\">WARSZTAT >> BREMA<\/a>\n\t\t\t\t\t<\/div>\n\t\t\t\t\t<div id=\"elementor-tab-content-2162\" class=\"elementor-tab-content elementor-clearfix\" data-tab=\"2\" role=\"region\" aria-labelledby=\"elementor-tab-title-2162\"><h5>L.I.T. CARGO GmbH<\/h5>\n<p>Oddzia\u0142 Brema<br \/>Franz-Stickan-Stra\u00dfe 4<br \/>28197 Brema<\/p>\n<h5>Osoba kontaktowa:<\/h5>\n<p>Christoph Rydzek<br \/>Osoba odpowiedzialna w oddziale<br \/>Tel: +49 421 98993-714<br \/>Tel. kom.: +49 1590 4686446<\/p>\n<h5>Godziny pracy:<\/h5>\n<p>pon\u2013pt: godz. 07:00 &#8211; 18:00<\/p>\n<\/div>\n\t\t\t\t<\/div>\n\t\t\t\t\t\t\t<div class=\"elementor-accordion-item\">\n\t\t\t\t\t<div id=\"elementor-tab-title-2163\" class=\"elementor-tab-title\" data-tab=\"3\" role=\"button\" aria-controls=\"elementor-tab-content-2163\" aria-expanded=\"false\">\n\t\t\t\t\t\t\t\t\t\t\t\t\t<span class=\"elementor-accordion-icon elementor-accordion-icon-right\" aria-hidden=\"true\">\n\t\t\t\t\t\t\t\t\t\t\t\t\t\t\t<span class=\"elementor-accordion-icon-closed\"><i class=\"fas fa-plus\"><\/i><\/span>\n\t\t\t\t\t\t\t\t<span class=\"elementor-accordion-icon-opened\"><i class=\"fas fa-minus\"><\/i><\/span>\n\t\t\t\t\t\t\t\t\t\t\t\t\t\t<\/span>\n\t\t\t\t\t\t\t\t\t\t\t\t<a class=\"elementor-accordion-title\" tabindex=\"0\">WARSZTAT >> HAMBURG<\/a>\n\t\t\t\t\t<\/div>\n\t\t\t\t\t<div id=\"elementor-tab-content-2163\" class=\"elementor-tab-content elementor-clearfix\" data-tab=\"3\" role=\"region\" aria-labelledby=\"elementor-tab-title-2163\"><h5>L.I.T. CARGO GmbH<\/h5>\n<p>Oddzia\u0142 Hamburg<br \/>Finkenwerder Weg 4<br \/>21119 Hamburg Altenwerder<\/p>\n<h5>Osoba kontaktowa:<\/h5>\n<p>Ren\u00e9 Thiede<br \/>Kierownik warsztatu<br \/>Tel: +49 40 607747-010<br \/>Tel. kom.: +49 163 7776921<\/p>\n<h5>Godziny pracy:<\/h5>\n<p>pon\u2013pt: godz. 7:00 &#8211; 18:00 | sob: godz. 07:00 &#8211; 13:00<\/p>\n<\/div>\n\t\t\t\t<\/div>\n\t\t\t\t\t\t\t<div class=\"elementor-accordion-item\">\n\t\t\t\t\t<div id=\"elementor-tab-title-2164\" class=\"elementor-tab-title\" data-tab=\"4\" role=\"button\" aria-controls=\"elementor-tab-content-2164\" aria-expanded=\"false\">\n\t\t\t\t\t\t\t\t\t\t\t\t\t<span class=\"elementor-accordion-icon elementor-accordion-icon-right\" aria-hidden=\"true\">\n\t\t\t\t\t\t\t\t\t\t\t\t\t\t\t<span class=\"elementor-accordion-icon-closed\"><i class=\"fas fa-plus\"><\/i><\/span>\n\t\t\t\t\t\t\t\t<span class=\"elementor-accordion-icon-opened\"><i class=\"fas fa-minus\"><\/i><\/span>\n\t\t\t\t\t\t\t\t\t\t\t\t\t\t<\/span>\n\t\t\t\t\t\t\t\t\t\t\t\t<a class=\"elementor-accordion-title\" tabindex=\"0\">WARSZTAT >> OEBISFELDE<\/a>\n\t\t\t\t\t<\/div>\n\t\t\t\t\t<div id=\"elementor-tab-content-2164\" class=\"elementor-tab-content elementor-clearfix\" data-tab=\"4\" role=\"region\" aria-labelledby=\"elementor-tab-title-2164\"><h5>L.I.T. CARGO GmbH<\/h5>\n<p>Oddzia\u0142 Oebisfelde<br \/>Gewerbegebiet West 7<br \/>39646 Oebisfelde-Weferlingen<\/p>\n<h5>Osoba kontaktowa:<\/h5>\n<p>Enrico Tietze<br \/>Osoba odpowiedzialna w oddziale<br \/>Tel: +49 39002 4897-10<br \/>Tel. kom.: +49 178 9099688<\/p>\n<h5>Godziny pracy:<\/h5>\n<p>pon\u2013pt: godz. 06:00 &#8211; 16:00<\/p>\n<\/div>\n\t\t\t\t<\/div>\n\t\t\t\t\t\t\t<div class=\"elementor-accordion-item\">\n\t\t\t\t\t<div id=\"elementor-tab-title-2165\" class=\"elementor-tab-title\" data-tab=\"5\" role=\"button\" aria-controls=\"elementor-tab-content-2165\" aria-expanded=\"false\">\n\t\t\t\t\t\t\t\t\t\t\t\t\t<span class=\"elementor-accordion-icon elementor-accordion-icon-right\" aria-hidden=\"true\">\n\t\t\t\t\t\t\t\t\t\t\t\t\t\t\t<span class=\"elementor-accordion-icon-closed\"><i class=\"fas fa-plus\"><\/i><\/span>\n\t\t\t\t\t\t\t\t<span class=\"elementor-accordion-icon-opened\"><i class=\"fas fa-minus\"><\/i><\/span>\n\t\t\t\t\t\t\t\t\t\t\t\t\t\t<\/span>\n\t\t\t\t\t\t\t\t\t\t\t\t<a class=\"elementor-accordion-title\" tabindex=\"0\">WARSZTAT >> POLCH<\/a>\n\t\t\t\t\t<\/div>\n\t\t\t\t\t<div id=\"elementor-tab-content-2165\" class=\"elementor-tab-content elementor-clearfix\" data-tab=\"5\" role=\"region\" aria-labelledby=\"elementor-tab-title-2165\"><h5>L.I.T. CARGO GmbH<\/h5>\n<p>Oddzia\u0142 Polch<br \/>Rudolf-Diesel-Str. 23-31<br \/>56751 Polch<\/p>\n<h5>Osoba kontaktowa:<\/h5>\n<p>Timo Otto<br \/>Osoba odpowiedzialna w oddziale<br \/>Tel: +49 2654 9497-101<br \/>Tel. kom.: +49 173 3092364<\/p>\n<h5>Godziny pracy:<\/h5>\n<p>pon\u2013pt: godz. 8:00 &#8211; 17:00 | sob: godz. 07:00 &#8211; 13:00<\/p>\n<\/div>\n\t\t\t\t<\/div>\n\t\t\t\t\t\t\t\t<\/div>\n\t\t\t\t<\/div>\n\t\t\t\t<\/div>\n\t\t\t\t\t<\/div>\n\t\t<\/div>\n\t\t\t\t\t<\/div>\n\t\t<\/section>\n\t\t\t\t<section class=\"elementor-section elementor-top-section elementor-element elementor-element-e594d34 elementor-hidden-phone elementor-hidden-tablet elementor-section-boxed elementor-section-height-default elementor-section-height-default\" data-id=\"e594d34\" data-element_type=\"section\" data-settings=\"{&quot;background_background&quot;:&quot;classic&quot;}\">\n\t\t\t\t\t\t<div class=\"elementor-container elementor-column-gap-no\">\n\t\t\t\t\t<div class=\"elementor-column elementor-col-33 elementor-top-column elementor-element elementor-element-c50ceee\" data-id=\"c50ceee\" data-element_type=\"column\">\n\t\t\t<div class=\"elementor-widget-wrap elementor-element-populated\">\n\t\t\t\t\t\t<div class=\"elementor-element elementor-element-387fa65 elementor-widget elementor-widget-text-editor\" data-id=\"387fa65\" data-element_type=\"widget\" data-widget_type=\"text-editor.default\">\n\t\t\t\t<div class=\"elementor-widget-container\">\n\t\t\t\t\t\t\t<p>W naszych warsztatach oferujemy wszechstronne spektrum us\u0142ug na podstawie innowacyjnego oprogramowania z interfejsami do wszystkich popularnych marek. Opr\u00f3cz klasycznych prac konserwacyjnych i naprawczych w samochodach ci\u0119\u017carowych, przyczepach i nadwoziach pojazd\u00f3w nasza oferta serwisowa obejmuje tak\u017ce nakazany ustawowo przegl\u0105d rejestracyjny i pomiar spalin, a tak\u017ce sporz\u0105dzanie ekspertyz powypadkowych. Komunikaty o statusie informuj\u0105 Ci\u0119 na bie\u017c\u0105co o Twoim zleceniu. Aby Tw\u00f3j \u0142adunek szybko i bezpiecznie dotar\u0142 do celu.<\/p>\n<p>Skontaktuj si\u0119 z nami i uzgodnij termin na miejscu!<br \/>Czekamy na Ciebie.<\/p>\n\t\t\t\t\t\t<\/div>\n\t\t\t\t<\/div>\n\t\t\t\t<div class=\"elementor-element elementor-element-a5b9771 elementor-widget elementor-widget-accordion\" data-id=\"a5b9771\" data-element_type=\"widget\" data-widget_type=\"accordion.default\">\n\t\t\t\t<div class=\"elementor-widget-container\">\n\t\t\t\t\t<div class=\"elementor-accordion\">\n\t\t\t\t\t\t\t<div class=\"elementor-accordion-item\">\n\t\t\t\t\t<div id=\"elementor-tab-title-1731\" class=\"elementor-tab-title\" data-tab=\"1\" role=\"button\" aria-controls=\"elementor-tab-content-1731\" aria-expanded=\"false\">\n\t\t\t\t\t\t\t\t\t\t\t\t\t<span class=\"elementor-accordion-icon elementor-accordion-icon-right\" aria-hidden=\"true\">\n\t\t\t\t\t\t\t\t\t\t\t\t\t\t\t<span class=\"elementor-accordion-icon-closed\"><i class=\"fas fa-plus\"><\/i><\/span>\n\t\t\t\t\t\t\t\t<span class=\"elementor-accordion-icon-opened\"><i class=\"fas fa-minus\"><\/i><\/span>\n\t\t\t\t\t\t\t\t\t\t\t\t\t\t<\/span>\n\t\t\t\t\t\t\t\t\t\t\t\t<a class=\"elementor-accordion-title\" tabindex=\"0\">WARSZTAT >> BAUNATAL<\/a>\n\t\t\t\t\t<\/div>\n\t\t\t\t\t<div id=\"elementor-tab-content-1731\" class=\"elementor-tab-content elementor-clearfix\" data-tab=\"1\" role=\"region\" aria-labelledby=\"elementor-tab-title-1731\"><h5>L.I.T. CARGO GmbH<\/h5>\n<p>Oddzia\u0142 Baunatal<br \/>Salzgitter Str. 28<br \/>34225 Baunatal<\/p>\n<h5>Osoba kontaktowa:<\/h5>\n<p>Arwed Butterweck<br \/>Kierownik oddzia\u0142u<br \/>Tel: +49 561 988469-11<br \/>Tel. kom.: +49 178 9099327<\/p>\n<h5>Godziny pracy:<\/h5>\n<p>pon\u2013pt: godz. 8:00 &#8211; 17:00 | sob: godz. 06:00 &#8211; 12:00<\/p>\n<\/div>\n\t\t\t\t<\/div>\n\t\t\t\t\t\t\t<div class=\"elementor-accordion-item\">\n\t\t\t\t\t<div id=\"elementor-tab-title-1732\" class=\"elementor-tab-title\" data-tab=\"2\" role=\"button\" aria-controls=\"elementor-tab-content-1732\" aria-expanded=\"false\">\n\t\t\t\t\t\t\t\t\t\t\t\t\t<span class=\"elementor-accordion-icon elementor-accordion-icon-right\" aria-hidden=\"true\">\n\t\t\t\t\t\t\t\t\t\t\t\t\t\t\t<span class=\"elementor-accordion-icon-closed\"><i class=\"fas fa-plus\"><\/i><\/span>\n\t\t\t\t\t\t\t\t<span class=\"elementor-accordion-icon-opened\"><i class=\"fas fa-minus\"><\/i><\/span>\n\t\t\t\t\t\t\t\t\t\t\t\t\t\t<\/span>\n\t\t\t\t\t\t\t\t\t\t\t\t<a class=\"elementor-accordion-title\" tabindex=\"0\">WARSZTAT >> BREMA<\/a>\n\t\t\t\t\t<\/div>\n\t\t\t\t\t<div id=\"elementor-tab-content-1732\" class=\"elementor-tab-content elementor-clearfix\" data-tab=\"2\" role=\"region\" aria-labelledby=\"elementor-tab-title-1732\"><h5>L.I.T. CARGO GmbH<\/h5>\n<p>Oddzia\u0142 Brema<br \/>Franz-Stickan-Stra\u00dfe 4<br \/>28197 Brema<\/p>\n<h5>Osoba kontaktowa:<\/h5>\n<p>Christoph Rydzek<br \/>Osoba odpowiedzialna w oddziale<br \/>Tel: +49 421 98993-714<br \/>Tel. kom.: +49 1590 4686446<\/p>\n<h5>Godziny pracy:<\/h5>\n<p>pon\u2013pt: godz. 07:00 &#8211; 18:00<\/p>\n<\/div>\n\t\t\t\t<\/div>\n\t\t\t\t\t\t\t<div class=\"elementor-accordion-item\">\n\t\t\t\t\t<div id=\"elementor-tab-title-1733\" class=\"elementor-tab-title\" data-tab=\"3\" role=\"button\" aria-controls=\"elementor-tab-content-1733\" aria-expanded=\"false\">\n\t\t\t\t\t\t\t\t\t\t\t\t\t<span class=\"elementor-accordion-icon elementor-accordion-icon-right\" aria-hidden=\"true\">\n\t\t\t\t\t\t\t\t\t\t\t\t\t\t\t<span class=\"elementor-accordion-icon-closed\"><i class=\"fas fa-plus\"><\/i><\/span>\n\t\t\t\t\t\t\t\t<span class=\"elementor-accordion-icon-opened\"><i class=\"fas fa-minus\"><\/i><\/span>\n\t\t\t\t\t\t\t\t\t\t\t\t\t\t<\/span>\n\t\t\t\t\t\t\t\t\t\t\t\t<a class=\"elementor-accordion-title\" tabindex=\"0\">WARSZTAT >> HAMBURG<\/a>\n\t\t\t\t\t<\/div>\n\t\t\t\t\t<div id=\"elementor-tab-content-1733\" class=\"elementor-tab-content elementor-clearfix\" data-tab=\"3\" role=\"region\" aria-labelledby=\"elementor-tab-title-1733\"><h5>L.I.T. CARGO GmbH<\/h5>\n<p>Oddzia\u0142 Hamburg<br \/>Finkenwerder Weg 4<br \/>21119 Hamburg Altenwerder<\/p>\n<h5>Osoba kontaktowa:<\/h5>\n<p>Ren\u00e9 Thiede<br \/>Kierownik warsztatu<br \/>Tel: +49 40 607747-010<br \/>Tel. kom.: +49 163 7776921<\/p>\n<h5>Godziny pracy:<\/h5>\n<p>pon\u2013pt: godz. 7:00 &#8211; 18:00 | sob: godz. 07:00 &#8211; 13:00<\/p>\n<\/div>\n\t\t\t\t<\/div>\n\t\t\t\t\t\t\t<div class=\"elementor-accordion-item\">\n\t\t\t\t\t<div id=\"elementor-tab-title-1734\" class=\"elementor-tab-title\" data-tab=\"4\" role=\"button\" aria-controls=\"elementor-tab-content-1734\" aria-expanded=\"false\">\n\t\t\t\t\t\t\t\t\t\t\t\t\t<span class=\"elementor-accordion-icon elementor-accordion-icon-right\" aria-hidden=\"true\">\n\t\t\t\t\t\t\t\t\t\t\t\t\t\t\t<span class=\"elementor-accordion-icon-closed\"><i class=\"fas fa-plus\"><\/i><\/span>\n\t\t\t\t\t\t\t\t<span class=\"elementor-accordion-icon-opened\"><i class=\"fas fa-minus\"><\/i><\/span>\n\t\t\t\t\t\t\t\t\t\t\t\t\t\t<\/span>\n\t\t\t\t\t\t\t\t\t\t\t\t<a class=\"elementor-accordion-title\" tabindex=\"0\">WARSZTAT >> OEBISFELDE<\/a>\n\t\t\t\t\t<\/div>\n\t\t\t\t\t<div id=\"elementor-tab-content-1734\" class=\"elementor-tab-content elementor-clearfix\" data-tab=\"4\" role=\"region\" aria-labelledby=\"elementor-tab-title-1734\"><h5>L.I.T. CARGO GmbH<\/h5>\n<p>Oddzia\u0142 Oebisfelde<br \/>Gewerbegebiet West 7<br \/>39646 Oebisfelde-Weferlingen<\/p>\n<h5>Osoba kontaktowa:<\/h5>\n<p>Enrico Tietze<br \/>Osoba odpowiedzialna w oddziale<br \/>Tel: +49 39002 4897-10<br \/>Tel. kom.: +49 178 9099688<\/p>\n<h5>Godziny pracy:<\/h5>\n<p>pon\u2013pt: godz. 06:00 &#8211; 16:00<\/p>\n<\/div>\n\t\t\t\t<\/div>\n\t\t\t\t\t\t\t<div class=\"elementor-accordion-item\">\n\t\t\t\t\t<div id=\"elementor-tab-title-1735\" class=\"elementor-tab-title\" data-tab=\"5\" role=\"button\" aria-controls=\"elementor-tab-content-1735\" aria-expanded=\"false\">\n\t\t\t\t\t\t\t\t\t\t\t\t\t<span class=\"elementor-accordion-icon elementor-accordion-icon-right\" aria-hidden=\"true\">\n\t\t\t\t\t\t\t\t\t\t\t\t\t\t\t<span class=\"elementor-accordion-icon-closed\"><i class=\"fas fa-plus\"><\/i><\/span>\n\t\t\t\t\t\t\t\t<span class=\"elementor-accordion-icon-opened\"><i class=\"fas fa-minus\"><\/i><\/span>\n\t\t\t\t\t\t\t\t\t\t\t\t\t\t<\/span>\n\t\t\t\t\t\t\t\t\t\t\t\t<a class=\"elementor-accordion-title\" tabindex=\"0\">WARSZTAT >> POLCH<\/a>\n\t\t\t\t\t<\/div>\n\t\t\t\t\t<div id=\"elementor-tab-content-1735\" class=\"elementor-tab-content elementor-clearfix\" data-tab=\"5\" role=\"region\" aria-labelledby=\"elementor-tab-title-1735\"><h5>L.I.T. CARGO GmbH<\/h5>\n<p>Oddzia\u0142 Polch<br \/>Rudolf-Diesel-Str. 23-31<br \/>56751 Polch<\/p>\n<h5>Osoba kontaktowa:<\/h5>\n<p>Timo Otto<br \/>Osoba odpowiedzialna w oddziale<br \/>Tel: +49 2654 9497-101<br \/>Tel. kom.: +49 173 3092364<\/p>\n<h5>Godziny pracy:<\/h5>\n<p>pon\u2013pt: godz. 8:00 &#8211; 17:00 | sob: godz. 07:00 &#8211; 13:00<\/p>\n<\/div>\n\t\t\t\t<\/div>\n\t\t\t\t\t\t\t\t<\/div>\n\t\t\t\t<\/div>\n\t\t\t\t<\/div>\n\t\t\t\t\t<\/div>\n\t\t<\/div>\n\t\t\t\t<div class=\"elementor-column elementor-col-33 elementor-top-column elementor-element elementor-element-1251176\" data-id=\"1251176\" data-element_type=\"column\">\n\t\t\t<div class=\"elementor-widget-wrap elementor-element-populated\">\n\t\t\t\t\t\t<div class=\"elementor-element elementor-element-8909436 elementor-widget elementor-widget-image\" data-id=\"8909436\" data-element_type=\"widget\" data-widget_type=\"image.default\">\n\t\t\t\t<div class=\"elementor-widget-container\">\n\t\t\t\t\t\t\t\t\t\t\t\t\t<img loading=\"lazy\" decoding=\"async\" width=\"750\" height=\"750\" src=\"https:\/\/www.lit.de\/wp-content\/uploads\/2020\/09\/Werkstatt_schweissen.jpg\" class=\"attachment-full size-full wp-image-11601\" alt=\"\" srcset=\"https:\/\/www.lit.de\/wp-content\/uploads\/2020\/09\/Werkstatt_schweissen.jpg 750w, https:\/\/www.lit.de\/wp-content\/uploads\/2020\/09\/Werkstatt_schweissen-300x300.jpg 300w, https:\/\/www.lit.de\/wp-content\/uploads\/2020\/09\/Werkstatt_schweissen-100x100.jpg 100w, https:\/\/www.lit.de\/wp-content\/uploads\/2020\/09\/Werkstatt_schweissen-600x600.jpg 600w\" sizes=\"(max-width: 750px) 100vw, 750px\" \/>\t\t\t\t\t\t\t\t\t\t\t\t\t<\/div>\n\t\t\t\t<\/div>\n\t\t\t\t<div class=\"elementor-element elementor-element-b115b0f elementor-hidden-tablet elementor-widget elementor-widget-image\" data-id=\"b115b0f\" data-element_type=\"widget\" data-widget_type=\"image.default\">\n\t\t\t\t<div class=\"elementor-widget-container\">\n\t\t\t\t\t\t\t\t\t\t\t\t\t<img loading=\"lazy\" decoding=\"async\" width=\"750\" height=\"750\" src=\"https:\/\/www.lit.de\/wp-content\/uploads\/2020\/09\/Werkstatt_Grube.jpg\" class=\"attachment-large size-large wp-image-11622\" alt=\"\" srcset=\"https:\/\/www.lit.de\/wp-content\/uploads\/2020\/09\/Werkstatt_Grube.jpg 750w, https:\/\/www.lit.de\/wp-content\/uploads\/2020\/09\/Werkstatt_Grube-300x300.jpg 300w, https:\/\/www.lit.de\/wp-content\/uploads\/2020\/09\/Werkstatt_Grube-100x100.jpg 100w, https:\/\/www.lit.de\/wp-content\/uploads\/2020\/09\/Werkstatt_Grube-600x600.jpg 600w\" sizes=\"(max-width: 750px) 100vw, 750px\" \/>\t\t\t\t\t\t\t\t\t\t\t\t\t<\/div>\n\t\t\t\t<\/div>\n\t\t\t\t\t<\/div>\n\t\t<\/div>\n\t\t\t\t<div class=\"elementor-column elementor-col-33 elementor-top-column elementor-element elementor-element-0c8b514\" data-id=\"0c8b514\" data-element_type=\"column\" data-settings=\"{&quot;background_background&quot;:&quot;classic&quot;}\">\n\t\t\t<div class=\"elementor-widget-wrap elementor-element-populated\">\n\t\t\t\t\t\t<div class=\"elementor-element elementor-element-1c9bb21 elementor-widget elementor-widget-text-editor\" data-id=\"1c9bb21\" data-element_type=\"widget\" data-widget_type=\"text-editor.default\">\n\t\t\t\t<div class=\"elementor-widget-container\">\n\t\t\t\t\t\t\t<h4>NASZ ZAKRES US\u0141UG<\/h4>\n<ul>\n<li>System ABS (Wabco, Knorr, Haldex)<\/li>\n<li>Uk\u0142ad hamulcowy (hamulce tarczowe i b\u0119bnowe)<\/li>\n<li>Naprawy podwozi i osi wszystkich producent\u00f3w<\/li>\n<li>Specyfikacja, zestawienie koszt\u00f3w \u2013 konserwacja, zu\u017cycie, szkody<\/li>\n<li>Prace przy uk\u0142adzie elektrycznym pojazdu<\/li>\n<li>Magazyn cz\u0119\u015bci zamiennych<\/li>\n<li>Przebudowa konstrukcji pojazd\u00f3w<\/li>\n<li>Prace gwarancyjne<\/li>\n<li>Przegl\u0105dy rejestracyjne, pomiary spalin, kontrole bezpiecze\u0144stwa<\/li>\n<li>Odbiory wed\u0142ug \u00a7 57b niemieckiego kodeksu drogowego<\/li>\n<li>Kontrole uzupe\u0142niaj\u0105ce zabezpieczenia \u0142adunku<\/li>\n<li>Kontrole zawiesi i osprz\u0119tu do podnoszenia<\/li>\n<li>Naprawy szk\u00f3d powypadkowych<\/li>\n<li>Coroczne przegl\u0105dy ustawowe<\/li>\n<li>Wynajem przyczep i podwozi kontenerowych\u00a0<\/li>\n<li>Nadwozia pojazd\u00f3w<\/li>\n<li>Serwis opon<\/li>\n<li>Naprawy wszystkich marek samochod\u00f3w ci\u0119\u017carowych \/ przyczep \/ naczep<\/li>\n<li>Konserwacja zapobiegawcza<\/li>\n<li>Pojazdy zast\u0119pcze (samochody osobowe)<\/li>\n<\/ul>\n\t\t\t\t\t\t<\/div>\n\t\t\t\t<\/div>\n\t\t\t\t\t<\/div>\n\t\t<\/div>\n\t\t\t\t\t<\/div>\n\t\t<\/section>\n\t\t\t\t<section class=\"elementor-section elementor-top-section elementor-element elementor-element-7c830d5 elementor-hidden-desktop elementor-hidden-tablet elementor-hidden-phone elementor-section-boxed elementor-section-height-default elementor-section-height-default\" data-id=\"7c830d5\" data-element_type=\"section\" data-settings=\"{&quot;background_background&quot;:&quot;classic&quot;}\">\n\t\t\t\t\t\t<div class=\"elementor-container elementor-column-gap-no\">\n\t\t\t\t\t<div class=\"elementor-column elementor-col-100 elementor-top-column elementor-element elementor-element-0e5db7b\" data-id=\"0e5db7b\" data-element_type=\"column\">\n\t\t\t<div class=\"elementor-widget-wrap elementor-element-populated\">\n\t\t\t\t\t\t<div class=\"elementor-element elementor-element-3225d70 elementor-widget elementor-widget-accordion\" data-id=\"3225d70\" data-element_type=\"widget\" data-widget_type=\"accordion.default\">\n\t\t\t\t<div class=\"elementor-widget-container\">\n\t\t\t\t\t<div class=\"elementor-accordion\">\n\t\t\t\t\t\t\t<div class=\"elementor-accordion-item\">\n\t\t\t\t\t<div id=\"elementor-tab-title-5251\" class=\"elementor-tab-title\" data-tab=\"1\" role=\"button\" aria-controls=\"elementor-tab-content-5251\" aria-expanded=\"false\">\n\t\t\t\t\t\t\t\t\t\t\t\t\t<span class=\"elementor-accordion-icon elementor-accordion-icon-right\" aria-hidden=\"true\">\n\t\t\t\t\t\t\t\t\t\t\t\t\t\t\t<span class=\"elementor-accordion-icon-closed\"><i class=\"fas fa-plus\"><\/i><\/span>\n\t\t\t\t\t\t\t\t<span class=\"elementor-accordion-icon-opened\"><i class=\"fas fa-minus\"><\/i><\/span>\n\t\t\t\t\t\t\t\t\t\t\t\t\t\t<\/span>\n\t\t\t\t\t\t\t\t\t\t\t\t<a class=\"elementor-accordion-title\" tabindex=\"0\">WARSZTAT >> BAUNATAL<\/a>\n\t\t\t\t\t<\/div>\n\t\t\t\t\t<div id=\"elementor-tab-content-5251\" class=\"elementor-tab-content elementor-clearfix\" data-tab=\"1\" role=\"region\" aria-labelledby=\"elementor-tab-title-5251\"><h5>L.I.T. CARGO GmbH<\/h5>\n<p>Oddzia\u0142 Baunatal<br \/>Salzgitter Str. 28<br \/>34225 Baunatal<\/p>\n<h5>Osoba kontaktowa:<\/h5>\n<p>Arwed Butterweck<br \/>Kierownik oddzia\u0142u<br \/>Tel: +49 561 988469-11<br \/>Tel. kom.: +49 178 9099327<\/p>\n<h5>Godziny pracy:<\/h5>\n<p>pon\u2013pt: godz. 8:00 &#8211; 17:00 | sob: godz. 06:00 &#8211; 12:00<\/p>\n<\/div>\n\t\t\t\t<\/div>\n\t\t\t\t\t\t\t<div class=\"elementor-accordion-item\">\n\t\t\t\t\t<div id=\"elementor-tab-title-5252\" class=\"elementor-tab-title\" data-tab=\"2\" role=\"button\" aria-controls=\"elementor-tab-content-5252\" aria-expanded=\"false\">\n\t\t\t\t\t\t\t\t\t\t\t\t\t<span class=\"elementor-accordion-icon elementor-accordion-icon-right\" aria-hidden=\"true\">\n\t\t\t\t\t\t\t\t\t\t\t\t\t\t\t<span class=\"elementor-accordion-icon-closed\"><i class=\"fas fa-plus\"><\/i><\/span>\n\t\t\t\t\t\t\t\t<span class=\"elementor-accordion-icon-opened\"><i class=\"fas fa-minus\"><\/i><\/span>\n\t\t\t\t\t\t\t\t\t\t\t\t\t\t<\/span>\n\t\t\t\t\t\t\t\t\t\t\t\t<a class=\"elementor-accordion-title\" tabindex=\"0\">WARSZTAT >> BREMA<\/a>\n\t\t\t\t\t<\/div>\n\t\t\t\t\t<div id=\"elementor-tab-content-5252\" class=\"elementor-tab-content elementor-clearfix\" data-tab=\"2\" role=\"region\" aria-labelledby=\"elementor-tab-title-5252\"><h5>L.I.T. CARGO GmbH<\/h5>\n<p>Oddzia\u0142 Brema<br \/>Franz-Stickan-Stra\u00dfe 4<br \/>28197 Brema<\/p>\n<h5>Osoba kontaktowa:<\/h5>\n<p>Christoph Rydzek<br \/>Osoba odpowiedzialna w oddziale<br \/>Tel: +49 421 98993-714<br \/>Tel. kom.: +49 1590 4686446<\/p>\n<h5>Godziny pracy:<\/h5>\n<p>pon\u2013pt: godz. 07:00 &#8211; 18:00<\/p>\n<\/div>\n\t\t\t\t<\/div>\n\t\t\t\t\t\t\t<div class=\"elementor-accordion-item\">\n\t\t\t\t\t<div id=\"elementor-tab-title-5253\" class=\"elementor-tab-title\" data-tab=\"3\" role=\"button\" aria-controls=\"elementor-tab-content-5253\" aria-expanded=\"false\">\n\t\t\t\t\t\t\t\t\t\t\t\t\t<span class=\"elementor-accordion-icon elementor-accordion-icon-right\" aria-hidden=\"true\">\n\t\t\t\t\t\t\t\t\t\t\t\t\t\t\t<span class=\"elementor-accordion-icon-closed\"><i class=\"fas fa-plus\"><\/i><\/span>\n\t\t\t\t\t\t\t\t<span class=\"elementor-accordion-icon-opened\"><i class=\"fas fa-minus\"><\/i><\/span>\n\t\t\t\t\t\t\t\t\t\t\t\t\t\t<\/span>\n\t\t\t\t\t\t\t\t\t\t\t\t<a class=\"elementor-accordion-title\" tabindex=\"0\">WARSZTAT >> HAMBURG<\/a>\n\t\t\t\t\t<\/div>\n\t\t\t\t\t<div id=\"elementor-tab-content-5253\" class=\"elementor-tab-content elementor-clearfix\" data-tab=\"3\" role=\"region\" aria-labelledby=\"elementor-tab-title-5253\"><h5>L.I.T. CARGO GmbH<\/h5>\n<p>Oddzia\u0142 Hamburg<br \/>Finkenwerder Weg 4<br \/>21119 Hamburg Altenwerder<\/p>\n<h5>Osoba kontaktowa:<\/h5>\n<p>Ren\u00e9 Thiede<br \/>Kierownik warsztatu<br \/>Tel: +49 40 607747-010<br \/>Tel. kom.: +49 163 7776921<\/p>\n<h5>Godziny pracy:<\/h5>\n<p>pon\u2013pt: godz. 7:00 &#8211; 18:00 | sob: godz. 07:00 &#8211; 13:00<\/p>\n<\/div>\n\t\t\t\t<\/div>\n\t\t\t\t\t\t\t<div class=\"elementor-accordion-item\">\n\t\t\t\t\t<div id=\"elementor-tab-title-5254\" class=\"elementor-tab-title\" data-tab=\"4\" role=\"button\" aria-controls=\"elementor-tab-content-5254\" aria-expanded=\"false\">\n\t\t\t\t\t\t\t\t\t\t\t\t\t<span class=\"elementor-accordion-icon elementor-accordion-icon-right\" aria-hidden=\"true\">\n\t\t\t\t\t\t\t\t\t\t\t\t\t\t\t<span class=\"elementor-accordion-icon-closed\"><i class=\"fas fa-plus\"><\/i><\/span>\n\t\t\t\t\t\t\t\t<span class=\"elementor-accordion-icon-opened\"><i class=\"fas fa-minus\"><\/i><\/span>\n\t\t\t\t\t\t\t\t\t\t\t\t\t\t<\/span>\n\t\t\t\t\t\t\t\t\t\t\t\t<a class=\"elementor-accordion-title\" tabindex=\"0\">WARSZTAT >> OEBISFELDE<\/a>\n\t\t\t\t\t<\/div>\n\t\t\t\t\t<div id=\"elementor-tab-content-5254\" class=\"elementor-tab-content elementor-clearfix\" data-tab=\"4\" role=\"region\" aria-labelledby=\"elementor-tab-title-5254\"><h5>L.I.T. CARGO GmbH<\/h5>\n<p>Oddzia\u0142 Oebisfelde<br \/>Gewerbegebiet West 7<br \/>39646 Oebisfelde-Weferlingen<\/p>\n<h5>Osoba kontaktowa:<\/h5>\n<p>Enrico Tietze<br \/>Osoba odpowiedzialna w oddziale<br \/>Tel: +49 39002 4897-10<br \/>Tel. kom.: +49 178 9099688<\/p>\n<h5>Godziny pracy:<\/h5>\n<p>pon\u2013pt: godz. 06:00 &#8211; 16:00<\/p>\n<\/div>\n\t\t\t\t<\/div>\n\t\t\t\t\t\t\t<div class=\"elementor-accordion-item\">\n\t\t\t\t\t<div id=\"elementor-tab-title-5255\" class=\"elementor-tab-title\" data-tab=\"5\" role=\"button\" aria-controls=\"elementor-tab-content-5255\" aria-expanded=\"false\">\n\t\t\t\t\t\t\t\t\t\t\t\t\t<span class=\"elementor-accordion-icon elementor-accordion-icon-right\" aria-hidden=\"true\">\n\t\t\t\t\t\t\t\t\t\t\t\t\t\t\t<span class=\"elementor-accordion-icon-closed\"><i class=\"fas fa-plus\"><\/i><\/span>\n\t\t\t\t\t\t\t\t<span class=\"elementor-accordion-icon-opened\"><i class=\"fas fa-minus\"><\/i><\/span>\n\t\t\t\t\t\t\t\t\t\t\t\t\t\t<\/span>\n\t\t\t\t\t\t\t\t\t\t\t\t<a class=\"elementor-accordion-title\" tabindex=\"0\">WARSZTAT >> POLCH<\/a>\n\t\t\t\t\t<\/div>\n\t\t\t\t\t<div id=\"elementor-tab-content-5255\" class=\"elementor-tab-content elementor-clearfix\" data-tab=\"5\" role=\"region\" aria-labelledby=\"elementor-tab-title-5255\"><h5>L.I.T. CARGO GmbH<\/h5>\n<p>Oddzia\u0142 Polch<br \/>Rudolf-Diesel-Str. 23-31<br \/>56751 Polch<\/p>\n<h5>Osoba kontaktowa:<\/h5>\n<p>Timo Otto<br \/>Osoba odpowiedzialna w oddziale<br \/>Tel: +49 2654 9497-101<br \/>Tel. kom.: +49 173 3092364<\/p>\n<h5>Godziny pracy:<\/h5>\n<p>pon\u2013pt: godz. 8:00 &#8211; 17:00 | sob: godz. 07:00 &#8211; 13:00<\/p>\n<\/div>\n\t\t\t\t<\/div>\n\t\t\t\t\t\t\t\t<\/div>\n\t\t\t\t<\/div>\n\t\t\t\t<\/div>\n\t\t\t\t\t<\/div>\n\t\t<\/div>\n\t\t\t\t\t<\/div>\n\t\t<\/section>\n\t\t\t\t<section class=\"elementor-section elementor-top-section elementor-element elementor-element-373c178 elementor-section-boxed elementor-section-height-default elementor-section-height-default\" data-id=\"373c178\" data-element_type=\"section\" data-settings=\"{&quot;background_background&quot;:&quot;classic&quot;}\">\n\t\t\t\t\t\t<div class=\"elementor-container elementor-column-gap-no\">\n\t\t\t\t\t<div class=\"elementor-column elementor-col-100 elementor-top-column elementor-element elementor-element-db1093a\" data-id=\"db1093a\" data-element_type=\"column\">\n\t\t\t<div class=\"elementor-widget-wrap elementor-element-populated\">\n\t\t\t\t\t\t<div class=\"elementor-element elementor-element-676b89f elementor-widget elementor-widget-menu-anchor\" data-id=\"676b89f\" data-element_type=\"widget\" data-widget_type=\"menu-anchor.default\">\n\t\t\t\t<div class=\"elementor-widget-container\">\n\t\t\t\t\t<div id=\"ansprechpartner_fahrpersonal-und-fuhrparkmanagement\" class=\"elementor-menu-anchor\"><\/div>\n\t\t\t\t<\/div>\n\t\t\t\t<\/div>\n\t\t\t\t\t<\/div>\n\t\t<\/div>\n\t\t\t\t\t<\/div>\n\t\t<\/section>\n\t\t\t\t<section class=\"elementor-section elementor-top-section elementor-element elementor-element-91011d2 elementor-section-boxed elementor-section-height-default elementor-section-height-default\" data-id=\"91011d2\" data-element_type=\"section\" data-settings=\"{&quot;background_background&quot;:&quot;classic&quot;}\">\n\t\t\t\t\t\t<div class=\"elementor-container elementor-column-gap-no\">\n\t\t\t\t\t<div class=\"elementor-column elementor-col-100 elementor-top-column elementor-element elementor-element-8d301c7 elementor-invisible\" data-id=\"8d301c7\" data-element_type=\"column\" data-settings=\"{&quot;animation&quot;:&quot;fadeIn&quot;}\">\n\t\t\t<div class=\"elementor-widget-wrap elementor-element-populated\">\n\t\t\t\t\t\t<div class=\"elementor-element elementor-element-1e9481a elementor-widget elementor-widget-text-editor\" data-id=\"1e9481a\" data-element_type=\"widget\" data-widget_type=\"text-editor.default\">\n\t\t\t\t<div class=\"elementor-widget-container\">\n\t\t\t\t\t\t\t<p>OSOBA KONTAKTOWA \u2013 ZARZ\u0104DZANIE KIEROWCAMI I FLOT\u0104 POJAZD\u00d3W<\/p>\n\t\t\t\t\t\t<\/div>\n\t\t\t\t<\/div>\n\t\t\t\t<div class=\"elementor-element elementor-element-b3385c7 elementor-widget elementor-widget-heading\" data-id=\"b3385c7\" data-element_type=\"widget\" data-widget_type=\"heading.default\">\n\t\t\t\t<div class=\"elementor-widget-container\">\n\t\t\t<h1 class=\"elementor-heading-title elementor-size-default\">MASZ PYTANIA DOTYCZ\u0104CE NASZYCH US\u0141UG?<\/h1>\t\t<\/div>\n\t\t\t\t<\/div>\n\t\t\t\t<div class=\"elementor-element elementor-element-d06fbc4 elementor-widget elementor-widget-heading\" data-id=\"d06fbc4\" data-element_type=\"widget\" data-widget_type=\"heading.default\">\n\t\t\t\t<div class=\"elementor-widget-container\">\n\t\t\t<h2 class=\"elementor-heading-title elementor-size-default\">ZADZWO\u0143 DO NAS!<\/h2>\t\t<\/div>\n\t\t\t\t<\/div>\n\t\t\t\t<section class=\"elementor-section elementor-inner-section elementor-element elementor-element-37598b58 elementor-section-boxed elementor-section-height-default elementor-section-height-default\" data-id=\"37598b58\" data-element_type=\"section\">\n\t\t\t\t\t\t<div class=\"elementor-container elementor-column-gap-default\">\n\t\t\t\t\t<div class=\"elementor-column elementor-col-33 elementor-inner-column elementor-element elementor-element-21c2cf88\" data-id=\"21c2cf88\" data-element_type=\"column\">\n\t\t\t<div class=\"elementor-widget-wrap elementor-element-populated\">\n\t\t\t\t\t\t<div class=\"elementor-element elementor-element-4cb31751 elementor-cta--skin-cover imageMaxWidth elementor-animated-content elementor-bg-transform elementor-bg-transform-zoom-in elementor-widget elementor-widget-call-to-action\" data-id=\"4cb31751\" data-element_type=\"widget\" data-widget_type=\"call-to-action.default\">\n\t\t\t\t<div class=\"elementor-widget-container\">\n\t\t\t\t\t<div class=\"elementor-cta\">\n\t\t\t\t\t<div class=\"elementor-cta__bg-wrapper\">\n\t\t\t\t<div class=\"elementor-cta__bg elementor-bg\" style=\"background-image: url(https:\/\/www.lit.de\/wp-content\/uploads\/elementor\/thumbs\/Schreiber-Ingo_560-x-560-px-piig6phkaxs6wivx5pxmu7q808ea1a5d9673n7elqg.jpg);\" role=\"img\" aria-label=\"Ingo Schreiber\"><\/div>\n\t\t\t\t<div class=\"elementor-cta__bg-overlay\"><\/div>\n\t\t\t<\/div>\n\t\t\t\t\t\t\t<div class=\"elementor-cta__content\">\n\t\t\t\t\n\t\t\t\t\t\t\t\t\t<h2 class=\"elementor-cta__title elementor-cta__content-item elementor-content-item elementor-animated-item--fade-in\">\n\t\t\t\t\t\tTel.: +49 4401 988-711\t\t\t\t\t<\/h2>\n\t\t\t\t\n\t\t\t\t\n\t\t\t\t\t\t\t\t\t<div class=\"elementor-cta__button-wrapper elementor-cta__content-item elementor-content-item elementor-animated-item--fade-in\">\n\t\t\t\t\t<a class=\"elementor-cta__button elementor-button elementor-size-\" href=\"mailto:ingo.schreiber@lit.de\">\n\t\t\t\t\t\tWy\u015blij e-mail\t\t\t\t\t<\/a>\n\t\t\t\t\t<\/div>\n\t\t\t\t\t\t\t<\/div>\n\t\t\t\t\t\t<\/div>\n\t\t\t\t<\/div>\n\t\t\t\t<\/div>\n\t\t\t\t<div class=\"elementor-element elementor-element-249a5a6e elementor-widget elementor-widget-heading\" data-id=\"249a5a6e\" data-element_type=\"widget\" data-widget_type=\"heading.default\">\n\t\t\t\t<div class=\"elementor-widget-container\">\n\t\t\t<h2 class=\"elementor-heading-title elementor-size-default\">INGO SCHREIBER<\/h2>\t\t<\/div>\n\t\t\t\t<\/div>\n\t\t\t\t<div class=\"elementor-element elementor-element-55e618d0 elementor-widget elementor-widget-text-editor\" data-id=\"55e618d0\" data-element_type=\"widget\" data-widget_type=\"text-editor.default\">\n\t\t\t\t<div class=\"elementor-widget-container\">\n\t\t\t\t\t\t\t<p><span style=\"color: #000000;\">Dyrektor zarz\u0105dzaj\u0105cy L.I.T. Cargo GmbH<br \/>i cz\u0142onek zarz\u0105du L.I.T. AG<br \/><\/span><\/p>\n\t\t\t\t\t\t<\/div>\n\t\t\t\t<\/div>\n\t\t\t\t\t<\/div>\n\t\t<\/div>\n\t\t\t\t<div class=\"elementor-column elementor-col-33 elementor-inner-column elementor-element elementor-element-62aa6b3d\" data-id=\"62aa6b3d\" data-element_type=\"column\">\n\t\t\t<div class=\"elementor-widget-wrap elementor-element-populated\">\n\t\t\t\t\t\t<div class=\"elementor-element elementor-element-2ce06aa7 elementor-cta--skin-cover imageMaxWidth elementor-animated-content elementor-bg-transform elementor-bg-transform-zoom-in elementor-widget elementor-widget-call-to-action\" data-id=\"2ce06aa7\" data-element_type=\"widget\" data-widget_type=\"call-to-action.default\">\n\t\t\t\t<div class=\"elementor-widget-container\">\n\t\t\t\t\t<div class=\"elementor-cta\">\n\t\t\t\t\t<div class=\"elementor-cta__bg-wrapper\">\n\t\t\t\t<div class=\"elementor-cta__bg elementor-bg\" style=\"background-image: url(https:\/\/www.lit.de\/wp-content\/uploads\/elementor\/thumbs\/Hennemann-Robert_560-x-560-px1-piig6phkaxs6wivx5pxmu7q808ea1a5d9673n7elqg.jpg);\" role=\"img\" aria-label=\"Robert Hennemann\"><\/div>\n\t\t\t\t<div class=\"elementor-cta__bg-overlay\"><\/div>\n\t\t\t<\/div>\n\t\t\t\t\t\t\t<div class=\"elementor-cta__content\">\n\t\t\t\t\n\t\t\t\t\t\t\t\t\t<h2 class=\"elementor-cta__title elementor-cta__content-item elementor-content-item elementor-animated-item--fade-in\">\n\t\t\t\t\t\tTel.: +49 4401 988-731\t\t\t\t\t<\/h2>\n\t\t\t\t\n\t\t\t\t\n\t\t\t\t\t\t\t\t\t<div class=\"elementor-cta__button-wrapper elementor-cta__content-item elementor-content-item elementor-animated-item--fade-in\">\n\t\t\t\t\t<a class=\"elementor-cta__button elementor-button elementor-size-\" href=\"mailto:robert.hennemann@lit.de\">\n\t\t\t\t\t\tWy\u015blij e-mail\t\t\t\t\t<\/a>\n\t\t\t\t\t<\/div>\n\t\t\t\t\t\t\t<\/div>\n\t\t\t\t\t\t<\/div>\n\t\t\t\t<\/div>\n\t\t\t\t<\/div>\n\t\t\t\t<div class=\"elementor-element elementor-element-3989233b elementor-widget elementor-widget-heading\" data-id=\"3989233b\" data-element_type=\"widget\" data-widget_type=\"heading.default\">\n\t\t\t\t<div class=\"elementor-widget-container\">\n\t\t\t<h2 class=\"elementor-heading-title elementor-size-default\">ROBERT HENNEMANN<\/h2>\t\t<\/div>\n\t\t\t\t<\/div>\n\t\t\t\t<div class=\"elementor-element elementor-element-1370c45b elementor-widget elementor-widget-text-editor\" data-id=\"1370c45b\" data-element_type=\"widget\" data-widget_type=\"text-editor.default\">\n\t\t\t\t<div class=\"elementor-widget-container\">\n\t\t\t\t\t\t\t<p><span style=\"color: #000000;\">Kierownik operacyjny i<br \/>Kierownik ds. zarz\u0105dzania kierowcami<br \/><\/span><\/p>\n\t\t\t\t\t\t<\/div>\n\t\t\t\t<\/div>\n\t\t\t\t\t<\/div>\n\t\t<\/div>\n\t\t\t\t<div class=\"elementor-column elementor-col-33 elementor-inner-column elementor-element elementor-element-cacb906\" data-id=\"cacb906\" data-element_type=\"column\">\n\t\t\t<div class=\"elementor-widget-wrap\">\n\t\t\t\t\t\t\t<\/div>\n\t\t<\/div>\n\t\t\t\t\t<\/div>\n\t\t<\/section>\n\t\t\t\t\t<\/div>\n\t\t<\/div>\n\t\t\t\t\t<\/div>\n\t\t<\/section>\n\t\t\t\t<section class=\"elementor-section elementor-top-section elementor-element elementor-element-7a444d6 elementor-section-boxed elementor-section-height-default elementor-section-height-default\" data-id=\"7a444d6\" data-element_type=\"section\" data-settings=\"{&quot;background_background&quot;:&quot;classic&quot;}\">\n\t\t\t\t\t\t<div class=\"elementor-container elementor-column-gap-no\">\n\t\t\t\t\t<div class=\"elementor-column elementor-col-100 elementor-top-column elementor-element elementor-element-d45bbd3\" data-id=\"d45bbd3\" data-element_type=\"column\" data-settings=\"{&quot;background_background&quot;:&quot;classic&quot;}\">\n\t\t\t<div class=\"elementor-widget-wrap elementor-element-populated\">\n\t\t\t\t\t\t<div class=\"elementor-element elementor-element-5b67e77 elementor-widget elementor-widget-menu-anchor\" data-id=\"5b67e77\" data-element_type=\"widget\" data-widget_type=\"menu-anchor.default\">\n\t\t\t\t<div class=\"elementor-widget-container\">\n\t\t\t\t\t<div id=\"anfragen\" class=\"elementor-menu-anchor\"><\/div>\n\t\t\t\t<\/div>\n\t\t\t\t<\/div>\n\t\t\t\t\t<\/div>\n\t\t<\/div>\n\t\t\t\t\t<\/div>\n\t\t<\/section>\n\t\t\t\t<section class=\"elementor-section elementor-top-section elementor-element elementor-element-05e2ba4 elementor-section-boxed elementor-section-height-default elementor-section-height-default\" data-id=\"05e2ba4\" data-element_type=\"section\" data-settings=\"{&quot;background_background&quot;:&quot;classic&quot;}\">\n\t\t\t\t\t\t<div class=\"elementor-container elementor-column-gap-no\">\n\t\t\t\t\t<div class=\"elementor-column elementor-col-100 elementor-top-column elementor-element elementor-element-b27e5cd\" data-id=\"b27e5cd\" data-element_type=\"column\" data-settings=\"{&quot;animation&quot;:&quot;none&quot;,&quot;animation_delay&quot;:0}\">\n\t\t\t<div class=\"elementor-widget-wrap elementor-element-populated\">\n\t\t\t\t\t\t<div class=\"elementor-element elementor-element-281e859 preHeader elementor-widget elementor-widget-text-editor\" data-id=\"281e859\" data-element_type=\"widget\" data-widget_type=\"text-editor.default\">\n\t\t\t\t<div class=\"elementor-widget-container\">\n\t\t\t\t\t\t\t<p>Zapytania<\/p>\n\t\t\t\t\t\t<\/div>\n\t\t\t\t<\/div>\n\t\t\t\t<div class=\"elementor-element elementor-element-c02e7bd elementor-widget elementor-widget-heading\" data-id=\"c02e7bd\" data-element_type=\"widget\" data-widget_type=\"heading.default\">\n\t\t\t\t<div class=\"elementor-widget-container\">\n\t\t\t<h2 class=\"elementor-heading-title elementor-size-default\">... LUB NAPISZ DO NAS.<\/h2>\t\t<\/div>\n\t\t\t\t<\/div>\n\t\t\t\t<div class=\"elementor-element elementor-element-18c72bf eael-contact-form-7-button-align-center eael-contact-form-7-button-align-left eael-contact-form-7-button-custom elementor-widget elementor-widget-eael-contact-form-7\" data-id=\"18c72bf\" data-element_type=\"widget\" data-widget_type=\"eael-contact-form-7.default\">\n\t\t\t\t<div class=\"elementor-widget-container\">\n\t\t\t<div class=\"eael-contact-form-7-wrapper\">\n                <div class=\"eael-contact-form eael-contact-form-7 eael-contact-form-18c72bf placeholder-show eael-contact-form-align-default\">\n<div class=\"wpcf7 no-js\" id=\"wpcf7-f17917-o1\" lang=\"pl-PL\" dir=\"ltr\" data-wpcf7-id=\"17917\">\n<div class=\"screen-reader-response\"><p role=\"status\" aria-live=\"polite\" aria-atomic=\"true\"><\/p> <ul><\/ul><\/div>\n<form action=\"\/pl\/wp-json\/wp\/v2\/pages\/18174#wpcf7-f17917-o1\" method=\"post\" class=\"wpcf7-form init\" aria-label=\"Formularz kontaktowy\" novalidate=\"novalidate\" data-status=\"init\">\n<fieldset class=\"hidden-fields-container\"><input type=\"hidden\" name=\"_wpcf7\" value=\"17917\" \/><input type=\"hidden\" name=\"_wpcf7_version\" value=\"6.1.5\" \/><input type=\"hidden\" name=\"_wpcf7_locale\" value=\"pl_PL\" \/><input type=\"hidden\" name=\"_wpcf7_unit_tag\" value=\"wpcf7-f17917-o1\" \/><input type=\"hidden\" name=\"_wpcf7_container_post\" value=\"0\" \/><input type=\"hidden\" name=\"_wpcf7_posted_data_hash\" value=\"\" \/><input type=\"hidden\" name=\"_wpcf7_recaptcha_response\" value=\"\" \/>\n<\/fieldset>\n<p><span class=\"wpcf7-form-control-wrap\" data-name=\"firma\"><input size=\"40\" maxlength=\"400\" class=\"wpcf7-form-control wpcf7-text wpcf7-validates-as-required\" aria-required=\"true\" aria-invalid=\"false\" placeholder=\"Firma\" value=\"\" type=\"text\" name=\"firma\" \/><\/span>\n<\/p>\n<p><span class=\"wpcf7-form-control-wrap\" data-name=\"vorname\"><input size=\"40\" maxlength=\"400\" class=\"wpcf7-form-control wpcf7-text wpcf7-validates-as-required\" aria-required=\"true\" aria-invalid=\"false\" placeholder=\"Imi\u0119 i nazwisko\" value=\"\" type=\"text\" name=\"vorname\" \/><\/span>\n<\/p>\n<p><span class=\"wpcf7-form-control-wrap\" data-name=\"funktion\"><input size=\"40\" maxlength=\"400\" class=\"wpcf7-form-control wpcf7-text wpcf7-validates-as-required\" aria-required=\"true\" aria-invalid=\"false\" placeholder=\"Funkcja\" value=\"\" type=\"text\" name=\"funktion\" \/><\/span>\n<\/p>\n<p><span class=\"wpcf7-form-control-wrap\" data-name=\"email\"><input size=\"40\" maxlength=\"400\" class=\"wpcf7-form-control wpcf7-email wpcf7-validates-as-required wpcf7-text wpcf7-validates-as-email\" aria-required=\"true\" aria-invalid=\"false\" placeholder=\"E-mail\" value=\"\" type=\"email\" name=\"email\" \/><\/span>\n<\/p>\n<p><span class=\"wpcf7-form-control-wrap\" data-name=\"telefonnummer\"><input size=\"40\" maxlength=\"400\" class=\"wpcf7-form-control wpcf7-text wpcf7-validates-as-required\" aria-required=\"true\" aria-invalid=\"false\" placeholder=\"Numer telefonu\" value=\"\" type=\"text\" name=\"telefonnummer\" \/><\/span>\n<\/p>\n<p><span class=\"wpcf7-form-control-wrap\" data-name=\"betreff\"><input size=\"40\" maxlength=\"400\" class=\"wpcf7-form-control wpcf7-text\" aria-invalid=\"false\" placeholder=\"Temat\" value=\"\" type=\"text\" name=\"betreff\" \/><\/span>\n<\/p>\n<p><span class=\"wpcf7-form-control-wrap\" data-name=\"nachricht\"><textarea cols=\"40\" rows=\"10\" maxlength=\"2000\" class=\"wpcf7-form-control wpcf7-textarea\" aria-invalid=\"false\" placeholder=\"Wiadomo\u015b\u0107\" name=\"nachricht\"><\/textarea><\/span><br \/>\n<span id=\"wpcf7-69f24dd221aca-wrapper\" class=\"wpcf7-form-control-wrap website-honey-wrap\" ><input type=\"hidden\" name=\"website-honey-time-start\" value=\"1777487314\"><input type=\"hidden\" name=\"website-honey-time-check\" value=\"4\"><input id=\"wpcf7-69f24dd221aca-field\"  class=\"wpcf7-form-control wpcf7-text\" type=\"text\" name=\"website-honey\" value=\"\" size=\"40\" tabindex=\"-1\" autocomplete=\"new-password\" \/><\/span><br \/>\n<span class=\"wpcf7-form-control-wrap g-recaptcha-response\"><span class=\"wpcf7-form-control\">  <\/span><\/span>\n<\/p>\n<p><input class=\"wpcf7-form-control wpcf7-submit has-spinner\" type=\"submit\" value=\"Wy\u015blij wiadomo\u015b\u0107\" \/>\n<\/p><div class=\"wpcf7-response-output\" aria-hidden=\"true\"><\/div>\n<\/form>\n<\/div>\n<\/div>\n            <\/div>\t\t<\/div>\n\t\t\t\t<\/div>\n\t\t\t\t\t<\/div>\n\t\t<\/div>\n\t\t\t\t\t<\/div>\n\t\t<\/section>\n\t\t\t\t<\/div>\n\t\t","protected":false},"excerpt":{"rendered":"<p>ZARZ\u0104DZANIE KIEROWCAMI I FLOT\u0104 POJAZD\u00d3W HAPPY DRIVE, HAPPY LIFE! CZYSTO, PUNKTUALNIE, NIEZAWODNIE I BEZPIECZNIE! NASZA PALETA US\u0141UG ZWI\u0104ZANYCH Z TRANSPORTEM CI\u0118\u017bAROWYM TO KOMFORTOWY PAKIET Gdy przewozisz swoje towary z nami, mo\u017cesz wygodnie oprze\u0107 si\u0119 na fotelu i skupi\u0107 si\u0119 na swoich g\u0142\u00f3wnych kompetencjach: my zapewniamy wykwalifikowany personel, odpowiedni pojazd, niestandardowe wyposa\u017cenie specjalistyczne, a w takich [&hellip;]<\/p>\n","protected":false},"author":5,"featured_media":0,"parent":0,"menu_order":0,"comment_status":"closed","ping_status":"closed","template":"","meta":{"footnotes":""},"class_list":["post-18174","page","type-page","status-publish","hentry"],"_links":{"self":[{"href":"https:\/\/www.lit.de\/pl\/wp-json\/wp\/v2\/pages\/18174","targetHints":{"allow":["GET"]}}],"collection":[{"href":"https:\/\/www.lit.de\/pl\/wp-json\/wp\/v2\/pages"}],"about":[{"href":"https:\/\/www.lit.de\/pl\/wp-json\/wp\/v2\/types\/page"}],"author":[{"embeddable":true,"href":"https:\/\/www.lit.de\/pl\/wp-json\/wp\/v2\/users\/5"}],"replies":[{"embeddable":true,"href":"https:\/\/www.lit.de\/pl\/wp-json\/wp\/v2\/comments?post=18174"}],"version-history":[{"count":4,"href":"https:\/\/www.lit.de\/pl\/wp-json\/wp\/v2\/pages\/18174\/revisions"}],"predecessor-version":[{"id":26014,"href":"https:\/\/www.lit.de\/pl\/wp-json\/wp\/v2\/pages\/18174\/revisions\/26014"}],"wp:attachment":[{"href":"https:\/\/www.lit.de\/pl\/wp-json\/wp\/v2\/media?parent=18174"}],"curies":[{"name":"wp","href":"https:\/\/api.w.org\/{rel}","templated":true}]}}