{"id":122523,"date":"2020-06-23T16:47:54","date_gmt":"2020-06-23T14:47:54","guid":{"rendered":"https:\/\/www.lit.de\/transportlogistik\/"},"modified":"2025-12-18T09:55:28","modified_gmt":"2025-12-18T08:55:28","slug":"transportlogistik","status":"publish","type":"page","link":"https:\/\/www.lit.de\/fr\/transportlogistik\/","title":{"rendered":"Logistique de transport"},"content":{"rendered":"\t\t<div data-elementor-type=\"wp-page\" data-elementor-id=\"122523\" class=\"elementor elementor-122523 elementor-2549\" data-elementor-post-type=\"page\">\n\t\t\t\t\t\t<section class=\"elementor-section elementor-top-section elementor-element elementor-element-f28d894 elementor-section-boxed elementor-section-height-default elementor-section-height-default\" data-id=\"f28d894\" data-element_type=\"section\" data-settings=\"{&quot;background_background&quot;:&quot;classic&quot;}\">\n\t\t\t\t\t\t<div class=\"elementor-container elementor-column-gap-no\">\n\t\t\t\t\t<div class=\"elementor-column elementor-col-100 elementor-top-column elementor-element elementor-element-b253a55\" data-id=\"b253a55\" data-element_type=\"column\">\n\t\t\t<div class=\"elementor-widget-wrap elementor-element-populated\">\n\t\t\t\t\t\t<div class=\"elementor-element elementor-element-2368eee elementor-nav-menu__align-start lit-sticky elementor-nav-menu--dropdown-tablet elementor-nav-menu__text-align-aside elementor-nav-menu--toggle elementor-nav-menu--burger elementor-widget elementor-widget-nav-menu\" data-id=\"2368eee\" data-element_type=\"widget\" data-settings=\"{&quot;layout&quot;:&quot;vertical&quot;,&quot;submenu_icon&quot;:{&quot;value&quot;:&quot;&lt;i class=\\&quot;fas fa-caret-down\\&quot;&gt;&lt;\\\/i&gt;&quot;,&quot;library&quot;:&quot;fa-solid&quot;},&quot;toggle&quot;:&quot;burger&quot;}\" data-widget_type=\"nav-menu.default\">\n\t\t\t\t<div class=\"elementor-widget-container\">\n\t\t\t\t\t\t<nav class=\"elementor-nav-menu--main elementor-nav-menu__container elementor-nav-menu--layout-vertical e--pointer-none\">\n\t\t\t\t<ul id=\"menu-1-2368eee\" class=\"elementor-nav-menu sm-vertical\"><li class=\"menu-item menu-item-type-custom menu-item-object-custom menu-item-122573\"><a href=\"https:\/\/www.lit.de\/fr\/transportlogistik\/#lkw-transporte\" class=\"elementor-item elementor-item-anchor\">Transports poids lourds<\/a><\/li>\n<li class=\"menu-item menu-item-type-custom menu-item-object-custom menu-item-122574\"><a href=\"https:\/\/www.lit.de\/fr\/transportlogistik\/#luftfracht\" class=\"elementor-item elementor-item-anchor\">Fret a\u00e9rien<\/a><\/li>\n<li class=\"menu-item menu-item-type-custom menu-item-object-custom menu-item-122575\"><a href=\"https:\/\/www.lit.de\/fr\/transportlogistik\/#seefracht\" class=\"elementor-item elementor-item-anchor\">Fret maritime<\/a><\/li>\n<li class=\"menu-item menu-item-type-custom menu-item-object-custom menu-item-122576\"><a href=\"https:\/\/www.lit.de\/fr\/transportlogistik\/#kombinierte-verkehre\" class=\"elementor-item elementor-item-anchor\">Transports combin\u00e9s<\/a><\/li>\n<li class=\"menu-item menu-item-type-custom menu-item-object-custom menu-item-122577\"><a href=\"https:\/\/www.lit.de\/fr\/transportlogistik\/#ansprechpartner_transportlogistik\" class=\"elementor-item elementor-item-anchor\">Interlocuteur<\/a><\/li>\n<li class=\"menu-item menu-item-type-custom menu-item-object-custom menu-item-122578\"><a href=\"https:\/\/www.lit.de\/fr\/transportlogistik\/#anfragen\" class=\"elementor-item elementor-item-anchor\">Demandes<\/a><\/li>\n<\/ul>\t\t\t<\/nav>\n\t\t\t\t\t<div class=\"elementor-menu-toggle\" role=\"button\" tabindex=\"0\" aria-label=\"Permuter le menu\" aria-expanded=\"false\">\n\t\t\t<i aria-hidden=\"true\" role=\"presentation\" class=\"elementor-menu-toggle__icon--open eicon-menu-bar\"><\/i><i aria-hidden=\"true\" role=\"presentation\" class=\"elementor-menu-toggle__icon--close eicon-close\"><\/i>\t\t\t<span class=\"elementor-screen-only\">Menu<\/span>\n\t\t<\/div>\n\t\t\t\t\t<nav class=\"elementor-nav-menu--dropdown elementor-nav-menu__container\" aria-hidden=\"true\">\n\t\t\t\t<ul id=\"menu-2-2368eee\" class=\"elementor-nav-menu sm-vertical\"><li class=\"menu-item menu-item-type-custom menu-item-object-custom menu-item-122573\"><a href=\"https:\/\/www.lit.de\/fr\/transportlogistik\/#lkw-transporte\" class=\"elementor-item elementor-item-anchor\" tabindex=\"-1\">Transports poids lourds<\/a><\/li>\n<li class=\"menu-item menu-item-type-custom menu-item-object-custom menu-item-122574\"><a href=\"https:\/\/www.lit.de\/fr\/transportlogistik\/#luftfracht\" class=\"elementor-item elementor-item-anchor\" tabindex=\"-1\">Fret a\u00e9rien<\/a><\/li>\n<li class=\"menu-item menu-item-type-custom menu-item-object-custom menu-item-122575\"><a href=\"https:\/\/www.lit.de\/fr\/transportlogistik\/#seefracht\" class=\"elementor-item elementor-item-anchor\" tabindex=\"-1\">Fret maritime<\/a><\/li>\n<li class=\"menu-item menu-item-type-custom menu-item-object-custom menu-item-122576\"><a href=\"https:\/\/www.lit.de\/fr\/transportlogistik\/#kombinierte-verkehre\" class=\"elementor-item elementor-item-anchor\" tabindex=\"-1\">Transports combin\u00e9s<\/a><\/li>\n<li class=\"menu-item menu-item-type-custom menu-item-object-custom menu-item-122577\"><a href=\"https:\/\/www.lit.de\/fr\/transportlogistik\/#ansprechpartner_transportlogistik\" class=\"elementor-item elementor-item-anchor\" tabindex=\"-1\">Interlocuteur<\/a><\/li>\n<li class=\"menu-item menu-item-type-custom menu-item-object-custom menu-item-122578\"><a href=\"https:\/\/www.lit.de\/fr\/transportlogistik\/#anfragen\" class=\"elementor-item elementor-item-anchor\" tabindex=\"-1\">Demandes<\/a><\/li>\n<\/ul>\t\t\t<\/nav>\n\t\t\t\t<\/div>\n\t\t\t\t<\/div>\n\t\t\t\t<div class=\"elementor-element elementor-element-9fedce2 elementor-widget elementor-widget-menu-anchor\" data-id=\"9fedce2\" data-element_type=\"widget\" data-widget_type=\"menu-anchor.default\">\n\t\t\t\t<div class=\"elementor-widget-container\">\n\t\t\t\t\t<div id=\"transportlogistik\" class=\"elementor-menu-anchor\"><\/div>\n\t\t\t\t<\/div>\n\t\t\t\t<\/div>\n\t\t\t\t<div class=\"elementor-element elementor-element-58af507 elementor-widget elementor-widget-text-editor\" data-id=\"58af507\" data-element_type=\"widget\" data-widget_type=\"text-editor.default\">\n\t\t\t\t<div class=\"elementor-widget-container\">\n\t\t\t\t\t\t\t<p>LOGISTIQUE DE TRANSPORT<\/p>\n\t\t\t\t\t\t<\/div>\n\t\t\t\t<\/div>\n\t\t\t\t<div class=\"elementor-element elementor-element-7349093 elementor-widget elementor-widget-heading\" data-id=\"7349093\" data-element_type=\"widget\" data-widget_type=\"heading.default\">\n\t\t\t\t<div class=\"elementor-widget-container\">\n\t\t\t<h1 class=\"elementor-heading-title elementor-size-default\">DE \u00ab A \u00bb \u00c0 \u00ab B \u00bb EN UN CLIN D\u2019\u0152IL<\/h1>\t\t<\/div>\n\t\t\t\t<\/div>\n\t\t\t\t<div class=\"elementor-element elementor-element-875380a elementor-widget elementor-widget-heading\" data-id=\"875380a\" data-element_type=\"widget\" data-widget_type=\"heading.default\">\n\t\t\t\t<div class=\"elementor-widget-container\">\n\t\t\t<h2 class=\"elementor-heading-title elementor-size-default\">QUE CE SOIT PAR EAU, ROUTE, FER OU AIR \u2013 NOUS TRANSPORTONS VOS MARCHANDISES ET PRODUITS DE MANI\u00c8RE FIABLE ET PROFESSIONNELLE<\/h2>\t\t<\/div>\n\t\t\t\t<\/div>\n\t\t\t\t\t<\/div>\n\t\t<\/div>\n\t\t\t\t\t<\/div>\n\t\t<\/section>\n\t\t\t\t<section class=\"elementor-section elementor-top-section elementor-element elementor-element-2e166df elementor-section-height-min-height elementor-section-boxed elementor-section-height-default elementor-section-items-middle\" data-id=\"2e166df\" data-element_type=\"section\" data-settings=\"{&quot;background_background&quot;:&quot;classic&quot;}\">\n\t\t\t\t\t\t<div class=\"elementor-container elementor-column-gap-no\">\n\t\t\t\t\t<div class=\"elementor-column elementor-col-25 elementor-top-column elementor-element elementor-element-76dab7f\" data-id=\"76dab7f\" data-element_type=\"column\">\n\t\t\t<div class=\"elementor-widget-wrap elementor-element-populated\">\n\t\t\t\t\t\t<div class=\"elementor-element elementor-element-d8a6cc6 elementor-widget elementor-widget-image\" data-id=\"d8a6cc6\" data-element_type=\"widget\" data-widget_type=\"image.default\">\n\t\t\t\t<div class=\"elementor-widget-container\">\n\t\t\t\t\t\t\t\t\t\t\t\t\t\t<a href=\"#lkw-transporte\">\n\t\t\t\t\t\t\t<img fetchpriority=\"high\" decoding=\"async\" width=\"750\" height=\"750\" src=\"https:\/\/www.lit.de\/wp-content\/uploads\/2025\/12\/Lkw-Transporte_Vorschau_franz.jpg\" class=\"attachment-full size-full wp-image-122549\" alt=\"\" srcset=\"https:\/\/www.lit.de\/wp-content\/uploads\/2025\/12\/Lkw-Transporte_Vorschau_franz.jpg 750w, https:\/\/www.lit.de\/wp-content\/uploads\/2025\/12\/Lkw-Transporte_Vorschau_franz-500x500.jpg 500w, https:\/\/www.lit.de\/wp-content\/uploads\/2025\/12\/Lkw-Transporte_Vorschau_franz-150x150.jpg 150w\" sizes=\"(max-width: 750px) 100vw, 750px\" \/>\t\t\t\t\t\t\t\t<\/a>\n\t\t\t\t\t\t\t\t\t\t\t\t\t<\/div>\n\t\t\t\t<\/div>\n\t\t\t\t\t<\/div>\n\t\t<\/div>\n\t\t\t\t<div class=\"elementor-column elementor-col-25 elementor-top-column elementor-element elementor-element-eac9b2d\" data-id=\"eac9b2d\" data-element_type=\"column\">\n\t\t\t<div class=\"elementor-widget-wrap elementor-element-populated\">\n\t\t\t\t\t\t<div class=\"elementor-element elementor-element-79e1ff3 elementor-widget elementor-widget-image\" data-id=\"79e1ff3\" data-element_type=\"widget\" data-widget_type=\"image.default\">\n\t\t\t\t<div class=\"elementor-widget-container\">\n\t\t\t\t\t\t\t\t\t\t\t\t\t\t<a href=\"#luftfracht\">\n\t\t\t\t\t\t\t<img decoding=\"async\" width=\"750\" height=\"750\" src=\"https:\/\/www.lit.de\/wp-content\/uploads\/2025\/12\/Luftfracht_Vorschau_franz.jpg\" class=\"attachment-large size-large wp-image-122555\" alt=\"\" srcset=\"https:\/\/www.lit.de\/wp-content\/uploads\/2025\/12\/Luftfracht_Vorschau_franz.jpg 750w, https:\/\/www.lit.de\/wp-content\/uploads\/2025\/12\/Luftfracht_Vorschau_franz-500x500.jpg 500w, https:\/\/www.lit.de\/wp-content\/uploads\/2025\/12\/Luftfracht_Vorschau_franz-150x150.jpg 150w\" sizes=\"(max-width: 750px) 100vw, 750px\" \/>\t\t\t\t\t\t\t\t<\/a>\n\t\t\t\t\t\t\t\t\t\t\t\t\t<\/div>\n\t\t\t\t<\/div>\n\t\t\t\t\t<\/div>\n\t\t<\/div>\n\t\t\t\t<div class=\"elementor-column elementor-col-25 elementor-top-column elementor-element elementor-element-993fa8f\" data-id=\"993fa8f\" data-element_type=\"column\">\n\t\t\t<div class=\"elementor-widget-wrap elementor-element-populated\">\n\t\t\t\t\t\t<div class=\"elementor-element elementor-element-75bf745 elementor-widget elementor-widget-image\" data-id=\"75bf745\" data-element_type=\"widget\" data-widget_type=\"image.default\">\n\t\t\t\t<div class=\"elementor-widget-container\">\n\t\t\t\t\t\t\t\t\t\t\t\t\t\t<a href=\"#seefracht\">\n\t\t\t\t\t\t\t<img decoding=\"async\" width=\"750\" height=\"750\" src=\"https:\/\/www.lit.de\/wp-content\/uploads\/2025\/12\/Seefracht_Vorschau_franz.jpg\" class=\"attachment-large size-large wp-image-122561\" alt=\"\" srcset=\"https:\/\/www.lit.de\/wp-content\/uploads\/2025\/12\/Seefracht_Vorschau_franz.jpg 750w, https:\/\/www.lit.de\/wp-content\/uploads\/2025\/12\/Seefracht_Vorschau_franz-500x500.jpg 500w, https:\/\/www.lit.de\/wp-content\/uploads\/2025\/12\/Seefracht_Vorschau_franz-150x150.jpg 150w\" sizes=\"(max-width: 750px) 100vw, 750px\" \/>\t\t\t\t\t\t\t\t<\/a>\n\t\t\t\t\t\t\t\t\t\t\t\t\t<\/div>\n\t\t\t\t<\/div>\n\t\t\t\t\t<\/div>\n\t\t<\/div>\n\t\t\t\t<div class=\"elementor-column elementor-col-25 elementor-top-column elementor-element elementor-element-5ee747e\" data-id=\"5ee747e\" data-element_type=\"column\">\n\t\t\t<div class=\"elementor-widget-wrap elementor-element-populated\">\n\t\t\t\t\t\t<div class=\"elementor-element elementor-element-3bbf498 elementor-widget elementor-widget-image\" data-id=\"3bbf498\" data-element_type=\"widget\" data-widget_type=\"image.default\">\n\t\t\t\t<div class=\"elementor-widget-container\">\n\t\t\t\t\t\t\t\t\t\t\t\t\t\t<a href=\"#kombinierte-verkehre\">\n\t\t\t\t\t\t\t<img loading=\"lazy\" decoding=\"async\" width=\"750\" height=\"750\" src=\"https:\/\/www.lit.de\/wp-content\/uploads\/2025\/12\/Kombinierter-Verkehr_Vorschau_franz.jpg\" class=\"attachment-large size-large wp-image-122543\" alt=\"\" srcset=\"https:\/\/www.lit.de\/wp-content\/uploads\/2025\/12\/Kombinierter-Verkehr_Vorschau_franz.jpg 750w, https:\/\/www.lit.de\/wp-content\/uploads\/2025\/12\/Kombinierter-Verkehr_Vorschau_franz-500x500.jpg 500w, https:\/\/www.lit.de\/wp-content\/uploads\/2025\/12\/Kombinierter-Verkehr_Vorschau_franz-150x150.jpg 150w\" sizes=\"(max-width: 750px) 100vw, 750px\" \/>\t\t\t\t\t\t\t\t<\/a>\n\t\t\t\t\t\t\t\t\t\t\t\t\t<\/div>\n\t\t\t\t<\/div>\n\t\t\t\t\t<\/div>\n\t\t<\/div>\n\t\t\t\t\t<\/div>\n\t\t<\/section>\n\t\t\t\t<section class=\"elementor-section elementor-top-section elementor-element elementor-element-0a378c0 elementor-section-boxed elementor-section-height-default elementor-section-height-default\" data-id=\"0a378c0\" data-element_type=\"section\">\n\t\t\t\t\t\t<div class=\"elementor-container elementor-column-gap-no\">\n\t\t\t\t\t<div class=\"elementor-column elementor-col-100 elementor-top-column elementor-element elementor-element-cb262e0\" data-id=\"cb262e0\" data-element_type=\"column\">\n\t\t\t<div class=\"elementor-widget-wrap elementor-element-populated\">\n\t\t\t\t\t\t<div class=\"elementor-element elementor-element-b60a5d5 elementor-widget elementor-widget-text-editor\" data-id=\"b60a5d5\" data-element_type=\"widget\" data-widget_type=\"text-editor.default\">\n\t\t\t\t<div class=\"elementor-widget-container\">\n\t\t\t\t\t\t\t<h4>Gr\u00e2ce \u00e0 notre r\u00e9seau de plus de 100 agences dans 23 pays \u00e0 travers le monde et \u00e0 une collaboration efficace avec des partenaires et agents internationaux, nous assurons pour vous une cha\u00eene logistique ininterrompue \u00e0 l\u2019\u00e9chelle mondiale. Que nous transportions vos marchandises par mer, route, rail ou air, nous \u00e9laborons la solution optimale et adapt\u00e9e \u00e0 vos besoins \u2013 y compris en mati\u00e8re de durabilit\u00e9. Apr\u00e8s tout, au cours des cinq derni\u00e8res ann\u00e9es, nous avons r\u00e9ussi \u00e0 r\u00e9duire nos \u00e9missions de CO2 de plus de 20 %.<\/h4>\n\t\t\t\t\t\t<\/div>\n\t\t\t\t<\/div>\n\t\t\t\t\t<\/div>\n\t\t<\/div>\n\t\t\t\t\t<\/div>\n\t\t<\/section>\n\t\t\t\t<section class=\"elementor-section elementor-top-section elementor-element elementor-element-1f05666 elementor-section-boxed elementor-section-height-default elementor-section-height-default\" data-id=\"1f05666\" data-element_type=\"section\" data-settings=\"{&quot;background_background&quot;:&quot;classic&quot;}\">\n\t\t\t\t\t\t<div class=\"elementor-container elementor-column-gap-no\">\n\t\t\t\t\t<div class=\"elementor-column elementor-col-100 elementor-top-column elementor-element elementor-element-92f1de9\" data-id=\"92f1de9\" data-element_type=\"column\" data-settings=\"{&quot;background_background&quot;:&quot;classic&quot;}\">\n\t\t\t<div class=\"elementor-widget-wrap elementor-element-populated\">\n\t\t\t\t\t\t<div class=\"elementor-element elementor-element-395afc6 elementor-widget elementor-widget-menu-anchor\" data-id=\"395afc6\" data-element_type=\"widget\" data-widget_type=\"menu-anchor.default\">\n\t\t\t\t<div class=\"elementor-widget-container\">\n\t\t\t\t\t<div id=\"lkw-transporte\" class=\"elementor-menu-anchor\"><\/div>\n\t\t\t\t<\/div>\n\t\t\t\t<\/div>\n\t\t\t\t\t<\/div>\n\t\t<\/div>\n\t\t\t\t\t<\/div>\n\t\t<\/section>\n\t\t\t\t<section class=\"elementor-section elementor-top-section elementor-element elementor-element-9edd6db elementor-section-boxed elementor-section-height-default elementor-section-height-default\" data-id=\"9edd6db\" data-element_type=\"section\" data-settings=\"{&quot;background_background&quot;:&quot;classic&quot;}\">\n\t\t\t\t\t\t<div class=\"elementor-container elementor-column-gap-no\">\n\t\t\t\t\t<div class=\"elementor-column elementor-col-100 elementor-top-column elementor-element elementor-element-799b2ef\" data-id=\"799b2ef\" data-element_type=\"column\">\n\t\t\t<div class=\"elementor-widget-wrap elementor-element-populated\">\n\t\t\t\t\t\t<div class=\"elementor-element elementor-element-082bec5 elementor-widget elementor-widget-text-editor\" data-id=\"082bec5\" data-element_type=\"widget\" data-widget_type=\"text-editor.default\">\n\t\t\t\t<div class=\"elementor-widget-container\">\n\t\t\t\t\t\t\t<p>TRANSPORTS ROUTIERS<\/p>\n\t\t\t\t\t\t<\/div>\n\t\t\t\t<\/div>\n\t\t\t\t<div class=\"elementor-element elementor-element-f9e216b elementor-widget elementor-widget-heading\" data-id=\"f9e216b\" data-element_type=\"widget\" data-widget_type=\"heading.default\">\n\t\t\t\t<div class=\"elementor-widget-container\">\n\t\t\t<h1 class=\"elementor-heading-title elementor-size-default\">DU PETIT AU G\u00c9ANT !<\/h1>\t\t<\/div>\n\t\t\t\t<\/div>\n\t\t\t\t<div class=\"elementor-element elementor-element-1d84359 elementor-widget elementor-widget-heading\" data-id=\"1d84359\" data-element_type=\"widget\" data-widget_type=\"heading.default\">\n\t\t\t\t<div class=\"elementor-widget-container\">\n\t\t\t<h2 class=\"elementor-heading-title elementor-size-default\">NOUS SOMMES PR\u00c9SENTS SUR LES ROUTES EUROP\u00c9ENNES DE MANI\u00c8RE DURABLE POUR VOUS<\/h2>\t\t<\/div>\n\t\t\t\t<\/div>\n\t\t\t\t\t<\/div>\n\t\t<\/div>\n\t\t\t\t\t<\/div>\n\t\t<\/section>\n\t\t\t\t<section class=\"elementor-section elementor-top-section elementor-element elementor-element-aba616b elementor-hidden-tablet elementor-hidden-phone elementor-section-boxed elementor-section-height-default elementor-section-height-default\" data-id=\"aba616b\" data-element_type=\"section\" data-settings=\"{&quot;background_background&quot;:&quot;classic&quot;}\">\n\t\t\t\t\t\t<div class=\"elementor-container elementor-column-gap-no\">\n\t\t\t\t\t<div class=\"elementor-column elementor-col-33 elementor-top-column elementor-element elementor-element-57f13c9\" data-id=\"57f13c9\" data-element_type=\"column\">\n\t\t\t<div class=\"elementor-widget-wrap elementor-element-populated\">\n\t\t\t\t\t\t<div class=\"elementor-element elementor-element-25626a5 elementor-widget elementor-widget-text-editor\" data-id=\"25626a5\" data-element_type=\"widget\" data-widget_type=\"text-editor.default\">\n\t\t\t\t<div class=\"elementor-widget-container\">\n\t\t\t\t\t\t\t<p>Avec nos 1 850 unit\u00e9s de transport, 5 400 caisses mobiles et 1 600 semi-remorques propres, nous vous proposons des transports mondiaux pour charges partielles et compl\u00e8tes. En plus des transports nationaux \u00e9tendus, nous assurons quotidiennement des flux d\u2019importation et d\u2019exportation vers l\u2019Europe centrale et m\u00e9ridionale, le Royaume-Uni, la Scandinavie ainsi que l\u2019Europe de l\u2019Est. Quel que soit le <a href=\"https:\/\/www.lit.de\/fr\/branchenkompetenz\/\">secteur<\/a> ou le client, nous faisons partie des sp\u00e9cialistes du transport \u00e0 l\u2019int\u00e9rieur de l\u2019Allemagne ainsi que depuis et vers la France, l\u2019Italie, la Pologne et le Royaume-Uni.<\/p>\n<p>Le temps, c\u2019est de l\u2019argent ! C\u2019est pourquoi la r\u00e9servation de cr\u00e9neaux horaires, la livraison juste-\u00e0-temps, une cha\u00eene d\u2019information ininterrompue, le suivi Track &amp; Trace, et bien plus encore, font partie de notre pratique quotidienne. Gr\u00e2ce \u00e0 nos propres <a href=\"https:\/\/www.lit.de\/fr\/it-services\/\"><u>syst\u00e8mes informatiques<\/u>,<\/a> nous surveillons le transport en continu, sachant \u00e0 tout moment o\u00f9 se trouve un camion et quand il arrivera chez le client. Bien entendu, nous offrons \u00e9galement \u00e0 nos clients l\u2019\u00e9change de palettes Euro et D\u00fcsseldorf ainsi que de caisses grillag\u00e9es.<\/p>\n<p>Nous sommes <a href=\"https:\/\/www.elvis-ag.com\/de\/netzwerk\/partnerverzeichnis.html\" target=\"_blank\" rel=\"noopener noreferrer nofollow\">membre fondateur de l\u2019ELVIS AG<\/a> (European Load Alliance of International Forwarders) et formons, avec des entreprises de transport et de fret renomm\u00e9es et performantes, un r\u00e9seau europ\u00e9en de transport de charges compl\u00e8tes par camion.<\/p>\n\t\t\t\t\t\t<\/div>\n\t\t\t\t<\/div>\n\t\t\t\t\t<\/div>\n\t\t<\/div>\n\t\t\t\t<div class=\"elementor-column elementor-col-33 elementor-top-column elementor-element elementor-element-0d67b4b\" data-id=\"0d67b4b\" data-element_type=\"column\">\n\t\t\t<div class=\"elementor-widget-wrap elementor-element-populated\">\n\t\t\t\t\t\t<div class=\"elementor-element elementor-element-40024b3 elementor-widget elementor-widget-image\" data-id=\"40024b3\" data-element_type=\"widget\" data-widget_type=\"image.default\">\n\t\t\t\t<div class=\"elementor-widget-container\">\n\t\t\t\t\t\t\t\t\t\t\t\t\t<img loading=\"lazy\" decoding=\"async\" width=\"750\" height=\"750\" src=\"https:\/\/www.lit.de\/wp-content\/uploads\/2020\/07\/Sprinter.jpg\" class=\"attachment-medium_large size-medium_large wp-image-122528\" alt=\"\" srcset=\"https:\/\/www.lit.de\/wp-content\/uploads\/2020\/07\/Sprinter.jpg 750w, https:\/\/www.lit.de\/wp-content\/uploads\/2020\/07\/Sprinter-300x300.jpg 300w, https:\/\/www.lit.de\/wp-content\/uploads\/2020\/07\/Sprinter-100x100.jpg 100w, https:\/\/www.lit.de\/wp-content\/uploads\/2020\/07\/Sprinter-600x600.jpg 600w\" sizes=\"(max-width: 750px) 100vw, 750px\" \/>\t\t\t\t\t\t\t\t\t\t\t\t\t<\/div>\n\t\t\t\t<\/div>\n\t\t\t\t\t<\/div>\n\t\t<\/div>\n\t\t\t\t<div class=\"elementor-column elementor-col-33 elementor-top-column elementor-element elementor-element-cc7c415\" data-id=\"cc7c415\" data-element_type=\"column\">\n\t\t\t<div class=\"elementor-widget-wrap elementor-element-populated\">\n\t\t\t\t\t\t<div class=\"elementor-element elementor-element-db5c54c elementor-hidden-tablet elementor-hidden-phone elementor-widget elementor-widget-image\" data-id=\"db5c54c\" data-element_type=\"widget\" data-widget_type=\"image.default\">\n\t\t\t\t<div class=\"elementor-widget-container\">\n\t\t\t\t\t\t\t\t\t\t\t\t\t<img loading=\"lazy\" decoding=\"async\" width=\"750\" height=\"750\" src=\"https:\/\/www.lit.de\/wp-content\/uploads\/2020\/08\/LKW-vor-LLC4.jpg\" class=\"attachment-large size-large wp-image-122531\" alt=\"\" srcset=\"https:\/\/www.lit.de\/wp-content\/uploads\/2020\/08\/LKW-vor-LLC4.jpg 750w, https:\/\/www.lit.de\/wp-content\/uploads\/2020\/08\/LKW-vor-LLC4-500x500.jpg 500w, https:\/\/www.lit.de\/wp-content\/uploads\/2020\/08\/LKW-vor-LLC4-150x150.jpg 150w\" sizes=\"(max-width: 750px) 100vw, 750px\" \/>\t\t\t\t\t\t\t\t\t\t\t\t\t<\/div>\n\t\t\t\t<\/div>\n\t\t\t\t\t<\/div>\n\t\t<\/div>\n\t\t\t\t\t<\/div>\n\t\t<\/section>\n\t\t\t\t<section class=\"elementor-section elementor-top-section elementor-element elementor-element-ccbe22a elementor-hidden-tablet elementor-hidden-phone elementor-section-boxed elementor-section-height-default elementor-section-height-default\" data-id=\"ccbe22a\" data-element_type=\"section\" data-settings=\"{&quot;background_background&quot;:&quot;classic&quot;}\">\n\t\t\t\t\t\t<div class=\"elementor-container elementor-column-gap-no\">\n\t\t\t\t\t<div class=\"elementor-column elementor-col-33 elementor-top-column elementor-element elementor-element-bfe0961\" data-id=\"bfe0961\" data-element_type=\"column\">\n\t\t\t<div class=\"elementor-widget-wrap elementor-element-populated\">\n\t\t\t\t\t\t<div class=\"elementor-element elementor-element-6e15b46 elementor-hidden-tablet elementor-hidden-phone elementor-widget elementor-widget-image\" data-id=\"6e15b46\" data-element_type=\"widget\" data-widget_type=\"image.default\">\n\t\t\t\t<div class=\"elementor-widget-container\">\n\t\t\t\t\t\t\t\t\t\t\t\t\t<img loading=\"lazy\" decoding=\"async\" width=\"550\" height=\"550\" src=\"https:\/\/www.lit.de\/wp-content\/uploads\/2020\/08\/lkw-kachel_xl.jpg\" class=\"attachment-full size-full wp-image-9824\" alt=\"\" srcset=\"https:\/\/www.lit.de\/wp-content\/uploads\/2020\/08\/lkw-kachel_xl.jpg 550w, https:\/\/www.lit.de\/wp-content\/uploads\/2020\/08\/lkw-kachel_xl-500x500.jpg 500w, https:\/\/www.lit.de\/wp-content\/uploads\/2020\/08\/lkw-kachel_xl-150x150.jpg 150w\" sizes=\"(max-width: 550px) 100vw, 550px\" \/>\t\t\t\t\t\t\t\t\t\t\t\t\t<\/div>\n\t\t\t\t<\/div>\n\t\t\t\t\t<\/div>\n\t\t<\/div>\n\t\t\t\t<div class=\"elementor-column elementor-col-33 elementor-top-column elementor-element elementor-element-db77e8b\" data-id=\"db77e8b\" data-element_type=\"column\">\n\t\t\t<div class=\"elementor-widget-wrap elementor-element-populated\">\n\t\t\t\t\t\t<div class=\"elementor-element elementor-element-0037460 elementor-hidden-tablet elementor-hidden-phone elementor-widget elementor-widget-image\" data-id=\"0037460\" data-element_type=\"widget\" data-widget_type=\"image.default\">\n\t\t\t\t<div class=\"elementor-widget-container\">\n\t\t\t\t\t\t\t\t\t\t\t\t\t<img loading=\"lazy\" decoding=\"async\" width=\"1024\" height=\"1024\" src=\"https:\/\/www.lit.de\/wp-content\/uploads\/2020\/09\/Iveco-NP_1024-X-1024-px.jpg\" class=\"attachment-full size-full wp-image-122537\" alt=\"\" srcset=\"https:\/\/www.lit.de\/wp-content\/uploads\/2020\/09\/Iveco-NP_1024-X-1024-px.jpg 1024w, https:\/\/www.lit.de\/wp-content\/uploads\/2020\/09\/Iveco-NP_1024-X-1024-px-300x300.jpg 300w, https:\/\/www.lit.de\/wp-content\/uploads\/2020\/09\/Iveco-NP_1024-X-1024-px-100x100.jpg 100w, https:\/\/www.lit.de\/wp-content\/uploads\/2020\/09\/Iveco-NP_1024-X-1024-px-600x600.jpg 600w\" sizes=\"(max-width: 1024px) 100vw, 1024px\" \/>\t\t\t\t\t\t\t\t\t\t\t\t\t<\/div>\n\t\t\t\t<\/div>\n\t\t\t\t\t<\/div>\n\t\t<\/div>\n\t\t\t\t<div class=\"elementor-column elementor-col-33 elementor-top-column elementor-element elementor-element-c889156\" data-id=\"c889156\" data-element_type=\"column\">\n\t\t\t<div class=\"elementor-widget-wrap elementor-element-populated\">\n\t\t\t\t\t\t<div class=\"elementor-element elementor-element-b5bc0de elementor-widget elementor-widget-accordion\" data-id=\"b5bc0de\" data-element_type=\"widget\" data-widget_type=\"accordion.default\">\n\t\t\t\t<div class=\"elementor-widget-container\">\n\t\t\t\t\t<div class=\"elementor-accordion\">\n\t\t\t\t\t\t\t<div class=\"elementor-accordion-item\">\n\t\t\t\t\t<div id=\"elementor-tab-title-1901\" class=\"elementor-tab-title\" data-tab=\"1\" role=\"button\" aria-controls=\"elementor-tab-content-1901\" aria-expanded=\"false\">\n\t\t\t\t\t\t\t\t\t\t\t\t\t<span class=\"elementor-accordion-icon elementor-accordion-icon-right\" aria-hidden=\"true\">\n\t\t\t\t\t\t\t\t\t\t\t\t\t\t\t<span class=\"elementor-accordion-icon-closed\"><i class=\"fas fa-plus\"><\/i><\/span>\n\t\t\t\t\t\t\t\t<span class=\"elementor-accordion-icon-opened\"><i class=\"fas fa-minus\"><\/i><\/span>\n\t\t\t\t\t\t\t\t\t\t\t\t\t\t<\/span>\n\t\t\t\t\t\t\t\t\t\t\t\t<a class=\"elementor-accordion-title\" tabindex=\"0\">FLOTTE DE CAMIONS<\/a>\n\t\t\t\t\t<\/div>\n\t\t\t\t\t<div id=\"elementor-tab-content-1901\" class=\"elementor-tab-content elementor-clearfix\" data-tab=\"1\" role=\"region\" aria-labelledby=\"elementor-tab-title-1901\"><h5>PARC VEHICULES<\/h5>\n<ul>\n<li>2 160 camions (tracteurs semi-remorques Low-Liner, ensembles articul\u00e9s Jumbo, Ultralight, ensembles \u00e0 semi-remorques Jumbo avec caisses mobiles)<\/li>\n<li>5 400 caisses mobiles<\/li>\n<li>1 600 semi-remorques (standard, m\u00e9gatrailer, semi-remorques \u00e0 plateau bas, remorques pour pneus)<\/li>\n<\/ul>\n<p><\/p>\n<h5>\u00c9QUIPEMENT SP\u00c9CIAL<\/h5>\n<ul>\n<li>Toit relevable<\/li>\n<li>Produits innovants (p. ex. technique de d\u00e9chargement automatique, motorisations alternatives)<\/li>\n<li>Semi-remorques \u00e0 planification rapide<\/li>\n<li>Safe-Server<\/li>\n<li>Profiliner avec paroi de chargement<\/li>\n<li>Semi-remorques pour bobines, semi-remorques pour bobines courtes<\/li>\n<\/ul>\n<\/div>\n\t\t\t\t<\/div>\n\t\t\t\t\t\t\t<div class=\"elementor-accordion-item\">\n\t\t\t\t\t<div id=\"elementor-tab-title-1902\" class=\"elementor-tab-title\" data-tab=\"2\" role=\"button\" aria-controls=\"elementor-tab-content-1902\" aria-expanded=\"false\">\n\t\t\t\t\t\t\t\t\t\t\t\t\t<span class=\"elementor-accordion-icon elementor-accordion-icon-right\" aria-hidden=\"true\">\n\t\t\t\t\t\t\t\t\t\t\t\t\t\t\t<span class=\"elementor-accordion-icon-closed\"><i class=\"fas fa-plus\"><\/i><\/span>\n\t\t\t\t\t\t\t\t<span class=\"elementor-accordion-icon-opened\"><i class=\"fas fa-minus\"><\/i><\/span>\n\t\t\t\t\t\t\t\t\t\t\t\t\t\t<\/span>\n\t\t\t\t\t\t\t\t\t\t\t\t<a class=\"elementor-accordion-title\" tabindex=\"0\">SERVICES<\/a>\n\t\t\t\t\t<\/div>\n\t\t\t\t\t<div id=\"elementor-tab-content-1902\" class=\"elementor-tab-content elementor-clearfix\" data-tab=\"2\" role=\"region\" aria-labelledby=\"elementor-tab-title-1902\"><ul>\n<li><span style=\"color: #000000;\">Suivi des envois (Track &amp; Trace)<\/span><\/li>\n<li><span style=\"color: #000000;\">D\u00e9douanement<\/span><\/li>\n<li><span style=\"color: #000000;\">Contr\u00f4le des charges (pesage, comptage, mesure)<\/span><\/li>\n<li><span style=\"color: #000000;\">Stockage interm\u00e9diaire<\/span><\/li>\n<li><span style=\"color: #000000;\">Cross-docking<\/span><\/li>\n<li><span style=\"color: #000000;\">Interfaces EDI avec clients et fournisseurs<br \/>\n<\/span><\/li>\n<\/ul>\n<\/div>\n\t\t\t\t<\/div>\n\t\t\t\t\t\t\t\t<\/div>\n\t\t\t\t<\/div>\n\t\t\t\t<\/div>\n\t\t\t\t\t<\/div>\n\t\t<\/div>\n\t\t\t\t\t<\/div>\n\t\t<\/section>\n\t\t\t\t<section class=\"elementor-section elementor-top-section elementor-element elementor-element-99dca74 elementor-hidden-desktop elementor-reverse-mobile elementor-section-boxed elementor-section-height-default elementor-section-height-default\" data-id=\"99dca74\" data-element_type=\"section\" data-settings=\"{&quot;background_background&quot;:&quot;classic&quot;}\">\n\t\t\t\t\t\t<div class=\"elementor-container elementor-column-gap-no\">\n\t\t\t\t\t<div class=\"elementor-column elementor-col-33 elementor-top-column elementor-element elementor-element-96b1983\" data-id=\"96b1983\" data-element_type=\"column\">\n\t\t\t<div class=\"elementor-widget-wrap elementor-element-populated\">\n\t\t\t\t\t\t<div class=\"elementor-element elementor-element-646d792 elementor-widget elementor-widget-text-editor\" data-id=\"646d792\" data-element_type=\"widget\" data-widget_type=\"text-editor.default\">\n\t\t\t\t<div class=\"elementor-widget-container\">\n\t\t\t\t\t\t\t<p>Avec nos 1 850 unit\u00e9s de transport, 5 400 caisses mobiles et 1 600 semi-remorques propres, nous vous proposons des transports mondiaux pour charges partielles et compl\u00e8tes. En plus des transports nationaux \u00e9tendus, nous assurons quotidiennement des flux d\u2019importation et d\u2019exportation vers l\u2019Europe centrale et m\u00e9ridionale, le Royaume-Uni, la Scandinavie ainsi que l\u2019Europe de l\u2019Est. Quel que soit le<strong><u> secteur<\/u><\/strong> ou le client, nous faisons partie des sp\u00e9cialistes du transport \u00e0 l\u2019int\u00e9rieur de l\u2019Allemagne ainsi que depuis et vers la France, l\u2019Italie, la Pologne et le Royaume-Uni.<\/p>\n<p>Le temps, c\u2019est de l\u2019argent ! C\u2019est pourquoi la r\u00e9servation de cr\u00e9neaux horaires, la livraison juste-\u00e0-temps, une cha\u00eene d\u2019information ininterrompue, le suivi Track &amp; Trace, et bien plus encore, font partie de notre pratique quotidienne. Gr\u00e2ce \u00e0 nos propres <a href=\"https:\/\/www.elvis-ag.com\/de\/netzwerk\/partnerverzeichnis.html\" target=\"_blank\" rel=\"noopener noreferrer nofollow\"><u>syst\u00e8mes informatiques<\/u>,<\/a> nous surveillons le transport en continu, sachant \u00e0 tout moment o\u00f9 se trouve un camion et quand il arrivera chez le client. Bien entendu, nous offrons \u00e9galement \u00e0 nos clients l\u2019\u00e9change de palettes Euro et D\u00fcsseldorf ainsi que de caisses grillag\u00e9es.<\/p>\n<p>Nous sommes membre fondateur de l\u2019ELVIS AG (European Load Alliance of International Forwarders) et formons, avec des entreprises de transport et de fret renomm\u00e9es et performantes, un r\u00e9seau europ\u00e9en de transport de charges compl\u00e8tes par camion.<\/p>\n\t\t\t\t\t\t<\/div>\n\t\t\t\t<\/div>\n\t\t\t\t\t<\/div>\n\t\t<\/div>\n\t\t\t\t<div class=\"elementor-column elementor-col-33 elementor-top-column elementor-element elementor-element-ed3d474\" data-id=\"ed3d474\" data-element_type=\"column\">\n\t\t\t<div class=\"elementor-widget-wrap elementor-element-populated\">\n\t\t\t\t\t\t<div class=\"elementor-element elementor-element-f0b9178 elementor-widget elementor-widget-image\" data-id=\"f0b9178\" data-element_type=\"widget\" data-widget_type=\"image.default\">\n\t\t\t\t<div class=\"elementor-widget-container\">\n\t\t\t\t\t\t\t\t\t\t\t\t\t<img loading=\"lazy\" decoding=\"async\" width=\"750\" height=\"750\" src=\"https:\/\/www.lit.de\/wp-content\/uploads\/2020\/07\/Sprinter.jpg\" class=\"attachment-medium_large size-medium_large wp-image-122528\" alt=\"\" srcset=\"https:\/\/www.lit.de\/wp-content\/uploads\/2020\/07\/Sprinter.jpg 750w, https:\/\/www.lit.de\/wp-content\/uploads\/2020\/07\/Sprinter-300x300.jpg 300w, https:\/\/www.lit.de\/wp-content\/uploads\/2020\/07\/Sprinter-100x100.jpg 100w, https:\/\/www.lit.de\/wp-content\/uploads\/2020\/07\/Sprinter-600x600.jpg 600w\" sizes=\"(max-width: 750px) 100vw, 750px\" \/>\t\t\t\t\t\t\t\t\t\t\t\t\t<\/div>\n\t\t\t\t<\/div>\n\t\t\t\t<div class=\"elementor-element elementor-element-35856cd elementor-hidden-desktop elementor-widget elementor-widget-image\" data-id=\"35856cd\" data-element_type=\"widget\" data-widget_type=\"image.default\">\n\t\t\t\t<div class=\"elementor-widget-container\">\n\t\t\t\t\t\t\t\t\t\t\t\t\t<img loading=\"lazy\" decoding=\"async\" width=\"550\" height=\"550\" src=\"https:\/\/www.lit.de\/wp-content\/uploads\/2020\/08\/lkw-kachel_xl.jpg\" class=\"attachment-full size-full wp-image-9824\" alt=\"\" srcset=\"https:\/\/www.lit.de\/wp-content\/uploads\/2020\/08\/lkw-kachel_xl.jpg 550w, https:\/\/www.lit.de\/wp-content\/uploads\/2020\/08\/lkw-kachel_xl-500x500.jpg 500w, https:\/\/www.lit.de\/wp-content\/uploads\/2020\/08\/lkw-kachel_xl-150x150.jpg 150w\" sizes=\"(max-width: 550px) 100vw, 550px\" \/>\t\t\t\t\t\t\t\t\t\t\t\t\t<\/div>\n\t\t\t\t<\/div>\n\t\t\t\t\t<\/div>\n\t\t<\/div>\n\t\t\t\t<div class=\"elementor-column elementor-col-33 elementor-top-column elementor-element elementor-element-5009530\" data-id=\"5009530\" data-element_type=\"column\">\n\t\t\t<div class=\"elementor-widget-wrap elementor-element-populated\">\n\t\t\t\t\t\t<div class=\"elementor-element elementor-element-8ceb41c elementor-hidden-desktop elementor-widget elementor-widget-image\" data-id=\"8ceb41c\" data-element_type=\"widget\" data-widget_type=\"image.default\">\n\t\t\t\t<div class=\"elementor-widget-container\">\n\t\t\t\t\t\t\t\t\t\t\t\t\t<img loading=\"lazy\" decoding=\"async\" width=\"750\" height=\"750\" src=\"https:\/\/www.lit.de\/wp-content\/uploads\/2020\/08\/LKW-vor-LLC4.jpg\" class=\"attachment-large size-large wp-image-122531\" alt=\"\" srcset=\"https:\/\/www.lit.de\/wp-content\/uploads\/2020\/08\/LKW-vor-LLC4.jpg 750w, https:\/\/www.lit.de\/wp-content\/uploads\/2020\/08\/LKW-vor-LLC4-500x500.jpg 500w, https:\/\/www.lit.de\/wp-content\/uploads\/2020\/08\/LKW-vor-LLC4-150x150.jpg 150w\" sizes=\"(max-width: 750px) 100vw, 750px\" \/>\t\t\t\t\t\t\t\t\t\t\t\t\t<\/div>\n\t\t\t\t<\/div>\n\t\t\t\t<div class=\"elementor-element elementor-element-bf05e71 elementor-hidden-desktop elementor-hidden-tablet elementor-widget elementor-widget-image\" data-id=\"bf05e71\" data-element_type=\"widget\" data-widget_type=\"image.default\">\n\t\t\t\t<div class=\"elementor-widget-container\">\n\t\t\t\t\t\t\t\t\t\t\t\t\t<img loading=\"lazy\" decoding=\"async\" width=\"1024\" height=\"1024\" src=\"https:\/\/www.lit.de\/wp-content\/uploads\/2020\/09\/Iveco-NP_1024-X-1024-px.jpg\" class=\"attachment-full size-full wp-image-122537\" alt=\"\" srcset=\"https:\/\/www.lit.de\/wp-content\/uploads\/2020\/09\/Iveco-NP_1024-X-1024-px.jpg 1024w, https:\/\/www.lit.de\/wp-content\/uploads\/2020\/09\/Iveco-NP_1024-X-1024-px-300x300.jpg 300w, https:\/\/www.lit.de\/wp-content\/uploads\/2020\/09\/Iveco-NP_1024-X-1024-px-100x100.jpg 100w, https:\/\/www.lit.de\/wp-content\/uploads\/2020\/09\/Iveco-NP_1024-X-1024-px-600x600.jpg 600w\" sizes=\"(max-width: 1024px) 100vw, 1024px\" \/>\t\t\t\t\t\t\t\t\t\t\t\t\t<\/div>\n\t\t\t\t<\/div>\n\t\t\t\t\t<\/div>\n\t\t<\/div>\n\t\t\t\t\t<\/div>\n\t\t<\/section>\n\t\t\t\t<section class=\"elementor-section elementor-top-section elementor-element elementor-element-d8584e4 elementor-hidden-desktop elementor-section-boxed elementor-section-height-default elementor-section-height-default\" data-id=\"d8584e4\" data-element_type=\"section\" data-settings=\"{&quot;background_background&quot;:&quot;classic&quot;}\">\n\t\t\t\t\t\t<div class=\"elementor-container elementor-column-gap-no\">\n\t\t\t\t\t<div class=\"elementor-column elementor-col-100 elementor-top-column elementor-element elementor-element-2e36166\" data-id=\"2e36166\" data-element_type=\"column\">\n\t\t\t<div class=\"elementor-widget-wrap elementor-element-populated\">\n\t\t\t\t\t\t<div class=\"elementor-element elementor-element-4731180 elementor-widget elementor-widget-accordion\" data-id=\"4731180\" data-element_type=\"widget\" data-widget_type=\"accordion.default\">\n\t\t\t\t<div class=\"elementor-widget-container\">\n\t\t\t\t\t<div class=\"elementor-accordion\">\n\t\t\t\t\t\t\t<div class=\"elementor-accordion-item\">\n\t\t\t\t\t<div id=\"elementor-tab-title-7461\" class=\"elementor-tab-title\" data-tab=\"1\" role=\"button\" aria-controls=\"elementor-tab-content-7461\" aria-expanded=\"false\">\n\t\t\t\t\t\t\t\t\t\t\t\t\t<span class=\"elementor-accordion-icon elementor-accordion-icon-right\" aria-hidden=\"true\">\n\t\t\t\t\t\t\t\t\t\t\t\t\t\t\t<span class=\"elementor-accordion-icon-closed\"><i class=\"fas fa-plus\"><\/i><\/span>\n\t\t\t\t\t\t\t\t<span class=\"elementor-accordion-icon-opened\"><i class=\"fas fa-minus\"><\/i><\/span>\n\t\t\t\t\t\t\t\t\t\t\t\t\t\t<\/span>\n\t\t\t\t\t\t\t\t\t\t\t\t<a class=\"elementor-accordion-title\" tabindex=\"0\">FLOTTE DE CAMIONS<\/a>\n\t\t\t\t\t<\/div>\n\t\t\t\t\t<div id=\"elementor-tab-content-7461\" class=\"elementor-tab-content elementor-clearfix\" data-tab=\"1\" role=\"region\" aria-labelledby=\"elementor-tab-title-7461\"><ul>\n<li>1 850 camions (tracteurs semi-remorques Low-Liner, ensembles articul\u00e9s Jumbo, Ultralight, ensembles \u00e0 semi-remorques Jumbo avec caisses mobiles)<\/li>\n<li>5 400 caisses mobiles<\/li>\n<li>1 600 semi-remorques (standard, m\u00e9gatrailer, semi-remorques \u00e0 plateau bas, remorques pour pneus)<\/li>\n<li>Toit relevable<\/li>\n<li>Produits innovants (p. ex. technique de d\u00e9chargement automatique, motorisations alternatives)<\/li>\n<li>Semi-remorques \u00e0 planification rapide<\/li>\n<li>Safe-Server<\/li>\n<li>Profiliner avec paroi de chargement<\/li>\n<li>Semi-remorques pour bobines, semi-remorques pour bobines courtes<\/li>\n<\/ul>\n<\/div>\n\t\t\t\t<\/div>\n\t\t\t\t\t\t\t<div class=\"elementor-accordion-item\">\n\t\t\t\t\t<div id=\"elementor-tab-title-7462\" class=\"elementor-tab-title\" data-tab=\"2\" role=\"button\" aria-controls=\"elementor-tab-content-7462\" aria-expanded=\"false\">\n\t\t\t\t\t\t\t\t\t\t\t\t\t<span class=\"elementor-accordion-icon elementor-accordion-icon-right\" aria-hidden=\"true\">\n\t\t\t\t\t\t\t\t\t\t\t\t\t\t\t<span class=\"elementor-accordion-icon-closed\"><i class=\"fas fa-plus\"><\/i><\/span>\n\t\t\t\t\t\t\t\t<span class=\"elementor-accordion-icon-opened\"><i class=\"fas fa-minus\"><\/i><\/span>\n\t\t\t\t\t\t\t\t\t\t\t\t\t\t<\/span>\n\t\t\t\t\t\t\t\t\t\t\t\t<a class=\"elementor-accordion-title\" tabindex=\"0\">SERVICES<\/a>\n\t\t\t\t\t<\/div>\n\t\t\t\t\t<div id=\"elementor-tab-content-7462\" class=\"elementor-tab-content elementor-clearfix\" data-tab=\"2\" role=\"region\" aria-labelledby=\"elementor-tab-title-7462\"><ul>\n<li>Suivi des envois (Track &amp; Trace)<\/li>\n<li>D\u00e9douanement<\/li>\n<li>Contr\u00f4le des charges (pesage, comptage, mesure)<\/li>\n<li>Stockage interm\u00e9diaire<\/li>\n<li>Cross-docking<\/li>\n<li>Interfaces EDI avec clients et fournisseurs<\/li>\n<\/ul>\n<\/div>\n\t\t\t\t<\/div>\n\t\t\t\t\t\t\t\t<\/div>\n\t\t\t\t<\/div>\n\t\t\t\t<\/div>\n\t\t\t\t\t<\/div>\n\t\t<\/div>\n\t\t\t\t\t<\/div>\n\t\t<\/section>\n\t\t\t\t<section class=\"elementor-section elementor-top-section elementor-element elementor-element-00277c1 elementor-section-boxed elementor-section-height-default elementor-section-height-default\" data-id=\"00277c1\" data-element_type=\"section\" data-settings=\"{&quot;background_background&quot;:&quot;classic&quot;}\">\n\t\t\t\t\t\t<div class=\"elementor-container elementor-column-gap-no\">\n\t\t\t\t\t<div class=\"elementor-column elementor-col-100 elementor-top-column elementor-element elementor-element-53a2530\" data-id=\"53a2530\" data-element_type=\"column\" data-settings=\"{&quot;background_background&quot;:&quot;classic&quot;}\">\n\t\t\t<div class=\"elementor-widget-wrap elementor-element-populated\">\n\t\t\t\t\t\t<div class=\"elementor-element elementor-element-5caddd2 elementor-widget elementor-widget-menu-anchor\" data-id=\"5caddd2\" data-element_type=\"widget\" data-widget_type=\"menu-anchor.default\">\n\t\t\t\t<div class=\"elementor-widget-container\">\n\t\t\t\t\t<div id=\"luftfracht\" class=\"elementor-menu-anchor\"><\/div>\n\t\t\t\t<\/div>\n\t\t\t\t<\/div>\n\t\t\t\t\t<\/div>\n\t\t<\/div>\n\t\t\t\t\t<\/div>\n\t\t<\/section>\n\t\t\t\t<section class=\"elementor-section elementor-top-section elementor-element elementor-element-6282897 elementor-section-boxed elementor-section-height-default elementor-section-height-default\" data-id=\"6282897\" data-element_type=\"section\" data-settings=\"{&quot;background_background&quot;:&quot;classic&quot;}\">\n\t\t\t\t\t\t<div class=\"elementor-container elementor-column-gap-default\">\n\t\t\t\t\t<div class=\"elementor-column elementor-col-100 elementor-top-column elementor-element elementor-element-c881906\" data-id=\"c881906\" data-element_type=\"column\">\n\t\t\t<div class=\"elementor-widget-wrap elementor-element-populated\">\n\t\t\t\t\t\t<div class=\"elementor-element elementor-element-a7e0d08 elementor-widget elementor-widget-text-editor\" data-id=\"a7e0d08\" data-element_type=\"widget\" data-widget_type=\"text-editor.default\">\n\t\t\t\t<div class=\"elementor-widget-container\">\n\t\t\t\t\t\t\t<p>FRET A\u00c9RIEN<\/p>\n\t\t\t\t\t\t<\/div>\n\t\t\t\t<\/div>\n\t\t\t\t<div class=\"elementor-element elementor-element-0e98854 elementor-widget elementor-widget-heading\" data-id=\"0e98854\" data-element_type=\"widget\" data-widget_type=\"heading.default\">\n\t\t\t\t<div class=\"elementor-widget-container\">\n\t\t\t<h1 class=\"elementor-heading-title elementor-size-default\">QUAND IL FAUT QUE \u00c7A AILLE VITE<\/h1>\t\t<\/div>\n\t\t\t\t<\/div>\n\t\t\t\t<div class=\"elementor-element elementor-element-967e22e elementor-widget elementor-widget-heading\" data-id=\"967e22e\" data-element_type=\"widget\" data-widget_type=\"heading.default\">\n\t\t\t\t<div class=\"elementor-widget-container\">\n\t\t\t<h2 class=\"elementor-heading-title elementor-size-default\">Avec nos services Airfreight, nous avons la solution id\u00e9ale pour vos marchandises sensibles au facteur temps<\/h2>\t\t<\/div>\n\t\t\t\t<\/div>\n\t\t\t\t\t<\/div>\n\t\t<\/div>\n\t\t\t\t\t<\/div>\n\t\t<\/section>\n\t\t\t\t<section class=\"elementor-section elementor-top-section elementor-element elementor-element-b1756e0 elementor-hidden-tablet elementor-hidden-phone elementor-section-boxed elementor-section-height-default elementor-section-height-default\" data-id=\"b1756e0\" data-element_type=\"section\" data-settings=\"{&quot;background_background&quot;:&quot;classic&quot;}\">\n\t\t\t\t\t\t<div class=\"elementor-container elementor-column-gap-no\">\n\t\t\t\t\t<div class=\"elementor-column elementor-col-33 elementor-top-column elementor-element elementor-element-942adc3\" data-id=\"942adc3\" data-element_type=\"column\">\n\t\t\t<div class=\"elementor-widget-wrap elementor-element-populated\">\n\t\t\t\t\t\t<div class=\"elementor-element elementor-element-4e12ff2 elementor-widget elementor-widget-image\" data-id=\"4e12ff2\" data-element_type=\"widget\" data-widget_type=\"image.default\">\n\t\t\t\t<div class=\"elementor-widget-container\">\n\t\t\t\t\t\t\t\t\t\t\t\t\t<img loading=\"lazy\" decoding=\"async\" width=\"750\" height=\"750\" src=\"https:\/\/www.lit.de\/wp-content\/uploads\/2020\/08\/Luftfracht-1_750-x-750-px.jpg\" class=\"attachment-large size-large wp-image-8895\" alt=\"\" srcset=\"https:\/\/www.lit.de\/wp-content\/uploads\/2020\/08\/Luftfracht-1_750-x-750-px.jpg 750w, https:\/\/www.lit.de\/wp-content\/uploads\/2020\/08\/Luftfracht-1_750-x-750-px-300x300.jpg 300w, https:\/\/www.lit.de\/wp-content\/uploads\/2020\/08\/Luftfracht-1_750-x-750-px-100x100.jpg 100w, https:\/\/www.lit.de\/wp-content\/uploads\/2020\/08\/Luftfracht-1_750-x-750-px-600x600.jpg 600w\" sizes=\"(max-width: 750px) 100vw, 750px\" \/>\t\t\t\t\t\t\t\t\t\t\t\t\t<\/div>\n\t\t\t\t<\/div>\n\t\t\t\t\t<\/div>\n\t\t<\/div>\n\t\t\t\t<div class=\"elementor-column elementor-col-33 elementor-top-column elementor-element elementor-element-ad46bae\" data-id=\"ad46bae\" data-element_type=\"column\">\n\t\t\t<div class=\"elementor-widget-wrap elementor-element-populated\">\n\t\t\t\t\t\t<div class=\"elementor-element elementor-element-d4c2590 elementor-widget elementor-widget-image\" data-id=\"d4c2590\" data-element_type=\"widget\" data-widget_type=\"image.default\">\n\t\t\t\t<div class=\"elementor-widget-container\">\n\t\t\t\t\t\t\t\t\t\t\t\t\t<img loading=\"lazy\" decoding=\"async\" width=\"750\" height=\"750\" src=\"https:\/\/www.lit.de\/wp-content\/uploads\/2020\/08\/Luftfracht-3_750-x-750-px.jpg\" class=\"attachment-large size-large wp-image-122533\" alt=\"\" srcset=\"https:\/\/www.lit.de\/wp-content\/uploads\/2020\/08\/Luftfracht-3_750-x-750-px.jpg 750w, https:\/\/www.lit.de\/wp-content\/uploads\/2020\/08\/Luftfracht-3_750-x-750-px-500x500.jpg 500w, https:\/\/www.lit.de\/wp-content\/uploads\/2020\/08\/Luftfracht-3_750-x-750-px-150x150.jpg 150w\" sizes=\"(max-width: 750px) 100vw, 750px\" \/>\t\t\t\t\t\t\t\t\t\t\t\t\t<\/div>\n\t\t\t\t<\/div>\n\t\t\t\t\t<\/div>\n\t\t<\/div>\n\t\t\t\t<div class=\"elementor-column elementor-col-33 elementor-top-column elementor-element elementor-element-f543b7c\" data-id=\"f543b7c\" data-element_type=\"column\">\n\t\t\t<div class=\"elementor-widget-wrap elementor-element-populated\">\n\t\t\t\t\t\t<div class=\"elementor-element elementor-element-4cddbc6 elementor-widget elementor-widget-text-editor\" data-id=\"4cddbc6\" data-element_type=\"widget\" data-widget_type=\"text-editor.default\">\n\t\t\t\t<div class=\"elementor-widget-container\">\n\t\t\t\t\t\t\t<p><a href=\"https:\/\/www.lit.de\/fr\/sante\/\">M\u00e9dicaments<\/a> sensibles \u00e0 la temp\u00e9rature, <a href=\"https:\/\/www.lit.de\/fr\/fmcg\/\">denr\u00e9es p\u00e9rissables<\/a> ou documents importants \u2013 le temps vous presse-t-il parfois ? Lorsqu\u2019il faut en plus traverser des fronti\u00e8res et des oc\u00e9ans, le transport par fret a\u00e9rien devient incontournable. Qu\u2019il s\u2019agisse de vols charters urgents \u00ab Go Now \u00bb, de livraisons personnelles par coursier \u00e0 bord ou de transport de marchandises dangereuses, nous trouvons, en collaboration avec des partenaires a\u00e9riens internationaux, la solution id\u00e9ale pour vos marchandises sensibles au facteur temps. Nous veillons non seulement \u00e0 un envoi sans accroc, mais nous vous proposons \u00e9galement, selon vos besoins, un large \u00e9ventail de services compl\u00e9mentaires : de la consolidation des marchandises \u00e0 l\u2019assurance transport, en passant par le d\u00e9douanement.<\/p>\n\t\t\t\t\t\t<\/div>\n\t\t\t\t<\/div>\n\t\t\t\t\t<\/div>\n\t\t<\/div>\n\t\t\t\t\t<\/div>\n\t\t<\/section>\n\t\t\t\t<section class=\"elementor-section elementor-top-section elementor-element elementor-element-1f5cbde elementor-hidden-desktop elementor-section-boxed elementor-section-height-default elementor-section-height-default\" data-id=\"1f5cbde\" data-element_type=\"section\" data-settings=\"{&quot;background_background&quot;:&quot;classic&quot;}\">\n\t\t\t\t\t\t<div class=\"elementor-container elementor-column-gap-no\">\n\t\t\t\t\t<div class=\"elementor-column elementor-col-25 elementor-top-column elementor-element elementor-element-bfabc1d\" data-id=\"bfabc1d\" data-element_type=\"column\">\n\t\t\t<div class=\"elementor-widget-wrap elementor-element-populated\">\n\t\t\t\t\t\t<div class=\"elementor-element elementor-element-acdae25 elementor-widget elementor-widget-image\" data-id=\"acdae25\" data-element_type=\"widget\" data-widget_type=\"image.default\">\n\t\t\t\t<div class=\"elementor-widget-container\">\n\t\t\t\t\t\t\t\t\t\t\t\t\t<img loading=\"lazy\" decoding=\"async\" width=\"750\" height=\"750\" src=\"https:\/\/www.lit.de\/wp-content\/uploads\/2020\/08\/Luftfracht-1_750-x-750-px.jpg\" class=\"attachment-large size-large wp-image-8895\" alt=\"\" srcset=\"https:\/\/www.lit.de\/wp-content\/uploads\/2020\/08\/Luftfracht-1_750-x-750-px.jpg 750w, https:\/\/www.lit.de\/wp-content\/uploads\/2020\/08\/Luftfracht-1_750-x-750-px-300x300.jpg 300w, https:\/\/www.lit.de\/wp-content\/uploads\/2020\/08\/Luftfracht-1_750-x-750-px-100x100.jpg 100w, https:\/\/www.lit.de\/wp-content\/uploads\/2020\/08\/Luftfracht-1_750-x-750-px-600x600.jpg 600w\" sizes=\"(max-width: 750px) 100vw, 750px\" \/>\t\t\t\t\t\t\t\t\t\t\t\t\t<\/div>\n\t\t\t\t<\/div>\n\t\t\t\t\t<\/div>\n\t\t<\/div>\n\t\t\t\t<div class=\"elementor-column elementor-col-25 elementor-top-column elementor-element elementor-element-1aaa584\" data-id=\"1aaa584\" data-element_type=\"column\">\n\t\t\t<div class=\"elementor-widget-wrap elementor-element-populated\">\n\t\t\t\t\t\t<div class=\"elementor-element elementor-element-0486923 elementor-widget elementor-widget-image\" data-id=\"0486923\" data-element_type=\"widget\" data-widget_type=\"image.default\">\n\t\t\t\t<div class=\"elementor-widget-container\">\n\t\t\t\t\t\t\t\t\t\t\t\t\t<img loading=\"lazy\" decoding=\"async\" width=\"750\" height=\"750\" src=\"https:\/\/www.lit.de\/wp-content\/uploads\/2020\/08\/Luftfracht-3_750-x-750-px.jpg\" class=\"attachment-large size-large wp-image-122533\" alt=\"\" srcset=\"https:\/\/www.lit.de\/wp-content\/uploads\/2020\/08\/Luftfracht-3_750-x-750-px.jpg 750w, https:\/\/www.lit.de\/wp-content\/uploads\/2020\/08\/Luftfracht-3_750-x-750-px-500x500.jpg 500w, https:\/\/www.lit.de\/wp-content\/uploads\/2020\/08\/Luftfracht-3_750-x-750-px-150x150.jpg 150w\" sizes=\"(max-width: 750px) 100vw, 750px\" \/>\t\t\t\t\t\t\t\t\t\t\t\t\t<\/div>\n\t\t\t\t<\/div>\n\t\t\t\t\t<\/div>\n\t\t<\/div>\n\t\t\t\t<div class=\"elementor-column elementor-col-25 elementor-top-column elementor-element elementor-element-c6822f7\" data-id=\"c6822f7\" data-element_type=\"column\">\n\t\t\t<div class=\"elementor-widget-wrap elementor-element-populated\">\n\t\t\t\t\t\t<div class=\"elementor-element elementor-element-15b8231 elementor-hidden-desktop elementor-widget elementor-widget-image\" data-id=\"15b8231\" data-element_type=\"widget\" data-widget_type=\"image.default\">\n\t\t\t\t<div class=\"elementor-widget-container\">\n\t\t\t\t\t\t\t\t\t\t\t\t\t<img loading=\"lazy\" decoding=\"async\" width=\"750\" height=\"750\" src=\"https:\/\/www.lit.de\/wp-content\/uploads\/2020\/08\/Luftfracht-4_750-x-750-px.jpg\" class=\"attachment-full size-full wp-image-122534\" alt=\"\" srcset=\"https:\/\/www.lit.de\/wp-content\/uploads\/2020\/08\/Luftfracht-4_750-x-750-px.jpg 750w, https:\/\/www.lit.de\/wp-content\/uploads\/2020\/08\/Luftfracht-4_750-x-750-px-500x500.jpg 500w, https:\/\/www.lit.de\/wp-content\/uploads\/2020\/08\/Luftfracht-4_750-x-750-px-150x150.jpg 150w\" sizes=\"(max-width: 750px) 100vw, 750px\" \/>\t\t\t\t\t\t\t\t\t\t\t\t\t<\/div>\n\t\t\t\t<\/div>\n\t\t\t\t\t<\/div>\n\t\t<\/div>\n\t\t\t\t<div class=\"elementor-column elementor-col-25 elementor-top-column elementor-element elementor-element-88d14ba\" data-id=\"88d14ba\" data-element_type=\"column\">\n\t\t\t<div class=\"elementor-widget-wrap elementor-element-populated\">\n\t\t\t\t\t\t<div class=\"elementor-element elementor-element-fa76686 elementor-widget elementor-widget-text-editor\" data-id=\"fa76686\" data-element_type=\"widget\" data-widget_type=\"text-editor.default\">\n\t\t\t\t<div class=\"elementor-widget-container\">\n\t\t\t\t\t\t\t<p><a href=\"https:\/\/www.lit.de\/fr\/sante\/\">M\u00e9dicaments<\/a> sensibles \u00e0 la temp\u00e9rature, <a href=\"https:\/\/www.lit.de\/fr\/fmcg\/\">denr\u00e9es p\u00e9rissables<\/a> ou documents importants \u2013 le temps vous presse-t-il parfois ? Lorsqu\u2019il faut en plus traverser des fronti\u00e8res et des oc\u00e9ans, le transport par fret a\u00e9rien devient incontournable. Qu\u2019il s\u2019agisse de vols charters urgents \u00ab Go Now \u00bb, de livraisons personnelles par coursier \u00e0 bord ou de transport de marchandises dangereuses, nous trouvons, en collaboration avec des partenaires a\u00e9riens internationaux, la solution id\u00e9ale pour vos marchandises sensibles au facteur temps. Nous veillons non seulement \u00e0 un envoi sans accroc, mais nous vous proposons \u00e9galement, selon vos besoins, un large \u00e9ventail de services compl\u00e9mentaires : de la consolidation des marchandises \u00e0 l\u2019assurance transport, en passant par le d\u00e9douanement.<\/p>\n\t\t\t\t\t\t<\/div>\n\t\t\t\t<\/div>\n\t\t\t\t\t<\/div>\n\t\t<\/div>\n\t\t\t\t\t<\/div>\n\t\t<\/section>\n\t\t\t\t<section class=\"elementor-section elementor-top-section elementor-element elementor-element-4fbe43a elementor-section-boxed elementor-section-height-default elementor-section-height-default\" data-id=\"4fbe43a\" data-element_type=\"section\" data-settings=\"{&quot;background_background&quot;:&quot;classic&quot;}\">\n\t\t\t\t\t\t\t<div class=\"elementor-background-overlay\"><\/div>\n\t\t\t\t\t\t\t<div class=\"elementor-container elementor-column-gap-no\">\n\t\t\t\t\t<div class=\"elementor-column elementor-col-33 elementor-top-column elementor-element elementor-element-980c5bc\" data-id=\"980c5bc\" data-element_type=\"column\" data-settings=\"{&quot;background_background&quot;:&quot;classic&quot;}\">\n\t\t\t<div class=\"elementor-widget-wrap elementor-element-populated\">\n\t\t\t\t\t<div class=\"elementor-background-overlay\"><\/div>\n\t\t\t\t\t\t<div class=\"elementor-element elementor-element-4fe32b8 elementor-widget elementor-widget-accordion\" data-id=\"4fe32b8\" data-element_type=\"widget\" data-widget_type=\"accordion.default\">\n\t\t\t\t<div class=\"elementor-widget-container\">\n\t\t\t\t\t<div class=\"elementor-accordion\">\n\t\t\t\t\t\t\t<div class=\"elementor-accordion-item\">\n\t\t\t\t\t<div id=\"elementor-tab-title-8371\" class=\"elementor-tab-title\" data-tab=\"1\" role=\"button\" aria-controls=\"elementor-tab-content-8371\" aria-expanded=\"false\">\n\t\t\t\t\t\t\t\t\t\t\t\t\t<span class=\"elementor-accordion-icon elementor-accordion-icon-right\" aria-hidden=\"true\">\n\t\t\t\t\t\t\t\t\t\t\t\t\t\t\t<span class=\"elementor-accordion-icon-closed\"><i class=\"fas fa-plus\"><\/i><\/span>\n\t\t\t\t\t\t\t\t<span class=\"elementor-accordion-icon-opened\"><i class=\"fas fa-minus\"><\/i><\/span>\n\t\t\t\t\t\t\t\t\t\t\t\t\t\t<\/span>\n\t\t\t\t\t\t\t\t\t\t\t\t<a class=\"elementor-accordion-title\" tabindex=\"0\">SERVICES<\/a>\n\t\t\t\t\t<\/div>\n\t\t\t\t\t<div id=\"elementor-tab-content-8371\" class=\"elementor-tab-content elementor-clearfix\" data-tab=\"1\" role=\"region\" aria-labelledby=\"elementor-tab-title-8371\"><ul>\n<li>Propre num\u00e9ro IATA CASS<\/li>\n<li>Gestion du fret s\u00e9curis\u00e9 (agent agr\u00e9\u00e9)<\/li>\n<li>Exportation et importation mondiales (porte-\u00e0-porte)<\/li>\n<li>D\u00e9douanement et conseil<\/li>\n<li>Charters complets ou partiels<\/li>\n<li>Liaisons consol r\u00e9guli\u00e8res<\/li>\n<li>Service express<\/li>\n<li>Options de cross-trade \u00e0 l\u2019\u00e9chelle mondiale<\/li>\n<li>Transport de marchandises dangereuses<\/li>\n<li>Transports sous contr\u00f4le de temp\u00e9rature<\/li>\n<li>Transports Air-\/Sea et Sea-\/Air<\/li>\n<li>Conseil logistique personnalis\u00e9<\/li>\n<li>Services d\u2019entreposage complexes<\/li>\n<li>Assurance transport<\/li>\n<li>R\u00e9seau international de fret a\u00e9rien<\/li>\n<\/ul>\n<\/div>\n\t\t\t\t<\/div>\n\t\t\t\t\t\t\t<div class=\"elementor-accordion-item\">\n\t\t\t\t\t<div id=\"elementor-tab-title-8372\" class=\"elementor-tab-title\" data-tab=\"2\" role=\"button\" aria-controls=\"elementor-tab-content-8372\" aria-expanded=\"false\">\n\t\t\t\t\t\t\t\t\t\t\t\t\t<span class=\"elementor-accordion-icon elementor-accordion-icon-right\" aria-hidden=\"true\">\n\t\t\t\t\t\t\t\t\t\t\t\t\t\t\t<span class=\"elementor-accordion-icon-closed\"><i class=\"fas fa-plus\"><\/i><\/span>\n\t\t\t\t\t\t\t\t<span class=\"elementor-accordion-icon-opened\"><i class=\"fas fa-minus\"><\/i><\/span>\n\t\t\t\t\t\t\t\t\t\t\t\t\t\t<\/span>\n\t\t\t\t\t\t\t\t\t\t\t\t<a class=\"elementor-accordion-title\" tabindex=\"0\">INTERLOCUTEUR FRET A\u00c9RIEN<\/a>\n\t\t\t\t\t<\/div>\n\t\t\t\t\t<div id=\"elementor-tab-content-8372\" class=\"elementor-tab-content elementor-clearfix\" data-tab=\"2\" role=\"region\" aria-labelledby=\"elementor-tab-title-8372\"><h5>L.I.T. Air &amp; Sea GmbH<\/h5>\n<p>Franz-Stickan-Stra\u00dfe 4<br \/>28197 Br\u00eame<\/p>\n<h5>Julia Ochotnicki<\/h5>\n<p>Ventes Air &amp; Sea<br \/>T\u00e9l.: +49 421 80710-135<br \/>E-Mail: <a href=\"mailto:julia.ochotnicki@lit.de\">julia.ochotnicki@lit.de<\/a><\/p>\n<h5>Anne Kelbling<\/h5>\n<p>Ventes Air &amp; Sea<br \/>T\u00e9l.: +49 421 80710-130<br \/>E-Mail: <a href=\"mailto:anne.kelbling@lit.de\">anne.kelbling@lit.de<\/a><\/p>\n<h5>Philipp Penkwitt<\/h5>\n<p>Directeur de site Fret a\u00e9rien Hambourg + Br\u00eame<br \/>Tel.: +49 159 &#8211; 04 68 65 16<br \/>E-Mail: <a href=\"mailto:Philipp.Penkwitt@lit.de\">philipp.penkwitt@lit.de<\/a><\/p>\n<\/div>\n\t\t\t\t<\/div>\n\t\t\t\t\t\t\t\t<\/div>\n\t\t\t\t<\/div>\n\t\t\t\t<\/div>\n\t\t\t\t\t<\/div>\n\t\t<\/div>\n\t\t\t\t<div class=\"elementor-column elementor-col-33 elementor-top-column elementor-element elementor-element-9b9c836 elementor-hidden-tablet elementor-hidden-phone\" data-id=\"9b9c836\" data-element_type=\"column\">\n\t\t\t<div class=\"elementor-widget-wrap elementor-element-populated\">\n\t\t\t\t\t\t<div class=\"elementor-element elementor-element-4f44a9a elementor-widget elementor-widget-image\" data-id=\"4f44a9a\" data-element_type=\"widget\" data-widget_type=\"image.default\">\n\t\t\t\t<div class=\"elementor-widget-container\">\n\t\t\t\t\t\t\t\t\t\t\t\t\t<img loading=\"lazy\" decoding=\"async\" width=\"750\" height=\"750\" src=\"https:\/\/www.lit.de\/wp-content\/uploads\/2020\/08\/Luftfracht-4_750-x-750-px.jpg\" class=\"attachment-full size-full wp-image-122534\" alt=\"\" srcset=\"https:\/\/www.lit.de\/wp-content\/uploads\/2020\/08\/Luftfracht-4_750-x-750-px.jpg 750w, https:\/\/www.lit.de\/wp-content\/uploads\/2020\/08\/Luftfracht-4_750-x-750-px-500x500.jpg 500w, https:\/\/www.lit.de\/wp-content\/uploads\/2020\/08\/Luftfracht-4_750-x-750-px-150x150.jpg 150w\" sizes=\"(max-width: 750px) 100vw, 750px\" \/>\t\t\t\t\t\t\t\t\t\t\t\t\t<\/div>\n\t\t\t\t<\/div>\n\t\t\t\t\t<\/div>\n\t\t<\/div>\n\t\t\t\t<div class=\"elementor-column elementor-col-33 elementor-top-column elementor-element elementor-element-876f44a\" data-id=\"876f44a\" data-element_type=\"column\">\n\t\t\t<div class=\"elementor-widget-wrap\">\n\t\t\t\t\t\t\t<\/div>\n\t\t<\/div>\n\t\t\t\t\t<\/div>\n\t\t<\/section>\n\t\t\t\t<section class=\"elementor-section elementor-top-section elementor-element elementor-element-dd8b8ea elementor-section-boxed elementor-section-height-default elementor-section-height-default\" data-id=\"dd8b8ea\" data-element_type=\"section\" data-settings=\"{&quot;background_background&quot;:&quot;classic&quot;}\">\n\t\t\t\t\t\t<div class=\"elementor-container elementor-column-gap-no\">\n\t\t\t\t\t<div class=\"elementor-column elementor-col-100 elementor-top-column elementor-element elementor-element-f9f9af2\" data-id=\"f9f9af2\" data-element_type=\"column\" data-settings=\"{&quot;background_background&quot;:&quot;classic&quot;}\">\n\t\t\t<div class=\"elementor-widget-wrap elementor-element-populated\">\n\t\t\t\t\t\t<div class=\"elementor-element elementor-element-ea079eb elementor-widget elementor-widget-menu-anchor\" data-id=\"ea079eb\" data-element_type=\"widget\" data-widget_type=\"menu-anchor.default\">\n\t\t\t\t<div class=\"elementor-widget-container\">\n\t\t\t\t\t<div id=\"seefracht\" class=\"elementor-menu-anchor\"><\/div>\n\t\t\t\t<\/div>\n\t\t\t\t<\/div>\n\t\t\t\t\t<\/div>\n\t\t<\/div>\n\t\t\t\t\t<\/div>\n\t\t<\/section>\n\t\t\t\t<section class=\"elementor-section elementor-top-section elementor-element elementor-element-e60a48f elementor-section-boxed elementor-section-height-default elementor-section-height-default\" data-id=\"e60a48f\" data-element_type=\"section\" data-settings=\"{&quot;background_background&quot;:&quot;classic&quot;}\">\n\t\t\t\t\t\t<div class=\"elementor-container elementor-column-gap-no\">\n\t\t\t\t\t<div class=\"elementor-column elementor-col-100 elementor-top-column elementor-element elementor-element-c5df5b9\" data-id=\"c5df5b9\" data-element_type=\"column\">\n\t\t\t<div class=\"elementor-widget-wrap elementor-element-populated\">\n\t\t\t\t\t\t<div class=\"elementor-element elementor-element-ea54f12 elementor-widget elementor-widget-text-editor\" data-id=\"ea54f12\" data-element_type=\"widget\" data-widget_type=\"text-editor.default\">\n\t\t\t\t<div class=\"elementor-widget-container\">\n\t\t\t\t\t\t\t<p>FRET MARITIME<\/p>\n\t\t\t\t\t\t<\/div>\n\t\t\t\t<\/div>\n\t\t\t\t<div class=\"elementor-element elementor-element-6f049ff elementor-widget elementor-widget-heading\" data-id=\"6f049ff\" data-element_type=\"widget\" data-widget_type=\"heading.default\">\n\t\t\t\t<div class=\"elementor-widget-container\">\n\t\t\t<h1 class=\"elementor-heading-title elementor-size-default\">EFFICACIT\u00c9 MAXIMALE DES CO\u00dbTS !<\/h1>\t\t<\/div>\n\t\t\t\t<\/div>\n\t\t\t\t<div class=\"elementor-element elementor-element-4ccaea0 elementor-widget elementor-widget-heading\" data-id=\"4ccaea0\" data-element_type=\"widget\" data-widget_type=\"heading.default\">\n\t\t\t\t<div class=\"elementor-widget-container\">\n\t\t\t<h2 class=\"elementor-heading-title elementor-size-default\">QUE CE SOIT EN TRANSPORT SHORT SEA OU DEEP SEA \u2013 NOUS GARDONS VOS CO\u00dbTS SOUS CONTR\u00d4LE<\/h2>\t\t<\/div>\n\t\t\t\t<\/div>\n\t\t\t\t\t<\/div>\n\t\t<\/div>\n\t\t\t\t\t<\/div>\n\t\t<\/section>\n\t\t\t\t<section class=\"elementor-section elementor-top-section elementor-element elementor-element-53ee342 elementor-hidden-tablet elementor-hidden-phone elementor-section-boxed elementor-section-height-default elementor-section-height-default\" data-id=\"53ee342\" data-element_type=\"section\" data-settings=\"{&quot;background_background&quot;:&quot;classic&quot;}\">\n\t\t\t\t\t\t<div class=\"elementor-container elementor-column-gap-no\">\n\t\t\t\t\t<div class=\"elementor-column elementor-col-50 elementor-top-column elementor-element elementor-element-6e9bae5\" data-id=\"6e9bae5\" data-element_type=\"column\">\n\t\t\t<div class=\"elementor-widget-wrap elementor-element-populated\">\n\t\t\t\t\t\t<div class=\"elementor-element elementor-element-10fd1b4 elementor-widget elementor-widget-image\" data-id=\"10fd1b4\" data-element_type=\"widget\" data-widget_type=\"image.default\">\n\t\t\t\t<div class=\"elementor-widget-container\">\n\t\t\t\t\t\t\t\t\t\t\t\t\t<img loading=\"lazy\" decoding=\"async\" width=\"750\" height=\"750\" src=\"https:\/\/www.lit.de\/wp-content\/uploads\/2020\/08\/Seefracht-1_750-x-750-px-3.jpg\" class=\"attachment-large size-large wp-image-8918\" alt=\"\" srcset=\"https:\/\/www.lit.de\/wp-content\/uploads\/2020\/08\/Seefracht-1_750-x-750-px-3.jpg 750w, https:\/\/www.lit.de\/wp-content\/uploads\/2020\/08\/Seefracht-1_750-x-750-px-3-300x300.jpg 300w, https:\/\/www.lit.de\/wp-content\/uploads\/2020\/08\/Seefracht-1_750-x-750-px-3-100x100.jpg 100w, https:\/\/www.lit.de\/wp-content\/uploads\/2020\/08\/Seefracht-1_750-x-750-px-3-600x600.jpg 600w\" sizes=\"(max-width: 750px) 100vw, 750px\" \/>\t\t\t\t\t\t\t\t\t\t\t\t\t<\/div>\n\t\t\t\t<\/div>\n\t\t\t\t\t<\/div>\n\t\t<\/div>\n\t\t\t\t<div class=\"elementor-column elementor-col-50 elementor-top-column elementor-element elementor-element-bd11f50\" data-id=\"bd11f50\" data-element_type=\"column\">\n\t\t\t<div class=\"elementor-widget-wrap elementor-element-populated\">\n\t\t\t\t\t\t<div class=\"elementor-element elementor-element-37f628a elementor-widget elementor-widget-text-editor\" data-id=\"37f628a\" data-element_type=\"widget\" data-widget_type=\"text-editor.default\">\n\t\t\t\t<div class=\"elementor-widget-container\">\n\t\t\t\t\t\t\t<p>Lorsque le temps n\u2019est pas le facteur d\u00e9terminant, le transport maritime est g\u00e9n\u00e9ralement le choix privil\u00e9gi\u00e9. En effet, la livraison par navire porte-conteneurs constitue une alternative \u00e9conomique au transport a\u00e9rien international et intercontinental. Gr\u00e2ce \u00e0 nos accords-cadres avec des compagnies maritimes s\u00e9lectionn\u00e9es, nous garantissons une disponibilit\u00e9 constante de l\u2019espace de chargement et des d\u00e9parts r\u00e9guliers vers le monde entier: que ce soit pour des conteneurs complets (FCL) ou des groupages (LCL), pour la navigation hauturi\u00e8re ou les transports Short Sea, en livraison porte-\u00e0-porte ou port-\u00e0-port. Gr\u00e2ce \u00e0 une consolidation efficace et \u00e0 des concepts logistiques sur mesure, nos clients b\u00e9n\u00e9ficient de solutions parfaitement adapt\u00e9es \u00e0 leurs besoins. De la consultation au transport, en passant par le d\u00e9douanement, nous prenons en charge l\u2019ensemble de la gestion du transport \u2013 vous pouvez ainsi consacrer le temps ainsi lib\u00e9r\u00e9 \u00e0 votre c\u0153ur de m\u00e9tier.<\/p>\n\t\t\t\t\t\t<\/div>\n\t\t\t\t<\/div>\n\t\t\t\t\t<\/div>\n\t\t<\/div>\n\t\t\t\t\t<\/div>\n\t\t<\/section>\n\t\t\t\t<section class=\"elementor-section elementor-top-section elementor-element elementor-element-fc679e6 elementor-section-boxed elementor-section-height-default elementor-section-height-default\" data-id=\"fc679e6\" data-element_type=\"section\" data-settings=\"{&quot;background_background&quot;:&quot;classic&quot;}\">\n\t\t\t\t\t\t<div class=\"elementor-container elementor-column-gap-no\">\n\t\t\t\t\t<div class=\"elementor-column elementor-col-50 elementor-top-column elementor-element elementor-element-70c0a6e elementor-hidden-tablet elementor-hidden-phone\" data-id=\"70c0a6e\" data-element_type=\"column\">\n\t\t\t<div class=\"elementor-widget-wrap elementor-element-populated\">\n\t\t\t\t\t\t<div class=\"elementor-element elementor-element-b982647 elementor-widget elementor-widget-accordion\" data-id=\"b982647\" data-element_type=\"widget\" data-widget_type=\"accordion.default\">\n\t\t\t\t<div class=\"elementor-widget-container\">\n\t\t\t\t\t<div class=\"elementor-accordion\">\n\t\t\t\t\t\t\t<div class=\"elementor-accordion-item\">\n\t\t\t\t\t<div id=\"elementor-tab-title-1941\" class=\"elementor-tab-title\" data-tab=\"1\" role=\"button\" aria-controls=\"elementor-tab-content-1941\" aria-expanded=\"false\">\n\t\t\t\t\t\t\t\t\t\t\t\t\t<span class=\"elementor-accordion-icon elementor-accordion-icon-right\" aria-hidden=\"true\">\n\t\t\t\t\t\t\t\t\t\t\t\t\t\t\t<span class=\"elementor-accordion-icon-closed\"><i class=\"fas fa-plus\"><\/i><\/span>\n\t\t\t\t\t\t\t\t<span class=\"elementor-accordion-icon-opened\"><i class=\"fas fa-minus\"><\/i><\/span>\n\t\t\t\t\t\t\t\t\t\t\t\t\t\t<\/span>\n\t\t\t\t\t\t\t\t\t\t\t\t<a class=\"elementor-accordion-title\" tabindex=\"0\">SERVICES<\/a>\n\t\t\t\t\t<\/div>\n\t\t\t\t\t<div id=\"elementor-tab-content-1941\" class=\"elementor-tab-content elementor-clearfix\" data-tab=\"1\" role=\"region\" aria-labelledby=\"elementor-tab-title-1941\"><ul>\n<li>Exportation et importation mondiales (porte-\u00e0-porte)<\/li>\n<li>FCL &amp; LCL<\/li>\n<li>Chargement de projets et RO\/RO<\/li>\n<li>D\u00e9douanement et conseil<\/li>\n<li>Conseil logistique personnalis\u00e9<\/li>\n<li>Services d\u2019entreposage complexes<\/li>\n<li>Chargement de projets et RO\/RO<\/li>\n<li>Service express<\/li>\n<li>Options de cross-trade \u00e0 l\u2019\u00e9chelle mondiale<\/li>\n<li>Transport de marchandises dangereuses<\/li>\n<li>Transports sous contr\u00f4le de temp\u00e9rature<\/li>\n<li>Transports Air-\/Sea et Sea-\/Air<\/li>\n<li>Assurance transport<\/li>\n<li>Pesage selon les exigences VGM SOLAS<\/li>\n<\/ul>\n<\/div>\n\t\t\t\t<\/div>\n\t\t\t\t\t\t\t<div class=\"elementor-accordion-item\">\n\t\t\t\t\t<div id=\"elementor-tab-title-1942\" class=\"elementor-tab-title\" data-tab=\"2\" role=\"button\" aria-controls=\"elementor-tab-content-1942\" aria-expanded=\"false\">\n\t\t\t\t\t\t\t\t\t\t\t\t\t<span class=\"elementor-accordion-icon elementor-accordion-icon-right\" aria-hidden=\"true\">\n\t\t\t\t\t\t\t\t\t\t\t\t\t\t\t<span class=\"elementor-accordion-icon-closed\"><i class=\"fas fa-plus\"><\/i><\/span>\n\t\t\t\t\t\t\t\t<span class=\"elementor-accordion-icon-opened\"><i class=\"fas fa-minus\"><\/i><\/span>\n\t\t\t\t\t\t\t\t\t\t\t\t\t\t<\/span>\n\t\t\t\t\t\t\t\t\t\t\t\t<a class=\"elementor-accordion-title\" tabindex=\"0\">INTERLOCUTEUR FRET MARITIME<\/a>\n\t\t\t\t\t<\/div>\n\t\t\t\t\t<div id=\"elementor-tab-content-1942\" class=\"elementor-tab-content elementor-clearfix\" data-tab=\"2\" role=\"region\" aria-labelledby=\"elementor-tab-title-1942\"><h5>L.I.T. Air &amp; Sea GmbH<\/h5>\n<p>Franz-Stickan-Stra\u00dfe 4<br \/>28197 Br\u00eame<\/p>\n<h5>Julia Ochotnicki<\/h5>\n<p>Ventes Air &amp; Sea<br \/>T\u00e9l.: +49 421 80710-135<br \/>E-Mail: <a href=\"mailto:julia.ochotnicki@lit.de\">julia.ochotnicki@lit.de<\/a><\/p>\n<h5>Anne Kelbling<\/h5>\n<p>Ventes Air &amp; Sea<br \/>T\u00e9l.: +49 421 80710-130<br \/>E-Mail: <a href=\"mailto:anne.kelbling@lit.de\">anne.kelbling@lit.de<\/a><\/p>\n<h5><strong>Thomas Behneke<\/strong><\/h5>\n<p><\/p>\n<p class=\"p2\"><span class=\"Apple-converted-space\">Directeur de site Fret maritime<br \/>\n<\/span>T\u00e9l: +49 40-334 651 950<br \/>\nE-Mail: Thomas.Behneke@lit.de<\/p>\n<\/div>\n\t\t\t\t<\/div>\n\t\t\t\t\t\t\t\t<\/div>\n\t\t\t\t<\/div>\n\t\t\t\t<\/div>\n\t\t\t\t\t<\/div>\n\t\t<\/div>\n\t\t\t\t<div class=\"elementor-column elementor-col-50 elementor-top-column elementor-element elementor-element-a19f5fa\" data-id=\"a19f5fa\" data-element_type=\"column\">\n\t\t\t<div class=\"elementor-widget-wrap elementor-element-populated\">\n\t\t\t\t\t\t<div class=\"elementor-element elementor-element-764f41c elementor-hidden-tablet elementor-hidden-phone elementor-widget elementor-widget-image\" data-id=\"764f41c\" data-element_type=\"widget\" data-widget_type=\"image.default\">\n\t\t\t\t<div class=\"elementor-widget-container\">\n\t\t\t\t\t\t\t\t\t\t\t\t\t<img loading=\"lazy\" decoding=\"async\" width=\"750\" height=\"750\" src=\"https:\/\/www.lit.de\/wp-content\/uploads\/2020\/08\/Seefracht-2a_750-x-750-px.jpg\" class=\"attachment-large size-large wp-image-122535\" alt=\"\" srcset=\"https:\/\/www.lit.de\/wp-content\/uploads\/2020\/08\/Seefracht-2a_750-x-750-px.jpg 750w, https:\/\/www.lit.de\/wp-content\/uploads\/2020\/08\/Seefracht-2a_750-x-750-px-500x500.jpg 500w, https:\/\/www.lit.de\/wp-content\/uploads\/2020\/08\/Seefracht-2a_750-x-750-px-150x150.jpg 150w\" sizes=\"(max-width: 750px) 100vw, 750px\" \/>\t\t\t\t\t\t\t\t\t\t\t\t\t<\/div>\n\t\t\t\t<\/div>\n\t\t\t\t\t<\/div>\n\t\t<\/div>\n\t\t\t\t\t<\/div>\n\t\t<\/section>\n\t\t\t\t<section class=\"elementor-section elementor-top-section elementor-element elementor-element-299c101 elementor-hidden-desktop elementor-section-boxed elementor-section-height-default elementor-section-height-default\" data-id=\"299c101\" data-element_type=\"section\" data-settings=\"{&quot;background_background&quot;:&quot;classic&quot;}\">\n\t\t\t\t\t\t<div class=\"elementor-container elementor-column-gap-no\">\n\t\t\t\t\t<div class=\"elementor-column elementor-col-20 elementor-top-column elementor-element elementor-element-a7b0ebe\" data-id=\"a7b0ebe\" data-element_type=\"column\">\n\t\t\t<div class=\"elementor-widget-wrap elementor-element-populated\">\n\t\t\t\t\t\t<div class=\"elementor-element elementor-element-850c25e elementor-widget elementor-widget-image\" data-id=\"850c25e\" data-element_type=\"widget\" data-widget_type=\"image.default\">\n\t\t\t\t<div class=\"elementor-widget-container\">\n\t\t\t\t\t\t\t\t\t\t\t\t\t<img loading=\"lazy\" decoding=\"async\" width=\"750\" height=\"750\" src=\"https:\/\/www.lit.de\/wp-content\/uploads\/2020\/08\/Seefracht-1_750-x-750-px-3.jpg\" class=\"attachment-large size-large wp-image-8918\" alt=\"\" srcset=\"https:\/\/www.lit.de\/wp-content\/uploads\/2020\/08\/Seefracht-1_750-x-750-px-3.jpg 750w, https:\/\/www.lit.de\/wp-content\/uploads\/2020\/08\/Seefracht-1_750-x-750-px-3-300x300.jpg 300w, https:\/\/www.lit.de\/wp-content\/uploads\/2020\/08\/Seefracht-1_750-x-750-px-3-100x100.jpg 100w, https:\/\/www.lit.de\/wp-content\/uploads\/2020\/08\/Seefracht-1_750-x-750-px-3-600x600.jpg 600w\" sizes=\"(max-width: 750px) 100vw, 750px\" \/>\t\t\t\t\t\t\t\t\t\t\t\t\t<\/div>\n\t\t\t\t<\/div>\n\t\t\t\t\t<\/div>\n\t\t<\/div>\n\t\t\t\t<div class=\"elementor-column elementor-col-20 elementor-top-column elementor-element elementor-element-f05adb7\" data-id=\"f05adb7\" data-element_type=\"column\">\n\t\t\t<div class=\"elementor-widget-wrap elementor-element-populated\">\n\t\t\t\t\t\t<div class=\"elementor-element elementor-element-970e39e elementor-hidden-desktop elementor-widget elementor-widget-image\" data-id=\"970e39e\" data-element_type=\"widget\" data-widget_type=\"image.default\">\n\t\t\t\t<div class=\"elementor-widget-container\">\n\t\t\t\t\t\t\t\t\t\t\t\t\t<img loading=\"lazy\" decoding=\"async\" width=\"750\" height=\"750\" src=\"https:\/\/www.lit.de\/wp-content\/uploads\/2020\/08\/Seefracht-2a_750-x-750-px.jpg\" class=\"attachment-large size-large wp-image-122535\" alt=\"\" srcset=\"https:\/\/www.lit.de\/wp-content\/uploads\/2020\/08\/Seefracht-2a_750-x-750-px.jpg 750w, https:\/\/www.lit.de\/wp-content\/uploads\/2020\/08\/Seefracht-2a_750-x-750-px-500x500.jpg 500w, https:\/\/www.lit.de\/wp-content\/uploads\/2020\/08\/Seefracht-2a_750-x-750-px-150x150.jpg 150w\" sizes=\"(max-width: 750px) 100vw, 750px\" \/>\t\t\t\t\t\t\t\t\t\t\t\t\t<\/div>\n\t\t\t\t<\/div>\n\t\t\t\t\t<\/div>\n\t\t<\/div>\n\t\t\t\t<div class=\"elementor-column elementor-col-20 elementor-top-column elementor-element elementor-element-427a25c\" data-id=\"427a25c\" data-element_type=\"column\">\n\t\t\t<div class=\"elementor-widget-wrap elementor-element-populated\">\n\t\t\t\t\t\t<div class=\"elementor-element elementor-element-38e99e5 elementor-widget elementor-widget-text-editor\" data-id=\"38e99e5\" data-element_type=\"widget\" data-widget_type=\"text-editor.default\">\n\t\t\t\t<div class=\"elementor-widget-container\">\n\t\t\t\t\t\t\t<p>Lorsque le temps n\u2019est pas le facteur d\u00e9terminant, le transport maritime est g\u00e9n\u00e9ralement le choix privil\u00e9gi\u00e9. En effet, la livraison par navire porte-conteneurs constitue une alternative \u00e9conomique au transport a\u00e9rien international et intercontinental. Gr\u00e2ce \u00e0 nos accords-cadres avec des compagnies maritimes s\u00e9lectionn\u00e9es, nous garantissons une disponibilit\u00e9 constante de l\u2019espace de chargement et des d\u00e9parts r\u00e9guliers vers le monde entier : que ce soit pour des conteneurs complets (FCL) ou des groupages (LCL), pour la navigation hauturi\u00e8re ou les transports Short Sea, en livraison porte-\u00e0-porte ou port-\u00e0-port. Gr\u00e2ce \u00e0 une consolidation efficace et \u00e0 des concepts logistiques sur mesure, nos clients b\u00e9n\u00e9ficient de solutions parfaitement adapt\u00e9es \u00e0 leurs besoins. De la consultation au transport, en passant par le d\u00e9douanement, nous prenons en charge l\u2019ensemble de la gestion du transport \u2013 vous pouvez ainsi consacrer le temps ainsi lib\u00e9r\u00e9 \u00e0 votre c\u0153ur de m\u00e9tier.<\/p>\n\t\t\t\t\t\t<\/div>\n\t\t\t\t<\/div>\n\t\t\t\t\t<\/div>\n\t\t<\/div>\n\t\t\t\t<div class=\"elementor-column elementor-col-20 elementor-top-column elementor-element elementor-element-26089f8\" data-id=\"26089f8\" data-element_type=\"column\">\n\t\t\t<div class=\"elementor-widget-wrap elementor-element-populated\">\n\t\t\t\t\t\t<div class=\"elementor-element elementor-element-7116b4a elementor-widget elementor-widget-accordion\" data-id=\"7116b4a\" data-element_type=\"widget\" data-widget_type=\"accordion.default\">\n\t\t\t\t<div class=\"elementor-widget-container\">\n\t\t\t\t\t<div class=\"elementor-accordion\">\n\t\t\t\t\t\t\t<div class=\"elementor-accordion-item\">\n\t\t\t\t\t<div id=\"elementor-tab-title-1181\" class=\"elementor-tab-title\" data-tab=\"1\" role=\"button\" aria-controls=\"elementor-tab-content-1181\" aria-expanded=\"false\">\n\t\t\t\t\t\t\t\t\t\t\t\t\t<span class=\"elementor-accordion-icon elementor-accordion-icon-right\" aria-hidden=\"true\">\n\t\t\t\t\t\t\t\t\t\t\t\t\t\t\t<span class=\"elementor-accordion-icon-closed\"><i class=\"fas fa-plus\"><\/i><\/span>\n\t\t\t\t\t\t\t\t<span class=\"elementor-accordion-icon-opened\"><i class=\"fas fa-minus\"><\/i><\/span>\n\t\t\t\t\t\t\t\t\t\t\t\t\t\t<\/span>\n\t\t\t\t\t\t\t\t\t\t\t\t<a class=\"elementor-accordion-title\" tabindex=\"0\">SERVICES<\/a>\n\t\t\t\t\t<\/div>\n\t\t\t\t\t<div id=\"elementor-tab-content-1181\" class=\"elementor-tab-content elementor-clearfix\" data-tab=\"1\" role=\"region\" aria-labelledby=\"elementor-tab-title-1181\"><ul>\n<li>Stockage intelligent<\/li>\n<li>Reconditionnement<\/li>\n<li>Neutralisation<\/li>\n<li>Tri<\/li>\n<li>Surveillance<\/li>\n<li>\u00c9tiquetage<\/li>\n<li>Contr\u00f4le des envois<\/li>\n<li>Palettisation<\/li>\n<li>Short Sea Shipping \u2013 capacit\u00e9s r\u00e9serv\u00e9es quotidiennement<\/li>\n<li>Deep Sea Shipping<\/li>\n<li>FCL \/ LCL \/ conteneurs group\u00e9s<\/li>\n<li>Contrats avec compagnies maritimes et NVOCC<\/li>\n<li>Services porte-\u00e0-porte<\/li>\n<li>Cross-Trades<\/li>\n<li>RoRo<\/li>\n<li>Projets \/ Breakbulk<\/li>\n<li>Arrimage des conteneurs<\/li>\n<li>Pes\u00e9e selon les directives VGM SOLAS<\/li>\n<li>Transport de marchandises sensibles et dangereuses<\/li>\n<li>Gestion mondiale des importations et exportations<\/li>\n<li>Transports avant et apr\u00e8s mer<\/li>\n<li>Transport sous temp\u00e9rature contr\u00f4l\u00e9e<\/li>\n<\/ul>\n<\/div>\n\t\t\t\t<\/div>\n\t\t\t\t\t\t\t<div class=\"elementor-accordion-item\">\n\t\t\t\t\t<div id=\"elementor-tab-title-1182\" class=\"elementor-tab-title\" data-tab=\"2\" role=\"button\" aria-controls=\"elementor-tab-content-1182\" aria-expanded=\"false\">\n\t\t\t\t\t\t\t\t\t\t\t\t\t<span class=\"elementor-accordion-icon elementor-accordion-icon-right\" aria-hidden=\"true\">\n\t\t\t\t\t\t\t\t\t\t\t\t\t\t\t<span class=\"elementor-accordion-icon-closed\"><i class=\"fas fa-plus\"><\/i><\/span>\n\t\t\t\t\t\t\t\t<span class=\"elementor-accordion-icon-opened\"><i class=\"fas fa-minus\"><\/i><\/span>\n\t\t\t\t\t\t\t\t\t\t\t\t\t\t<\/span>\n\t\t\t\t\t\t\t\t\t\t\t\t<a class=\"elementor-accordion-title\" tabindex=\"0\">SERVICES<\/a>\n\t\t\t\t\t<\/div>\n\t\t\t\t\t<div id=\"elementor-tab-content-1182\" class=\"elementor-tab-content elementor-clearfix\" data-tab=\"2\" role=\"region\" aria-labelledby=\"elementor-tab-title-1182\"><ul>\n<li>Suivi des envois (Track &amp; Trace)<\/li>\n<li>Formalit\u00e9s douani\u00e8res (entrep\u00f4ts douaniers, d\u00e9clarations d\u2019import\/export, d\u00e9douanement fiscal, documents T-1, conseils en mati\u00e8re douani\u00e8re)<\/li>\n<li>Contr\u00f4le de la cargaison (pes\u00e9e, comptage, mesure)<\/li>\n<li>Entreposage temporaire<\/li>\n<li>Cross-Docking<\/li>\n<li>Interfaces EDI avec clients et fournisseurs<\/li>\n<li>Optimisation des co\u00fbts<\/li>\n<li>Optimisation des processus<\/li>\n<li>Services informatiques<\/li>\n<li>Track &amp; Trace<\/li>\n<li>Emballage pour le transport<\/li>\n<\/ul>\n<\/div>\n\t\t\t\t<\/div>\n\t\t\t\t\t\t\t<div class=\"elementor-accordion-item\">\n\t\t\t\t\t<div id=\"elementor-tab-title-1183\" class=\"elementor-tab-title\" data-tab=\"3\" role=\"button\" aria-controls=\"elementor-tab-content-1183\" aria-expanded=\"false\">\n\t\t\t\t\t\t\t\t\t\t\t\t\t<span class=\"elementor-accordion-icon elementor-accordion-icon-right\" aria-hidden=\"true\">\n\t\t\t\t\t\t\t\t\t\t\t\t\t\t\t<span class=\"elementor-accordion-icon-closed\"><i class=\"fas fa-plus\"><\/i><\/span>\n\t\t\t\t\t\t\t\t<span class=\"elementor-accordion-icon-opened\"><i class=\"fas fa-minus\"><\/i><\/span>\n\t\t\t\t\t\t\t\t\t\t\t\t\t\t<\/span>\n\t\t\t\t\t\t\t\t\t\t\t\t<a class=\"elementor-accordion-title\" tabindex=\"0\">INTERLOCUTEUR FRET MARITIME<\/a>\n\t\t\t\t\t<\/div>\n\t\t\t\t\t<div id=\"elementor-tab-content-1183\" class=\"elementor-tab-content elementor-clearfix\" data-tab=\"3\" role=\"region\" aria-labelledby=\"elementor-tab-title-1183\"><h5>L.I.T. Air &amp; Sea GmbH<\/h5>\n<p>Franz-Stickan-Stra\u00dfe 4<br \/>28197 Br\u00eame<\/p>\n<h5>Julia Ochotnicki<\/h5>\n<p>Ventes Air &amp; Sea<br \/>T\u00e9l.: +49 421 80710-135<br \/>E-Mail: <a href=\"mailto:julia.ochotnicki@lit.de\">julia.ochotnicki@lit.de<\/a><\/p>\n<h5>Anne Kelbling<\/h5>\n<p>Ventes Air &amp; Sea<br \/>T\u00e9l.: +49 421 80710-130<br \/>E-Mail: <a href=\"mailto:anne.kelbling@lit.de\">anne.kelbling@lit.de<\/a><\/p>\n<h5><strong>Thomas Behneke<\/strong><\/h5>\n<p><\/p>\n<p class=\"p2\"><span class=\"Apple-converted-space\">Directeur de site Fret maritime<br \/>\n<\/span>T\u00e9l: +49 40-334 651 950<br \/>\nE-Mail: Thomas.Behneke@lit.de<\/p>\n<\/div>\n\t\t\t\t<\/div>\n\t\t\t\t\t\t\t\t<\/div>\n\t\t\t\t<\/div>\n\t\t\t\t<\/div>\n\t\t\t\t\t<\/div>\n\t\t<\/div>\n\t\t\t\t<div class=\"elementor-column elementor-col-20 elementor-top-column elementor-element elementor-element-9410190\" data-id=\"9410190\" data-element_type=\"column\">\n\t\t\t<div class=\"elementor-widget-wrap\">\n\t\t\t\t\t\t\t<\/div>\n\t\t<\/div>\n\t\t\t\t\t<\/div>\n\t\t<\/section>\n\t\t\t\t<section class=\"elementor-section elementor-top-section elementor-element elementor-element-3df29f2 elementor-section-boxed elementor-section-height-default elementor-section-height-default\" data-id=\"3df29f2\" data-element_type=\"section\" data-settings=\"{&quot;background_background&quot;:&quot;classic&quot;}\">\n\t\t\t\t\t\t<div class=\"elementor-container elementor-column-gap-no\">\n\t\t\t\t\t<div class=\"elementor-column elementor-col-100 elementor-top-column elementor-element elementor-element-8c6553e\" data-id=\"8c6553e\" data-element_type=\"column\" data-settings=\"{&quot;background_background&quot;:&quot;classic&quot;}\">\n\t\t\t<div class=\"elementor-widget-wrap elementor-element-populated\">\n\t\t\t\t\t\t<div class=\"elementor-element elementor-element-bce794d elementor-widget elementor-widget-menu-anchor\" data-id=\"bce794d\" data-element_type=\"widget\" data-widget_type=\"menu-anchor.default\">\n\t\t\t\t<div class=\"elementor-widget-container\">\n\t\t\t\t\t<div id=\"kombinierte-verkehre\" class=\"elementor-menu-anchor\"><\/div>\n\t\t\t\t<\/div>\n\t\t\t\t<\/div>\n\t\t\t\t\t<\/div>\n\t\t<\/div>\n\t\t\t\t\t<\/div>\n\t\t<\/section>\n\t\t\t\t<section class=\"elementor-section elementor-top-section elementor-element elementor-element-12a2670 elementor-section-boxed elementor-section-height-default elementor-section-height-default\" data-id=\"12a2670\" data-element_type=\"section\" data-settings=\"{&quot;background_background&quot;:&quot;classic&quot;}\">\n\t\t\t\t\t\t<div class=\"elementor-container elementor-column-gap-no\">\n\t\t\t\t\t<div class=\"elementor-column elementor-col-100 elementor-top-column elementor-element elementor-element-b15820d\" data-id=\"b15820d\" data-element_type=\"column\">\n\t\t\t<div class=\"elementor-widget-wrap elementor-element-populated\">\n\t\t\t\t\t\t<div class=\"elementor-element elementor-element-1c5d15f elementor-widget elementor-widget-text-editor\" data-id=\"1c5d15f\" data-element_type=\"widget\" data-widget_type=\"text-editor.default\">\n\t\t\t\t<div class=\"elementor-widget-container\">\n\t\t\t\t\t\t\t<p>TRANSPORTS COMBIN\u00c9S<\/p>\n\t\t\t\t\t\t<\/div>\n\t\t\t\t<\/div>\n\t\t\t\t<div class=\"elementor-element elementor-element-c84a2a4 elementor-widget elementor-widget-heading\" data-id=\"c84a2a4\" data-element_type=\"widget\" data-widget_type=\"heading.default\">\n\t\t\t\t<div class=\"elementor-widget-container\">\n\t\t\t<h1 class=\"elementor-heading-title elementor-size-default\">PH\u00c9NOM\u00c9NAL INTERMODAL<\/h1>\t\t<\/div>\n\t\t\t\t<\/div>\n\t\t\t\t<div class=\"elementor-element elementor-element-d1f74b2 elementor-widget elementor-widget-text-editor\" data-id=\"d1f74b2\" data-element_type=\"widget\" data-widget_type=\"text-editor.default\">\n\t\t\t\t<div class=\"elementor-widget-container\">\n\t\t\t\t\t\t\t<h2>NOUS OFFRONS DES CONNEXIONS OPTIMALES ET UN R\u00c9SEAU SOLIDE<\/h2>\n\t\t\t\t\t\t<\/div>\n\t\t\t\t<\/div>\n\t\t\t\t\t<\/div>\n\t\t<\/div>\n\t\t\t\t\t<\/div>\n\t\t<\/section>\n\t\t\t\t<section class=\"elementor-section elementor-top-section elementor-element elementor-element-75afef5 elementor-section-boxed elementor-section-height-default elementor-section-height-default\" data-id=\"75afef5\" data-element_type=\"section\" data-settings=\"{&quot;background_background&quot;:&quot;classic&quot;}\">\n\t\t\t\t\t\t<div class=\"elementor-container elementor-column-gap-no\">\n\t\t\t\t\t<div class=\"elementor-column elementor-col-33 elementor-top-column elementor-element elementor-element-69af9ce\" data-id=\"69af9ce\" data-element_type=\"column\">\n\t\t\t<div class=\"elementor-widget-wrap elementor-element-populated\">\n\t\t\t\t\t\t<div class=\"elementor-element elementor-element-33c33ef elementor-widget elementor-widget-image\" data-id=\"33c33ef\" data-element_type=\"widget\" data-widget_type=\"image.default\">\n\t\t\t\t<div class=\"elementor-widget-container\">\n\t\t\t\t\t\t\t\t\t\t\t\t\t<img loading=\"lazy\" decoding=\"async\" width=\"750\" height=\"750\" src=\"https:\/\/www.lit.de\/wp-content\/uploads\/2020\/08\/Kombinierter-Verkehr-1_750-x-750-px.jpg\" class=\"attachment-large size-large wp-image-8914\" alt=\"\" srcset=\"https:\/\/www.lit.de\/wp-content\/uploads\/2020\/08\/Kombinierter-Verkehr-1_750-x-750-px.jpg 750w, https:\/\/www.lit.de\/wp-content\/uploads\/2020\/08\/Kombinierter-Verkehr-1_750-x-750-px-300x300.jpg 300w, https:\/\/www.lit.de\/wp-content\/uploads\/2020\/08\/Kombinierter-Verkehr-1_750-x-750-px-100x100.jpg 100w, https:\/\/www.lit.de\/wp-content\/uploads\/2020\/08\/Kombinierter-Verkehr-1_750-x-750-px-600x600.jpg 600w\" sizes=\"(max-width: 750px) 100vw, 750px\" \/>\t\t\t\t\t\t\t\t\t\t\t\t\t<\/div>\n\t\t\t\t<\/div>\n\t\t\t\t\t<\/div>\n\t\t<\/div>\n\t\t\t\t<div class=\"elementor-column elementor-col-33 elementor-top-column elementor-element elementor-element-c27b07a\" data-id=\"c27b07a\" data-element_type=\"column\">\n\t\t\t<div class=\"elementor-widget-wrap elementor-element-populated\">\n\t\t\t\t\t\t<div class=\"elementor-element elementor-element-1533a2c elementor-widget elementor-widget-text-editor\" data-id=\"1533a2c\" data-element_type=\"widget\" data-widget_type=\"text-editor.default\">\n\t\t\t\t<div class=\"elementor-widget-container\">\n\t\t\t\t\t\t\t<p>Les solutions de transport multimodal constituent une alternative comp\u00e9titive au transport routier tout en am\u00e9liorant l\u2019empreinte carbone. C\u2019est pourquoi, en tant qu\u2019entreprise de transport, nous privil\u00e9gions des modes de transport durables. D\u2019une part, nous proposons des transports combin\u00e9s \u00e0 l\u2019\u00e9chelle europ\u00e9enne en tant que service de L.I.T. Speditions GmbH ; d\u2019autre part, nous mettons en commun notre savoir-faire avec notre partenaire, la Captrain GmbH, au sein de notre soci\u00e9t\u00e9 \u2013 <a href=\"https:\/\/www.smartraillogistics.de\/\" target=\"_blank\" rel=\"noopener noreferrer nofollow\"><u>SmartRail Logistics GmbH.<\/u><\/a><\/p>\n\t\t\t\t\t\t<\/div>\n\t\t\t\t<\/div>\n\t\t\t\t\t<\/div>\n\t\t<\/div>\n\t\t\t\t<div class=\"elementor-column elementor-col-33 elementor-top-column elementor-element elementor-element-0cc56d4 elementor-hidden-tablet elementor-hidden-phone\" data-id=\"0cc56d4\" data-element_type=\"column\">\n\t\t\t<div class=\"elementor-widget-wrap elementor-element-populated\">\n\t\t\t\t\t\t<div class=\"elementor-element elementor-element-2cd49eb elementor-widget elementor-widget-image\" data-id=\"2cd49eb\" data-element_type=\"widget\" data-widget_type=\"image.default\">\n\t\t\t\t<div class=\"elementor-widget-container\">\n\t\t\t\t\t\t\t\t\t\t\t\t\t<img loading=\"lazy\" decoding=\"async\" width=\"750\" height=\"750\" src=\"https:\/\/www.lit.de\/wp-content\/uploads\/2020\/08\/Smartrail_4_750-x-750-px-1.jpg\" class=\"attachment-large size-large wp-image-10167\" alt=\"\" srcset=\"https:\/\/www.lit.de\/wp-content\/uploads\/2020\/08\/Smartrail_4_750-x-750-px-1.jpg 750w, https:\/\/www.lit.de\/wp-content\/uploads\/2020\/08\/Smartrail_4_750-x-750-px-1-500x500.jpg 500w, https:\/\/www.lit.de\/wp-content\/uploads\/2020\/08\/Smartrail_4_750-x-750-px-1-150x150.jpg 150w\" sizes=\"(max-width: 750px) 100vw, 750px\" \/>\t\t\t\t\t\t\t\t\t\t\t\t\t<\/div>\n\t\t\t\t<\/div>\n\t\t\t\t\t<\/div>\n\t\t<\/div>\n\t\t\t\t\t<\/div>\n\t\t<\/section>\n\t\t\t\t<section class=\"elementor-section elementor-top-section elementor-element elementor-element-f8b6d51 elementor-section-boxed elementor-section-height-default elementor-section-height-default\" data-id=\"f8b6d51\" data-element_type=\"section\" data-settings=\"{&quot;background_background&quot;:&quot;classic&quot;}\">\n\t\t\t\t\t\t<div class=\"elementor-container elementor-column-gap-no\">\n\t\t\t\t\t<div class=\"elementor-column elementor-col-33 elementor-top-column elementor-element elementor-element-dcc30fd\" data-id=\"dcc30fd\" data-element_type=\"column\" data-settings=\"{&quot;background_background&quot;:&quot;classic&quot;}\">\n\t\t\t<div class=\"elementor-widget-wrap elementor-element-populated\">\n\t\t\t\t\t\t<div class=\"elementor-element elementor-element-42486b3 elementor-widget elementor-widget-accordion\" data-id=\"42486b3\" data-element_type=\"widget\" data-widget_type=\"accordion.default\">\n\t\t\t\t<div class=\"elementor-widget-container\">\n\t\t\t\t\t<div class=\"elementor-accordion\">\n\t\t\t\t\t\t\t<div class=\"elementor-accordion-item\">\n\t\t\t\t\t<div id=\"elementor-tab-title-6951\" class=\"elementor-tab-title\" data-tab=\"1\" role=\"button\" aria-controls=\"elementor-tab-content-6951\" aria-expanded=\"false\">\n\t\t\t\t\t\t\t\t\t\t\t\t\t<span class=\"elementor-accordion-icon elementor-accordion-icon-right\" aria-hidden=\"true\">\n\t\t\t\t\t\t\t\t\t\t\t\t\t\t\t<span class=\"elementor-accordion-icon-closed\"><i class=\"fas fa-plus\"><\/i><\/span>\n\t\t\t\t\t\t\t\t<span class=\"elementor-accordion-icon-opened\"><i class=\"fas fa-minus\"><\/i><\/span>\n\t\t\t\t\t\t\t\t\t\t\t\t\t\t<\/span>\n\t\t\t\t\t\t\t\t\t\t\t\t<a class=\"elementor-accordion-title\" tabindex=\"0\">SERVICES<\/a>\n\t\t\t\t\t<\/div>\n\t\t\t\t\t<div id=\"elementor-tab-content-6951\" class=\"elementor-tab-content elementor-clearfix\" data-tab=\"1\" role=\"region\" aria-labelledby=\"elementor-tab-title-6951\"><p><strong>TRANSPORTS MULTIMODAUX :<br \/>\n<\/strong><\/p>\n<ul>\n<li>Collaboration avec des partenaires fixes pour ferries et chemins de fer<\/li>\n<li>Grande flotte europ\u00e9enne compos\u00e9e de m\u00e9ga-remorques pour transport combin\u00e9<\/li>\n<li>Diverses liaisons ferroviaires<\/li>\n<li>Diverses liaisons routi\u00e8res<\/li>\n<li>Diverses liaisons par ferry<\/li>\n<li>Savoir-faire sp\u00e9cifique pour les transports multimodaux vers et depuis le Royaume-Uni (Brexit-Tower, Customs-Tower)<\/li>\n<\/ul>\n<\/div>\n\t\t\t\t<\/div>\n\t\t\t\t\t\t\t<div class=\"elementor-accordion-item\">\n\t\t\t\t\t<div id=\"elementor-tab-title-6952\" class=\"elementor-tab-title\" data-tab=\"2\" role=\"button\" aria-controls=\"elementor-tab-content-6952\" aria-expanded=\"false\">\n\t\t\t\t\t\t\t\t\t\t\t\t\t<span class=\"elementor-accordion-icon elementor-accordion-icon-right\" aria-hidden=\"true\">\n\t\t\t\t\t\t\t\t\t\t\t\t\t\t\t<span class=\"elementor-accordion-icon-closed\"><i class=\"fas fa-plus\"><\/i><\/span>\n\t\t\t\t\t\t\t\t<span class=\"elementor-accordion-icon-opened\"><i class=\"fas fa-minus\"><\/i><\/span>\n\t\t\t\t\t\t\t\t\t\t\t\t\t\t<\/span>\n\t\t\t\t\t\t\t\t\t\t\t\t<a class=\"elementor-accordion-title\" tabindex=\"0\">AVANTAGES DES TRANSPORTS MULTIMODAUX<\/a>\n\t\t\t\t\t<\/div>\n\t\t\t\t\t<div id=\"elementor-tab-content-6952\" class=\"elementor-tab-content elementor-clearfix\" data-tab=\"2\" role=\"region\" aria-labelledby=\"elementor-tab-title-6952\"><ul>\n<li>Augmentation de la charge utile jusqu\u2019\u00e0 44 tonnes<\/li>\n<li>Pas d\u2019embouteillages<\/li>\n<li>Forte flexibilit\u00e9 gr\u00e2ce \u00e0 l\u2019utilisation de caisses mobiles<\/li>\n<li>Votre contribution pour un environnement propre<\/li>\n<li>R\u00e9duction des \u00e9missions de CO2 jusqu\u2019\u00e0 90 % gr\u00e2ce aux transports multimodaux<\/li>\n<li>Capacit\u00e9 de chargement \u00e9lev\u00e9e gr\u00e2ce \u00e0 l\u2019utilisation de caisses mobiles Jumbo et de m\u00e9gatrailers<\/li>\n<li>Utilisation d\u2019\u00e9quipements de pointe<\/li>\n<li>Suivant les besoins : fourniture d\u2019\u00e9quipements sp\u00e9ciaux<\/li>\n<\/ul>\n<\/div>\n\t\t\t\t<\/div>\n\t\t\t\t\t\t\t<div class=\"elementor-accordion-item\">\n\t\t\t\t\t<div id=\"elementor-tab-title-6953\" class=\"elementor-tab-title\" data-tab=\"3\" role=\"button\" aria-controls=\"elementor-tab-content-6953\" aria-expanded=\"false\">\n\t\t\t\t\t\t\t\t\t\t\t\t\t<span class=\"elementor-accordion-icon elementor-accordion-icon-right\" aria-hidden=\"true\">\n\t\t\t\t\t\t\t\t\t\t\t\t\t\t\t<span class=\"elementor-accordion-icon-closed\"><i class=\"fas fa-plus\"><\/i><\/span>\n\t\t\t\t\t\t\t\t<span class=\"elementor-accordion-icon-opened\"><i class=\"fas fa-minus\"><\/i><\/span>\n\t\t\t\t\t\t\t\t\t\t\t\t\t\t<\/span>\n\t\t\t\t\t\t\t\t\t\t\t\t<a class=\"elementor-accordion-title\" tabindex=\"0\">SMARTRAIL LOGISTICS GMBH<\/a>\n\t\t\t\t\t<\/div>\n\t\t\t\t\t<div id=\"elementor-tab-content-6953\" class=\"elementor-tab-content elementor-clearfix\" data-tab=\"3\" role=\"region\" aria-labelledby=\"elementor-tab-title-6953\"><p>SmartRail Logistics GmbH regroupe le savoir-faire de la route et du rail au sein d\u2019une m\u00eame entreprise. En tant que joint-venture du logisticien routier L.I.T. Speditions GmbH et du logisticien ferroviaire <a href=\"https:\/\/www.captrain.de\/\" target=\"_blank\" rel=\"noopener noreferrer nofollow\">Captrain Deutschland GmbH<\/a>, \u00ab SmartRail \u00bb est votre partenaire pour des solutions de transport intermodales et int\u00e9gr\u00e9es. Nous exploitons pour nos clients industriels des corridors de transport d\u00e9di\u00e9s de mani\u00e8re centralis\u00e9e \u2013 de porte \u00e0 porte.<br \/>Au c\u0153ur de notre solution se trouve l\u2019optimisation de la connexion entre chemin de fer et camion. Nous avons fait \u00e9voluer le transport combin\u00e9 \u00ab classique \u00bb en reliant entre eux des domaines d\u2019innovation technique et organisationnelle. Gr\u00e2ce \u00e0 l\u2019utilisation de technologies innovantes telles que des locomotives pour le dernier kilom\u00e8tre et des techniques de manutention de pointe, les processus et acteurs du transport sont r\u00e9duits d\u2019une part. D\u2019autre part, un syst\u00e8me informatique moderne assure la mise en r\u00e9seau cibl\u00e9e de tous les partenaires impliqu\u00e9s.<\/p>\n<\/div>\n\t\t\t\t<\/div>\n\t\t\t\t\t\t\t<div class=\"elementor-accordion-item\">\n\t\t\t\t\t<div id=\"elementor-tab-title-6954\" class=\"elementor-tab-title\" data-tab=\"4\" role=\"button\" aria-controls=\"elementor-tab-content-6954\" aria-expanded=\"false\">\n\t\t\t\t\t\t\t\t\t\t\t\t\t<span class=\"elementor-accordion-icon elementor-accordion-icon-right\" aria-hidden=\"true\">\n\t\t\t\t\t\t\t\t\t\t\t\t\t\t\t<span class=\"elementor-accordion-icon-closed\"><i class=\"fas fa-plus\"><\/i><\/span>\n\t\t\t\t\t\t\t\t<span class=\"elementor-accordion-icon-opened\"><i class=\"fas fa-minus\"><\/i><\/span>\n\t\t\t\t\t\t\t\t\t\t\t\t\t\t<\/span>\n\t\t\t\t\t\t\t\t\t\t\t\t<a class=\"elementor-accordion-title\" tabindex=\"0\">AVANTAGES DES TRANSPORTS INTERMODAUX VIA SMARTRAIL<\/a>\n\t\t\t\t\t<\/div>\n\t\t\t\t\t<div id=\"elementor-tab-content-6954\" class=\"elementor-tab-content elementor-clearfix\" data-tab=\"4\" role=\"region\" aria-labelledby=\"elementor-tab-title-6954\"><p><strong>AVANTAGES :<br \/>\n<\/strong><\/p>\n<ul>\n<li>R\u00e9duction des \u00e9missions de CO2<\/li>\n<li>Diminution des \u00e9tapes et des acteurs du processus, r\u00e9duisant ainsi les interfaces<\/li>\n<li>Contr\u00f4le continu<\/li>\n<li>Cha\u00eene d\u2019approvisionnement cadenc\u00e9e<\/li>\n<li>Optimisation des co\u00fbts<\/li>\n<li>Processus de transport robuste<\/li>\n<li>Gestion centralis\u00e9e des donn\u00e9es<\/li>\n<li>Transparence optimale<\/li>\n<\/ul>\n<p>&nbsp;<\/p>\n<p><strong>SERVICES :<br \/>\n<\/strong><\/p>\n<ul>\n<li>Porte-\u00e0-porte<\/li>\n<li>Production avec ressources propres<\/li>\n<li>Technologie de manutention propre<\/li>\n<li>Control Tower (24\/7) \/ plan d\u2019urgence<\/li>\n<li>Gestion int\u00e9gr\u00e9e de la cour (Yard Management)<\/li>\n<li>Traitement routier parall\u00e8le pour g\u00e9rer les pics de volume<\/li>\n<li>Conseil et conception selon les besoins du client<\/li>\n<\/ul>\n<\/div>\n\t\t\t\t<\/div>\n\t\t\t\t\t\t\t<div class=\"elementor-accordion-item\">\n\t\t\t\t\t<div id=\"elementor-tab-title-6955\" class=\"elementor-tab-title\" data-tab=\"5\" role=\"button\" aria-controls=\"elementor-tab-content-6955\" aria-expanded=\"false\">\n\t\t\t\t\t\t\t\t\t\t\t\t\t<span class=\"elementor-accordion-icon elementor-accordion-icon-right\" aria-hidden=\"true\">\n\t\t\t\t\t\t\t\t\t\t\t\t\t\t\t<span class=\"elementor-accordion-icon-closed\"><i class=\"fas fa-plus\"><\/i><\/span>\n\t\t\t\t\t\t\t\t<span class=\"elementor-accordion-icon-opened\"><i class=\"fas fa-minus\"><\/i><\/span>\n\t\t\t\t\t\t\t\t\t\t\t\t\t\t<\/span>\n\t\t\t\t\t\t\t\t\t\t\t\t<a class=\"elementor-accordion-title\" tabindex=\"0\">INTERLOCUTEUR TRANSPORTS COMBIN\u00c9S<\/a>\n\t\t\t\t\t<\/div>\n\t\t\t\t\t<div id=\"elementor-tab-content-6955\" class=\"elementor-tab-content elementor-clearfix\" data-tab=\"5\" role=\"region\" aria-labelledby=\"elementor-tab-title-6955\"><h5>L.I.T. Speditions GmbH<\/h5>\n<p>Otto-Hahn-Stra\u00dfe 18<br \/>26919 Brake<\/p>\n<h5>Klaas Lange<\/h5>\n<p>Business Development<br \/>T\u00e9l.: +49 4401 920-281<br \/>E-Mail: <a href=\"mailto:klaas.lange@lit.de\">klaas.lange@lit.de<\/a><\/p>\n<\/div>\n\t\t\t\t<\/div>\n\t\t\t\t\t\t\t\t<\/div>\n\t\t\t\t<\/div>\n\t\t\t\t<\/div>\n\t\t\t\t\t<\/div>\n\t\t<\/div>\n\t\t\t\t<div class=\"elementor-column elementor-col-33 elementor-top-column elementor-element elementor-element-8082803\" data-id=\"8082803\" data-element_type=\"column\" data-settings=\"{&quot;background_background&quot;:&quot;classic&quot;}\">\n\t\t\t<div class=\"elementor-widget-wrap elementor-element-populated\">\n\t\t\t\t\t\t<div class=\"elementor-element elementor-element-fc919ae elementor-widget elementor-widget-image\" data-id=\"fc919ae\" data-element_type=\"widget\" data-widget_type=\"image.default\">\n\t\t\t\t<div class=\"elementor-widget-container\">\n\t\t\t\t\t\t\t\t\t\t\t\t\t<img loading=\"lazy\" decoding=\"async\" width=\"750\" height=\"750\" src=\"https:\/\/www.lit.de\/wp-content\/uploads\/2020\/08\/Kombinierter-Verkehr-2_750-x-750-px.jpg\" class=\"attachment-large size-large wp-image-122530\" alt=\"\" srcset=\"https:\/\/www.lit.de\/wp-content\/uploads\/2020\/08\/Kombinierter-Verkehr-2_750-x-750-px.jpg 750w, https:\/\/www.lit.de\/wp-content\/uploads\/2020\/08\/Kombinierter-Verkehr-2_750-x-750-px-300x300.jpg 300w, https:\/\/www.lit.de\/wp-content\/uploads\/2020\/08\/Kombinierter-Verkehr-2_750-x-750-px-100x100.jpg 100w, https:\/\/www.lit.de\/wp-content\/uploads\/2020\/08\/Kombinierter-Verkehr-2_750-x-750-px-600x600.jpg 600w\" sizes=\"(max-width: 750px) 100vw, 750px\" \/>\t\t\t\t\t\t\t\t\t\t\t\t\t<\/div>\n\t\t\t\t<\/div>\n\t\t\t\t\t<\/div>\n\t\t<\/div>\n\t\t\t\t<div class=\"elementor-column elementor-col-33 elementor-top-column elementor-element elementor-element-7a8c991\" data-id=\"7a8c991\" data-element_type=\"column\" data-settings=\"{&quot;background_background&quot;:&quot;classic&quot;}\">\n\t\t\t<div class=\"elementor-widget-wrap elementor-element-populated\">\n\t\t\t\t\t\t<div class=\"elementor-element elementor-element-8669f9f elementor-widget elementor-widget-text-editor\" data-id=\"8669f9f\" data-element_type=\"widget\" data-widget_type=\"text-editor.default\">\n\t\t\t\t<div class=\"elementor-widget-container\">\n\t\t\t\t\t\t\t<p>Gr\u00e2ce \u00e0 l\u2019utilisation de technologies innovantes telles que des locomotives pour le dernier kilom\u00e8tre et des techniques de manutention de pointe, les processus et acteurs du transport sont \u00e0 la fois r\u00e9duits. Par ailleurs, un syst\u00e8me informatique moderne permet de connecter efficacement tous les partenaires impliqu\u00e9s. Pour nos clients, nous concevons, organisons et g\u00e9rons des solutions de corridors intermodales, int\u00e9gr\u00e9es et ind\u00e9pendantes des terminaux, fournies de mani\u00e8re centralis\u00e9e.<br \/>Nous intervenons \u00e9galement par voie maritime : dans le secteur <a href=\"https:\/\/www.lit.de\/fr\/automobile\/\">automobile<\/a>, nous assurons des services combin\u00e9s r\u00e9guliers vers le Royaume-Uni.<\/p>\n\t\t\t\t\t\t<\/div>\n\t\t\t\t<\/div>\n\t\t\t\t\t<\/div>\n\t\t<\/div>\n\t\t\t\t\t<\/div>\n\t\t<\/section>\n\t\t\t\t<section class=\"elementor-section elementor-top-section elementor-element elementor-element-940dbd5 elementor-section-boxed elementor-section-height-default elementor-section-height-default\" data-id=\"940dbd5\" data-element_type=\"section\" data-settings=\"{&quot;background_background&quot;:&quot;classic&quot;}\">\n\t\t\t\t\t\t<div class=\"elementor-container elementor-column-gap-no\">\n\t\t\t\t\t<div class=\"elementor-column elementor-col-100 elementor-top-column elementor-element elementor-element-f8a6760\" data-id=\"f8a6760\" data-element_type=\"column\">\n\t\t\t<div class=\"elementor-widget-wrap elementor-element-populated\">\n\t\t\t\t\t\t<div class=\"elementor-element elementor-element-2cb4198 elementor-widget elementor-widget-menu-anchor\" data-id=\"2cb4198\" data-element_type=\"widget\" data-widget_type=\"menu-anchor.default\">\n\t\t\t\t<div class=\"elementor-widget-container\">\n\t\t\t\t\t<div id=\"ansprechpartner_transportlogistik\" class=\"elementor-menu-anchor\"><\/div>\n\t\t\t\t<\/div>\n\t\t\t\t<\/div>\n\t\t\t\t\t<\/div>\n\t\t<\/div>\n\t\t\t\t\t<\/div>\n\t\t<\/section>\n\t\t\t\t<section class=\"elementor-section elementor-top-section elementor-element elementor-element-fd5e0f5 elementor-section-boxed elementor-section-height-default elementor-section-height-default\" data-id=\"fd5e0f5\" data-element_type=\"section\" data-settings=\"{&quot;background_background&quot;:&quot;classic&quot;}\">\n\t\t\t\t\t\t<div class=\"elementor-container elementor-column-gap-no\">\n\t\t\t\t\t<div class=\"elementor-column elementor-col-100 elementor-top-column elementor-element elementor-element-85c3ea3 elementor-invisible\" data-id=\"85c3ea3\" data-element_type=\"column\" data-settings=\"{&quot;animation&quot;:&quot;fadeIn&quot;}\">\n\t\t\t<div class=\"elementor-widget-wrap elementor-element-populated\">\n\t\t\t\t\t\t<div class=\"elementor-element elementor-element-6cf2131 elementor-widget elementor-widget-text-editor\" data-id=\"6cf2131\" data-element_type=\"widget\" data-widget_type=\"text-editor.default\">\n\t\t\t\t<div class=\"elementor-widget-container\">\n\t\t\t\t\t\t\t<p>INTERLOCUTEUR LOGISTIQUE DE TRANSPORT<\/p>\n\t\t\t\t\t\t<\/div>\n\t\t\t\t<\/div>\n\t\t\t\t<div class=\"elementor-element elementor-element-85be2c1 elementor-widget elementor-widget-heading\" data-id=\"85be2c1\" data-element_type=\"widget\" data-widget_type=\"heading.default\">\n\t\t\t\t<div class=\"elementor-widget-container\">\n\t\t\t<h1 class=\"elementor-heading-title elementor-size-default\">VOUS AVEZ DES QUESTIONS CONCERNANT LA LOGISTIQUE DE TRANSPORT ?<\/h1>\t\t<\/div>\n\t\t\t\t<\/div>\n\t\t\t\t<div class=\"elementor-element elementor-element-f55b2d3 elementor-widget elementor-widget-heading\" data-id=\"f55b2d3\" data-element_type=\"widget\" data-widget_type=\"heading.default\">\n\t\t\t\t<div class=\"elementor-widget-container\">\n\t\t\t<h2 class=\"elementor-heading-title elementor-size-default\">APPELEZ-NOUS !<\/h2>\t\t<\/div>\n\t\t\t\t<\/div>\n\t\t\t\t<div class=\"elementor-element elementor-element-5b99f37 elementor-widget elementor-widget-text-editor\" data-id=\"5b99f37\" data-element_type=\"widget\" data-widget_type=\"text-editor.default\">\n\t\t\t\t<div class=\"elementor-widget-container\">\n\t\t\t\t\t\t\t\t\t<div data-elementor-type=\"section\" data-elementor-id=\"121249\" class=\"elementor elementor-121249 elementor-632 elementor-632\" data-elementor-post-type=\"elementor_library\">\n\t\t\t\t\t<section class=\"elementor-section elementor-top-section elementor-element elementor-element-3be1874 elementor-section-boxed elementor-section-height-default elementor-section-height-default\" data-id=\"3be1874\" data-element_type=\"section\" data-settings=\"{&quot;background_background&quot;:&quot;classic&quot;}\">\n\t\t\t\t\t\t<div class=\"elementor-container elementor-column-gap-default\">\n\t\t\t\t\t<div class=\"elementor-column elementor-col-100 elementor-top-column elementor-element elementor-element-5f554b5\" data-id=\"5f554b5\" data-element_type=\"column\">\n\t\t\t<div class=\"elementor-widget-wrap elementor-element-populated\">\n\t\t\t\t\t\t<section class=\"elementor-section elementor-inner-section elementor-element elementor-element-310570d2 elementor-section-boxed elementor-section-height-default elementor-section-height-default\" data-id=\"310570d2\" data-element_type=\"section\">\n\t\t\t\t\t\t<div class=\"elementor-container elementor-column-gap-extended\">\n\t\t\t\t\t<div class=\"elementor-column elementor-col-33 elementor-inner-column elementor-element elementor-element-38d6aa6\" data-id=\"38d6aa6\" data-element_type=\"column\">\n\t\t\t<div class=\"elementor-widget-wrap elementor-element-populated\">\n\t\t\t\t\t\t<div class=\"elementor-element elementor-element-0ef3412 elementor-cta--skin-cover imageMaxWidth elementor-animated-content elementor-bg-transform elementor-bg-transform-zoom-in elementor-widget elementor-widget-call-to-action\" data-id=\"0ef3412\" data-element_type=\"widget\" data-widget_type=\"call-to-action.default\">\n\t\t\t\t<div class=\"elementor-widget-container\">\n\t\t\t\t\t<div class=\"elementor-cta\">\n\t\t\t\t\t<div class=\"elementor-cta__bg-wrapper\">\n\t\t\t\t<div class=\"elementor-cta__bg elementor-bg\" style=\"background-image: url(https:\/\/www.lit.de\/wp-content\/uploads\/elementor\/thumbs\/Rode-Wilfried_560-x-560-px-qsnei2rfzokaaw0f3et3urro9pte9ljtz1ad06smtk.jpg);\" role=\"img\" aria-label=\"Rode Wilfried_560 x 560 px\"><\/div>\n\t\t\t\t<div class=\"elementor-cta__bg-overlay\"><\/div>\n\t\t\t<\/div>\n\t\t\t\t\t\t\t<div class=\"elementor-cta__content\">\n\t\t\t\t\n\t\t\t\t\t\t\t\t\t<h2 class=\"elementor-cta__title elementor-cta__content-item elementor-content-item elementor-animated-item--fade-in\">\n\t\t\t\t\t\tT\u00e9l.: +49 1590 4686832\t\t\t\t\t<\/h2>\n\t\t\t\t\n\t\t\t\t\n\t\t\t\t\t\t\t\t\t<div class=\"elementor-cta__button-wrapper elementor-cta__content-item elementor-content-item elementor-animated-item--fade-in\">\n\t\t\t\t\t<a class=\"elementor-cta__button elementor-button elementor-size-\" href=\"mailto:Wilfried.Rode@lit.de\">\n\t\t\t\t\t\tEnvoyer un e-mail\t\t\t\t\t<\/a>\n\t\t\t\t\t<\/div>\n\t\t\t\t\t\t\t<\/div>\n\t\t\t\t\t\t<\/div>\n\t\t\t\t<\/div>\n\t\t\t\t<\/div>\n\t\t\t\t<div class=\"elementor-element elementor-element-863eaf6 elementor-widget elementor-widget-heading\" data-id=\"863eaf6\" data-element_type=\"widget\" data-widget_type=\"heading.default\">\n\t\t\t\t<div class=\"elementor-widget-container\">\n\t\t\t<h2 class=\"elementor-heading-title elementor-size-default\">Wilfried Rode<\/h2>\t\t<\/div>\n\t\t\t\t<\/div>\n\t\t\t\t<div class=\"elementor-element elementor-element-e77fa1c elementor-widget elementor-widget-text-editor\" data-id=\"e77fa1c\" data-element_type=\"widget\" data-widget_type=\"text-editor.default\">\n\t\t\t\t<div class=\"elementor-widget-container\">\n\t\t\t\t\t\t\t<p><span style=\"color: #000000;\">Ventes Nord de l\u2019Allemagne<\/span><\/p>\n\t\t\t\t\t\t<\/div>\n\t\t\t\t<\/div>\n\t\t\t\t\t<\/div>\n\t\t<\/div>\n\t\t\t\t<div class=\"elementor-column elementor-col-33 elementor-inner-column elementor-element elementor-element-f9dac48\" data-id=\"f9dac48\" data-element_type=\"column\">\n\t\t\t<div class=\"elementor-widget-wrap elementor-element-populated\">\n\t\t\t\t\t\t<div class=\"elementor-element elementor-element-f7ab267 elementor-cta--skin-cover imageMaxWidth elementor-animated-content elementor-bg-transform elementor-bg-transform-zoom-in elementor-widget elementor-widget-call-to-action\" data-id=\"f7ab267\" data-element_type=\"widget\" data-widget_type=\"call-to-action.default\">\n\t\t\t\t<div class=\"elementor-widget-container\">\n\t\t\t\t\t<div class=\"elementor-cta\">\n\t\t\t\t\t<div class=\"elementor-cta__bg-wrapper\">\n\t\t\t\t<div class=\"elementor-cta__bg elementor-bg\" style=\"background-image: url(https:\/\/www.lit.de\/wp-content\/uploads\/elementor\/thumbs\/Preu-Edwin_560-x-560-px-qsw5h9urp12hwr715carjv4deucvpudkmulr0w1z7s.jpg);\" role=\"img\" aria-label=\"Preu Edwin_560 x 560 px\"><\/div>\n\t\t\t\t<div class=\"elementor-cta__bg-overlay\"><\/div>\n\t\t\t<\/div>\n\t\t\t\t\t\t\t<div class=\"elementor-cta__content\">\n\t\t\t\t\n\t\t\t\t\t\t\t\t\t<h2 class=\"elementor-cta__title elementor-cta__content-item elementor-content-item elementor-animated-item--fade-in\">\n\t\t\t\t\t\tT\u00e9l.: +49 152 56865489\t\t\t\t\t<\/h2>\n\t\t\t\t\n\t\t\t\t\n\t\t\t\t\t\t\t\t\t<div class=\"elementor-cta__button-wrapper elementor-cta__content-item elementor-content-item elementor-animated-item--fade-in\">\n\t\t\t\t\t<a class=\"elementor-cta__button elementor-button elementor-size-\" href=\"mailto:edwin.preu@lit.de\">\n\t\t\t\t\t\tEnvoyer un e-mail\t\t\t\t\t<\/a>\n\t\t\t\t\t<\/div>\n\t\t\t\t\t\t\t<\/div>\n\t\t\t\t\t\t<\/div>\n\t\t\t\t<\/div>\n\t\t\t\t<\/div>\n\t\t\t\t<div class=\"elementor-element elementor-element-a00b355 elementor-widget elementor-widget-heading\" data-id=\"a00b355\" data-element_type=\"widget\" data-widget_type=\"heading.default\">\n\t\t\t\t<div class=\"elementor-widget-container\">\n\t\t\t<h2 class=\"elementor-heading-title elementor-size-default\">EDWIN PREU<\/h2>\t\t<\/div>\n\t\t\t\t<\/div>\n\t\t\t\t<div class=\"elementor-element elementor-element-2f6fa2f elementor-widget elementor-widget-text-editor\" data-id=\"2f6fa2f\" data-element_type=\"widget\" data-widget_type=\"text-editor.default\">\n\t\t\t\t<div class=\"elementor-widget-container\">\n\t\t\t\t\t\t\t<p><span style=\"color: #000000;\">Ventes Sud de l\u2019Allemagne<br \/>\n<\/span><span style=\"color: #000000;\">Autriche | Suisse<\/span><\/p>\n\t\t\t\t\t\t<\/div>\n\t\t\t\t<\/div>\n\t\t\t\t\t<\/div>\n\t\t<\/div>\n\t\t\t\t<div class=\"elementor-column elementor-col-33 elementor-inner-column elementor-element elementor-element-75e55412\" data-id=\"75e55412\" data-element_type=\"column\">\n\t\t\t<div class=\"elementor-widget-wrap elementor-element-populated\">\n\t\t\t\t\t\t<div class=\"elementor-element elementor-element-7bceae06 elementor-cta--skin-cover imageMaxWidth elementor-animated-content elementor-bg-transform elementor-bg-transform-zoom-in elementor-widget elementor-widget-call-to-action\" data-id=\"7bceae06\" data-element_type=\"widget\" data-widget_type=\"call-to-action.default\">\n\t\t\t\t<div class=\"elementor-widget-container\">\n\t\t\t\t\t<div class=\"elementor-cta\">\n\t\t\t\t\t<div class=\"elementor-cta__bg-wrapper\">\n\t\t\t\t<div class=\"elementor-cta__bg elementor-bg\" style=\"background-image: url(https:\/\/www.lit.de\/wp-content\/uploads\/elementor\/thumbs\/Arping_560-x-560-px-piig6ojq43qwkwxab7j09pyreuiwtl1mx1jm5xfzwo.jpg);\" role=\"img\" aria-label=\"Ronald Arping\"><\/div>\n\t\t\t\t<div class=\"elementor-cta__bg-overlay\"><\/div>\n\t\t\t<\/div>\n\t\t\t\t\t\t\t<div class=\"elementor-cta__content\">\n\t\t\t\t\n\t\t\t\t\t\t\t\t\t<h2 class=\"elementor-cta__title elementor-cta__content-item elementor-content-item elementor-animated-item--fade-in\">\n\t\t\t\t\t\tT\u00e9l.: +49 4401 920-173\t\t\t\t\t<\/h2>\n\t\t\t\t\n\t\t\t\t\n\t\t\t\t\t\t\t\t\t<div class=\"elementor-cta__button-wrapper elementor-cta__content-item elementor-content-item elementor-animated-item--fade-in\">\n\t\t\t\t\t<a class=\"elementor-cta__button elementor-button elementor-size-\" href=\"mailto:ronald.arping@lit.de\">\n\t\t\t\t\t\tEnvoyer un e-mail\t\t\t\t\t<\/a>\n\t\t\t\t\t<\/div>\n\t\t\t\t\t\t\t<\/div>\n\t\t\t\t\t\t<\/div>\n\t\t\t\t<\/div>\n\t\t\t\t<\/div>\n\t\t\t\t<div class=\"elementor-element elementor-element-254e11b6 elementor-widget elementor-widget-heading\" data-id=\"254e11b6\" data-element_type=\"widget\" data-widget_type=\"heading.default\">\n\t\t\t\t<div class=\"elementor-widget-container\">\n\t\t\t<h2 class=\"elementor-heading-title elementor-size-default\">RONALD ARPING<\/h2>\t\t<\/div>\n\t\t\t\t<\/div>\n\t\t\t\t<div class=\"elementor-element elementor-element-40659b1e elementor-widget elementor-widget-text-editor\" data-id=\"40659b1e\" data-element_type=\"widget\" data-widget_type=\"text-editor.default\">\n\t\t\t\t<div class=\"elementor-widget-container\">\n\t\t\t\t\t\t\t<p><span style=\"color: #000000;\">Ventes Royaume-Uni<\/span><\/p>\n\t\t\t\t\t\t<\/div>\n\t\t\t\t<\/div>\n\t\t\t\t\t<\/div>\n\t\t<\/div>\n\t\t\t\t\t<\/div>\n\t\t<\/section>\n\t\t\t\t<section class=\"elementor-section elementor-inner-section elementor-element elementor-element-0def785 elementor-section-boxed elementor-section-height-default elementor-section-height-default\" data-id=\"0def785\" data-element_type=\"section\">\n\t\t\t\t\t\t<div class=\"elementor-container elementor-column-gap-extended\">\n\t\t\t\t\t<div class=\"elementor-column elementor-col-33 elementor-inner-column elementor-element elementor-element-ec13b93\" data-id=\"ec13b93\" data-element_type=\"column\">\n\t\t\t<div class=\"elementor-widget-wrap elementor-element-populated\">\n\t\t\t\t\t\t<div class=\"elementor-element elementor-element-72d5e55 elementor-cta--skin-cover imageMaxWidth elementor-animated-content elementor-bg-transform elementor-bg-transform-zoom-in elementor-widget elementor-widget-call-to-action\" data-id=\"72d5e55\" data-element_type=\"widget\" data-widget_type=\"call-to-action.default\">\n\t\t\t\t<div class=\"elementor-widget-container\">\n\t\t\t\t\t<div class=\"elementor-cta\">\n\t\t\t\t\t<div class=\"elementor-cta__bg-wrapper\">\n\t\t\t\t<div class=\"elementor-cta__bg elementor-bg\" style=\"background-image: url(https:\/\/www.lit.de\/wp-content\/uploads\/elementor\/thumbs\/Fabrice-Eveno_20x20_2-piig6ojq43qwkwxab7j09pyreuiwtl1mx1jm5xfzwo.jpg);\" role=\"img\" aria-label=\"Fabrice Eveno\"><\/div>\n\t\t\t\t<div class=\"elementor-cta__bg-overlay\"><\/div>\n\t\t\t<\/div>\n\t\t\t\t\t\t\t<div class=\"elementor-cta__content\">\n\t\t\t\t\n\t\t\t\t\t\t\t\t\t<h2 class=\"elementor-cta__title elementor-cta__content-item elementor-content-item elementor-animated-item--fade-in\">\n\t\t\t\t\t\tT\u00e9l.: +352 267414-22 \t\t\t\t\t<\/h2>\n\t\t\t\t\n\t\t\t\t\n\t\t\t\t\t\t\t\t\t<div class=\"elementor-cta__button-wrapper elementor-cta__content-item elementor-content-item elementor-animated-item--fade-in\">\n\t\t\t\t\t<a class=\"elementor-cta__button elementor-button elementor-size-\" href=\"mailto:fabrice.eveno@lit.de\">\n\t\t\t\t\t\tEnvoyer un e-mail\t\t\t\t\t<\/a>\n\t\t\t\t\t<\/div>\n\t\t\t\t\t\t\t<\/div>\n\t\t\t\t\t\t<\/div>\n\t\t\t\t<\/div>\n\t\t\t\t<\/div>\n\t\t\t\t<div class=\"elementor-element elementor-element-fdb95e7 elementor-widget elementor-widget-heading\" data-id=\"fdb95e7\" data-element_type=\"widget\" data-widget_type=\"heading.default\">\n\t\t\t\t<div class=\"elementor-widget-container\">\n\t\t\t<h2 class=\"elementor-heading-title elementor-size-default\">FABRICE EVENO<\/h2>\t\t<\/div>\n\t\t\t\t<\/div>\n\t\t\t\t<div class=\"elementor-element elementor-element-dc49eda elementor-widget elementor-widget-text-editor\" data-id=\"dc49eda\" data-element_type=\"widget\" data-widget_type=\"text-editor.default\">\n\t\t\t\t<div class=\"elementor-widget-container\">\n\t\t\t\t\t\t\t<p><span style=\"color: #000000;\">Ventes France<\/span><\/p>\n\t\t\t\t\t\t<\/div>\n\t\t\t\t<\/div>\n\t\t\t\t\t<\/div>\n\t\t<\/div>\n\t\t\t\t<div class=\"elementor-column elementor-col-33 elementor-inner-column elementor-element elementor-element-e21a24e\" data-id=\"e21a24e\" data-element_type=\"column\">\n\t\t\t<div class=\"elementor-widget-wrap elementor-element-populated\">\n\t\t\t\t\t\t<div class=\"elementor-element elementor-element-b6ee3e2 elementor-cta--skin-cover imageMaxWidth elementor-animated-content elementor-bg-transform elementor-bg-transform-zoom-in elementor-widget elementor-widget-call-to-action\" data-id=\"b6ee3e2\" data-element_type=\"widget\" data-widget_type=\"call-to-action.default\">\n\t\t\t\t<div class=\"elementor-widget-container\">\n\t\t\t\t\t<div class=\"elementor-cta\">\n\t\t\t\t\t<div class=\"elementor-cta__bg-wrapper\">\n\t\t\t\t<div class=\"elementor-cta__bg elementor-bg\" style=\"background-image: url(https:\/\/www.lit.de\/wp-content\/uploads\/elementor\/thumbs\/Kopie-von-Sommerfest-2-psfjghvfnu44tuwbu5hqftnbtwfo3nj2xyb36wdfns.png);\" role=\"img\" aria-label=\"Kopie von Sommerfest\"><\/div>\n\t\t\t\t<div class=\"elementor-cta__bg-overlay\"><\/div>\n\t\t\t<\/div>\n\t\t\t\t\t\t\t<div class=\"elementor-cta__content\">\n\t\t\t\t\n\t\t\t\t\t\t\t\t\t<h2 class=\"elementor-cta__title elementor-cta__content-item elementor-content-item elementor-animated-item--fade-in\">\n\t\t\t\t\t\tT\u00e9l.: +48 68 4584-710\t\t\t\t\t<\/h2>\n\t\t\t\t\n\t\t\t\t\n\t\t\t\t\t\t\t\t\t<div class=\"elementor-cta__button-wrapper elementor-cta__content-item elementor-content-item elementor-animated-item--fade-in\">\n\t\t\t\t\t<a class=\"elementor-cta__button elementor-button elementor-size-\" href=\"mailto:pawel.zaboklicki@lit.de\">\n\t\t\t\t\t\tEnvoyer un e-mail\t\t\t\t\t<\/a>\n\t\t\t\t\t<\/div>\n\t\t\t\t\t\t\t<\/div>\n\t\t\t\t\t\t<\/div>\n\t\t\t\t<\/div>\n\t\t\t\t<\/div>\n\t\t\t\t<div class=\"elementor-element elementor-element-89bfecc elementor-widget elementor-widget-heading\" data-id=\"89bfecc\" data-element_type=\"widget\" data-widget_type=\"heading.default\">\n\t\t\t\t<div class=\"elementor-widget-container\">\n\t\t\t<h2 class=\"elementor-heading-title elementor-size-default\">Edyta Jankowska<\/h2>\t\t<\/div>\n\t\t\t\t<\/div>\n\t\t\t\t<div class=\"elementor-element elementor-element-cf818cf elementor-widget elementor-widget-text-editor\" data-id=\"cf818cf\" data-element_type=\"widget\" data-widget_type=\"text-editor.default\">\n\t\t\t\t<div class=\"elementor-widget-container\">\n\t\t\t\t\t\t\t<p><span style=\"color: #000000;\">Ventes Pologne<\/span><\/p>\n\t\t\t\t\t\t<\/div>\n\t\t\t\t<\/div>\n\t\t\t\t\t<\/div>\n\t\t<\/div>\n\t\t\t\t<div class=\"elementor-column elementor-col-33 elementor-inner-column elementor-element elementor-element-56eb7a0\" data-id=\"56eb7a0\" data-element_type=\"column\">\n\t\t\t<div class=\"elementor-widget-wrap elementor-element-populated\">\n\t\t\t\t\t\t<div class=\"elementor-element elementor-element-858e33a elementor-cta--skin-cover imageMaxWidth elementor-animated-content elementor-bg-transform elementor-bg-transform-zoom-in elementor-widget elementor-widget-call-to-action\" data-id=\"858e33a\" data-element_type=\"widget\" data-widget_type=\"call-to-action.default\">\n\t\t\t\t<div class=\"elementor-widget-container\">\n\t\t\t\t\t<div class=\"elementor-cta\">\n\t\t\t\t\t<div class=\"elementor-cta__bg-wrapper\">\n\t\t\t\t<div class=\"elementor-cta__bg elementor-bg\" style=\"background-image: url(https:\/\/www.lit.de\/wp-content\/uploads\/elementor\/thumbs\/Govers-Rob-560-x-560px-qqwl5zj38l0xefsy5tee7bhqrpxg3c2seegwsxdqiw.jpg);\" role=\"img\" aria-label=\"Govers Rob 560 x 560px\"><\/div>\n\t\t\t\t<div class=\"elementor-cta__bg-overlay\"><\/div>\n\t\t\t<\/div>\n\t\t\t\t\t\t\t<div class=\"elementor-cta__content\">\n\t\t\t\t\n\t\t\t\t\t\t\t\t\t<h2 class=\"elementor-cta__title elementor-cta__content-item elementor-content-item elementor-animated-item--fade-in\">\n\t\t\t\t\t\tTel.: +31 619 5860-19\t\t\t\t\t<\/h2>\n\t\t\t\t\n\t\t\t\t\n\t\t\t\t\t\t\t\t\t<div class=\"elementor-cta__button-wrapper elementor-cta__content-item elementor-content-item elementor-animated-item--fade-in\">\n\t\t\t\t\t<a class=\"elementor-cta__button elementor-button elementor-size-\" href=\"mailto:Rob.Govers@lit.de\">\n\t\t\t\t\t\tEnvoyer un e-mail\t\t\t\t\t<\/a>\n\t\t\t\t\t<\/div>\n\t\t\t\t\t\t\t<\/div>\n\t\t\t\t\t\t<\/div>\n\t\t\t\t<\/div>\n\t\t\t\t<\/div>\n\t\t\t\t<div class=\"elementor-element elementor-element-f634046 elementor-widget elementor-widget-heading\" data-id=\"f634046\" data-element_type=\"widget\" data-widget_type=\"heading.default\">\n\t\t\t\t<div class=\"elementor-widget-container\">\n\t\t\t<h2 class=\"elementor-heading-title elementor-size-default\">Rob Govers<\/h2>\t\t<\/div>\n\t\t\t\t<\/div>\n\t\t\t\t<div class=\"elementor-element elementor-element-9a98065 elementor-widget elementor-widget-text-editor\" data-id=\"9a98065\" data-element_type=\"widget\" data-widget_type=\"text-editor.default\">\n\t\t\t\t<div class=\"elementor-widget-container\">\n\t\t\t\t\t\t\t<p><span style=\"color: #000000;\">Ventes BeNeLux \u2013 Projets<\/span><\/p>\n\t\t\t\t\t\t<\/div>\n\t\t\t\t<\/div>\n\t\t\t\t\t<\/div>\n\t\t<\/div>\n\t\t\t\t\t<\/div>\n\t\t<\/section>\n\t\t\t\t<section class=\"elementor-section elementor-inner-section elementor-element elementor-element-571d4d3 elementor-section-boxed elementor-section-height-default elementor-section-height-default\" data-id=\"571d4d3\" data-element_type=\"section\">\n\t\t\t\t\t\t<div class=\"elementor-container elementor-column-gap-extended\">\n\t\t\t\t\t<div class=\"elementor-column elementor-col-33 elementor-inner-column elementor-element elementor-element-cd58932\" data-id=\"cd58932\" data-element_type=\"column\">\n\t\t\t<div class=\"elementor-widget-wrap elementor-element-populated\">\n\t\t\t\t\t\t<div class=\"elementor-element elementor-element-a68279e elementor-cta--skin-cover imageMaxWidth elementor-animated-content elementor-bg-transform elementor-bg-transform-zoom-in elementor-widget elementor-widget-call-to-action\" data-id=\"a68279e\" data-element_type=\"widget\" data-widget_type=\"call-to-action.default\">\n\t\t\t\t<div class=\"elementor-widget-container\">\n\t\t\t\t\t<div class=\"elementor-cta\">\n\t\t\t\t\t<div class=\"elementor-cta__bg-wrapper\">\n\t\t\t\t<div class=\"elementor-cta__bg elementor-bg\" style=\"background-image: url(https:\/\/www.lit.de\/wp-content\/uploads\/elementor\/thumbs\/Jukunskas_Simonas_560-x-560-px-1-qgr58ncjdg2iy9lpeufr8zu5fhsg75yby0tpy4lkso.png);\" role=\"img\" aria-label=\"Jukunskas_Simonas_560 x 560 px\"><\/div>\n\t\t\t\t<div class=\"elementor-cta__bg-overlay\"><\/div>\n\t\t\t<\/div>\n\t\t\t\t\t\t\t<div class=\"elementor-cta__content\">\n\t\t\t\t\n\t\t\t\t\t\t\t\t\t<h2 class=\"elementor-cta__title elementor-cta__content-item elementor-content-item elementor-animated-item--fade-in\">\n\t\t\t\t\t\tT\u00e9l.: +370 67975918\t\t\t\t\t<\/h2>\n\t\t\t\t\n\t\t\t\t\n\t\t\t\t\t\t\t\t\t<div class=\"elementor-cta__button-wrapper elementor-cta__content-item elementor-content-item elementor-animated-item--fade-in\">\n\t\t\t\t\t<a class=\"elementor-cta__button elementor-button elementor-size-\" href=\"mailto:Simonas.Jakunskas@lit.de\">\n\t\t\t\t\t\tEnvoyer un e-mail\t\t\t\t\t<\/a>\n\t\t\t\t\t<\/div>\n\t\t\t\t\t\t\t<\/div>\n\t\t\t\t\t\t<\/div>\n\t\t\t\t<\/div>\n\t\t\t\t<\/div>\n\t\t\t\t<div class=\"elementor-element elementor-element-13137cf elementor-widget elementor-widget-heading\" data-id=\"13137cf\" data-element_type=\"widget\" data-widget_type=\"heading.default\">\n\t\t\t\t<div class=\"elementor-widget-container\">\n\t\t\t<h2 class=\"elementor-heading-title elementor-size-default\">SIMONAS JAKUNSKAS<\/h2>\t\t<\/div>\n\t\t\t\t<\/div>\n\t\t\t\t<div class=\"elementor-element elementor-element-5ca809d elementor-widget elementor-widget-text-editor\" data-id=\"5ca809d\" data-element_type=\"widget\" data-widget_type=\"text-editor.default\">\n\t\t\t\t<div class=\"elementor-widget-container\">\n\t\t\t\t\t\t\t<p><span style=\"color: #000000;\">Vertrieb Thermo International<\/span><\/p>\n\t\t\t\t\t\t<\/div>\n\t\t\t\t<\/div>\n\t\t\t\t\t<\/div>\n\t\t<\/div>\n\t\t\t\t<div class=\"elementor-column elementor-col-33 elementor-inner-column elementor-element elementor-element-09134d9\" data-id=\"09134d9\" data-element_type=\"column\">\n\t\t\t<div class=\"elementor-widget-wrap elementor-element-populated\">\n\t\t\t\t\t\t<div class=\"elementor-element elementor-element-c0bd416 elementor-cta--skin-cover imageMaxWidth elementor-animated-content elementor-bg-transform elementor-bg-transform-zoom-in elementor-widget elementor-widget-call-to-action\" data-id=\"c0bd416\" data-element_type=\"widget\" data-widget_type=\"call-to-action.default\">\n\t\t\t\t<div class=\"elementor-widget-container\">\n\t\t\t\t\t<div class=\"elementor-cta\">\n\t\t\t\t\t<div class=\"elementor-cta__bg-wrapper\">\n\t\t\t\t<div class=\"elementor-cta__bg elementor-bg\" style=\"background-image: url(https:\/\/www.lit.de\/wp-content\/uploads\/elementor\/thumbs\/Evelyn-Stefani_2-r03glbn223f1xnev4vja19spmlflb9cx5gjkoaje6g.jpg);\" role=\"img\" aria-label=\"Evelyn Stefani_2\"><\/div>\n\t\t\t\t<div class=\"elementor-cta__bg-overlay\"><\/div>\n\t\t\t<\/div>\n\t\t\t\t\t\t\t<div class=\"elementor-cta__content\">\n\t\t\t\t\n\t\t\t\t\n\t\t\t\t\n\t\t\t\t\t\t\t\t\t<div class=\"elementor-cta__button-wrapper elementor-cta__content-item elementor-content-item elementor-animated-item--fade-in\">\n\t\t\t\t\t<a class=\"elementor-cta__button elementor-button elementor-size-\" href=\"mailto:Evelyn.Stefani@lit.de\">\n\t\t\t\t\t\tEnvoyer un e-mail\t\t\t\t\t<\/a>\n\t\t\t\t\t<\/div>\n\t\t\t\t\t\t\t<\/div>\n\t\t\t\t\t\t<\/div>\n\t\t\t\t<\/div>\n\t\t\t\t<\/div>\n\t\t\t\t<div class=\"elementor-element elementor-element-6fe04ad elementor-widget elementor-widget-heading\" data-id=\"6fe04ad\" data-element_type=\"widget\" data-widget_type=\"heading.default\">\n\t\t\t\t<div class=\"elementor-widget-container\">\n\t\t\t<h2 class=\"elementor-heading-title elementor-size-default\">Evelyn stefani<\/h2>\t\t<\/div>\n\t\t\t\t<\/div>\n\t\t\t\t<div class=\"elementor-element elementor-element-f8c9b90 elementor-widget elementor-widget-text-editor\" data-id=\"f8c9b90\" data-element_type=\"widget\" data-widget_type=\"text-editor.default\">\n\t\t\t\t<div class=\"elementor-widget-container\">\n\t\t\t\t\t\t\t<p><span style=\"color: #000000;\">Ventes Italie<\/span><\/p>\n\t\t\t\t\t\t<\/div>\n\t\t\t\t<\/div>\n\t\t\t\t\t<\/div>\n\t\t<\/div>\n\t\t\t\t<div class=\"elementor-column elementor-col-33 elementor-inner-column elementor-element elementor-element-95f0c0f\" data-id=\"95f0c0f\" data-element_type=\"column\">\n\t\t\t<div class=\"elementor-widget-wrap elementor-element-populated\">\n\t\t\t\t\t\t<div class=\"elementor-element elementor-element-26b42b3 elementor-cta--skin-cover imageMaxWidth elementor-animated-content elementor-bg-transform elementor-bg-transform-zoom-in elementor-widget elementor-widget-call-to-action\" data-id=\"26b42b3\" data-element_type=\"widget\" data-widget_type=\"call-to-action.default\">\n\t\t\t\t<div class=\"elementor-widget-container\">\n\t\t\t\t\t<div class=\"elementor-cta\">\n\t\t\t\t\t<div class=\"elementor-cta__bg-wrapper\">\n\t\t\t\t<div class=\"elementor-cta__bg elementor-bg\" style=\"background-image: url(https:\/\/www.lit.de\/wp-content\/uploads\/elementor\/thumbs\/Mayer-Steffanie-2024_560-x-560-px-qqwmu49eg1ca4egk1b477n8au3jri9smc0w51682h4.jpg);\" role=\"img\" aria-label=\"Mayer Steffanie 2024_560 x 560 px\"><\/div>\n\t\t\t\t<div class=\"elementor-cta__bg-overlay\"><\/div>\n\t\t\t<\/div>\n\t\t\t\t\t\t\t<div class=\"elementor-cta__content\">\n\t\t\t\t\n\t\t\t\t\t\t\t\t\t<h2 class=\"elementor-cta__title elementor-cta__content-item elementor-content-item elementor-animated-item--fade-in\">\n\t\t\t\t\t\tT\u00e9l.: +49 4401 920 294\t\t\t\t\t<\/h2>\n\t\t\t\t\n\t\t\t\t\n\t\t\t\t\t\t\t\t\t<div class=\"elementor-cta__button-wrapper elementor-cta__content-item elementor-content-item elementor-animated-item--fade-in\">\n\t\t\t\t\t<a class=\"elementor-cta__button elementor-button elementor-size-\" href=\"mailto:Steffanie.Mayer@lit.de\">\n\t\t\t\t\t\tEnvoyer un e-mail\t\t\t\t\t<\/a>\n\t\t\t\t\t<\/div>\n\t\t\t\t\t\t\t<\/div>\n\t\t\t\t\t\t<\/div>\n\t\t\t\t<\/div>\n\t\t\t\t<\/div>\n\t\t\t\t<div class=\"elementor-element elementor-element-0aa3477 elementor-widget elementor-widget-heading\" data-id=\"0aa3477\" data-element_type=\"widget\" data-widget_type=\"heading.default\">\n\t\t\t\t<div class=\"elementor-widget-container\">\n\t\t\t<h2 class=\"elementor-heading-title elementor-size-default\">Steffanie mayer<\/h2>\t\t<\/div>\n\t\t\t\t<\/div>\n\t\t\t\t<div class=\"elementor-element elementor-element-d3250df elementor-widget elementor-widget-text-editor\" data-id=\"d3250df\" data-element_type=\"widget\" data-widget_type=\"text-editor.default\">\n\t\t\t\t<div class=\"elementor-widget-container\">\n\t\t\t\t\t\t\t<p><span style=\"color: #000000;\">Ventes R\u00e9publique tch\u00e8que | Slovaquie<\/span><\/p>\n\t\t\t\t\t\t<\/div>\n\t\t\t\t<\/div>\n\t\t\t\t\t<\/div>\n\t\t<\/div>\n\t\t\t\t\t<\/div>\n\t\t<\/section>\n\t\t\t\t<section class=\"elementor-section elementor-inner-section elementor-element elementor-element-e2c07ce elementor-section-boxed elementor-section-height-default elementor-section-height-default\" data-id=\"e2c07ce\" data-element_type=\"section\">\n\t\t\t\t\t\t<div class=\"elementor-container elementor-column-gap-extended\">\n\t\t\t\t\t<div class=\"elementor-column elementor-col-33 elementor-inner-column elementor-element elementor-element-1409abf\" data-id=\"1409abf\" data-element_type=\"column\">\n\t\t\t<div class=\"elementor-widget-wrap elementor-element-populated\">\n\t\t\t\t\t\t<div class=\"elementor-element elementor-element-c9cd607 elementor-cta--skin-cover imageMaxWidth elementor-animated-content elementor-bg-transform elementor-bg-transform-zoom-in elementor-widget elementor-widget-call-to-action\" data-id=\"c9cd607\" data-element_type=\"widget\" data-widget_type=\"call-to-action.default\">\n\t\t\t\t<div class=\"elementor-widget-container\">\n\t\t\t\t\t<div class=\"elementor-cta\">\n\t\t\t\t\t<div class=\"elementor-cta__bg-wrapper\">\n\t\t\t\t<div class=\"elementor-cta__bg elementor-bg\" style=\"background-image: url(https:\/\/www.lit.de\/wp-content\/uploads\/elementor\/thumbs\/Zamora-David-560-x-560px-r9ibbpftpqntzt62z9vf3oydy3dij4ti9ugt3lygeg.jpg);\" role=\"img\" aria-label=\"Zamora David 560 x 560px\"><\/div>\n\t\t\t\t<div class=\"elementor-cta__bg-overlay\"><\/div>\n\t\t\t<\/div>\n\t\t\t\t\t\t\t<div class=\"elementor-cta__content\">\n\t\t\t\t\n\t\t\t\t\n\t\t\t\t\n\t\t\t\t\t\t\t\t\t<div class=\"elementor-cta__button-wrapper elementor-cta__content-item elementor-content-item elementor-animated-item--fade-in\">\n\t\t\t\t\t<a class=\"elementor-cta__button elementor-button elementor-size-\" href=\"mailto:David.Zamora@lit.de\">\n\t\t\t\t\t\tEnvoyer un e-mail\t\t\t\t\t<\/a>\n\t\t\t\t\t<\/div>\n\t\t\t\t\t\t\t<\/div>\n\t\t\t\t\t\t<\/div>\n\t\t\t\t<\/div>\n\t\t\t\t<\/div>\n\t\t\t\t<div class=\"elementor-element elementor-element-c700283 elementor-widget elementor-widget-heading\" data-id=\"c700283\" data-element_type=\"widget\" data-widget_type=\"heading.default\">\n\t\t\t\t<div class=\"elementor-widget-container\">\n\t\t\t<h2 class=\"elementor-heading-title elementor-size-default\">David Zamora<\/h2>\t\t<\/div>\n\t\t\t\t<\/div>\n\t\t\t\t<div class=\"elementor-element elementor-element-2f424c4 elementor-widget elementor-widget-text-editor\" data-id=\"2f424c4\" data-element_type=\"widget\" data-widget_type=\"text-editor.default\">\n\t\t\t\t<div class=\"elementor-widget-container\">\n\t\t\t\t\t\t\t<p><span style=\"color: #000000;\">Services de transport et logistique | Espagne<\/span><\/p>\n\t\t\t\t\t\t<\/div>\n\t\t\t\t<\/div>\n\t\t\t\t\t<\/div>\n\t\t<\/div>\n\t\t\t\t<div class=\"elementor-column elementor-col-33 elementor-inner-column elementor-element elementor-element-c032b73\" data-id=\"c032b73\" data-element_type=\"column\">\n\t\t\t<div class=\"elementor-widget-wrap elementor-element-populated\">\n\t\t\t\t\t\t<div class=\"elementor-element elementor-element-e6db775 elementor-cta--skin-cover imageMaxWidth elementor-animated-content elementor-bg-transform elementor-bg-transform-zoom-in elementor-widget elementor-widget-call-to-action\" data-id=\"e6db775\" data-element_type=\"widget\" data-widget_type=\"call-to-action.default\">\n\t\t\t\t<div class=\"elementor-widget-container\">\n\t\t\t\t\t<div class=\"elementor-cta\">\n\t\t\t\t\t<div class=\"elementor-cta__bg-wrapper\">\n\t\t\t\t<div class=\"elementor-cta__bg elementor-bg\" style=\"background-image: url(https:\/\/www.lit.de\/wp-content\/uploads\/elementor\/thumbs\/Pastor-Carlos-560-x-560px-1-r9gvjplov6zqlsq5ejvbj2dhoirsb6vxbxb6ftpzew.jpg);\" role=\"img\" aria-label=\"Pastor Carlos 560 x 560px\"><\/div>\n\t\t\t\t<div class=\"elementor-cta__bg-overlay\"><\/div>\n\t\t\t<\/div>\n\t\t\t\t\t\t\t<div class=\"elementor-cta__content\">\n\t\t\t\t\n\t\t\t\t\n\t\t\t\t\n\t\t\t\t\t\t\t\t\t<div class=\"elementor-cta__button-wrapper elementor-cta__content-item elementor-content-item elementor-animated-item--fade-in\">\n\t\t\t\t\t<a class=\"elementor-cta__button elementor-button elementor-size-\" href=\"mailto:Carlos.PastorGarcia@lit.de\">\n\t\t\t\t\t\tEnvoyer un e-mail\t\t\t\t\t<\/a>\n\t\t\t\t\t<\/div>\n\t\t\t\t\t\t\t<\/div>\n\t\t\t\t\t\t<\/div>\n\t\t\t\t<\/div>\n\t\t\t\t<\/div>\n\t\t\t\t<div class=\"elementor-element elementor-element-75e240a elementor-widget elementor-widget-heading\" data-id=\"75e240a\" data-element_type=\"widget\" data-widget_type=\"heading.default\">\n\t\t\t\t<div class=\"elementor-widget-container\">\n\t\t\t<h2 class=\"elementor-heading-title elementor-size-default\">CARLOS PASTOR<\/h2>\t\t<\/div>\n\t\t\t\t<\/div>\n\t\t\t\t<div class=\"elementor-element elementor-element-1d8e2b1 elementor-widget elementor-widget-text-editor\" data-id=\"1d8e2b1\" data-element_type=\"widget\" data-widget_type=\"text-editor.default\">\n\t\t\t\t<div class=\"elementor-widget-container\">\n\t\t\t\t\t\t\t<p><span style=\"color: #000000;\">Transport intermodal &amp; services de transit | Espagne<\/span><\/p>\n\t\t\t\t\t\t<\/div>\n\t\t\t\t<\/div>\n\t\t\t\t\t<\/div>\n\t\t<\/div>\n\t\t\t\t<div class=\"elementor-column elementor-col-33 elementor-inner-column elementor-element elementor-element-2687dbf\" data-id=\"2687dbf\" data-element_type=\"column\">\n\t\t\t<div class=\"elementor-widget-wrap elementor-element-populated\">\n\t\t\t\t\t\t<div class=\"elementor-element elementor-element-287bebb elementor-cta--skin-cover imageMaxWidth elementor-animated-content elementor-bg-transform elementor-bg-transform-zoom-in elementor-widget elementor-widget-call-to-action\" data-id=\"287bebb\" data-element_type=\"widget\" data-widget_type=\"call-to-action.default\">\n\t\t\t\t<div class=\"elementor-widget-container\">\n\t\t\t\t\t<div class=\"elementor-cta\">\n\t\t\t\t\t<div class=\"elementor-cta__bg-wrapper\">\n\t\t\t\t<div class=\"elementor-cta__bg elementor-bg\" style=\"background-image: url(https:\/\/www.lit.de\/wp-content\/uploads\/elementor\/thumbs\/Ozyilmaz-Mehmet-560-x-560px-qqwncdal58bpjty6gp4f4jfi2flbyp8zucwjhl5vns.jpg);\" role=\"img\" aria-label=\"Ozyilmaz Mehmet 560 x 560px\"><\/div>\n\t\t\t\t<div class=\"elementor-cta__bg-overlay\"><\/div>\n\t\t\t<\/div>\n\t\t\t\t\t\t\t<div class=\"elementor-cta__content\">\n\t\t\t\t\n\t\t\t\t\n\t\t\t\t\n\t\t\t\t\t\t\t\t\t<div class=\"elementor-cta__button-wrapper elementor-cta__content-item elementor-content-item elementor-animated-item--fade-in\">\n\t\t\t\t\t<a class=\"elementor-cta__button elementor-button elementor-size-\" href=\"mailto:Mehmet.Ozyilmaz@lit.de\">\n\t\t\t\t\t\tEnvoyer un e-mail\t\t\t\t\t<\/a>\n\t\t\t\t\t<\/div>\n\t\t\t\t\t\t\t<\/div>\n\t\t\t\t\t\t<\/div>\n\t\t\t\t<\/div>\n\t\t\t\t<\/div>\n\t\t\t\t<div class=\"elementor-element elementor-element-68b7bcc elementor-widget elementor-widget-heading\" data-id=\"68b7bcc\" data-element_type=\"widget\" data-widget_type=\"heading.default\">\n\t\t\t\t<div class=\"elementor-widget-container\">\n\t\t\t<h2 class=\"elementor-heading-title elementor-size-default\">Mehmet Ozyilmaz<\/h2>\t\t<\/div>\n\t\t\t\t<\/div>\n\t\t\t\t<div class=\"elementor-element elementor-element-20e20ec elementor-widget elementor-widget-text-editor\" data-id=\"20e20ec\" data-element_type=\"widget\" data-widget_type=\"text-editor.default\">\n\t\t\t\t<div class=\"elementor-widget-container\">\n\t\t\t\t\t\t\t<p><span style=\"color: #000000;\">Ventes Turquie<\/span><\/p>\n\t\t\t\t\t\t<\/div>\n\t\t\t\t<\/div>\n\t\t\t\t\t<\/div>\n\t\t<\/div>\n\t\t\t\t\t<\/div>\n\t\t<\/section>\n\t\t\t\t<section class=\"elementor-section elementor-inner-section elementor-element elementor-element-4205b4a elementor-section-boxed elementor-section-height-default elementor-section-height-default\" data-id=\"4205b4a\" data-element_type=\"section\">\n\t\t\t\t\t\t<div class=\"elementor-container elementor-column-gap-extended\">\n\t\t\t\t\t<div class=\"elementor-column elementor-col-33 elementor-inner-column elementor-element elementor-element-a775541\" data-id=\"a775541\" data-element_type=\"column\">\n\t\t\t<div class=\"elementor-widget-wrap elementor-element-populated\">\n\t\t\t\t\t\t<div class=\"elementor-element elementor-element-fcdb407 elementor-cta--skin-cover imageMaxWidth elementor-animated-content elementor-bg-transform elementor-bg-transform-zoom-in elementor-widget elementor-widget-call-to-action\" data-id=\"fcdb407\" data-element_type=\"widget\" data-widget_type=\"call-to-action.default\">\n\t\t\t\t<div class=\"elementor-widget-container\">\n\t\t\t\t\t<div class=\"elementor-cta\">\n\t\t\t\t\t<div class=\"elementor-cta__bg-wrapper\">\n\t\t\t\t<div class=\"elementor-cta__bg elementor-bg\" style=\"background-image: url(https:\/\/www.lit.de\/wp-content\/uploads\/elementor\/thumbs\/Kelbling_Anne_560-x-560-px-qgr4aith8zcrfx67oled83up0vzpqrh5l463ph74p4.png);\" role=\"img\" aria-label=\"Kelbling_Anne_560 x 560 px\"><\/div>\n\t\t\t\t<div class=\"elementor-cta__bg-overlay\"><\/div>\n\t\t\t<\/div>\n\t\t\t\t\t\t\t<div class=\"elementor-cta__content\">\n\t\t\t\t\n\t\t\t\t\t\t\t\t\t<h2 class=\"elementor-cta__title elementor-cta__content-item elementor-content-item elementor-animated-item--fade-in\">\n\t\t\t\t\t\tT\u00e9l.: +49 421 80710-130\t\t\t\t\t<\/h2>\n\t\t\t\t\n\t\t\t\t\n\t\t\t\t\t\t\t\t\t<div class=\"elementor-cta__button-wrapper elementor-cta__content-item elementor-content-item elementor-animated-item--fade-in\">\n\t\t\t\t\t<a class=\"elementor-cta__button elementor-button elementor-size-\" href=\"mailto:anne.kelbling@lit.de\">\n\t\t\t\t\t\tEnvoyer un e-mail\t\t\t\t\t<\/a>\n\t\t\t\t\t<\/div>\n\t\t\t\t\t\t\t<\/div>\n\t\t\t\t\t\t<\/div>\n\t\t\t\t<\/div>\n\t\t\t\t<\/div>\n\t\t\t\t<div class=\"elementor-element elementor-element-5ee6249 elementor-widget elementor-widget-heading\" data-id=\"5ee6249\" data-element_type=\"widget\" data-widget_type=\"heading.default\">\n\t\t\t\t<div class=\"elementor-widget-container\">\n\t\t\t<h2 class=\"elementor-heading-title elementor-size-default\">Anne Kelbling<\/h2>\t\t<\/div>\n\t\t\t\t<\/div>\n\t\t\t\t<div class=\"elementor-element elementor-element-26fdeb6 elementor-widget elementor-widget-text-editor\" data-id=\"26fdeb6\" data-element_type=\"widget\" data-widget_type=\"text-editor.default\">\n\t\t\t\t<div class=\"elementor-widget-container\">\n\t\t\t\t\t\t\t<p><span style=\"color: #000000;\">Ventes Air &amp; Sea<\/span><\/p>\n\t\t\t\t\t\t<\/div>\n\t\t\t\t<\/div>\n\t\t\t\t\t<\/div>\n\t\t<\/div>\n\t\t\t\t<div class=\"elementor-column elementor-col-33 elementor-inner-column elementor-element elementor-element-66463b4\" data-id=\"66463b4\" data-element_type=\"column\">\n\t\t\t<div class=\"elementor-widget-wrap elementor-element-populated\">\n\t\t\t\t\t\t<div class=\"elementor-element elementor-element-d28b82f elementor-cta--skin-cover imageMaxWidth elementor-animated-content elementor-bg-transform elementor-bg-transform-zoom-in elementor-widget elementor-widget-call-to-action\" data-id=\"d28b82f\" data-element_type=\"widget\" data-widget_type=\"call-to-action.default\">\n\t\t\t\t<div class=\"elementor-widget-container\">\n\t\t\t\t\t<div class=\"elementor-cta\">\n\t\t\t\t\t<div class=\"elementor-cta__bg-wrapper\">\n\t\t\t\t<div class=\"elementor-cta__bg elementor-bg\" style=\"background-image: url(https:\/\/www.lit.de\/wp-content\/uploads\/elementor\/thumbs\/Ochotnicki_Julia_560-x-560-px-qgr4bdu5iij831x5ngt20e0wmlqtsrwapdp4jlx4zs.png);\" role=\"img\" aria-label=\"Ochotnicki_Julia_560 x 560 px\"><\/div>\n\t\t\t\t<div class=\"elementor-cta__bg-overlay\"><\/div>\n\t\t\t<\/div>\n\t\t\t\t\t\t\t<div class=\"elementor-cta__content\">\n\t\t\t\t\n\t\t\t\t\t\t\t\t\t<h2 class=\"elementor-cta__title elementor-cta__content-item elementor-content-item elementor-animated-item--fade-in\">\n\t\t\t\t\t\tT\u00e9l.: +49 421 80710-135\t\t\t\t\t<\/h2>\n\t\t\t\t\n\t\t\t\t\n\t\t\t\t\t\t\t\t\t<div class=\"elementor-cta__button-wrapper elementor-cta__content-item elementor-content-item elementor-animated-item--fade-in\">\n\t\t\t\t\t<a class=\"elementor-cta__button elementor-button elementor-size-\" href=\"mailto:julia.ochotnicki@lit.de\">\n\t\t\t\t\t\tEnvoyer un e-mail\t\t\t\t\t<\/a>\n\t\t\t\t\t<\/div>\n\t\t\t\t\t\t\t<\/div>\n\t\t\t\t\t\t<\/div>\n\t\t\t\t<\/div>\n\t\t\t\t<\/div>\n\t\t\t\t<div class=\"elementor-element elementor-element-077aa6f elementor-widget elementor-widget-heading\" data-id=\"077aa6f\" data-element_type=\"widget\" data-widget_type=\"heading.default\">\n\t\t\t\t<div class=\"elementor-widget-container\">\n\t\t\t<h2 class=\"elementor-heading-title elementor-size-default\">Julia Ochotnicki<\/h2>\t\t<\/div>\n\t\t\t\t<\/div>\n\t\t\t\t<div class=\"elementor-element elementor-element-b485db7 elementor-widget elementor-widget-text-editor\" data-id=\"b485db7\" data-element_type=\"widget\" data-widget_type=\"text-editor.default\">\n\t\t\t\t<div class=\"elementor-widget-container\">\n\t\t\t\t\t\t\t<p><span style=\"color: #000000;\">Ventes Air &amp; Sea<\/span><\/p>\n\t\t\t\t\t\t<\/div>\n\t\t\t\t<\/div>\n\t\t\t\t\t<\/div>\n\t\t<\/div>\n\t\t\t\t<div class=\"elementor-column elementor-col-33 elementor-inner-column elementor-element elementor-element-fec8363\" data-id=\"fec8363\" data-element_type=\"column\">\n\t\t\t<div class=\"elementor-widget-wrap elementor-element-populated\">\n\t\t\t\t\t\t<div class=\"elementor-element elementor-element-799fffa elementor-cta--skin-cover imageMaxWidth elementor-animated-content elementor-bg-transform elementor-bg-transform-zoom-in elementor-widget elementor-widget-call-to-action\" data-id=\"799fffa\" data-element_type=\"widget\" data-widget_type=\"call-to-action.default\">\n\t\t\t\t<div class=\"elementor-widget-container\">\n\t\t\t\t\t<div class=\"elementor-cta\">\n\t\t\t\t\t<div class=\"elementor-cta__bg-wrapper\">\n\t\t\t\t<div class=\"elementor-cta__bg elementor-bg\" style=\"background-image: url(https:\/\/www.lit.de\/wp-content\/uploads\/elementor\/thumbs\/Buettner_Irina_560-x-560-px-qgr4fpvd10gtmbmicc94ianf8kdraj3qmtzq7jhsaw.png);\" role=\"img\" aria-label=\"B\u00fcttner_Irina_560 x 560 px\"><\/div>\n\t\t\t\t<div class=\"elementor-cta__bg-overlay\"><\/div>\n\t\t\t<\/div>\n\t\t\t\t\t\t\t<div class=\"elementor-cta__content\">\n\t\t\t\t\n\t\t\t\t\t\t\t\t\t<h2 class=\"elementor-cta__title elementor-cta__content-item elementor-content-item elementor-animated-item--fade-in\">\n\t\t\t\t\t\tT\u00e9l.: +49 421 80710172\t\t\t\t\t<\/h2>\n\t\t\t\t\n\t\t\t\t\n\t\t\t\t\t\t\t\t\t<div class=\"elementor-cta__button-wrapper elementor-cta__content-item elementor-content-item elementor-animated-item--fade-in\">\n\t\t\t\t\t<a class=\"elementor-cta__button elementor-button elementor-size-\" href=\"mailto:irina.buettner@lit.de%20\u200b\">\n\t\t\t\t\t\tEnvoyer un e-mail\t\t\t\t\t<\/a>\n\t\t\t\t\t<\/div>\n\t\t\t\t\t\t\t<\/div>\n\t\t\t\t\t\t<\/div>\n\t\t\t\t<\/div>\n\t\t\t\t<\/div>\n\t\t\t\t<div class=\"elementor-element elementor-element-f46fcce elementor-widget elementor-widget-heading\" data-id=\"f46fcce\" data-element_type=\"widget\" data-widget_type=\"heading.default\">\n\t\t\t\t<div class=\"elementor-widget-container\">\n\t\t\t<h2 class=\"elementor-heading-title elementor-size-default\">Irina B\u00fcttner<\/h2>\t\t<\/div>\n\t\t\t\t<\/div>\n\t\t\t\t<div class=\"elementor-element elementor-element-a56bfa5 elementor-widget elementor-widget-text-editor\" data-id=\"a56bfa5\" data-element_type=\"widget\" data-widget_type=\"text-editor.default\">\n\t\t\t\t<div class=\"elementor-widget-container\">\n\t\t\t\t\t\t\t<p><span style=\"color: #000000;\">Ventes Air &amp; Sea<\/span><\/p>\n\t\t\t\t\t\t<\/div>\n\t\t\t\t<\/div>\n\t\t\t\t\t<\/div>\n\t\t<\/div>\n\t\t\t\t\t<\/div>\n\t\t<\/section>\n\t\t\t\t\t<\/div>\n\t\t<\/div>\n\t\t\t\t\t<\/div>\n\t\t<\/section>\n\t\t\t\t<\/div>\n\t\t\n\t\t\t\t\t\t<\/div>\n\t\t\t\t<\/div>\n\t\t\t\t\t<\/div>\n\t\t<\/div>\n\t\t\t\t\t<\/div>\n\t\t<\/section>\n\t\t\t\t<section class=\"elementor-section elementor-top-section elementor-element elementor-element-953de3f elementor-section-boxed elementor-section-height-default elementor-section-height-default\" data-id=\"953de3f\" data-element_type=\"section\" data-settings=\"{&quot;background_background&quot;:&quot;classic&quot;}\">\n\t\t\t\t\t\t<div class=\"elementor-container elementor-column-gap-no\">\n\t\t\t\t\t<div class=\"elementor-column elementor-col-100 elementor-top-column elementor-element elementor-element-9a9180f\" data-id=\"9a9180f\" data-element_type=\"column\">\n\t\t\t<div class=\"elementor-widget-wrap elementor-element-populated\">\n\t\t\t\t\t\t<div class=\"elementor-element elementor-element-e734f14 elementor-widget elementor-widget-menu-anchor\" data-id=\"e734f14\" data-element_type=\"widget\" data-widget_type=\"menu-anchor.default\">\n\t\t\t\t<div class=\"elementor-widget-container\">\n\t\t\t\t\t<div id=\"anfragen\" class=\"elementor-menu-anchor\"><\/div>\n\t\t\t\t<\/div>\n\t\t\t\t<\/div>\n\t\t\t\t\t<\/div>\n\t\t<\/div>\n\t\t\t\t\t<\/div>\n\t\t<\/section>\n\t\t\t\t<section class=\"elementor-section elementor-top-section elementor-element elementor-element-48e1322d elementor-section-boxed elementor-section-height-default elementor-section-height-default\" data-id=\"48e1322d\" data-element_type=\"section\" id=\"presseanfragen\" data-settings=\"{&quot;background_background&quot;:&quot;classic&quot;}\">\n\t\t\t\t\t\t<div class=\"elementor-container elementor-column-gap-no\">\n\t\t\t\t\t<div class=\"elementor-column elementor-col-100 elementor-top-column elementor-element elementor-element-7c30b360\" data-id=\"7c30b360\" data-element_type=\"column\">\n\t\t\t<div class=\"elementor-widget-wrap elementor-element-populated\">\n\t\t\t\t\t\t<div class=\"elementor-element elementor-element-7338435e preHeader elementor-widget elementor-widget-text-editor\" data-id=\"7338435e\" data-element_type=\"widget\" data-widget_type=\"text-editor.default\">\n\t\t\t\t<div class=\"elementor-widget-container\">\n\t\t\t\t\t\t\t<p>DEMANDES<\/p>\n\t\t\t\t\t\t<\/div>\n\t\t\t\t<\/div>\n\t\t\t\t<div class=\"elementor-element elementor-element-6d4b03f elementor-widget elementor-widget-html\" data-id=\"6d4b03f\" data-element_type=\"widget\" data-widget_type=\"html.default\">\n\t\t\t\t<div class=\"elementor-widget-container\">\n\t\t\t<script src=\"https:\/\/www.pamyra.de\/plugin\/pamyra4u.js?apikey=XE0Ub6MIRLVrECy0Ikd0nCH34bLq1heY\" async defer><\/script>\r\n<pamyra-4u search-results-url=\"https:\/\/www.lit.de\/versandkostenrechner\/\"><\/pamyra-4u>\t\t<\/div>\n\t\t\t\t<\/div>\n\t\t\t\t<div class=\"elementor-element elementor-element-79d69dd8 elementor-widget elementor-widget-heading\" data-id=\"79d69dd8\" data-element_type=\"widget\" data-widget_type=\"heading.default\">\n\t\t\t\t<div class=\"elementor-widget-container\">\n\t\t\t<h2 class=\"elementor-heading-title elementor-size-default\">... OU \u00c9CRIVEZ-NOUS.<\/h2>\t\t<\/div>\n\t\t\t\t<\/div>\n\t\t\t\t<div class=\"elementor-element elementor-element-7c50f31 eael-contact-form-7-button-align-center eael-contact-form-7-button-align-left eael-contact-form-7-button-custom elementor-widget elementor-widget-eael-contact-form-7\" data-id=\"7c50f31\" data-element_type=\"widget\" data-widget_type=\"eael-contact-form-7.default\">\n\t\t\t\t<div class=\"elementor-widget-container\">\n\t\t\t<div class=\"eael-contact-form-7-wrapper\">\n                <div class=\"eael-contact-form eael-contact-form-7 eael-contact-form-7c50f31 placeholder-show eael-contact-form-align-default\">\n<div class=\"wpcf7 no-js\" id=\"wpcf7-f121927-o1\" lang=\"fr-FR\" dir=\"ltr\" data-wpcf7-id=\"121927\">\n<div class=\"screen-reader-response\"><p role=\"status\" aria-live=\"polite\" aria-atomic=\"true\"><\/p> <ul><\/ul><\/div>\n<form action=\"\/fr\/wp-json\/wp\/v2\/pages\/122523#wpcf7-f121927-o1\" method=\"post\" class=\"wpcf7-form init\" aria-label=\"Formulaire de contact\" novalidate=\"novalidate\" data-status=\"init\">\n<fieldset class=\"hidden-fields-container\"><input type=\"hidden\" name=\"_wpcf7\" value=\"121927\" \/><input type=\"hidden\" name=\"_wpcf7_version\" value=\"6.1.5\" \/><input type=\"hidden\" name=\"_wpcf7_locale\" value=\"fr_FR\" \/><input type=\"hidden\" name=\"_wpcf7_unit_tag\" value=\"wpcf7-f121927-o1\" \/><input type=\"hidden\" name=\"_wpcf7_container_post\" value=\"0\" \/><input type=\"hidden\" name=\"_wpcf7_posted_data_hash\" value=\"\" \/><input type=\"hidden\" name=\"_wpcf7_recaptcha_response\" value=\"\" \/>\n<\/fieldset>\n<p><span class=\"wpcf7-form-control-wrap\" data-name=\"firma\"><input size=\"40\" maxlength=\"400\" class=\"wpcf7-form-control wpcf7-text wpcf7-validates-as-required\" aria-required=\"true\" aria-invalid=\"false\" placeholder=\"Entreprise\" value=\"\" type=\"text\" name=\"firma\" \/><\/span>\n<\/p>\n<p><span class=\"wpcf7-form-control-wrap\" data-name=\"vorname\"><input size=\"40\" maxlength=\"400\" class=\"wpcf7-form-control wpcf7-text wpcf7-validates-as-required\" aria-required=\"true\" aria-invalid=\"false\" placeholder=\"Nom, Pr\u00e9nom\" value=\"\" type=\"text\" name=\"vorname\" \/><\/span>\n<\/p>\n<p><span class=\"wpcf7-form-control-wrap\" data-name=\"funktion\"><input size=\"40\" maxlength=\"400\" class=\"wpcf7-form-control wpcf7-text wpcf7-validates-as-required\" aria-required=\"true\" aria-invalid=\"false\" placeholder=\"Fonction\" value=\"\" type=\"text\" name=\"funktion\" \/><\/span>\n<\/p>\n<p><span class=\"wpcf7-form-control-wrap\" data-name=\"email\"><input size=\"40\" maxlength=\"400\" class=\"wpcf7-form-control wpcf7-email wpcf7-validates-as-required wpcf7-text wpcf7-validates-as-email\" aria-required=\"true\" aria-invalid=\"false\" placeholder=\"Votre adresse e-mail\" value=\"\" type=\"email\" name=\"email\" \/><\/span>\n<\/p>\n<p><span class=\"wpcf7-form-control-wrap\" data-name=\"telefonnummer\"><input size=\"40\" maxlength=\"400\" class=\"wpcf7-form-control wpcf7-text wpcf7-validates-as-required\" aria-required=\"true\" aria-invalid=\"false\" placeholder=\"Num\u00e9ro de t\u00e9l\u00e9phone\" value=\"\" type=\"text\" name=\"telefonnummer\" \/><\/span>\n<\/p>\n<p><span class=\"wpcf7-form-control-wrap\" data-name=\"betreff\"><input size=\"40\" maxlength=\"400\" class=\"wpcf7-form-control wpcf7-text wpcf7-validates-as-required\" aria-required=\"true\" aria-invalid=\"false\" placeholder=\"Objet\" value=\"\" type=\"text\" name=\"betreff\" \/><\/span>\n<\/p>\n<p><span class=\"wpcf7-form-control-wrap\" data-name=\"nachricht\"><textarea cols=\"40\" rows=\"10\" maxlength=\"2000\" class=\"wpcf7-form-control wpcf7-textarea\" aria-invalid=\"false\" placeholder=\"Votre message\" name=\"nachricht\"><\/textarea><\/span>\n<\/p>\n<p><span id=\"wpcf7-69f23d024dfdb-wrapper\" class=\"wpcf7-form-control-wrap website-honey-wrap\" ><input type=\"hidden\" name=\"website-honey-time-start\" value=\"1777483010\"><input type=\"hidden\" name=\"website-honey-time-check\" value=\"4\"><input id=\"wpcf7-69f23d024dfdb-field\"  class=\"wpcf7-form-control wpcf7-text\" type=\"text\" name=\"website-honey\" value=\"\" size=\"40\" tabindex=\"-1\" autocomplete=\"new-password\" \/><\/span>\n<\/p>\n<p><input class=\"wpcf7-form-control wpcf7-submit has-spinner\" type=\"submit\" value=\"Envoyer la demande\" \/>\n<\/p><div class=\"wpcf7-response-output\" aria-hidden=\"true\"><\/div>\n<\/form>\n<\/div>\n<\/div>\n            <\/div>\t\t<\/div>\n\t\t\t\t<\/div>\n\t\t\t\t\t<\/div>\n\t\t<\/div>\n\t\t\t\t\t<\/div>\n\t\t<\/section>\n\t\t\t\t<\/div>\n\t\t","protected":false},"excerpt":{"rendered":"<p>LOGISTIQUE DE TRANSPORT DE \u00ab A \u00bb \u00c0 \u00ab B \u00bb EN UN CLIN D\u2019\u0152IL QUE CE SOIT PAR EAU, ROUTE, FER OU AIR \u2013 NOUS TRANSPORTONS VOS MARCHANDISES ET PRODUITS DE MANI\u00c8RE FIABLE ET PROFESSIONNELLE Gr\u00e2ce \u00e0 notre r\u00e9seau de plus de 100 agences dans 23 pays \u00e0 travers le monde et \u00e0 une [&hellip;]<\/p>\n","protected":false},"author":16,"featured_media":0,"parent":0,"menu_order":0,"comment_status":"closed","ping_status":"closed","template":"","meta":{"footnotes":""},"class_list":["post-122523","page","type-page","status-publish","hentry"],"_links":{"self":[{"href":"https:\/\/www.lit.de\/fr\/wp-json\/wp\/v2\/pages\/122523","targetHints":{"allow":["GET"]}}],"collection":[{"href":"https:\/\/www.lit.de\/fr\/wp-json\/wp\/v2\/pages"}],"about":[{"href":"https:\/\/www.lit.de\/fr\/wp-json\/wp\/v2\/types\/page"}],"author":[{"embeddable":true,"href":"https:\/\/www.lit.de\/fr\/wp-json\/wp\/v2\/users\/16"}],"replies":[{"embeddable":true,"href":"https:\/\/www.lit.de\/fr\/wp-json\/wp\/v2\/comments?post=122523"}],"version-history":[{"count":10,"href":"https:\/\/www.lit.de\/fr\/wp-json\/wp\/v2\/pages\/122523\/revisions"}],"predecessor-version":[{"id":123228,"href":"https:\/\/www.lit.de\/fr\/wp-json\/wp\/v2\/pages\/122523\/revisions\/123228"}],"wp:attachment":[{"href":"https:\/\/www.lit.de\/fr\/wp-json\/wp\/v2\/media?parent=122523"}],"curies":[{"name":"wp","href":"https:\/\/api.w.org\/{rel}","templated":true}]}}