{"id":21934,"date":"2020-05-26T01:06:14","date_gmt":"2020-05-25T23:06:14","guid":{"rendered":"https:\/\/www.lit.de\/press\/"},"modified":"2023-12-18T09:43:02","modified_gmt":"2023-12-18T08:43:02","slug":"press","status":"publish","type":"page","link":"https:\/\/www.lit.de\/en\/press\/","title":{"rendered":"Press"},"content":{"rendered":"\t\t<div data-elementor-type=\"wp-page\" data-elementor-id=\"21934\" class=\"elementor elementor-21934 elementor-884\" data-elementor-post-type=\"page\">\n\t\t\t\t\t\t<section class=\"elementor-section elementor-top-section elementor-element elementor-element-1af55fc elementor-section-boxed elementor-section-height-default elementor-section-height-default\" data-id=\"1af55fc\" data-element_type=\"section\">\n\t\t\t\t\t\t\t<div class=\"elementor-background-overlay\"><\/div>\n\t\t\t\t\t\t\t<div class=\"elementor-container elementor-column-gap-default\">\n\t\t\t\t\t<div class=\"elementor-column elementor-col-100 elementor-top-column elementor-element elementor-element-3561535\" data-id=\"3561535\" data-element_type=\"column\">\n\t\t\t<div class=\"elementor-widget-wrap elementor-element-populated\">\n\t\t\t\t\t\t<div class=\"elementor-element elementor-element-2cd0339 elementor-widget elementor-widget-menu-anchor\" data-id=\"2cd0339\" data-element_type=\"widget\" data-widget_type=\"menu-anchor.default\">\n\t\t\t\t<div class=\"elementor-widget-container\">\n\t\t\t\t\t<div id=\"aktuelles\" class=\"elementor-menu-anchor\"><\/div>\n\t\t\t\t<\/div>\n\t\t\t\t<\/div>\n\t\t\t\t<div class=\"elementor-element elementor-element-267803d elementor-widget elementor-widget-menu-anchor\" data-id=\"267803d\" data-element_type=\"widget\" data-widget_type=\"menu-anchor.default\">\n\t\t\t\t<div class=\"elementor-widget-container\">\n\t\t\t\t\t<div id=\"aktuelles\" class=\"elementor-menu-anchor\"><\/div>\n\t\t\t\t<\/div>\n\t\t\t\t<\/div>\n\t\t\t\t<div class=\"elementor-element elementor-element-69a5d95 elementor-widget elementor-widget-menu-anchor\" data-id=\"69a5d95\" data-element_type=\"widget\" data-widget_type=\"menu-anchor.default\">\n\t\t\t\t<div class=\"elementor-widget-container\">\n\t\t\t\t\t<div id=\"aktuelles\" class=\"elementor-menu-anchor\"><\/div>\n\t\t\t\t<\/div>\n\t\t\t\t<\/div>\n\t\t\t\t\t<\/div>\n\t\t<\/div>\n\t\t\t\t\t<\/div>\n\t\t<\/section>\n\t\t\t\t<section class=\"elementor-section elementor-top-section elementor-element elementor-element-1b383a0 elementor-section-boxed elementor-section-height-default elementor-section-height-default\" data-id=\"1b383a0\" data-element_type=\"section\">\n\t\t\t\t\t\t<div class=\"elementor-container elementor-column-gap-no\">\n\t\t\t\t\t<div class=\"elementor-column elementor-col-100 elementor-top-column elementor-element elementor-element-7be32a2\" data-id=\"7be32a2\" data-element_type=\"column\" data-settings=\"{&quot;background_background&quot;:&quot;classic&quot;}\">\n\t\t\t<div class=\"elementor-widget-wrap elementor-element-populated\">\n\t\t\t\t\t\t<div class=\"elementor-element elementor-element-66bc782 elementor-widget elementor-widget-menu-anchor\" data-id=\"66bc782\" data-element_type=\"widget\" data-widget_type=\"menu-anchor.default\">\n\t\t\t\t<div class=\"elementor-widget-container\">\n\t\t\t\t\t<div id=\"aktuelles_news\" class=\"elementor-menu-anchor\"><\/div>\n\t\t\t\t<\/div>\n\t\t\t\t<\/div>\n\t\t\t\t\t<\/div>\n\t\t<\/div>\n\t\t\t\t\t<\/div>\n\t\t<\/section>\n\t\t\t\t<section class=\"elementor-section elementor-top-section elementor-element elementor-element-a7dbb96 elementor-hidden-tablet elementor-hidden-phone elementor-section-boxed elementor-section-height-default elementor-section-height-default\" data-id=\"a7dbb96\" data-element_type=\"section\" data-settings=\"{&quot;background_background&quot;:&quot;classic&quot;}\">\n\t\t\t\t\t\t<div class=\"elementor-container elementor-column-gap-no\">\n\t\t\t\t\t<div class=\"elementor-column elementor-col-100 elementor-top-column elementor-element elementor-element-347bac4\" data-id=\"347bac4\" data-element_type=\"column\" data-settings=\"{&quot;background_background&quot;:&quot;classic&quot;}\">\n\t\t\t<div class=\"elementor-widget-wrap elementor-element-populated\">\n\t\t\t\t\t\t<div class=\"elementor-element elementor-element-cded807 lit-sticky elementor-nav-menu--dropdown-tablet elementor-nav-menu__text-align-aside elementor-nav-menu--toggle elementor-nav-menu--burger elementor-widget elementor-widget-nav-menu\" data-id=\"cded807\" data-element_type=\"widget\" data-settings=\"{&quot;layout&quot;:&quot;vertical&quot;,&quot;submenu_icon&quot;:{&quot;value&quot;:&quot;&lt;i class=\\&quot;fas fa-caret-down\\&quot;&gt;&lt;\\\/i&gt;&quot;,&quot;library&quot;:&quot;fa-solid&quot;},&quot;toggle&quot;:&quot;burger&quot;}\" data-widget_type=\"nav-menu.default\">\n\t\t\t\t<div class=\"elementor-widget-container\">\n\t\t\t\t\t\t<nav class=\"elementor-nav-menu--main elementor-nav-menu__container elementor-nav-menu--layout-vertical e--pointer-none\">\n\t\t\t\t<ul id=\"menu-1-cded807\" class=\"elementor-nav-menu sm-vertical\"><li class=\"menu-item menu-item-type-custom menu-item-object-custom menu-item-15094\"><a href=\"#aktuelles_news\" class=\"elementor-item elementor-item-anchor\">Current topics | News<\/a><\/li>\n<li class=\"menu-item menu-item-type-custom menu-item-object-custom menu-item-15095\"><a href=\"#reportagen\" class=\"elementor-item elementor-item-anchor\">Reports<\/a><\/li>\n<li class=\"menu-item menu-item-type-custom menu-item-object-custom menu-item-15096\"><a href=\"#literatur\" class=\"elementor-item elementor-item-anchor\">L.I.T.erature<\/a><\/li>\n<li class=\"menu-item menu-item-type-custom menu-item-object-custom menu-item-15097\"><a href=\"#ansprechpartner_presse\" class=\"elementor-item elementor-item-anchor\">Contact partner<\/a><\/li>\n<li class=\"menu-item menu-item-type-custom menu-item-object-custom menu-item-15098\"><a href=\"#presseanfragen\" class=\"elementor-item elementor-item-anchor\">Press inquiries<\/a><\/li>\n<li class=\"menu-item menu-item-type-custom menu-item-object-custom menu-item-15099\"><a href=\"#newsletter\" class=\"elementor-item elementor-item-anchor\">Newsletter<\/a><\/li>\n<\/ul>\t\t\t<\/nav>\n\t\t\t\t\t<div class=\"elementor-menu-toggle\" role=\"button\" tabindex=\"0\" aria-label=\"Menu Toggle\" aria-expanded=\"false\">\n\t\t\t<i aria-hidden=\"true\" role=\"presentation\" class=\"elementor-menu-toggle__icon--open eicon-menu-bar\"><\/i><i aria-hidden=\"true\" role=\"presentation\" class=\"elementor-menu-toggle__icon--close eicon-close\"><\/i>\t\t\t<span class=\"elementor-screen-only\">Menu<\/span>\n\t\t<\/div>\n\t\t\t\t\t<nav class=\"elementor-nav-menu--dropdown elementor-nav-menu__container\" aria-hidden=\"true\">\n\t\t\t\t<ul id=\"menu-2-cded807\" class=\"elementor-nav-menu sm-vertical\"><li class=\"menu-item menu-item-type-custom menu-item-object-custom menu-item-15094\"><a href=\"#aktuelles_news\" class=\"elementor-item elementor-item-anchor\" tabindex=\"-1\">Current topics | News<\/a><\/li>\n<li class=\"menu-item menu-item-type-custom menu-item-object-custom menu-item-15095\"><a href=\"#reportagen\" class=\"elementor-item elementor-item-anchor\" tabindex=\"-1\">Reports<\/a><\/li>\n<li class=\"menu-item menu-item-type-custom menu-item-object-custom menu-item-15096\"><a href=\"#literatur\" class=\"elementor-item elementor-item-anchor\" tabindex=\"-1\">L.I.T.erature<\/a><\/li>\n<li class=\"menu-item menu-item-type-custom menu-item-object-custom menu-item-15097\"><a href=\"#ansprechpartner_presse\" class=\"elementor-item elementor-item-anchor\" tabindex=\"-1\">Contact partner<\/a><\/li>\n<li class=\"menu-item menu-item-type-custom menu-item-object-custom menu-item-15098\"><a href=\"#presseanfragen\" class=\"elementor-item elementor-item-anchor\" tabindex=\"-1\">Press inquiries<\/a><\/li>\n<li class=\"menu-item menu-item-type-custom menu-item-object-custom menu-item-15099\"><a href=\"#newsletter\" class=\"elementor-item elementor-item-anchor\" tabindex=\"-1\">Newsletter<\/a><\/li>\n<\/ul>\t\t\t<\/nav>\n\t\t\t\t<\/div>\n\t\t\t\t<\/div>\n\t\t\t\t<div class=\"elementor-element elementor-element-fe79de7 elementor-widget elementor-widget-text-editor\" data-id=\"fe79de7\" data-element_type=\"widget\" data-widget_type=\"text-editor.default\">\n\t\t\t\t<div class=\"elementor-widget-container\">\n\t\t\t\t\t\t\t<p>NEWS<\/p>\n\t\t\t\t\t\t<\/div>\n\t\t\t\t<\/div>\n\t\t\t\t<div class=\"elementor-element elementor-element-0262698 elementor-widget elementor-widget-heading\" data-id=\"0262698\" data-element_type=\"widget\" data-widget_type=\"heading.default\">\n\t\t\t\t<div class=\"elementor-widget-container\">\n\t\t\t<h1 class=\"elementor-heading-title elementor-size-default\">IF YOU HAVE NOT ALREADY READ<br> IT IN THE MEDIA...<\/h1>\t\t<\/div>\n\t\t\t\t<\/div>\n\t\t\t\t<div class=\"elementor-element elementor-element-3eaa30c elementor-widget elementor-widget-heading\" data-id=\"3eaa30c\" data-element_type=\"widget\" data-widget_type=\"heading.default\">\n\t\t\t\t<div class=\"elementor-widget-container\">\n\t\t\t<h2 class=\"elementor-heading-title elementor-size-default\"> HERE OUR LATEST PRESS REPORTS AND PRESS RELEASES<\/h2>\t\t<\/div>\n\t\t\t\t<\/div>\n\t\t\t\t<div class=\"elementor-element elementor-element-9e8baf1 engagementscarousell elementor-widget elementor-widget-lae-posts-carousel\" data-id=\"9e8baf1\" data-element_type=\"widget\" data-widget_type=\"lae-posts-carousel.default\">\n\t\t\t\t<div class=\"elementor-widget-container\">\n\t\t\t\n<div        id=\"lae-posts-carousel-69f5f0bb3b62e\"\n        class=\"lae-posts-carousel lae-container lae-classic-skin\"\n        data-settings='{\"arrows\":true,\"dots\":false,\"autoplay\":false,\"autoplay_speed\":3000,\"animation_speed\":300,\"pause_on_hover\":true,\"adaptive_height\":false,\"display_columns\":3,\"scroll_columns\":1,\"gutter\":10,\"tablet_width\":800,\"tablet_display_columns\":2,\"tablet_scroll_columns\":1,\"tablet_gutter\":10,\"mobile_width\":480,\"mobile_display_columns\":1,\"mobile_scroll_columns\":1,\"mobile_gutter\":10}'>\n<div data-id=\"id-111535\" class=\"lae-posts-carousel-item\">\n\n    <article id=\"post-111535\" class=\"post-111535 post type-post status-publish format-standard has-post-thumbnail hentry category-news tag-kombifracht-en tag-l-i-t-en tag-logistics tag-netzwerk-en tag-uebernahme-en\">\n\n        \n            \n            \n            \n                <div class=\"lae-project-image\">\n\n                    \n                    \n                    \n                        <a href=\"https:\/\/www.lit.de\/en\/2025\/09\/02\/l-i-t-uebernimmt-kombi-fracht-gmbh-ausbau-des-dienstleistungsportfolios-und-staerkung-des-netzwerks\/\"><img fetchpriority=\"high\" decoding=\"async\" width=\"500\" height=\"500\" src=\"https:\/\/www.lit.de\/wp-content\/uploads\/2025\/09\/PM_KombiFracht_edit-500x500.jpg\" class=\"lae-image attachment-medium size-medium\" alt=\"PM_KombiFracht_edit\" title=\"PM_KombiFracht_edit\" srcset=\"https:\/\/www.lit.de\/wp-content\/uploads\/2025\/09\/PM_KombiFracht_edit-500x500.jpg 500w, https:\/\/www.lit.de\/wp-content\/uploads\/2025\/09\/PM_KombiFracht_edit-1024x1024.jpg 1024w, https:\/\/www.lit.de\/wp-content\/uploads\/2025\/09\/PM_KombiFracht_edit-150x150.jpg 150w, https:\/\/www.lit.de\/wp-content\/uploads\/2025\/09\/PM_KombiFracht_edit-768x768.jpg 768w, https:\/\/www.lit.de\/wp-content\/uploads\/2025\/09\/PM_KombiFracht_edit.jpg 1143w\" sizes=\"(max-width: 500px) 100vw, 500px\" \/><\/a>\n\n                    \n                    \n                        <div class=\"lae-image-info\">\n\n                            <div class=\"lae-entry-info\">\n\n                                \n                                    <h3 class=\"lae-post-title\">\n\n                                        <a href=\"https:\/\/www.lit.de\/en\/2025\/09\/02\/l-i-t-uebernimmt-kombi-fracht-gmbh-ausbau-des-dienstleistungsportfolios-und-staerkung-des-netzwerks\/\" title=\"L.I.T. ACQUIRES KOMBI FRACHT GMBH: EXPANSION OF SERVICE PORTFOLIO AND STRENGTHENING OF THE NETWORK\"\n                                           rel=\"bookmark\">L.I.T. ACQUIRES KOMBI FRACHT GMBH: EXPANSION OF SERVICE PORTFOLIO AND STRENGTHENING OF THE NETWORK<\/a>\n\n                                    <\/h3>\n\n                                \n                                \n                                    <span class=\"lae-terms\"><a href=\"https:\/\/www.lit.de\/en\/category\/news\/\">News<\/a><\/span>\n                                \n                            <\/div>\n\n                        <\/div><!-- .lae-image-info -->\n\n                    \n                <\/div>\n\n            \n            \n                <div class=\"lae-entry-text-wrap \">\n\n                    \n                        <h3 class=\"entry-title\">\n\n                            <a href=\"https:\/\/www.lit.de\/en\/2025\/09\/02\/l-i-t-uebernimmt-kombi-fracht-gmbh-ausbau-des-dienstleistungsportfolios-und-staerkung-des-netzwerks\/\" title=\"L.I.T. ACQUIRES KOMBI FRACHT GMBH: EXPANSION OF SERVICE PORTFOLIO AND STRENGTHENING OF THE NETWORK\"\n                               rel=\"bookmark\">L.I.T. ACQUIRES KOMBI FRACHT GMBH: EXPANSION OF SERVICE PORTFOLIO AND STRENGTHENING OF THE NETWORK<\/a>\n\n                        <\/h3>\n\n                    \n                    \n                        <div class=\"lae-entry-meta\">\n\n                            <span class=\"published\"><abbr title=\"Tuesday, September, 2025, 1:33 pm\">2. September 2025<\/abbr><\/span>\n                        <\/div>\n\n                    \n                    \n                        <div class=\"entry-summary\">\n\n                            L.I.T. Group from Brake acquires Kombi Fracht GmbH, a company specialized in system transport and warehouse logistics \/ Kombi Fracht\u2019s headquarters in Gro\u00df Ippener will remain \u2013 all 15 administrative employees and around 90 drivers have been taken over \/ Kombi Fracht will remain as a brand and continue to operate independently on the market\n                        <\/div>\n\n                    \n                    \n                        \n                        <div class=\"lae-read-more\">\n\n                            <a href=\"https:\/\/www.lit.de\/en\/2025\/09\/02\/l-i-t-uebernimmt-kombi-fracht-gmbh-ausbau-des-dienstleistungsportfolios-und-staerkung-des-netzwerks\/\">Read on<\/a>\n\n                        <\/div>\n\n                    \n                <\/div>\n\n            \n        \n    <\/article><!-- .hentry -->\n\n<\/div><!-- .lae-posts-carousel-item -->\n<div data-id=\"id-111190\" class=\"lae-posts-carousel-item\">\n\n    <article id=\"post-111190\" class=\"post-111190 post type-post status-publish format-standard has-post-thumbnail hentry category-news tag-apprentices tag-education tag-l-i-t-en tag-promotion-of-young-talent tag-talents tag-talents-en tag-trainee tag-young-talents\">\n\n        \n            \n            \n            \n                <div class=\"lae-project-image\">\n\n                    \n                    \n                    \n                        <a href=\"https:\/\/www.lit.de\/en\/2025\/08\/29\/starke-zusammenarbeit-stadt-brake-beauftragt-l-i-t-gruppe-fuer-hilfstransport-in-die-ukraine\/\"><img decoding=\"async\" width=\"500\" height=\"500\" src=\"https:\/\/www.lit.de\/wp-content\/uploads\/2025\/09\/DSC_2011_edit-500x500.jpg\" class=\"lae-image attachment-medium size-medium\" alt=\"DSC_2011_edit\" title=\"DSC_2011_edit\" srcset=\"https:\/\/www.lit.de\/wp-content\/uploads\/2025\/09\/DSC_2011_edit-500x500.jpg 500w, https:\/\/www.lit.de\/wp-content\/uploads\/2025\/09\/DSC_2011_edit-1024x1024.jpg 1024w, https:\/\/www.lit.de\/wp-content\/uploads\/2025\/09\/DSC_2011_edit-150x150.jpg 150w, https:\/\/www.lit.de\/wp-content\/uploads\/2025\/09\/DSC_2011_edit-768x768.jpg 768w, https:\/\/www.lit.de\/wp-content\/uploads\/2025\/09\/DSC_2011_edit.jpg 1362w\" sizes=\"(max-width: 500px) 100vw, 500px\" \/><\/a>\n\n                    \n                    \n                        <div class=\"lae-image-info\">\n\n                            <div class=\"lae-entry-info\">\n\n                                \n                                    <h3 class=\"lae-post-title\">\n\n                                        <a href=\"https:\/\/www.lit.de\/en\/2025\/08\/29\/starke-zusammenarbeit-stadt-brake-beauftragt-l-i-t-gruppe-fuer-hilfstransport-in-die-ukraine\/\" title=\"STRONG PARTNERSHIP: CITY OF BRAKE COMMISSIONS L.I.T. GROUP FOR AID TRANSPORT TO UKRAINE\"\n                                           rel=\"bookmark\">STRONG PARTNERSHIP: CITY OF BRAKE COMMISSIONS L.I.T. GROUP FOR AID TRANSPORT TO UKRAINE<\/a>\n\n                                    <\/h3>\n\n                                \n                                \n                                    <span class=\"lae-terms\"><a href=\"https:\/\/www.lit.de\/en\/category\/news\/\">News<\/a><\/span>\n                                \n                            <\/div>\n\n                        <\/div><!-- .lae-image-info -->\n\n                    \n                <\/div>\n\n            \n            \n                <div class=\"lae-entry-text-wrap \">\n\n                    \n                        <h3 class=\"entry-title\">\n\n                            <a href=\"https:\/\/www.lit.de\/en\/2025\/08\/29\/starke-zusammenarbeit-stadt-brake-beauftragt-l-i-t-gruppe-fuer-hilfstransport-in-die-ukraine\/\" title=\"STRONG PARTNERSHIP: CITY OF BRAKE COMMISSIONS L.I.T. GROUP FOR AID TRANSPORT TO UKRAINE\"\n                               rel=\"bookmark\">STRONG PARTNERSHIP: CITY OF BRAKE COMMISSIONS L.I.T. GROUP FOR AID TRANSPORT TO UKRAINE<\/a>\n\n                        <\/h3>\n\n                    \n                    \n                        <div class=\"lae-entry-meta\">\n\n                            <span class=\"published\"><abbr title=\"Friday, August, 2025, 3:36 pm\">29. August 2025<\/abbr><\/span>\n                        <\/div>\n\n                    \n                    \n                        <div class=\"entry-summary\">\n\n                            L.I.T. Group supports the city of Brake with the delivery of humanitarian aid supplies to partner city Shatsk \/ Assistance from L.I.T. Group in organizing and carrying out the transport \/ Delivery of urgently needed equipment for educational institutions and municipal infrastructure\n                        <\/div>\n\n                    \n                    \n                        \n                        <div class=\"lae-read-more\">\n\n                            <a href=\"https:\/\/www.lit.de\/en\/2025\/08\/29\/starke-zusammenarbeit-stadt-brake-beauftragt-l-i-t-gruppe-fuer-hilfstransport-in-die-ukraine\/\">Read on<\/a>\n\n                        <\/div>\n\n                    \n                <\/div>\n\n            \n        \n    <\/article><!-- .hentry -->\n\n<\/div><!-- .lae-posts-carousel-item -->\n<div data-id=\"id-101124\" class=\"lae-posts-carousel-item\">\n\n    <article id=\"post-101124\" class=\"post-101124 post type-post status-publish format-standard has-post-thumbnail hentry category-news tag-apprentices tag-education tag-l-i-t-en tag-promotion-of-young-talent tag-talents tag-talents-en tag-trainee tag-young-talents\">\n\n        \n            \n            \n            \n                <div class=\"lae-project-image\">\n\n                    \n                    \n                    \n                        <a href=\"https:\/\/www.lit.de\/en\/2025\/08\/11\/neues-ausbildungsjahr-37-junge-talente-verstaerken-die-l-i-t-gruppe\/\"><img decoding=\"async\" width=\"500\" height=\"500\" src=\"https:\/\/www.lit.de\/wp-content\/uploads\/2025\/08\/DSC_1600-1_scaled-500x500.jpg\" class=\"lae-image attachment-medium size-medium\" alt=\"DSC_1600-1_scaled\" title=\"DSC_1600-1_scaled\" srcset=\"https:\/\/www.lit.de\/wp-content\/uploads\/2025\/08\/DSC_1600-1_scaled-500x500.jpg 500w, https:\/\/www.lit.de\/wp-content\/uploads\/2025\/08\/DSC_1600-1_scaled-1024x1024.jpg 1024w, https:\/\/www.lit.de\/wp-content\/uploads\/2025\/08\/DSC_1600-1_scaled-150x150.jpg 150w, https:\/\/www.lit.de\/wp-content\/uploads\/2025\/08\/DSC_1600-1_scaled-768x768.jpg 768w, https:\/\/www.lit.de\/wp-content\/uploads\/2025\/08\/DSC_1600-1_scaled.jpg 1132w\" sizes=\"(max-width: 500px) 100vw, 500px\" \/><\/a>\n\n                    \n                    \n                        <div class=\"lae-image-info\">\n\n                            <div class=\"lae-entry-info\">\n\n                                \n                                    <h3 class=\"lae-post-title\">\n\n                                        <a href=\"https:\/\/www.lit.de\/en\/2025\/08\/11\/neues-ausbildungsjahr-37-junge-talente-verstaerken-die-l-i-t-gruppe\/\" title=\"NEW TRAINING YEAR: 37 YOUNG TALENTS JOIN THE L.I.T. GROUP\"\n                                           rel=\"bookmark\">NEW TRAINING YEAR: 37 YOUNG TALENTS JOIN THE L.I.T. GROUP<\/a>\n\n                                    <\/h3>\n\n                                \n                                \n                                    <span class=\"lae-terms\"><a href=\"https:\/\/www.lit.de\/en\/category\/news\/\">News<\/a><\/span>\n                                \n                            <\/div>\n\n                        <\/div><!-- .lae-image-info -->\n\n                    \n                <\/div>\n\n            \n            \n                <div class=\"lae-entry-text-wrap \">\n\n                    \n                        <h3 class=\"entry-title\">\n\n                            <a href=\"https:\/\/www.lit.de\/en\/2025\/08\/11\/neues-ausbildungsjahr-37-junge-talente-verstaerken-die-l-i-t-gruppe\/\" title=\"NEW TRAINING YEAR: 37 YOUNG TALENTS JOIN THE L.I.T. GROUP\"\n                               rel=\"bookmark\">NEW TRAINING YEAR: 37 YOUNG TALENTS JOIN THE L.I.T. GROUP<\/a>\n\n                        <\/h3>\n\n                    \n                    \n                        <div class=\"lae-entry-meta\">\n\n                            <span class=\"published\"><abbr title=\"Monday, August, 2025, 10:16 am\">11. August 2025<\/abbr><\/span>\n                        <\/div>\n\n                    \n                    \n                        <div class=\"entry-summary\">\n\n                            On Monday, the L.I.T. Group's Executive Board welcomed 37 new trainees on their first day of training. All new trainees first undergo a two-day induction at the company's headquarters in Brake before beginning their practical training at one of the 26 L.I.T. training locations in Germany.\n                        <\/div>\n\n                    \n                    \n                        \n                        <div class=\"lae-read-more\">\n\n                            <a href=\"https:\/\/www.lit.de\/en\/2025\/08\/11\/neues-ausbildungsjahr-37-junge-talente-verstaerken-die-l-i-t-gruppe\/\">Read on<\/a>\n\n                        <\/div>\n\n                    \n                <\/div>\n\n            \n        \n    <\/article><!-- .hentry -->\n\n<\/div><!-- .lae-posts-carousel-item -->\n<div data-id=\"id-109363\" class=\"lae-posts-carousel-item\">\n\n    <article id=\"post-109363\" class=\"post-109363 post type-post status-publish format-standard has-post-thumbnail hentry category-news tag-apprentices tag-education tag-l-i-t-en tag-promotion-of-young-talent tag-talents tag-talents-en tag-trainee tag-young-talents\">\n\n        \n            \n            \n            \n                <div class=\"lae-project-image\">\n\n                    \n                    \n                    \n                        <a href=\"https:\/\/www.lit.de\/en\/2025\/07\/04\/l-i-t-gruppe-uebernimmt-dataform-dialogservices-gmbh-und-erweitert-fulfillment-kompetenz\/\"><img loading=\"lazy\" decoding=\"async\" width=\"500\" height=\"500\" src=\"https:\/\/www.lit.de\/wp-content\/uploads\/2025\/08\/Bild-1_Aussenansicht-Firmengebaeude_erweitert-500x500.jpeg\" class=\"lae-image attachment-medium size-medium\" alt=\"Bild 1_Au\u00dfenansicht Firmengeba\u0308ude_erweitert\" title=\"Bild 1_Au\u00dfenansicht Firmengeba\u0308ude_erweitert\" srcset=\"https:\/\/www.lit.de\/wp-content\/uploads\/2025\/08\/Bild-1_Aussenansicht-Firmengebaeude_erweitert-500x500.jpeg 500w, https:\/\/www.lit.de\/wp-content\/uploads\/2025\/08\/Bild-1_Aussenansicht-Firmengebaeude_erweitert-1024x1024.jpeg 1024w, https:\/\/www.lit.de\/wp-content\/uploads\/2025\/08\/Bild-1_Aussenansicht-Firmengebaeude_erweitert-150x150.jpeg 150w, https:\/\/www.lit.de\/wp-content\/uploads\/2025\/08\/Bild-1_Aussenansicht-Firmengebaeude_erweitert-768x768.jpeg 768w, https:\/\/www.lit.de\/wp-content\/uploads\/2025\/08\/Bild-1_Aussenansicht-Firmengebaeude_erweitert-1536x1536.jpeg 1536w, https:\/\/www.lit.de\/wp-content\/uploads\/2025\/08\/Bild-1_Aussenansicht-Firmengebaeude_erweitert-2048x2048.jpeg 2048w\" sizes=\"(max-width: 500px) 100vw, 500px\" \/><\/a>\n\n                    \n                    \n                        <div class=\"lae-image-info\">\n\n                            <div class=\"lae-entry-info\">\n\n                                \n                                    <h3 class=\"lae-post-title\">\n\n                                        <a href=\"https:\/\/www.lit.de\/en\/2025\/07\/04\/l-i-t-gruppe-uebernimmt-dataform-dialogservices-gmbh-und-erweitert-fulfillment-kompetenz\/\" title=\"L.I.T. GROUP ACQUIRES DATAFORM DIALOGSERVICES GMBH AND EXPANDS FULFILLMENT EXPERTISE\"\n                                           rel=\"bookmark\">L.I.T. GROUP ACQUIRES DATAFORM DIALOGSERVICES GMBH AND EXPANDS FULFILLMENT EXPERTISE<\/a>\n\n                                    <\/h3>\n\n                                \n                                \n                                    <span class=\"lae-terms\"><a href=\"https:\/\/www.lit.de\/en\/category\/news\/\">News<\/a><\/span>\n                                \n                            <\/div>\n\n                        <\/div><!-- .lae-image-info -->\n\n                    \n                <\/div>\n\n            \n            \n                <div class=\"lae-entry-text-wrap \">\n\n                    \n                        <h3 class=\"entry-title\">\n\n                            <a href=\"https:\/\/www.lit.de\/en\/2025\/07\/04\/l-i-t-gruppe-uebernimmt-dataform-dialogservices-gmbh-und-erweitert-fulfillment-kompetenz\/\" title=\"L.I.T. GROUP ACQUIRES DATAFORM DIALOGSERVICES GMBH AND EXPANDS FULFILLMENT EXPERTISE\"\n                               rel=\"bookmark\">L.I.T. GROUP ACQUIRES DATAFORM DIALOGSERVICES GMBH AND EXPANDS FULFILLMENT EXPERTISE<\/a>\n\n                        <\/h3>\n\n                    \n                    \n                        <div class=\"lae-entry-meta\">\n\n                            <span class=\"published\"><abbr title=\"Friday, July, 2025, 11:40 am\">4. July 2025<\/abbr><\/span>\n                        <\/div>\n\n                    \n                    \n                        <div class=\"entry-summary\">\n\n                            L.I.T. Group expands portfolio to include dialog marketing and e-commerce fulfillment \/ Acquisition of the business operations and the entire staff of dataform dialogservices GmbH effective August 1, 2025 \/ Future company name: dataform dialog solutions GmbH\n                        <\/div>\n\n                    \n                    \n                        \n                        <div class=\"lae-read-more\">\n\n                            <a href=\"https:\/\/www.lit.de\/en\/2025\/07\/04\/l-i-t-gruppe-uebernimmt-dataform-dialogservices-gmbh-und-erweitert-fulfillment-kompetenz\/\">Read on<\/a>\n\n                        <\/div>\n\n                    \n                <\/div>\n\n            \n        \n    <\/article><!-- .hentry -->\n\n<\/div><!-- .lae-posts-carousel-item -->\n<div data-id=\"id-109199\" class=\"lae-posts-carousel-item\">\n\n    <article id=\"post-109199\" class=\"post-109199 post type-post status-publish format-standard has-post-thumbnail hentry category-highlights-en category-news tag-apprentices tag-education tag-l-i-t-en tag-promotion-of-young-talent tag-talents-en tag-talents tag-trainee tag-young-talents\">\n\n        \n            \n            \n            \n                <div class=\"lae-project-image\">\n\n                    \n                    \n                    \n                        <a href=\"https:\/\/www.lit.de\/en\/2025\/06\/01\/transport-logistic-2025-erfolgreiches-messe-debuet-der-l-i-t-gruppe\/\"><img loading=\"lazy\" decoding=\"async\" width=\"500\" height=\"500\" src=\"https:\/\/www.lit.de\/wp-content\/uploads\/2025\/06\/LIT-TransportLogistic-Fotograf-StudioLoske_PGL5390_1x1-500x500.jpg\" class=\"lae-image attachment-medium size-medium\" alt=\"LIT-TransportLogistic-Fotograf-StudioLoske_PGL5390_1x1\" title=\"LIT-TransportLogistic-Fotograf-StudioLoske_PGL5390_1x1\" srcset=\"https:\/\/www.lit.de\/wp-content\/uploads\/2025\/06\/LIT-TransportLogistic-Fotograf-StudioLoske_PGL5390_1x1-500x500.jpg 500w, https:\/\/www.lit.de\/wp-content\/uploads\/2025\/06\/LIT-TransportLogistic-Fotograf-StudioLoske_PGL5390_1x1-1024x1024.jpg 1024w, https:\/\/www.lit.de\/wp-content\/uploads\/2025\/06\/LIT-TransportLogistic-Fotograf-StudioLoske_PGL5390_1x1-150x150.jpg 150w, https:\/\/www.lit.de\/wp-content\/uploads\/2025\/06\/LIT-TransportLogistic-Fotograf-StudioLoske_PGL5390_1x1-768x768.jpg 768w, https:\/\/www.lit.de\/wp-content\/uploads\/2025\/06\/LIT-TransportLogistic-Fotograf-StudioLoske_PGL5390_1x1.jpg 1398w\" sizes=\"(max-width: 500px) 100vw, 500px\" \/><\/a>\n\n                    \n                    \n                        <div class=\"lae-image-info\">\n\n                            <div class=\"lae-entry-info\">\n\n                                \n                                    <h3 class=\"lae-post-title\">\n\n                                        <a href=\"https:\/\/www.lit.de\/en\/2025\/06\/01\/transport-logistic-2025-erfolgreiches-messe-debuet-der-l-i-t-gruppe\/\" title=\"TRANSPORT LOGISTIC 2025: SUCCESSFUL TRADE FAIR DEBUT OF THE L.I.T. GROUP\"\n                                           rel=\"bookmark\">TRANSPORT LOGISTIC 2025: SUCCESSFUL TRADE FAIR DEBUT OF THE L.I.T. GROUP<\/a>\n\n                                    <\/h3>\n\n                                \n                                \n                                    <span class=\"lae-terms\"><a href=\"https:\/\/www.lit.de\/en\/category\/highlights-en\/\">Highlights<\/a>, <a href=\"https:\/\/www.lit.de\/en\/category\/news\/\">News<\/a><\/span>\n                                \n                            <\/div>\n\n                        <\/div><!-- .lae-image-info -->\n\n                    \n                <\/div>\n\n            \n            \n                <div class=\"lae-entry-text-wrap \">\n\n                    \n                        <h3 class=\"entry-title\">\n\n                            <a href=\"https:\/\/www.lit.de\/en\/2025\/06\/01\/transport-logistic-2025-erfolgreiches-messe-debuet-der-l-i-t-gruppe\/\" title=\"TRANSPORT LOGISTIC 2025: SUCCESSFUL TRADE FAIR DEBUT OF THE L.I.T. GROUP\"\n                               rel=\"bookmark\">TRANSPORT LOGISTIC 2025: SUCCESSFUL TRADE FAIR DEBUT OF THE L.I.T. GROUP<\/a>\n\n                        <\/h3>\n\n                    \n                    \n                        <div class=\"lae-entry-meta\">\n\n                            <span class=\"published\"><abbr title=\"Sunday, June, 2025, 9:14 am\">1. June 2025<\/abbr><\/span>\n                        <\/div>\n\n                    \n                    \n                        <div class=\"entry-summary\">\n\n                            First own booth with 80 specialists from all company divisions \/ Numerous new contacts and concrete project initiations \/ Strong response to holistic logistics solutions in the House-of-Brands model\n                        <\/div>\n\n                    \n                    \n                        \n                        <div class=\"lae-read-more\">\n\n                            <a href=\"https:\/\/www.lit.de\/en\/2025\/06\/01\/transport-logistic-2025-erfolgreiches-messe-debuet-der-l-i-t-gruppe\/\">Read on<\/a>\n\n                        <\/div>\n\n                    \n                <\/div>\n\n            \n        \n    <\/article><!-- .hentry -->\n\n<\/div><!-- .lae-posts-carousel-item -->\n<div data-id=\"id-109438\" class=\"lae-posts-carousel-item\">\n\n    <article id=\"post-109438\" class=\"post-109438 post type-post status-publish format-standard has-post-thumbnail hentry category-news tag-apprentices tag-education tag-l-i-t-en tag-promotion-of-young-talent tag-talents tag-talents-en tag-trainee tag-young-talents\">\n\n        \n            \n            \n            \n                <div class=\"lae-project-image\">\n\n                    \n                    \n                    \n                        <a href=\"https:\/\/www.lit.de\/en\/2025\/05\/28\/l-i-t-gruppe-uebernimmt-gruessing-gruppe-strategischer-ausbau-des-dienstleistungsportfolios\/\"><img loading=\"lazy\" decoding=\"async\" width=\"500\" height=\"500\" src=\"https:\/\/www.lit.de\/wp-content\/uploads\/2025\/08\/L.I.T.-Gruppe-uebernimmt-Gruessing-Gruppe-1-500x500.jpeg\" class=\"lae-image attachment-medium size-medium\" alt=\"L.I.T. Gruppe u\u0308bernimmt Gru\u0308\u00dfing Gruppe (1)\" title=\"L.I.T. Gruppe u\u0308bernimmt Gru\u0308\u00dfing Gruppe (1)\" srcset=\"https:\/\/www.lit.de\/wp-content\/uploads\/2025\/08\/L.I.T.-Gruppe-uebernimmt-Gruessing-Gruppe-1-500x500.jpeg 500w, https:\/\/www.lit.de\/wp-content\/uploads\/2025\/08\/L.I.T.-Gruppe-uebernimmt-Gruessing-Gruppe-1-1024x1024.jpeg 1024w, https:\/\/www.lit.de\/wp-content\/uploads\/2025\/08\/L.I.T.-Gruppe-uebernimmt-Gruessing-Gruppe-1-150x150.jpeg 150w, https:\/\/www.lit.de\/wp-content\/uploads\/2025\/08\/L.I.T.-Gruppe-uebernimmt-Gruessing-Gruppe-1-768x768.jpeg 768w, https:\/\/www.lit.de\/wp-content\/uploads\/2025\/08\/L.I.T.-Gruppe-uebernimmt-Gruessing-Gruppe-1-1536x1536.jpeg 1536w, https:\/\/www.lit.de\/wp-content\/uploads\/2025\/08\/L.I.T.-Gruppe-uebernimmt-Gruessing-Gruppe-1-2048x2048.jpeg 2048w\" sizes=\"(max-width: 500px) 100vw, 500px\" \/><\/a>\n\n                    \n                    \n                        <div class=\"lae-image-info\">\n\n                            <div class=\"lae-entry-info\">\n\n                                \n                                    <h3 class=\"lae-post-title\">\n\n                                        <a href=\"https:\/\/www.lit.de\/en\/2025\/05\/28\/l-i-t-gruppe-uebernimmt-gruessing-gruppe-strategischer-ausbau-des-dienstleistungsportfolios\/\" title=\"L.I.T. GROUP ACQUIRES GR\u00dcSSING GROUP: STRATEGIC EXPANSION OF THE SERVICE PORTFOLIO\"\n                                           rel=\"bookmark\">L.I.T. GROUP ACQUIRES GR\u00dcSSING GROUP: STRATEGIC EXPANSION OF THE SERVICE PORTFOLIO<\/a>\n\n                                    <\/h3>\n\n                                \n                                \n                                    <span class=\"lae-terms\"><a href=\"https:\/\/www.lit.de\/en\/category\/news\/\">News<\/a><\/span>\n                                \n                            <\/div>\n\n                        <\/div><!-- .lae-image-info -->\n\n                    \n                <\/div>\n\n            \n            \n                <div class=\"lae-entry-text-wrap \">\n\n                    \n                        <h3 class=\"entry-title\">\n\n                            <a href=\"https:\/\/www.lit.de\/en\/2025\/05\/28\/l-i-t-gruppe-uebernimmt-gruessing-gruppe-strategischer-ausbau-des-dienstleistungsportfolios\/\" title=\"L.I.T. GROUP ACQUIRES GR\u00dcSSING GROUP: STRATEGIC EXPANSION OF THE SERVICE PORTFOLIO\"\n                               rel=\"bookmark\">L.I.T. GROUP ACQUIRES GR\u00dcSSING GROUP: STRATEGIC EXPANSION OF THE SERVICE PORTFOLIO<\/a>\n\n                        <\/h3>\n\n                    \n                    \n                        <div class=\"lae-entry-meta\">\n\n                            <span class=\"published\"><abbr title=\"Wednesday, May, 2025, 4:54 pm\">28. May 2025<\/abbr><\/span>\n                        <\/div>\n\n                    \n                    \n                        <div class=\"entry-summary\">\n\n                            Integration of Gr\u00fc\u00dfing Logistik GmbH and Gr\u00fc\u00dfing Spedition GmbH, based in Westerstede\/Moorburg \/ Expansion of the L.I.T. portfolio with specialized transport and logistics solutions \/ Continuation of company management by Harald and Stefan Gr\u00fc\u00dfing\n                        <\/div>\n\n                    \n                    \n                        \n                        <div class=\"lae-read-more\">\n\n                            <a href=\"https:\/\/www.lit.de\/en\/2025\/05\/28\/l-i-t-gruppe-uebernimmt-gruessing-gruppe-strategischer-ausbau-des-dienstleistungsportfolios\/\">Read on<\/a>\n\n                        <\/div>\n\n                    \n                <\/div>\n\n            \n        \n    <\/article><!-- .hentry -->\n\n<\/div><!-- .lae-posts-carousel-item --><\/div><!-- .lae-posts-carousel -->\t\t<\/div>\n\t\t\t\t<\/div>\n\t\t\t\t<div class=\"elementor-element elementor-element-75b88af elementor-align-center elementor-widget elementor-widget-button\" data-id=\"75b88af\" data-element_type=\"widget\" data-widget_type=\"button.default\">\n\t\t\t\t<div class=\"elementor-widget-container\">\n\t\t\t\t\t<div class=\"elementor-button-wrapper\">\n\t\t\t<a class=\"elementor-button elementor-button-link elementor-size-md\" href=\"https:\/\/www.lit.de\/en\/?page_id=22402\" target=\"_blank\">\n\t\t\t\t\t\t<span class=\"elementor-button-content-wrapper\">\n\t\t\t\t\t\t<span class=\"elementor-button-text\">Show all News<\/span>\n\t\t<\/span>\n\t\t\t\t\t<\/a>\n\t\t<\/div>\n\t\t\t\t<\/div>\n\t\t\t\t<\/div>\n\t\t\t\t\t<\/div>\n\t\t<\/div>\n\t\t\t\t\t<\/div>\n\t\t<\/section>\n\t\t\t\t<section class=\"elementor-section elementor-top-section elementor-element elementor-element-82f5cc8 elementor-hidden-desktop elementor-section-boxed elementor-section-height-default elementor-section-height-default\" data-id=\"82f5cc8\" data-element_type=\"section\" data-settings=\"{&quot;background_background&quot;:&quot;classic&quot;}\">\n\t\t\t\t\t\t<div class=\"elementor-container elementor-column-gap-no\">\n\t\t\t\t\t<div class=\"elementor-column elementor-col-100 elementor-top-column elementor-element elementor-element-833a5b0\" data-id=\"833a5b0\" data-element_type=\"column\" data-settings=\"{&quot;background_background&quot;:&quot;classic&quot;}\">\n\t\t\t<div class=\"elementor-widget-wrap elementor-element-populated\">\n\t\t\t\t\t\t<div class=\"elementor-element elementor-element-b651d16 elementor-nav-menu__align-start lit-sticky elementor-nav-menu--dropdown-mobile elementor-nav-menu__text-align-aside elementor-nav-menu--toggle elementor-nav-menu--burger elementor-widget elementor-widget-nav-menu\" data-id=\"b651d16\" data-element_type=\"widget\" data-settings=\"{&quot;layout&quot;:&quot;vertical&quot;,&quot;submenu_icon&quot;:{&quot;value&quot;:&quot;&lt;i class=\\&quot;\\&quot;&gt;&lt;\\\/i&gt;&quot;,&quot;library&quot;:&quot;&quot;},&quot;toggle&quot;:&quot;burger&quot;}\" data-widget_type=\"nav-menu.default\">\n\t\t\t\t<div class=\"elementor-widget-container\">\n\t\t\t\t\t\t<nav class=\"elementor-nav-menu--main elementor-nav-menu__container elementor-nav-menu--layout-vertical e--pointer-none\">\n\t\t\t\t<ul id=\"menu-1-b651d16\" class=\"elementor-nav-menu sm-vertical\"><li class=\"menu-item menu-item-type-custom menu-item-object-custom menu-item-15094\"><a href=\"#aktuelles_news\" class=\"elementor-item elementor-item-anchor\">Current topics | News<\/a><\/li>\n<li class=\"menu-item menu-item-type-custom menu-item-object-custom menu-item-15095\"><a href=\"#reportagen\" class=\"elementor-item elementor-item-anchor\">Reports<\/a><\/li>\n<li class=\"menu-item menu-item-type-custom menu-item-object-custom menu-item-15096\"><a href=\"#literatur\" class=\"elementor-item elementor-item-anchor\">L.I.T.erature<\/a><\/li>\n<li class=\"menu-item menu-item-type-custom menu-item-object-custom menu-item-15097\"><a href=\"#ansprechpartner_presse\" class=\"elementor-item elementor-item-anchor\">Contact partner<\/a><\/li>\n<li class=\"menu-item menu-item-type-custom menu-item-object-custom menu-item-15098\"><a href=\"#presseanfragen\" class=\"elementor-item elementor-item-anchor\">Press inquiries<\/a><\/li>\n<li class=\"menu-item menu-item-type-custom menu-item-object-custom menu-item-15099\"><a href=\"#newsletter\" class=\"elementor-item elementor-item-anchor\">Newsletter<\/a><\/li>\n<\/ul>\t\t\t<\/nav>\n\t\t\t\t\t<div class=\"elementor-menu-toggle\" role=\"button\" tabindex=\"0\" aria-label=\"Menu Toggle\" aria-expanded=\"false\">\n\t\t\t<i aria-hidden=\"true\" role=\"presentation\" class=\"elementor-menu-toggle__icon--open eicon-menu-bar\"><\/i><i aria-hidden=\"true\" role=\"presentation\" class=\"elementor-menu-toggle__icon--close eicon-close\"><\/i>\t\t\t<span class=\"elementor-screen-only\">Menu<\/span>\n\t\t<\/div>\n\t\t\t\t\t<nav class=\"elementor-nav-menu--dropdown elementor-nav-menu__container\" aria-hidden=\"true\">\n\t\t\t\t<ul id=\"menu-2-b651d16\" class=\"elementor-nav-menu sm-vertical\"><li class=\"menu-item menu-item-type-custom menu-item-object-custom menu-item-15094\"><a href=\"#aktuelles_news\" class=\"elementor-item elementor-item-anchor\" tabindex=\"-1\">Current topics | News<\/a><\/li>\n<li class=\"menu-item menu-item-type-custom menu-item-object-custom menu-item-15095\"><a href=\"#reportagen\" class=\"elementor-item elementor-item-anchor\" tabindex=\"-1\">Reports<\/a><\/li>\n<li class=\"menu-item menu-item-type-custom menu-item-object-custom menu-item-15096\"><a href=\"#literatur\" class=\"elementor-item elementor-item-anchor\" tabindex=\"-1\">L.I.T.erature<\/a><\/li>\n<li class=\"menu-item menu-item-type-custom menu-item-object-custom menu-item-15097\"><a href=\"#ansprechpartner_presse\" class=\"elementor-item elementor-item-anchor\" tabindex=\"-1\">Contact partner<\/a><\/li>\n<li class=\"menu-item menu-item-type-custom menu-item-object-custom menu-item-15098\"><a href=\"#presseanfragen\" class=\"elementor-item elementor-item-anchor\" tabindex=\"-1\">Press inquiries<\/a><\/li>\n<li class=\"menu-item menu-item-type-custom menu-item-object-custom menu-item-15099\"><a href=\"#newsletter\" class=\"elementor-item elementor-item-anchor\" tabindex=\"-1\">Newsletter<\/a><\/li>\n<\/ul>\t\t\t<\/nav>\n\t\t\t\t<\/div>\n\t\t\t\t<\/div>\n\t\t\t\t<div class=\"elementor-element elementor-element-be892a4 elementor-widget elementor-widget-text-editor\" data-id=\"be892a4\" data-element_type=\"widget\" data-widget_type=\"text-editor.default\">\n\t\t\t\t<div class=\"elementor-widget-container\">\n\t\t\t\t\t\t\t<p>NEWS<\/p>\n\t\t\t\t\t\t<\/div>\n\t\t\t\t<\/div>\n\t\t\t\t<div class=\"elementor-element elementor-element-cd23c5d elementor-widget elementor-widget-heading\" data-id=\"cd23c5d\" data-element_type=\"widget\" data-widget_type=\"heading.default\">\n\t\t\t\t<div class=\"elementor-widget-container\">\n\t\t\t<h1 class=\"elementor-heading-title elementor-size-default\">IF YOU HAVE NOT ALREADY<br> READ IT IN THE MEDIA...<\/h1>\t\t<\/div>\n\t\t\t\t<\/div>\n\t\t\t\t<div class=\"elementor-element elementor-element-eaf630d elementor-widget elementor-widget-heading\" data-id=\"eaf630d\" data-element_type=\"widget\" data-widget_type=\"heading.default\">\n\t\t\t\t<div class=\"elementor-widget-container\">\n\t\t\t<h2 class=\"elementor-heading-title elementor-size-default\"> HERE OUR LATEST PRESS REPORTS AND PRESS RELEASES<\/h2>\t\t<\/div>\n\t\t\t\t<\/div>\n\t\t\t\t<div class=\"elementor-element elementor-element-7818970 engagementscarousell elementor-widget elementor-widget-lae-posts-carousel\" data-id=\"7818970\" data-element_type=\"widget\" data-widget_type=\"lae-posts-carousel.default\">\n\t\t\t\t<div class=\"elementor-widget-container\">\n\t\t\t\n<div        id=\"lae-posts-carousel-69f5f0bb50042\"\n        class=\"lae-posts-carousel lae-container lae-classic-skin\"\n        data-settings='{\"arrows\":true,\"dots\":false,\"autoplay\":false,\"autoplay_speed\":3000,\"animation_speed\":300,\"pause_on_hover\":true,\"adaptive_height\":false,\"display_columns\":3,\"scroll_columns\":1,\"gutter\":10,\"tablet_width\":800,\"tablet_display_columns\":2,\"tablet_scroll_columns\":1,\"tablet_gutter\":10,\"mobile_width\":480,\"mobile_display_columns\":1,\"mobile_scroll_columns\":1,\"mobile_gutter\":10}'>\n<div data-id=\"id-111535\" class=\"lae-posts-carousel-item\">\n\n    <article id=\"post-111535\" class=\"post-111535 post type-post status-publish format-standard has-post-thumbnail hentry category-news tag-kombifracht-en tag-l-i-t-en tag-logistics tag-netzwerk-en tag-uebernahme-en\">\n\n        \n            \n            \n            \n                <div class=\"lae-project-image\">\n\n                    \n                    \n                    \n                        <a href=\"https:\/\/www.lit.de\/en\/2025\/09\/02\/l-i-t-uebernimmt-kombi-fracht-gmbh-ausbau-des-dienstleistungsportfolios-und-staerkung-des-netzwerks\/\"><img fetchpriority=\"high\" decoding=\"async\" width=\"500\" height=\"500\" src=\"https:\/\/www.lit.de\/wp-content\/uploads\/2025\/09\/PM_KombiFracht_edit-500x500.jpg\" class=\"lae-image attachment-medium size-medium\" alt=\"PM_KombiFracht_edit\" title=\"PM_KombiFracht_edit\" srcset=\"https:\/\/www.lit.de\/wp-content\/uploads\/2025\/09\/PM_KombiFracht_edit-500x500.jpg 500w, https:\/\/www.lit.de\/wp-content\/uploads\/2025\/09\/PM_KombiFracht_edit-1024x1024.jpg 1024w, https:\/\/www.lit.de\/wp-content\/uploads\/2025\/09\/PM_KombiFracht_edit-150x150.jpg 150w, https:\/\/www.lit.de\/wp-content\/uploads\/2025\/09\/PM_KombiFracht_edit-768x768.jpg 768w, https:\/\/www.lit.de\/wp-content\/uploads\/2025\/09\/PM_KombiFracht_edit.jpg 1143w\" sizes=\"(max-width: 500px) 100vw, 500px\" \/><\/a>\n\n                    \n                    \n                        <div class=\"lae-image-info\">\n\n                            <div class=\"lae-entry-info\">\n\n                                \n                                    <h3 class=\"lae-post-title\">\n\n                                        <a href=\"https:\/\/www.lit.de\/en\/2025\/09\/02\/l-i-t-uebernimmt-kombi-fracht-gmbh-ausbau-des-dienstleistungsportfolios-und-staerkung-des-netzwerks\/\" title=\"L.I.T. ACQUIRES KOMBI FRACHT GMBH: EXPANSION OF SERVICE PORTFOLIO AND STRENGTHENING OF THE NETWORK\"\n                                           rel=\"bookmark\">L.I.T. ACQUIRES KOMBI FRACHT GMBH: EXPANSION OF SERVICE PORTFOLIO AND STRENGTHENING OF THE NETWORK<\/a>\n\n                                    <\/h3>\n\n                                \n                                \n                                    <span class=\"lae-terms\"><a href=\"https:\/\/www.lit.de\/en\/category\/news\/\">News<\/a><\/span>\n                                \n                            <\/div>\n\n                        <\/div><!-- .lae-image-info -->\n\n                    \n                <\/div>\n\n            \n            \n                <div class=\"lae-entry-text-wrap \">\n\n                    \n                        <h3 class=\"entry-title\">\n\n                            <a href=\"https:\/\/www.lit.de\/en\/2025\/09\/02\/l-i-t-uebernimmt-kombi-fracht-gmbh-ausbau-des-dienstleistungsportfolios-und-staerkung-des-netzwerks\/\" title=\"L.I.T. ACQUIRES KOMBI FRACHT GMBH: EXPANSION OF SERVICE PORTFOLIO AND STRENGTHENING OF THE NETWORK\"\n                               rel=\"bookmark\">L.I.T. ACQUIRES KOMBI FRACHT GMBH: EXPANSION OF SERVICE PORTFOLIO AND STRENGTHENING OF THE NETWORK<\/a>\n\n                        <\/h3>\n\n                    \n                    \n                        <div class=\"lae-entry-meta\">\n\n                            <span class=\"published\"><abbr title=\"Tuesday, September, 2025, 1:33 pm\">2. September 2025<\/abbr><\/span>\n                        <\/div>\n\n                    \n                    \n                        <div class=\"entry-summary\">\n\n                            L.I.T. Group from Brake acquires Kombi Fracht GmbH, a company specialized in system transport and warehouse logistics \/ Kombi Fracht\u2019s headquarters in Gro\u00df Ippener will remain \u2013 all 15 administrative employees and around 90 drivers have been taken over \/ Kombi Fracht will remain as a brand and continue to operate independently on the market\n                        <\/div>\n\n                    \n                    \n                        \n                        <div class=\"lae-read-more\">\n\n                            <a href=\"https:\/\/www.lit.de\/en\/2025\/09\/02\/l-i-t-uebernimmt-kombi-fracht-gmbh-ausbau-des-dienstleistungsportfolios-und-staerkung-des-netzwerks\/\">Read on<\/a>\n\n                        <\/div>\n\n                    \n                <\/div>\n\n            \n        \n    <\/article><!-- .hentry -->\n\n<\/div><!-- .lae-posts-carousel-item -->\n<div data-id=\"id-111190\" class=\"lae-posts-carousel-item\">\n\n    <article id=\"post-111190\" class=\"post-111190 post type-post status-publish format-standard has-post-thumbnail hentry category-news tag-apprentices tag-education tag-l-i-t-en tag-promotion-of-young-talent tag-talents tag-talents-en tag-trainee tag-young-talents\">\n\n        \n            \n            \n            \n                <div class=\"lae-project-image\">\n\n                    \n                    \n                    \n                        <a href=\"https:\/\/www.lit.de\/en\/2025\/08\/29\/starke-zusammenarbeit-stadt-brake-beauftragt-l-i-t-gruppe-fuer-hilfstransport-in-die-ukraine\/\"><img decoding=\"async\" width=\"500\" height=\"500\" src=\"https:\/\/www.lit.de\/wp-content\/uploads\/2025\/09\/DSC_2011_edit-500x500.jpg\" class=\"lae-image attachment-medium size-medium\" alt=\"DSC_2011_edit\" title=\"DSC_2011_edit\" srcset=\"https:\/\/www.lit.de\/wp-content\/uploads\/2025\/09\/DSC_2011_edit-500x500.jpg 500w, https:\/\/www.lit.de\/wp-content\/uploads\/2025\/09\/DSC_2011_edit-1024x1024.jpg 1024w, https:\/\/www.lit.de\/wp-content\/uploads\/2025\/09\/DSC_2011_edit-150x150.jpg 150w, https:\/\/www.lit.de\/wp-content\/uploads\/2025\/09\/DSC_2011_edit-768x768.jpg 768w, https:\/\/www.lit.de\/wp-content\/uploads\/2025\/09\/DSC_2011_edit.jpg 1362w\" sizes=\"(max-width: 500px) 100vw, 500px\" \/><\/a>\n\n                    \n                    \n                        <div class=\"lae-image-info\">\n\n                            <div class=\"lae-entry-info\">\n\n                                \n                                    <h3 class=\"lae-post-title\">\n\n                                        <a href=\"https:\/\/www.lit.de\/en\/2025\/08\/29\/starke-zusammenarbeit-stadt-brake-beauftragt-l-i-t-gruppe-fuer-hilfstransport-in-die-ukraine\/\" title=\"STRONG PARTNERSHIP: CITY OF BRAKE COMMISSIONS L.I.T. GROUP FOR AID TRANSPORT TO UKRAINE\"\n                                           rel=\"bookmark\">STRONG PARTNERSHIP: CITY OF BRAKE COMMISSIONS L.I.T. GROUP FOR AID TRANSPORT TO UKRAINE<\/a>\n\n                                    <\/h3>\n\n                                \n                                \n                                    <span class=\"lae-terms\"><a href=\"https:\/\/www.lit.de\/en\/category\/news\/\">News<\/a><\/span>\n                                \n                            <\/div>\n\n                        <\/div><!-- .lae-image-info -->\n\n                    \n                <\/div>\n\n            \n            \n                <div class=\"lae-entry-text-wrap \">\n\n                    \n                        <h3 class=\"entry-title\">\n\n                            <a href=\"https:\/\/www.lit.de\/en\/2025\/08\/29\/starke-zusammenarbeit-stadt-brake-beauftragt-l-i-t-gruppe-fuer-hilfstransport-in-die-ukraine\/\" title=\"STRONG PARTNERSHIP: CITY OF BRAKE COMMISSIONS L.I.T. GROUP FOR AID TRANSPORT TO UKRAINE\"\n                               rel=\"bookmark\">STRONG PARTNERSHIP: CITY OF BRAKE COMMISSIONS L.I.T. GROUP FOR AID TRANSPORT TO UKRAINE<\/a>\n\n                        <\/h3>\n\n                    \n                    \n                        <div class=\"lae-entry-meta\">\n\n                            <span class=\"published\"><abbr title=\"Friday, August, 2025, 3:36 pm\">29. August 2025<\/abbr><\/span>\n                        <\/div>\n\n                    \n                    \n                        <div class=\"entry-summary\">\n\n                            L.I.T. Group supports the city of Brake with the delivery of humanitarian aid supplies to partner city Shatsk \/ Assistance from L.I.T. Group in organizing and carrying out the transport \/ Delivery of urgently needed equipment for educational institutions and municipal infrastructure\n                        <\/div>\n\n                    \n                    \n                        \n                        <div class=\"lae-read-more\">\n\n                            <a href=\"https:\/\/www.lit.de\/en\/2025\/08\/29\/starke-zusammenarbeit-stadt-brake-beauftragt-l-i-t-gruppe-fuer-hilfstransport-in-die-ukraine\/\">Read on<\/a>\n\n                        <\/div>\n\n                    \n                <\/div>\n\n            \n        \n    <\/article><!-- .hentry -->\n\n<\/div><!-- .lae-posts-carousel-item -->\n<div data-id=\"id-101124\" class=\"lae-posts-carousel-item\">\n\n    <article id=\"post-101124\" class=\"post-101124 post type-post status-publish format-standard has-post-thumbnail hentry category-news tag-apprentices tag-education tag-l-i-t-en tag-promotion-of-young-talent tag-talents tag-talents-en tag-trainee tag-young-talents\">\n\n        \n            \n            \n            \n                <div class=\"lae-project-image\">\n\n                    \n                    \n                    \n                        <a href=\"https:\/\/www.lit.de\/en\/2025\/08\/11\/neues-ausbildungsjahr-37-junge-talente-verstaerken-die-l-i-t-gruppe\/\"><img decoding=\"async\" width=\"500\" height=\"500\" src=\"https:\/\/www.lit.de\/wp-content\/uploads\/2025\/08\/DSC_1600-1_scaled-500x500.jpg\" class=\"lae-image attachment-medium size-medium\" alt=\"DSC_1600-1_scaled\" title=\"DSC_1600-1_scaled\" srcset=\"https:\/\/www.lit.de\/wp-content\/uploads\/2025\/08\/DSC_1600-1_scaled-500x500.jpg 500w, https:\/\/www.lit.de\/wp-content\/uploads\/2025\/08\/DSC_1600-1_scaled-1024x1024.jpg 1024w, https:\/\/www.lit.de\/wp-content\/uploads\/2025\/08\/DSC_1600-1_scaled-150x150.jpg 150w, https:\/\/www.lit.de\/wp-content\/uploads\/2025\/08\/DSC_1600-1_scaled-768x768.jpg 768w, https:\/\/www.lit.de\/wp-content\/uploads\/2025\/08\/DSC_1600-1_scaled.jpg 1132w\" sizes=\"(max-width: 500px) 100vw, 500px\" \/><\/a>\n\n                    \n                    \n                        <div class=\"lae-image-info\">\n\n                            <div class=\"lae-entry-info\">\n\n                                \n                                    <h3 class=\"lae-post-title\">\n\n                                        <a href=\"https:\/\/www.lit.de\/en\/2025\/08\/11\/neues-ausbildungsjahr-37-junge-talente-verstaerken-die-l-i-t-gruppe\/\" title=\"NEW TRAINING YEAR: 37 YOUNG TALENTS JOIN THE L.I.T. GROUP\"\n                                           rel=\"bookmark\">NEW TRAINING YEAR: 37 YOUNG TALENTS JOIN THE L.I.T. GROUP<\/a>\n\n                                    <\/h3>\n\n                                \n                                \n                                    <span class=\"lae-terms\"><a href=\"https:\/\/www.lit.de\/en\/category\/news\/\">News<\/a><\/span>\n                                \n                            <\/div>\n\n                        <\/div><!-- .lae-image-info -->\n\n                    \n                <\/div>\n\n            \n            \n                <div class=\"lae-entry-text-wrap \">\n\n                    \n                        <h3 class=\"entry-title\">\n\n                            <a href=\"https:\/\/www.lit.de\/en\/2025\/08\/11\/neues-ausbildungsjahr-37-junge-talente-verstaerken-die-l-i-t-gruppe\/\" title=\"NEW TRAINING YEAR: 37 YOUNG TALENTS JOIN THE L.I.T. GROUP\"\n                               rel=\"bookmark\">NEW TRAINING YEAR: 37 YOUNG TALENTS JOIN THE L.I.T. GROUP<\/a>\n\n                        <\/h3>\n\n                    \n                    \n                        <div class=\"lae-entry-meta\">\n\n                            <span class=\"published\"><abbr title=\"Monday, August, 2025, 10:16 am\">11. August 2025<\/abbr><\/span>\n                        <\/div>\n\n                    \n                    \n                        <div class=\"entry-summary\">\n\n                            On Monday, the L.I.T. Group's Executive Board welcomed 37 new trainees on their first day of training. All new trainees first undergo a two-day induction at the company's headquarters in Brake before beginning their practical training at one of the 26 L.I.T. training locations in Germany.\n                        <\/div>\n\n                    \n                    \n                        \n                        <div class=\"lae-read-more\">\n\n                            <a href=\"https:\/\/www.lit.de\/en\/2025\/08\/11\/neues-ausbildungsjahr-37-junge-talente-verstaerken-die-l-i-t-gruppe\/\">Read on<\/a>\n\n                        <\/div>\n\n                    \n                <\/div>\n\n            \n        \n    <\/article><!-- .hentry -->\n\n<\/div><!-- .lae-posts-carousel-item -->\n<div data-id=\"id-109363\" class=\"lae-posts-carousel-item\">\n\n    <article id=\"post-109363\" class=\"post-109363 post type-post status-publish format-standard has-post-thumbnail hentry category-news tag-apprentices tag-education tag-l-i-t-en tag-promotion-of-young-talent tag-talents tag-talents-en tag-trainee tag-young-talents\">\n\n        \n            \n            \n            \n                <div class=\"lae-project-image\">\n\n                    \n                    \n                    \n                        <a href=\"https:\/\/www.lit.de\/en\/2025\/07\/04\/l-i-t-gruppe-uebernimmt-dataform-dialogservices-gmbh-und-erweitert-fulfillment-kompetenz\/\"><img loading=\"lazy\" decoding=\"async\" width=\"500\" height=\"500\" src=\"https:\/\/www.lit.de\/wp-content\/uploads\/2025\/08\/Bild-1_Aussenansicht-Firmengebaeude_erweitert-500x500.jpeg\" class=\"lae-image attachment-medium size-medium\" alt=\"Bild 1_Au\u00dfenansicht Firmengeba\u0308ude_erweitert\" title=\"Bild 1_Au\u00dfenansicht Firmengeba\u0308ude_erweitert\" srcset=\"https:\/\/www.lit.de\/wp-content\/uploads\/2025\/08\/Bild-1_Aussenansicht-Firmengebaeude_erweitert-500x500.jpeg 500w, https:\/\/www.lit.de\/wp-content\/uploads\/2025\/08\/Bild-1_Aussenansicht-Firmengebaeude_erweitert-1024x1024.jpeg 1024w, https:\/\/www.lit.de\/wp-content\/uploads\/2025\/08\/Bild-1_Aussenansicht-Firmengebaeude_erweitert-150x150.jpeg 150w, https:\/\/www.lit.de\/wp-content\/uploads\/2025\/08\/Bild-1_Aussenansicht-Firmengebaeude_erweitert-768x768.jpeg 768w, https:\/\/www.lit.de\/wp-content\/uploads\/2025\/08\/Bild-1_Aussenansicht-Firmengebaeude_erweitert-1536x1536.jpeg 1536w, https:\/\/www.lit.de\/wp-content\/uploads\/2025\/08\/Bild-1_Aussenansicht-Firmengebaeude_erweitert-2048x2048.jpeg 2048w\" sizes=\"(max-width: 500px) 100vw, 500px\" \/><\/a>\n\n                    \n                    \n                        <div class=\"lae-image-info\">\n\n                            <div class=\"lae-entry-info\">\n\n                                \n                                    <h3 class=\"lae-post-title\">\n\n                                        <a href=\"https:\/\/www.lit.de\/en\/2025\/07\/04\/l-i-t-gruppe-uebernimmt-dataform-dialogservices-gmbh-und-erweitert-fulfillment-kompetenz\/\" title=\"L.I.T. GROUP ACQUIRES DATAFORM DIALOGSERVICES GMBH AND EXPANDS FULFILLMENT EXPERTISE\"\n                                           rel=\"bookmark\">L.I.T. GROUP ACQUIRES DATAFORM DIALOGSERVICES GMBH AND EXPANDS FULFILLMENT EXPERTISE<\/a>\n\n                                    <\/h3>\n\n                                \n                                \n                                    <span class=\"lae-terms\"><a href=\"https:\/\/www.lit.de\/en\/category\/news\/\">News<\/a><\/span>\n                                \n                            <\/div>\n\n                        <\/div><!-- .lae-image-info -->\n\n                    \n                <\/div>\n\n            \n            \n                <div class=\"lae-entry-text-wrap \">\n\n                    \n                        <h3 class=\"entry-title\">\n\n                            <a href=\"https:\/\/www.lit.de\/en\/2025\/07\/04\/l-i-t-gruppe-uebernimmt-dataform-dialogservices-gmbh-und-erweitert-fulfillment-kompetenz\/\" title=\"L.I.T. GROUP ACQUIRES DATAFORM DIALOGSERVICES GMBH AND EXPANDS FULFILLMENT EXPERTISE\"\n                               rel=\"bookmark\">L.I.T. GROUP ACQUIRES DATAFORM DIALOGSERVICES GMBH AND EXPANDS FULFILLMENT EXPERTISE<\/a>\n\n                        <\/h3>\n\n                    \n                    \n                        <div class=\"lae-entry-meta\">\n\n                            <span class=\"published\"><abbr title=\"Friday, July, 2025, 11:40 am\">4. July 2025<\/abbr><\/span>\n                        <\/div>\n\n                    \n                    \n                        <div class=\"entry-summary\">\n\n                            L.I.T. Group expands portfolio to include dialog marketing and e-commerce fulfillment \/ Acquisition of the business operations and the entire staff of dataform dialogservices GmbH effective August 1, 2025 \/ Future company name: dataform dialog solutions GmbH\n                        <\/div>\n\n                    \n                    \n                        \n                        <div class=\"lae-read-more\">\n\n                            <a href=\"https:\/\/www.lit.de\/en\/2025\/07\/04\/l-i-t-gruppe-uebernimmt-dataform-dialogservices-gmbh-und-erweitert-fulfillment-kompetenz\/\">Read on<\/a>\n\n                        <\/div>\n\n                    \n                <\/div>\n\n            \n        \n    <\/article><!-- .hentry -->\n\n<\/div><!-- .lae-posts-carousel-item -->\n<div data-id=\"id-109199\" class=\"lae-posts-carousel-item\">\n\n    <article id=\"post-109199\" class=\"post-109199 post type-post status-publish format-standard has-post-thumbnail hentry category-highlights-en category-news tag-apprentices tag-education tag-l-i-t-en tag-promotion-of-young-talent tag-talents-en tag-talents tag-trainee tag-young-talents\">\n\n        \n            \n            \n            \n                <div class=\"lae-project-image\">\n\n                    \n                    \n                    \n                        <a href=\"https:\/\/www.lit.de\/en\/2025\/06\/01\/transport-logistic-2025-erfolgreiches-messe-debuet-der-l-i-t-gruppe\/\"><img loading=\"lazy\" decoding=\"async\" width=\"500\" height=\"500\" src=\"https:\/\/www.lit.de\/wp-content\/uploads\/2025\/06\/LIT-TransportLogistic-Fotograf-StudioLoske_PGL5390_1x1-500x500.jpg\" class=\"lae-image attachment-medium size-medium\" alt=\"LIT-TransportLogistic-Fotograf-StudioLoske_PGL5390_1x1\" title=\"LIT-TransportLogistic-Fotograf-StudioLoske_PGL5390_1x1\" srcset=\"https:\/\/www.lit.de\/wp-content\/uploads\/2025\/06\/LIT-TransportLogistic-Fotograf-StudioLoske_PGL5390_1x1-500x500.jpg 500w, https:\/\/www.lit.de\/wp-content\/uploads\/2025\/06\/LIT-TransportLogistic-Fotograf-StudioLoske_PGL5390_1x1-1024x1024.jpg 1024w, https:\/\/www.lit.de\/wp-content\/uploads\/2025\/06\/LIT-TransportLogistic-Fotograf-StudioLoske_PGL5390_1x1-150x150.jpg 150w, https:\/\/www.lit.de\/wp-content\/uploads\/2025\/06\/LIT-TransportLogistic-Fotograf-StudioLoske_PGL5390_1x1-768x768.jpg 768w, https:\/\/www.lit.de\/wp-content\/uploads\/2025\/06\/LIT-TransportLogistic-Fotograf-StudioLoske_PGL5390_1x1.jpg 1398w\" sizes=\"(max-width: 500px) 100vw, 500px\" \/><\/a>\n\n                    \n                    \n                        <div class=\"lae-image-info\">\n\n                            <div class=\"lae-entry-info\">\n\n                                \n                                    <h3 class=\"lae-post-title\">\n\n                                        <a href=\"https:\/\/www.lit.de\/en\/2025\/06\/01\/transport-logistic-2025-erfolgreiches-messe-debuet-der-l-i-t-gruppe\/\" title=\"TRANSPORT LOGISTIC 2025: SUCCESSFUL TRADE FAIR DEBUT OF THE L.I.T. GROUP\"\n                                           rel=\"bookmark\">TRANSPORT LOGISTIC 2025: SUCCESSFUL TRADE FAIR DEBUT OF THE L.I.T. GROUP<\/a>\n\n                                    <\/h3>\n\n                                \n                                \n                                    <span class=\"lae-terms\"><a href=\"https:\/\/www.lit.de\/en\/category\/highlights-en\/\">Highlights<\/a>, <a href=\"https:\/\/www.lit.de\/en\/category\/news\/\">News<\/a><\/span>\n                                \n                            <\/div>\n\n                        <\/div><!-- .lae-image-info -->\n\n                    \n                <\/div>\n\n            \n            \n                <div class=\"lae-entry-text-wrap \">\n\n                    \n                        <h3 class=\"entry-title\">\n\n                            <a href=\"https:\/\/www.lit.de\/en\/2025\/06\/01\/transport-logistic-2025-erfolgreiches-messe-debuet-der-l-i-t-gruppe\/\" title=\"TRANSPORT LOGISTIC 2025: SUCCESSFUL TRADE FAIR DEBUT OF THE L.I.T. GROUP\"\n                               rel=\"bookmark\">TRANSPORT LOGISTIC 2025: SUCCESSFUL TRADE FAIR DEBUT OF THE L.I.T. GROUP<\/a>\n\n                        <\/h3>\n\n                    \n                    \n                        <div class=\"lae-entry-meta\">\n\n                            <span class=\"published\"><abbr title=\"Sunday, June, 2025, 9:14 am\">1. June 2025<\/abbr><\/span>\n                        <\/div>\n\n                    \n                    \n                        <div class=\"entry-summary\">\n\n                            First own booth with 80 specialists from all company divisions \/ Numerous new contacts and concrete project initiations \/ Strong response to holistic logistics solutions in the House-of-Brands model\n                        <\/div>\n\n                    \n                    \n                        \n                        <div class=\"lae-read-more\">\n\n                            <a href=\"https:\/\/www.lit.de\/en\/2025\/06\/01\/transport-logistic-2025-erfolgreiches-messe-debuet-der-l-i-t-gruppe\/\">Read on<\/a>\n\n                        <\/div>\n\n                    \n                <\/div>\n\n            \n        \n    <\/article><!-- .hentry -->\n\n<\/div><!-- .lae-posts-carousel-item -->\n<div data-id=\"id-109438\" class=\"lae-posts-carousel-item\">\n\n    <article id=\"post-109438\" class=\"post-109438 post type-post status-publish format-standard has-post-thumbnail hentry category-news tag-apprentices tag-education tag-l-i-t-en tag-promotion-of-young-talent tag-talents tag-talents-en tag-trainee tag-young-talents\">\n\n        \n            \n            \n            \n                <div class=\"lae-project-image\">\n\n                    \n                    \n                    \n                        <a href=\"https:\/\/www.lit.de\/en\/2025\/05\/28\/l-i-t-gruppe-uebernimmt-gruessing-gruppe-strategischer-ausbau-des-dienstleistungsportfolios\/\"><img loading=\"lazy\" decoding=\"async\" width=\"500\" height=\"500\" src=\"https:\/\/www.lit.de\/wp-content\/uploads\/2025\/08\/L.I.T.-Gruppe-uebernimmt-Gruessing-Gruppe-1-500x500.jpeg\" class=\"lae-image attachment-medium size-medium\" alt=\"L.I.T. Gruppe u\u0308bernimmt Gru\u0308\u00dfing Gruppe (1)\" title=\"L.I.T. Gruppe u\u0308bernimmt Gru\u0308\u00dfing Gruppe (1)\" srcset=\"https:\/\/www.lit.de\/wp-content\/uploads\/2025\/08\/L.I.T.-Gruppe-uebernimmt-Gruessing-Gruppe-1-500x500.jpeg 500w, https:\/\/www.lit.de\/wp-content\/uploads\/2025\/08\/L.I.T.-Gruppe-uebernimmt-Gruessing-Gruppe-1-1024x1024.jpeg 1024w, https:\/\/www.lit.de\/wp-content\/uploads\/2025\/08\/L.I.T.-Gruppe-uebernimmt-Gruessing-Gruppe-1-150x150.jpeg 150w, https:\/\/www.lit.de\/wp-content\/uploads\/2025\/08\/L.I.T.-Gruppe-uebernimmt-Gruessing-Gruppe-1-768x768.jpeg 768w, https:\/\/www.lit.de\/wp-content\/uploads\/2025\/08\/L.I.T.-Gruppe-uebernimmt-Gruessing-Gruppe-1-1536x1536.jpeg 1536w, https:\/\/www.lit.de\/wp-content\/uploads\/2025\/08\/L.I.T.-Gruppe-uebernimmt-Gruessing-Gruppe-1-2048x2048.jpeg 2048w\" sizes=\"(max-width: 500px) 100vw, 500px\" \/><\/a>\n\n                    \n                    \n                        <div class=\"lae-image-info\">\n\n                            <div class=\"lae-entry-info\">\n\n                                \n                                    <h3 class=\"lae-post-title\">\n\n                                        <a href=\"https:\/\/www.lit.de\/en\/2025\/05\/28\/l-i-t-gruppe-uebernimmt-gruessing-gruppe-strategischer-ausbau-des-dienstleistungsportfolios\/\" title=\"L.I.T. GROUP ACQUIRES GR\u00dcSSING GROUP: STRATEGIC EXPANSION OF THE SERVICE PORTFOLIO\"\n                                           rel=\"bookmark\">L.I.T. GROUP ACQUIRES GR\u00dcSSING GROUP: STRATEGIC EXPANSION OF THE SERVICE PORTFOLIO<\/a>\n\n                                    <\/h3>\n\n                                \n                                \n                                    <span class=\"lae-terms\"><a href=\"https:\/\/www.lit.de\/en\/category\/news\/\">News<\/a><\/span>\n                                \n                            <\/div>\n\n                        <\/div><!-- .lae-image-info -->\n\n                    \n                <\/div>\n\n            \n            \n                <div class=\"lae-entry-text-wrap \">\n\n                    \n                        <h3 class=\"entry-title\">\n\n                            <a href=\"https:\/\/www.lit.de\/en\/2025\/05\/28\/l-i-t-gruppe-uebernimmt-gruessing-gruppe-strategischer-ausbau-des-dienstleistungsportfolios\/\" title=\"L.I.T. GROUP ACQUIRES GR\u00dcSSING GROUP: STRATEGIC EXPANSION OF THE SERVICE PORTFOLIO\"\n                               rel=\"bookmark\">L.I.T. GROUP ACQUIRES GR\u00dcSSING GROUP: STRATEGIC EXPANSION OF THE SERVICE PORTFOLIO<\/a>\n\n                        <\/h3>\n\n                    \n                    \n                        <div class=\"lae-entry-meta\">\n\n                            <span class=\"published\"><abbr title=\"Wednesday, May, 2025, 4:54 pm\">28. May 2025<\/abbr><\/span>\n                        <\/div>\n\n                    \n                    \n                        <div class=\"entry-summary\">\n\n                            Integration of Gr\u00fc\u00dfing Logistik GmbH and Gr\u00fc\u00dfing Spedition GmbH, based in Westerstede\/Moorburg \/ Expansion of the L.I.T. portfolio with specialized transport and logistics solutions \/ Continuation of company management by Harald and Stefan Gr\u00fc\u00dfing\n                        <\/div>\n\n                    \n                    \n                        \n                        <div class=\"lae-read-more\">\n\n                            <a href=\"https:\/\/www.lit.de\/en\/2025\/05\/28\/l-i-t-gruppe-uebernimmt-gruessing-gruppe-strategischer-ausbau-des-dienstleistungsportfolios\/\">Read on<\/a>\n\n                        <\/div>\n\n                    \n                <\/div>\n\n            \n        \n    <\/article><!-- .hentry -->\n\n<\/div><!-- .lae-posts-carousel-item --><\/div><!-- .lae-posts-carousel -->\t\t<\/div>\n\t\t\t\t<\/div>\n\t\t\t\t<div class=\"elementor-element elementor-element-2f70062 elementor-align-center elementor-widget elementor-widget-button\" data-id=\"2f70062\" data-element_type=\"widget\" data-widget_type=\"button.default\">\n\t\t\t\t<div class=\"elementor-widget-container\">\n\t\t\t\t\t<div class=\"elementor-button-wrapper\">\n\t\t\t<a class=\"elementor-button elementor-button-link elementor-size-md\" href=\"https:\/\/www.lit.de\/en\/?page_id=22402\" target=\"_blank\">\n\t\t\t\t\t\t<span class=\"elementor-button-content-wrapper\">\n\t\t\t\t\t\t<span class=\"elementor-button-text\">Show all News<\/span>\n\t\t<\/span>\n\t\t\t\t\t<\/a>\n\t\t<\/div>\n\t\t\t\t<\/div>\n\t\t\t\t<\/div>\n\t\t\t\t\t<\/div>\n\t\t<\/div>\n\t\t\t\t\t<\/div>\n\t\t<\/section>\n\t\t\t\t<section class=\"elementor-section elementor-top-section elementor-element elementor-element-621b3b2 elementor-section-boxed elementor-section-height-default elementor-section-height-default\" data-id=\"621b3b2\" data-element_type=\"section\" data-settings=\"{&quot;background_background&quot;:&quot;classic&quot;}\">\n\t\t\t\t\t\t<div class=\"elementor-container elementor-column-gap-no\">\n\t\t\t\t\t<div class=\"elementor-column elementor-col-100 elementor-top-column elementor-element elementor-element-5e8a5e4\" data-id=\"5e8a5e4\" data-element_type=\"column\" data-settings=\"{&quot;background_background&quot;:&quot;classic&quot;}\">\n\t\t\t<div class=\"elementor-widget-wrap elementor-element-populated\">\n\t\t\t\t\t\t<div class=\"elementor-element elementor-element-29d10a7 elementor-widget elementor-widget-menu-anchor\" data-id=\"29d10a7\" data-element_type=\"widget\" data-widget_type=\"menu-anchor.default\">\n\t\t\t\t<div class=\"elementor-widget-container\">\n\t\t\t\t\t<div id=\"reportagen\" class=\"elementor-menu-anchor\"><\/div>\n\t\t\t\t<\/div>\n\t\t\t\t<\/div>\n\t\t\t\t\t<\/div>\n\t\t<\/div>\n\t\t\t\t\t<\/div>\n\t\t<\/section>\n\t\t\t\t<section class=\"elementor-section elementor-top-section elementor-element elementor-element-5d93cd1 elementor-hidden-tablet elementor-hidden-phone elementor-section-boxed elementor-section-height-default elementor-section-height-default\" data-id=\"5d93cd1\" data-element_type=\"section\" id=\"reportagen\" data-settings=\"{&quot;background_background&quot;:&quot;classic&quot;}\">\n\t\t\t\t\t\t<div class=\"elementor-container elementor-column-gap-default\">\n\t\t\t\t\t<div class=\"elementor-column elementor-col-100 elementor-top-column elementor-element elementor-element-3c47120\" data-id=\"3c47120\" data-element_type=\"column\">\n\t\t\t<div class=\"elementor-widget-wrap elementor-element-populated\">\n\t\t\t\t\t\t<div class=\"elementor-element elementor-element-4356917 elementor-widget elementor-widget-text-editor\" data-id=\"4356917\" data-element_type=\"widget\" data-widget_type=\"text-editor.default\">\n\t\t\t\t<div class=\"elementor-widget-container\">\n\t\t\t\t\t\t\t<p>REPORTS<\/p>\n\t\t\t\t\t\t<\/div>\n\t\t\t\t<\/div>\n\t\t\t\t<div class=\"elementor-element elementor-element-0f49701 elementor-widget elementor-widget-heading\" data-id=\"0f49701\" data-element_type=\"widget\" data-widget_type=\"heading.default\">\n\t\t\t\t<div class=\"elementor-widget-container\">\n\t\t\t<h1 class=\"elementor-heading-title elementor-size-default\">Interesting and good to know <br>FROM THE L.I.T. WORLD<\/h1>\t\t<\/div>\n\t\t\t\t<\/div>\n\t\t\t\t<div class=\"elementor-element elementor-element-d350a82 elementor-widget elementor-widget-heading\" data-id=\"d350a82\" data-element_type=\"widget\" data-widget_type=\"heading.default\">\n\t\t\t\t<div class=\"elementor-widget-container\">\n\t\t\t<h2 class=\"elementor-heading-title elementor-size-default\"> INTERVIEWS, STORIES AND MUCH MORE...<\/h2>\t\t<\/div>\n\t\t\t\t<\/div>\n\t\t\t\t<div class=\"elementor-element elementor-element-4961161 engagementscarousell elementor-widget elementor-widget-lae-posts-carousel\" data-id=\"4961161\" data-element_type=\"widget\" data-widget_type=\"lae-posts-carousel.default\">\n\t\t\t\t<div class=\"elementor-widget-container\">\n\t\t\t\n<div        id=\"lae-posts-carousel-69f5f0bb5c5b1\"\n        class=\"lae-posts-carousel lae-container lae-classic-skin\"\n        data-settings='{\"arrows\":true,\"dots\":false,\"autoplay\":false,\"autoplay_speed\":3000,\"animation_speed\":300,\"pause_on_hover\":true,\"adaptive_height\":false,\"display_columns\":3,\"scroll_columns\":1,\"gutter\":10,\"tablet_width\":800,\"tablet_display_columns\":2,\"tablet_scroll_columns\":1,\"tablet_gutter\":10,\"mobile_width\":480,\"mobile_display_columns\":1,\"mobile_scroll_columns\":1,\"mobile_gutter\":10}'>\n<div data-id=\"id-125280\" class=\"lae-posts-carousel-item\">\n\n    <article id=\"post-125280\" class=\"post-125280 post type-post status-publish format-standard has-post-thumbnail hentry category-highlights-en category-reportage-en tag-automation tag-consumer-goods tag-fmcg tag-genusswaren tag-konsumgueter tag-l-i-t-en tag-l-i-t-ag-en tag-lagerung tag-logistics tag-logistikloesung tag-netzwerk-en tag-supply-chain-en tag-tierwaren\">\n\n        \n            \n            \n            \n                <div class=\"lae-project-image\">\n\n                    \n                    \n                    \n                        <a href=\"https:\/\/www.lit.de\/en\/2026\/03\/24\/zwischen-snacks-und-smarter-vernetzung\/\"><img loading=\"lazy\" decoding=\"async\" width=\"500\" height=\"500\" src=\"https:\/\/www.lit.de\/wp-content\/uploads\/2026\/03\/DSC_0772_retouch-500x500.jpg\" class=\"lae-image attachment-medium size-medium\" alt=\"DSC_0772_retouch\" title=\"DSC_0772_retouch\" srcset=\"https:\/\/www.lit.de\/wp-content\/uploads\/2026\/03\/DSC_0772_retouch-500x500.jpg 500w, https:\/\/www.lit.de\/wp-content\/uploads\/2026\/03\/DSC_0772_retouch-150x150.jpg 150w, https:\/\/www.lit.de\/wp-content\/uploads\/2026\/03\/DSC_0772_retouch-768x768.jpg 768w, https:\/\/www.lit.de\/wp-content\/uploads\/2026\/03\/DSC_0772_retouch.jpg 995w\" sizes=\"(max-width: 500px) 100vw, 500px\" \/><\/a>\n\n                    \n                    \n                        <div class=\"lae-image-info\">\n\n                            <div class=\"lae-entry-info\">\n\n                                \n                                    <h3 class=\"lae-post-title\">\n\n                                        <a href=\"https:\/\/www.lit.de\/en\/2026\/03\/24\/zwischen-snacks-und-smarter-vernetzung\/\" title=\"BETWEEN SNACKS AND SMART NETWORKING\"\n                                           rel=\"bookmark\">BETWEEN SNACKS AND SMART NETWORKING<\/a>\n\n                                    <\/h3>\n\n                                \n                                \n                                    <span class=\"lae-terms\"><a href=\"https:\/\/www.lit.de\/en\/category\/highlights-en\/\">Highlights<\/a>, <a href=\"https:\/\/www.lit.de\/en\/category\/reportage-en\/\">Reportage<\/a><\/span>\n                                \n                            <\/div>\n\n                        <\/div><!-- .lae-image-info -->\n\n                    \n                <\/div>\n\n            \n            \n                <div class=\"lae-entry-text-wrap \">\n\n                    \n                        <h3 class=\"entry-title\">\n\n                            <a href=\"https:\/\/www.lit.de\/en\/2026\/03\/24\/zwischen-snacks-und-smarter-vernetzung\/\" title=\"BETWEEN SNACKS AND SMART NETWORKING\"\n                               rel=\"bookmark\">BETWEEN SNACKS AND SMART NETWORKING<\/a>\n\n                        <\/h3>\n\n                    \n                    \n                        <div class=\"lae-entry-meta\">\n\n                            <span class=\"published\"><abbr title=\"Tuesday, March, 2026, 2:46 pm\">24. March 2026<\/abbr><\/span>\n                        <\/div>\n\n                    \n                    \n                        <div class=\"entry-summary\">\n\n                            Amid fully automated high-bay warehouses, autonomously moving forklifts, and precisely controlled refrigerated transports, a complex logistical clockwork ticks to the minute every day in Minden. Here, in the heart of East Westphalia, the L.I.T. Group, through its subsidiary H\u00f6lkemeier Spedition GmbH and the affiliated companies ESM Ertl Systemlogistik Minden GmbH & Co. KG and Karl M\u00f6ller Internationale Speditions-GmbH & Co. KG, demonstrates how modern consumer goods logistics works \u2013 seamlessly interconnected, proactively managed, and with full responsibility for both people and goods.\n                        <\/div>\n\n                    \n                    \n                        \n                        <div class=\"lae-read-more\">\n\n                            <a href=\"https:\/\/www.lit.de\/en\/2026\/03\/24\/zwischen-snacks-und-smarter-vernetzung\/\">Read on<\/a>\n\n                        <\/div>\n\n                    \n                <\/div>\n\n            \n        \n    <\/article><!-- .hentry -->\n\n<\/div><!-- .lae-posts-carousel-item -->\n<div data-id=\"id-125137\" class=\"lae-posts-carousel-item\">\n\n    <article id=\"post-125137\" class=\"post-125137 post type-post status-publish format-standard has-post-thumbnail hentry category-highlights-en category-reportage-en tag-l-i-t-en tag-l-i-t-ag-en tag-lagerung tag-logistics tag-logistikloesung tag-netzwerk-en tag-rewotec tag-supply-chain-en tag-tendermanagement\">\n\n        \n            \n            \n            \n                <div class=\"lae-project-image\">\n\n                    \n                    \n                    \n                        <a href=\"https:\/\/www.lit.de\/en\/2026\/03\/18\/verstehen-vernetzen-verkaufen\/\"><img loading=\"lazy\" decoding=\"async\" width=\"500\" height=\"500\" src=\"https:\/\/www.lit.de\/wp-content\/uploads\/2026\/03\/DSC_9801_edit-500x500.jpeg\" class=\"lae-image attachment-medium size-medium\" alt=\"DSC_9801_edit\" title=\"DSC_9801_edit\" srcset=\"https:\/\/www.lit.de\/wp-content\/uploads\/2026\/03\/DSC_9801_edit-500x500.jpeg 500w, https:\/\/www.lit.de\/wp-content\/uploads\/2026\/03\/DSC_9801_edit-1024x1024.jpeg 1024w, https:\/\/www.lit.de\/wp-content\/uploads\/2026\/03\/DSC_9801_edit-150x150.jpeg 150w, https:\/\/www.lit.de\/wp-content\/uploads\/2026\/03\/DSC_9801_edit-768x768.jpeg 768w, https:\/\/www.lit.de\/wp-content\/uploads\/2026\/03\/DSC_9801_edit-1536x1536.jpeg 1536w, https:\/\/www.lit.de\/wp-content\/uploads\/2026\/03\/DSC_9801_edit-2048x2048.jpeg 2048w\" sizes=\"(max-width: 500px) 100vw, 500px\" \/><\/a>\n\n                    \n                    \n                        <div class=\"lae-image-info\">\n\n                            <div class=\"lae-entry-info\">\n\n                                \n                                    <h3 class=\"lae-post-title\">\n\n                                        <a href=\"https:\/\/www.lit.de\/en\/2026\/03\/18\/verstehen-vernetzen-verkaufen\/\" title=\"SEE. SYNC. SELL!\"\n                                           rel=\"bookmark\">SEE. SYNC. SELL!<\/a>\n\n                                    <\/h3>\n\n                                \n                                \n                                    <span class=\"lae-terms\"><a href=\"https:\/\/www.lit.de\/en\/category\/highlights-en\/\">Highlights<\/a>, <a href=\"https:\/\/www.lit.de\/en\/category\/reportage-en\/\">Reportage<\/a><\/span>\n                                \n                            <\/div>\n\n                        <\/div><!-- .lae-image-info -->\n\n                    \n                <\/div>\n\n            \n            \n                <div class=\"lae-entry-text-wrap \">\n\n                    \n                        <h3 class=\"entry-title\">\n\n                            <a href=\"https:\/\/www.lit.de\/en\/2026\/03\/18\/verstehen-vernetzen-verkaufen\/\" title=\"SEE. SYNC. SELL!\"\n                               rel=\"bookmark\">SEE. SYNC. SELL!<\/a>\n\n                        <\/h3>\n\n                    \n                    \n                        <div class=\"lae-entry-meta\">\n\n                            <span class=\"published\"><abbr title=\"Wednesday, March, 2026, 2:41 pm\">18. March 2026<\/abbr><\/span>\n                        <\/div>\n\n                    \n                    \n                        <div class=\"entry-summary\">\n\n                            How can customer needs be not only met, but anticipated? For the L.I.T. Group, the answer lies in a newly structured sales organization that consistently focuses on collaboration, transparency, and networking. Instead of rigid departmental boundaries, cross-functional action is at the center \u2013 delivering measurable success for both customers and the company.\n                        <\/div>\n\n                    \n                    \n                        \n                        <div class=\"lae-read-more\">\n\n                            <a href=\"https:\/\/www.lit.de\/en\/2026\/03\/18\/verstehen-vernetzen-verkaufen\/\">Read on<\/a>\n\n                        <\/div>\n\n                    \n                <\/div>\n\n            \n        \n    <\/article><!-- .hentry -->\n\n<\/div><!-- .lae-posts-carousel-item -->\n<div data-id=\"id-124316\" class=\"lae-posts-carousel-item\">\n\n    <article id=\"post-124316\" class=\"post-124316 post type-post status-publish format-standard has-post-thumbnail hentry category-highlights-en category-reportage-en tag-bkf tag-economy tag-jobs-2 tag-kurzstrecke tag-l-i-t-en tag-l-i-t-ag-en tag-lkw-fahrer tag-logistics tag-plane tag-power tag-professional-driver tag-transport\">\n\n        \n            \n            \n            \n                <div class=\"lae-project-image\">\n\n                    \n                    \n                    \n                        <a href=\"https:\/\/www.lit.de\/en\/2026\/02\/02\/zwischen-plane-und-power\/\"><img loading=\"lazy\" decoding=\"async\" width=\"500\" height=\"500\" src=\"https:\/\/www.lit.de\/wp-content\/uploads\/2026\/02\/DSC_2895_1_web-500x500.jpeg\" class=\"lae-image attachment-medium size-medium\" alt=\"DSC_2895_1_web\" title=\"DSC_2895_1_web\" srcset=\"https:\/\/www.lit.de\/wp-content\/uploads\/2026\/02\/DSC_2895_1_web-500x500.jpeg 500w, https:\/\/www.lit.de\/wp-content\/uploads\/2026\/02\/DSC_2895_1_web-1024x1024.jpeg 1024w, https:\/\/www.lit.de\/wp-content\/uploads\/2026\/02\/DSC_2895_1_web-150x150.jpeg 150w, https:\/\/www.lit.de\/wp-content\/uploads\/2026\/02\/DSC_2895_1_web-768x768.jpeg 768w, https:\/\/www.lit.de\/wp-content\/uploads\/2026\/02\/DSC_2895_1_web-1536x1536.jpeg 1536w, https:\/\/www.lit.de\/wp-content\/uploads\/2026\/02\/DSC_2895_1_web-2048x2048.jpeg 2048w\" sizes=\"(max-width: 500px) 100vw, 500px\" \/><\/a>\n\n                    \n                    \n                        <div class=\"lae-image-info\">\n\n                            <div class=\"lae-entry-info\">\n\n                                \n                                    <h3 class=\"lae-post-title\">\n\n                                        <a href=\"https:\/\/www.lit.de\/en\/2026\/02\/02\/zwischen-plane-und-power\/\" title=\"BETWEEN TARP AND TRACTION\"\n                                           rel=\"bookmark\">BETWEEN TARP AND TRACTION<\/a>\n\n                                    <\/h3>\n\n                                \n                                \n                                    <span class=\"lae-terms\"><a href=\"https:\/\/www.lit.de\/en\/category\/highlights-en\/\">Highlights<\/a>, <a href=\"https:\/\/www.lit.de\/en\/category\/reportage-en\/\">Reportage<\/a><\/span>\n                                \n                            <\/div>\n\n                        <\/div><!-- .lae-image-info -->\n\n                    \n                <\/div>\n\n            \n            \n                <div class=\"lae-entry-text-wrap \">\n\n                    \n                        <h3 class=\"entry-title\">\n\n                            <a href=\"https:\/\/www.lit.de\/en\/2026\/02\/02\/zwischen-plane-und-power\/\" title=\"BETWEEN TARP AND TRACTION\"\n                               rel=\"bookmark\">BETWEEN TARP AND TRACTION<\/a>\n\n                        <\/h3>\n\n                    \n                    \n                        <div class=\"lae-entry-meta\">\n\n                            <span class=\"published\"><abbr title=\"Monday, February, 2026, 2:51 pm\">2. February 2026<\/abbr><\/span>\n                        <\/div>\n\n                    \n                    \n                        <div class=\"entry-summary\">\n\n                            Jantje Wulf represents a new generation of truck drivers: young, confident, and\r\nfully versed in digital technology \u2013 yet still facing daily challenges. We spent a\r\nday with her and saw firsthand how modern and multifaceted her profession has\r\nbecome.\n                        <\/div>\n\n                    \n                    \n                        \n                        <div class=\"lae-read-more\">\n\n                            <a href=\"https:\/\/www.lit.de\/en\/2026\/02\/02\/zwischen-plane-und-power\/\">Read on<\/a>\n\n                        <\/div>\n\n                    \n                <\/div>\n\n            \n        \n    <\/article><!-- .hentry -->\n\n<\/div><!-- .lae-posts-carousel-item -->\n<div data-id=\"id-124199\" class=\"lae-posts-carousel-item\">\n\n    <article id=\"post-124199\" class=\"post-124199 post type-post status-publish format-standard has-post-thumbnail hentry category-highlights-en category-reportage-en tag-economy tag-iberia tag-intermodal-en tag-international tag-isotank tag-l-i-t-en tag-l-i-t-ag-en tag-logistics tag-spanien tag-teamwork-en tag-transport\">\n\n        \n            \n            \n            \n                <div class=\"lae-project-image\">\n\n                    \n                    \n                    \n                        <a href=\"https:\/\/www.lit.de\/en\/2026\/01\/28\/hola-tarragona-hola-zaragoza-l-i-t-expandiert-in-suedeuropa\/\"><img loading=\"lazy\" decoding=\"async\" width=\"500\" height=\"500\" src=\"https:\/\/www.lit.de\/wp-content\/uploads\/2026\/01\/LIT_3770_1_1-500x500.jpg\" class=\"lae-image attachment-medium size-medium\" alt=\"LIT_3770_1_1\" title=\"LIT_3770_1_1\" srcset=\"https:\/\/www.lit.de\/wp-content\/uploads\/2026\/01\/LIT_3770_1_1-500x500.jpg 500w, https:\/\/www.lit.de\/wp-content\/uploads\/2026\/01\/LIT_3770_1_1-1024x1024.jpg 1024w, https:\/\/www.lit.de\/wp-content\/uploads\/2026\/01\/LIT_3770_1_1-150x150.jpg 150w, https:\/\/www.lit.de\/wp-content\/uploads\/2026\/01\/LIT_3770_1_1-768x768.jpg 768w, https:\/\/www.lit.de\/wp-content\/uploads\/2026\/01\/LIT_3770_1_1.jpg 1485w\" sizes=\"(max-width: 500px) 100vw, 500px\" \/><\/a>\n\n                    \n                    \n                        <div class=\"lae-image-info\">\n\n                            <div class=\"lae-entry-info\">\n\n                                \n                                    <h3 class=\"lae-post-title\">\n\n                                        <a href=\"https:\/\/www.lit.de\/en\/2026\/01\/28\/hola-tarragona-hola-zaragoza-l-i-t-expandiert-in-suedeuropa\/\" title=\"\u00a1HOLA TARRAGONA, HOLA ZARAGOZA! \u2013 L.I.T. EXPANDS IN SOUTHERN EUROPE\"\n                                           rel=\"bookmark\">\u00a1HOLA TARRAGONA, HOLA ZARAGOZA! \u2013 L.I.T. EXPANDS IN SOUTHERN EUROPE<\/a>\n\n                                    <\/h3>\n\n                                \n                                \n                                    <span class=\"lae-terms\"><a href=\"https:\/\/www.lit.de\/en\/category\/highlights-en\/\">Highlights<\/a>, <a href=\"https:\/\/www.lit.de\/en\/category\/reportage-en\/\">Reportage<\/a><\/span>\n                                \n                            <\/div>\n\n                        <\/div><!-- .lae-image-info -->\n\n                    \n                <\/div>\n\n            \n            \n                <div class=\"lae-entry-text-wrap \">\n\n                    \n                        <h3 class=\"entry-title\">\n\n                            <a href=\"https:\/\/www.lit.de\/en\/2026\/01\/28\/hola-tarragona-hola-zaragoza-l-i-t-expandiert-in-suedeuropa\/\" title=\"\u00a1HOLA TARRAGONA, HOLA ZARAGOZA! \u2013 L.I.T. EXPANDS IN SOUTHERN EUROPE\"\n                               rel=\"bookmark\">\u00a1HOLA TARRAGONA, HOLA ZARAGOZA! \u2013 L.I.T. EXPANDS IN SOUTHERN EUROPE<\/a>\n\n                        <\/h3>\n\n                    \n                    \n                        <div class=\"lae-entry-meta\">\n\n                            <span class=\"published\"><abbr title=\"Wednesday, January, 2026, 4:19 pm\">28. January 2026<\/abbr><\/span>\n                        <\/div>\n\n                    \n                    \n                        <div class=\"entry-summary\">\n\n                            Blue skies, Mediterranean flair\u2014and plenty of action in between: L.I.T. has been operating on the Iberian Peninsula since June 2024 with great commitment, clear focus, and strong team spirit. With two locations in northeastern Spain, our colleagues are building a dynamic logistics operation.\n                        <\/div>\n\n                    \n                    \n                        \n                        <div class=\"lae-read-more\">\n\n                            <a href=\"https:\/\/www.lit.de\/en\/2026\/01\/28\/hola-tarragona-hola-zaragoza-l-i-t-expandiert-in-suedeuropa\/\">Read on<\/a>\n\n                        <\/div>\n\n                    \n                <\/div>\n\n            \n        \n    <\/article><!-- .hentry -->\n\n<\/div><!-- .lae-posts-carousel-item -->\n<div data-id=\"id-123822\" class=\"lae-posts-carousel-item\">\n\n    <article id=\"post-123822\" class=\"post-123822 post type-post status-publish format-standard has-post-thumbnail hentry category-highlights-en category-reportage-en tag-board tag-brake-en tag-driver-shortage tag-economy tag-forecast tag-interview-en tag-l-i-t-en tag-l-i-t-ag-en tag-logistics tag-rueckblick-en\">\n\n        \n            \n            \n            \n                <div class=\"lae-project-image\">\n\n                    \n                    \n                    \n                        <a href=\"https:\/\/www.lit.de\/en\/2026\/01\/14\/branchen-verbinden-potentiale-entfalten\/\"><img loading=\"lazy\" decoding=\"async\" width=\"500\" height=\"500\" src=\"https:\/\/www.lit.de\/wp-content\/uploads\/2026\/01\/DSC_2401_1_low-500x500.jpg\" class=\"lae-image attachment-medium size-medium\" alt=\"DSC_2401_1_low\" title=\"DSC_2401_1_low\" srcset=\"https:\/\/www.lit.de\/wp-content\/uploads\/2026\/01\/DSC_2401_1_low-500x500.jpg 500w, https:\/\/www.lit.de\/wp-content\/uploads\/2026\/01\/DSC_2401_1_low-1024x1024.jpg 1024w, https:\/\/www.lit.de\/wp-content\/uploads\/2026\/01\/DSC_2401_1_low-150x150.jpg 150w, https:\/\/www.lit.de\/wp-content\/uploads\/2026\/01\/DSC_2401_1_low-768x768.jpg 768w, https:\/\/www.lit.de\/wp-content\/uploads\/2026\/01\/DSC_2401_1_low-1536x1536.jpg 1536w, https:\/\/www.lit.de\/wp-content\/uploads\/2026\/01\/DSC_2401_1_low-2048x2048.jpg 2048w\" sizes=\"(max-width: 500px) 100vw, 500px\" \/><\/a>\n\n                    \n                    \n                        <div class=\"lae-image-info\">\n\n                            <div class=\"lae-entry-info\">\n\n                                \n                                    <h3 class=\"lae-post-title\">\n\n                                        <a href=\"https:\/\/www.lit.de\/en\/2026\/01\/14\/branchen-verbinden-potentiale-entfalten\/\" title=\"CONNECTING INDUSTRIES, UNLOCKING POTENTIAL.\"\n                                           rel=\"bookmark\">CONNECTING INDUSTRIES, UNLOCKING POTENTIAL.<\/a>\n\n                                    <\/h3>\n\n                                \n                                \n                                    <span class=\"lae-terms\"><a href=\"https:\/\/www.lit.de\/en\/category\/highlights-en\/\">Highlights<\/a>, <a href=\"https:\/\/www.lit.de\/en\/category\/reportage-en\/\">Reportage<\/a><\/span>\n                                \n                            <\/div>\n\n                        <\/div><!-- .lae-image-info -->\n\n                    \n                <\/div>\n\n            \n            \n                <div class=\"lae-entry-text-wrap \">\n\n                    \n                        <h3 class=\"entry-title\">\n\n                            <a href=\"https:\/\/www.lit.de\/en\/2026\/01\/14\/branchen-verbinden-potentiale-entfalten\/\" title=\"CONNECTING INDUSTRIES, UNLOCKING POTENTIAL.\"\n                               rel=\"bookmark\">CONNECTING INDUSTRIES, UNLOCKING POTENTIAL.<\/a>\n\n                        <\/h3>\n\n                    \n                    \n                        <div class=\"lae-entry-meta\">\n\n                            <span class=\"published\"><abbr title=\"Wednesday, January, 2026, 9:12 am\">14. January 2026<\/abbr><\/span>\n                        <\/div>\n\n                    \n                    \n                        <div class=\"entry-summary\">\n\n                            The L.I.T. Group operates in 2025 within a challenging market environment. Volatile demand, a shortage of drivers, as well as new opportunities arising from digitalization and international expansion, shape the business landscape. In this context, board members Fokke Fels, Simeon Breuer, Julian Lachnitt, and Ingo Schreiber explain how networked structures and strategic partnerships form the foundation for sustainable growth.\n                        <\/div>\n\n                    \n                    \n                        \n                        <div class=\"lae-read-more\">\n\n                            <a href=\"https:\/\/www.lit.de\/en\/2026\/01\/14\/branchen-verbinden-potentiale-entfalten\/\">Read on<\/a>\n\n                        <\/div>\n\n                    \n                <\/div>\n\n            \n        \n    <\/article><!-- .hentry -->\n\n<\/div><!-- .lae-posts-carousel-item -->\n<div data-id=\"id-32237\" class=\"lae-posts-carousel-item\">\n\n    <article id=\"post-32237\" class=\"post-32237 post type-post status-publish format-standard has-post-thumbnail hentry category-highlights-en category-reportage-en tag-automotive-en tag-contract-logistics tag-l-i-t-en tag-l-i-t-ag-en tag-logistics\">\n\n        \n            \n            \n            \n                <div class=\"lae-project-image\">\n\n                    \n                    \n                    \n                        <a href=\"https:\/\/www.lit.de\/en\/2024\/04\/11\/in-the-fast-lane\/\"><img loading=\"lazy\" decoding=\"async\" width=\"500\" height=\"500\" src=\"https:\/\/www.lit.de\/wp-content\/uploads\/2024\/04\/Automotive-min-1-500x500.png\" class=\"lae-image attachment-medium size-medium\" alt=\"Automotive-min (1)\" title=\"Automotive-min (1)\" srcset=\"https:\/\/www.lit.de\/wp-content\/uploads\/2024\/04\/Automotive-min-1-500x500.png 500w, https:\/\/www.lit.de\/wp-content\/uploads\/2024\/04\/Automotive-min-1-1024x1024.png 1024w, https:\/\/www.lit.de\/wp-content\/uploads\/2024\/04\/Automotive-min-1-150x150.png 150w, https:\/\/www.lit.de\/wp-content\/uploads\/2024\/04\/Automotive-min-1-768x768.png 768w, https:\/\/www.lit.de\/wp-content\/uploads\/2024\/04\/Automotive-min-1-1536x1536.png 1536w, https:\/\/www.lit.de\/wp-content\/uploads\/2024\/04\/Automotive-min-1.png 1696w\" sizes=\"(max-width: 500px) 100vw, 500px\" \/><\/a>\n\n                    \n                    \n                        <div class=\"lae-image-info\">\n\n                            <div class=\"lae-entry-info\">\n\n                                \n                                    <h3 class=\"lae-post-title\">\n\n                                        <a href=\"https:\/\/www.lit.de\/en\/2024\/04\/11\/in-the-fast-lane\/\" title=\"IN THE FAST LANE\"\n                                           rel=\"bookmark\">IN THE FAST LANE<\/a>\n\n                                    <\/h3>\n\n                                \n                                \n                                    <span class=\"lae-terms\"><a href=\"https:\/\/www.lit.de\/en\/category\/highlights-en\/\">Highlights<\/a>, <a href=\"https:\/\/www.lit.de\/en\/category\/reportage-en\/\">Reportage<\/a><\/span>\n                                \n                            <\/div>\n\n                        <\/div><!-- .lae-image-info -->\n\n                    \n                <\/div>\n\n            \n            \n                <div class=\"lae-entry-text-wrap \">\n\n                    \n                        <h3 class=\"entry-title\">\n\n                            <a href=\"https:\/\/www.lit.de\/en\/2024\/04\/11\/in-the-fast-lane\/\" title=\"IN THE FAST LANE\"\n                               rel=\"bookmark\">IN THE FAST LANE<\/a>\n\n                        <\/h3>\n\n                    \n                    \n                        <div class=\"lae-entry-meta\">\n\n                            <span class=\"published\"><abbr title=\"Thursday, April, 2024, 4:43 pm\">11. April 2024<\/abbr><\/span>\n                        <\/div>\n\n                    \n                    \n                        <div class=\"entry-summary\">\n\n                            IN THE FAST LANE Managing Director Claas Durach on the development and next steps of L.I.T. Automotive Solutions GmbH \u00bbConsidering the short period of time since our foundation, we have already reached a number of milestones \u00ab, ClaasDurach reveals in an interview. The Managing Director talks about the beginnings, the development and the next steps [&hellip;]\n                        <\/div>\n\n                    \n                    \n                        \n                        <div class=\"lae-read-more\">\n\n                            <a href=\"https:\/\/www.lit.de\/en\/2024\/04\/11\/in-the-fast-lane\/\">Read on<\/a>\n\n                        <\/div>\n\n                    \n                <\/div>\n\n            \n        \n    <\/article><!-- .hentry -->\n\n<\/div><!-- .lae-posts-carousel-item --><\/div><!-- .lae-posts-carousel -->\t\t<\/div>\n\t\t\t\t<\/div>\n\t\t\t\t<div class=\"elementor-element elementor-element-2b1018b elementor-align-center elementor-widget elementor-widget-button\" data-id=\"2b1018b\" data-element_type=\"widget\" data-widget_type=\"button.default\">\n\t\t\t\t<div class=\"elementor-widget-container\">\n\t\t\t\t\t<div class=\"elementor-button-wrapper\">\n\t\t\t<a class=\"elementor-button elementor-button-link elementor-size-md\" href=\"https:\/\/www.lit.de\/en\/?page_id=22400\" target=\"_blank\">\n\t\t\t\t\t\t<span class=\"elementor-button-content-wrapper\">\n\t\t\t\t\t\t<span class=\"elementor-button-text\">Show all reports<\/span>\n\t\t<\/span>\n\t\t\t\t\t<\/a>\n\t\t<\/div>\n\t\t\t\t<\/div>\n\t\t\t\t<\/div>\n\t\t\t\t\t<\/div>\n\t\t<\/div>\n\t\t\t\t\t<\/div>\n\t\t<\/section>\n\t\t\t\t<section class=\"elementor-section elementor-top-section elementor-element elementor-element-5750960 elementor-hidden-desktop elementor-section-boxed elementor-section-height-default elementor-section-height-default\" data-id=\"5750960\" data-element_type=\"section\" id=\"reportagen-mobil\" data-settings=\"{&quot;background_background&quot;:&quot;classic&quot;}\">\n\t\t\t\t\t\t<div class=\"elementor-container elementor-column-gap-no\">\n\t\t\t\t\t<div class=\"elementor-column elementor-col-100 elementor-top-column elementor-element elementor-element-85b6207\" data-id=\"85b6207\" data-element_type=\"column\">\n\t\t\t<div class=\"elementor-widget-wrap elementor-element-populated\">\n\t\t\t\t\t\t<div class=\"elementor-element elementor-element-333d717 elementor-widget elementor-widget-text-editor\" data-id=\"333d717\" data-element_type=\"widget\" data-widget_type=\"text-editor.default\">\n\t\t\t\t<div class=\"elementor-widget-container\">\n\t\t\t\t\t\t\t<p>REPORTS<\/p>\n\t\t\t\t\t\t<\/div>\n\t\t\t\t<\/div>\n\t\t\t\t<div class=\"elementor-element elementor-element-eefb1db elementor-widget elementor-widget-heading\" data-id=\"eefb1db\" data-element_type=\"widget\" data-widget_type=\"heading.default\">\n\t\t\t\t<div class=\"elementor-widget-container\">\n\t\t\t<h1 class=\"elementor-heading-title elementor-size-default\">Interesting and good to know <br>FROM L.I.T. WORLD<\/h1>\t\t<\/div>\n\t\t\t\t<\/div>\n\t\t\t\t<div class=\"elementor-element elementor-element-fe599e4 elementor-widget elementor-widget-heading\" data-id=\"fe599e4\" data-element_type=\"widget\" data-widget_type=\"heading.default\">\n\t\t\t\t<div class=\"elementor-widget-container\">\n\t\t\t<h2 class=\"elementor-heading-title elementor-size-default\"> INTERVIEWS, STORIES AND MUCH MORE...<\/h2>\t\t<\/div>\n\t\t\t\t<\/div>\n\t\t\t\t<div class=\"elementor-element elementor-element-30e4bed engagementscarousell elementor-widget elementor-widget-lae-posts-carousel\" data-id=\"30e4bed\" data-element_type=\"widget\" data-widget_type=\"lae-posts-carousel.default\">\n\t\t\t\t<div class=\"elementor-widget-container\">\n\t\t\t\n<div        id=\"lae-posts-carousel-69f5f0bb6f185\"\n        class=\"lae-posts-carousel lae-container lae-classic-skin\"\n        data-settings='{\"arrows\":true,\"dots\":false,\"autoplay\":false,\"autoplay_speed\":3000,\"animation_speed\":300,\"pause_on_hover\":true,\"adaptive_height\":false,\"display_columns\":3,\"scroll_columns\":1,\"gutter\":10,\"tablet_width\":800,\"tablet_display_columns\":2,\"tablet_scroll_columns\":1,\"tablet_gutter\":10,\"mobile_width\":480,\"mobile_display_columns\":1,\"mobile_scroll_columns\":1,\"mobile_gutter\":10}'>\n<div data-id=\"id-125280\" class=\"lae-posts-carousel-item\">\n\n    <article id=\"post-125280\" class=\"post-125280 post type-post status-publish format-standard has-post-thumbnail hentry category-highlights-en category-reportage-en tag-automation tag-consumer-goods tag-fmcg tag-genusswaren tag-konsumgueter tag-l-i-t-en tag-l-i-t-ag-en tag-lagerung tag-logistics tag-logistikloesung tag-netzwerk-en tag-supply-chain-en tag-tierwaren\">\n\n        \n            \n            \n            \n                <div class=\"lae-project-image\">\n\n                    \n                    \n                    \n                        <a href=\"https:\/\/www.lit.de\/en\/2026\/03\/24\/zwischen-snacks-und-smarter-vernetzung\/\"><img loading=\"lazy\" decoding=\"async\" width=\"500\" height=\"500\" src=\"https:\/\/www.lit.de\/wp-content\/uploads\/2026\/03\/DSC_0772_retouch-500x500.jpg\" class=\"lae-image attachment-medium size-medium\" alt=\"DSC_0772_retouch\" title=\"DSC_0772_retouch\" srcset=\"https:\/\/www.lit.de\/wp-content\/uploads\/2026\/03\/DSC_0772_retouch-500x500.jpg 500w, https:\/\/www.lit.de\/wp-content\/uploads\/2026\/03\/DSC_0772_retouch-150x150.jpg 150w, https:\/\/www.lit.de\/wp-content\/uploads\/2026\/03\/DSC_0772_retouch-768x768.jpg 768w, https:\/\/www.lit.de\/wp-content\/uploads\/2026\/03\/DSC_0772_retouch.jpg 995w\" sizes=\"(max-width: 500px) 100vw, 500px\" \/><\/a>\n\n                    \n                    \n                        <div class=\"lae-image-info\">\n\n                            <div class=\"lae-entry-info\">\n\n                                \n                                    <h3 class=\"lae-post-title\">\n\n                                        <a href=\"https:\/\/www.lit.de\/en\/2026\/03\/24\/zwischen-snacks-und-smarter-vernetzung\/\" title=\"BETWEEN SNACKS AND SMART NETWORKING\"\n                                           rel=\"bookmark\">BETWEEN SNACKS AND SMART NETWORKING<\/a>\n\n                                    <\/h3>\n\n                                \n                                \n                                    <span class=\"lae-terms\"><a href=\"https:\/\/www.lit.de\/en\/category\/highlights-en\/\">Highlights<\/a>, <a href=\"https:\/\/www.lit.de\/en\/category\/reportage-en\/\">Reportage<\/a><\/span>\n                                \n                            <\/div>\n\n                        <\/div><!-- .lae-image-info -->\n\n                    \n                <\/div>\n\n            \n            \n                <div class=\"lae-entry-text-wrap \">\n\n                    \n                        <h3 class=\"entry-title\">\n\n                            <a href=\"https:\/\/www.lit.de\/en\/2026\/03\/24\/zwischen-snacks-und-smarter-vernetzung\/\" title=\"BETWEEN SNACKS AND SMART NETWORKING\"\n                               rel=\"bookmark\">BETWEEN SNACKS AND SMART NETWORKING<\/a>\n\n                        <\/h3>\n\n                    \n                    \n                        <div class=\"lae-entry-meta\">\n\n                            <span class=\"published\"><abbr title=\"Tuesday, March, 2026, 2:46 pm\">24. March 2026<\/abbr><\/span>\n                        <\/div>\n\n                    \n                    \n                        <div class=\"entry-summary\">\n\n                            Amid fully automated high-bay warehouses, autonomously moving forklifts, and precisely controlled refrigerated transports, a complex logistical clockwork ticks to the minute every day in Minden. Here, in the heart of East Westphalia, the L.I.T. Group, through its subsidiary H\u00f6lkemeier Spedition GmbH and the affiliated companies ESM Ertl Systemlogistik Minden GmbH & Co. KG and Karl M\u00f6ller Internationale Speditions-GmbH & Co. KG, demonstrates how modern consumer goods logistics works \u2013 seamlessly interconnected, proactively managed, and with full responsibility for both people and goods.\n                        <\/div>\n\n                    \n                    \n                        \n                        <div class=\"lae-read-more\">\n\n                            <a href=\"https:\/\/www.lit.de\/en\/2026\/03\/24\/zwischen-snacks-und-smarter-vernetzung\/\">Read on<\/a>\n\n                        <\/div>\n\n                    \n                <\/div>\n\n            \n        \n    <\/article><!-- .hentry -->\n\n<\/div><!-- .lae-posts-carousel-item -->\n<div data-id=\"id-125137\" class=\"lae-posts-carousel-item\">\n\n    <article id=\"post-125137\" class=\"post-125137 post type-post status-publish format-standard has-post-thumbnail hentry category-highlights-en category-reportage-en tag-l-i-t-en tag-l-i-t-ag-en tag-lagerung tag-logistics tag-logistikloesung tag-netzwerk-en tag-rewotec tag-supply-chain-en tag-tendermanagement\">\n\n        \n            \n            \n            \n                <div class=\"lae-project-image\">\n\n                    \n                    \n                    \n                        <a href=\"https:\/\/www.lit.de\/en\/2026\/03\/18\/verstehen-vernetzen-verkaufen\/\"><img loading=\"lazy\" decoding=\"async\" width=\"500\" height=\"500\" src=\"https:\/\/www.lit.de\/wp-content\/uploads\/2026\/03\/DSC_9801_edit-500x500.jpeg\" class=\"lae-image attachment-medium size-medium\" alt=\"DSC_9801_edit\" title=\"DSC_9801_edit\" srcset=\"https:\/\/www.lit.de\/wp-content\/uploads\/2026\/03\/DSC_9801_edit-500x500.jpeg 500w, https:\/\/www.lit.de\/wp-content\/uploads\/2026\/03\/DSC_9801_edit-1024x1024.jpeg 1024w, https:\/\/www.lit.de\/wp-content\/uploads\/2026\/03\/DSC_9801_edit-150x150.jpeg 150w, https:\/\/www.lit.de\/wp-content\/uploads\/2026\/03\/DSC_9801_edit-768x768.jpeg 768w, https:\/\/www.lit.de\/wp-content\/uploads\/2026\/03\/DSC_9801_edit-1536x1536.jpeg 1536w, https:\/\/www.lit.de\/wp-content\/uploads\/2026\/03\/DSC_9801_edit-2048x2048.jpeg 2048w\" sizes=\"(max-width: 500px) 100vw, 500px\" \/><\/a>\n\n                    \n                    \n                        <div class=\"lae-image-info\">\n\n                            <div class=\"lae-entry-info\">\n\n                                \n                                    <h3 class=\"lae-post-title\">\n\n                                        <a href=\"https:\/\/www.lit.de\/en\/2026\/03\/18\/verstehen-vernetzen-verkaufen\/\" title=\"SEE. SYNC. SELL!\"\n                                           rel=\"bookmark\">SEE. SYNC. SELL!<\/a>\n\n                                    <\/h3>\n\n                                \n                                \n                                    <span class=\"lae-terms\"><a href=\"https:\/\/www.lit.de\/en\/category\/highlights-en\/\">Highlights<\/a>, <a href=\"https:\/\/www.lit.de\/en\/category\/reportage-en\/\">Reportage<\/a><\/span>\n                                \n                            <\/div>\n\n                        <\/div><!-- .lae-image-info -->\n\n                    \n                <\/div>\n\n            \n            \n                <div class=\"lae-entry-text-wrap \">\n\n                    \n                        <h3 class=\"entry-title\">\n\n                            <a href=\"https:\/\/www.lit.de\/en\/2026\/03\/18\/verstehen-vernetzen-verkaufen\/\" title=\"SEE. SYNC. SELL!\"\n                               rel=\"bookmark\">SEE. SYNC. SELL!<\/a>\n\n                        <\/h3>\n\n                    \n                    \n                        <div class=\"lae-entry-meta\">\n\n                            <span class=\"published\"><abbr title=\"Wednesday, March, 2026, 2:41 pm\">18. March 2026<\/abbr><\/span>\n                        <\/div>\n\n                    \n                    \n                        <div class=\"entry-summary\">\n\n                            How can customer needs be not only met, but anticipated? For the L.I.T. Group, the answer lies in a newly structured sales organization that consistently focuses on collaboration, transparency, and networking. Instead of rigid departmental boundaries, cross-functional action is at the center \u2013 delivering measurable success for both customers and the company.\n                        <\/div>\n\n                    \n                    \n                        \n                        <div class=\"lae-read-more\">\n\n                            <a href=\"https:\/\/www.lit.de\/en\/2026\/03\/18\/verstehen-vernetzen-verkaufen\/\">Read on<\/a>\n\n                        <\/div>\n\n                    \n                <\/div>\n\n            \n        \n    <\/article><!-- .hentry -->\n\n<\/div><!-- .lae-posts-carousel-item -->\n<div data-id=\"id-124316\" class=\"lae-posts-carousel-item\">\n\n    <article id=\"post-124316\" class=\"post-124316 post type-post status-publish format-standard has-post-thumbnail hentry category-highlights-en category-reportage-en tag-bkf tag-economy tag-jobs-2 tag-kurzstrecke tag-l-i-t-en tag-l-i-t-ag-en tag-lkw-fahrer tag-logistics tag-plane tag-power tag-professional-driver tag-transport\">\n\n        \n            \n            \n            \n                <div class=\"lae-project-image\">\n\n                    \n                    \n                    \n                        <a href=\"https:\/\/www.lit.de\/en\/2026\/02\/02\/zwischen-plane-und-power\/\"><img loading=\"lazy\" decoding=\"async\" width=\"500\" height=\"500\" src=\"https:\/\/www.lit.de\/wp-content\/uploads\/2026\/02\/DSC_2895_1_web-500x500.jpeg\" class=\"lae-image attachment-medium size-medium\" alt=\"DSC_2895_1_web\" title=\"DSC_2895_1_web\" srcset=\"https:\/\/www.lit.de\/wp-content\/uploads\/2026\/02\/DSC_2895_1_web-500x500.jpeg 500w, https:\/\/www.lit.de\/wp-content\/uploads\/2026\/02\/DSC_2895_1_web-1024x1024.jpeg 1024w, https:\/\/www.lit.de\/wp-content\/uploads\/2026\/02\/DSC_2895_1_web-150x150.jpeg 150w, https:\/\/www.lit.de\/wp-content\/uploads\/2026\/02\/DSC_2895_1_web-768x768.jpeg 768w, https:\/\/www.lit.de\/wp-content\/uploads\/2026\/02\/DSC_2895_1_web-1536x1536.jpeg 1536w, https:\/\/www.lit.de\/wp-content\/uploads\/2026\/02\/DSC_2895_1_web-2048x2048.jpeg 2048w\" sizes=\"(max-width: 500px) 100vw, 500px\" \/><\/a>\n\n                    \n                    \n                        <div class=\"lae-image-info\">\n\n                            <div class=\"lae-entry-info\">\n\n                                \n                                    <h3 class=\"lae-post-title\">\n\n                                        <a href=\"https:\/\/www.lit.de\/en\/2026\/02\/02\/zwischen-plane-und-power\/\" title=\"BETWEEN TARP AND TRACTION\"\n                                           rel=\"bookmark\">BETWEEN TARP AND TRACTION<\/a>\n\n                                    <\/h3>\n\n                                \n                                \n                                    <span class=\"lae-terms\"><a href=\"https:\/\/www.lit.de\/en\/category\/highlights-en\/\">Highlights<\/a>, <a href=\"https:\/\/www.lit.de\/en\/category\/reportage-en\/\">Reportage<\/a><\/span>\n                                \n                            <\/div>\n\n                        <\/div><!-- .lae-image-info -->\n\n                    \n                <\/div>\n\n            \n            \n                <div class=\"lae-entry-text-wrap \">\n\n                    \n                        <h3 class=\"entry-title\">\n\n                            <a href=\"https:\/\/www.lit.de\/en\/2026\/02\/02\/zwischen-plane-und-power\/\" title=\"BETWEEN TARP AND TRACTION\"\n                               rel=\"bookmark\">BETWEEN TARP AND TRACTION<\/a>\n\n                        <\/h3>\n\n                    \n                    \n                        <div class=\"lae-entry-meta\">\n\n                            <span class=\"published\"><abbr title=\"Monday, February, 2026, 2:51 pm\">2. February 2026<\/abbr><\/span>\n                        <\/div>\n\n                    \n                    \n                        <div class=\"entry-summary\">\n\n                            Jantje Wulf represents a new generation of truck drivers: young, confident, and\r\nfully versed in digital technology \u2013 yet still facing daily challenges. We spent a\r\nday with her and saw firsthand how modern and multifaceted her profession has\r\nbecome.\n                        <\/div>\n\n                    \n                    \n                        \n                        <div class=\"lae-read-more\">\n\n                            <a href=\"https:\/\/www.lit.de\/en\/2026\/02\/02\/zwischen-plane-und-power\/\">Read on<\/a>\n\n                        <\/div>\n\n                    \n                <\/div>\n\n            \n        \n    <\/article><!-- .hentry -->\n\n<\/div><!-- .lae-posts-carousel-item -->\n<div data-id=\"id-124199\" class=\"lae-posts-carousel-item\">\n\n    <article id=\"post-124199\" class=\"post-124199 post type-post status-publish format-standard has-post-thumbnail hentry category-highlights-en category-reportage-en tag-economy tag-iberia tag-intermodal-en tag-international tag-isotank tag-l-i-t-en tag-l-i-t-ag-en tag-logistics tag-spanien tag-teamwork-en tag-transport\">\n\n        \n            \n            \n            \n                <div class=\"lae-project-image\">\n\n                    \n                    \n                    \n                        <a href=\"https:\/\/www.lit.de\/en\/2026\/01\/28\/hola-tarragona-hola-zaragoza-l-i-t-expandiert-in-suedeuropa\/\"><img loading=\"lazy\" decoding=\"async\" width=\"500\" height=\"500\" src=\"https:\/\/www.lit.de\/wp-content\/uploads\/2026\/01\/LIT_3770_1_1-500x500.jpg\" class=\"lae-image attachment-medium size-medium\" alt=\"LIT_3770_1_1\" title=\"LIT_3770_1_1\" srcset=\"https:\/\/www.lit.de\/wp-content\/uploads\/2026\/01\/LIT_3770_1_1-500x500.jpg 500w, https:\/\/www.lit.de\/wp-content\/uploads\/2026\/01\/LIT_3770_1_1-1024x1024.jpg 1024w, https:\/\/www.lit.de\/wp-content\/uploads\/2026\/01\/LIT_3770_1_1-150x150.jpg 150w, https:\/\/www.lit.de\/wp-content\/uploads\/2026\/01\/LIT_3770_1_1-768x768.jpg 768w, https:\/\/www.lit.de\/wp-content\/uploads\/2026\/01\/LIT_3770_1_1.jpg 1485w\" sizes=\"(max-width: 500px) 100vw, 500px\" \/><\/a>\n\n                    \n                    \n                        <div class=\"lae-image-info\">\n\n                            <div class=\"lae-entry-info\">\n\n                                \n                                    <h3 class=\"lae-post-title\">\n\n                                        <a href=\"https:\/\/www.lit.de\/en\/2026\/01\/28\/hola-tarragona-hola-zaragoza-l-i-t-expandiert-in-suedeuropa\/\" title=\"\u00a1HOLA TARRAGONA, HOLA ZARAGOZA! \u2013 L.I.T. EXPANDS IN SOUTHERN EUROPE\"\n                                           rel=\"bookmark\">\u00a1HOLA TARRAGONA, HOLA ZARAGOZA! \u2013 L.I.T. EXPANDS IN SOUTHERN EUROPE<\/a>\n\n                                    <\/h3>\n\n                                \n                                \n                                    <span class=\"lae-terms\"><a href=\"https:\/\/www.lit.de\/en\/category\/highlights-en\/\">Highlights<\/a>, <a href=\"https:\/\/www.lit.de\/en\/category\/reportage-en\/\">Reportage<\/a><\/span>\n                                \n                            <\/div>\n\n                        <\/div><!-- .lae-image-info -->\n\n                    \n                <\/div>\n\n            \n            \n                <div class=\"lae-entry-text-wrap \">\n\n                    \n                        <h3 class=\"entry-title\">\n\n                            <a href=\"https:\/\/www.lit.de\/en\/2026\/01\/28\/hola-tarragona-hola-zaragoza-l-i-t-expandiert-in-suedeuropa\/\" title=\"\u00a1HOLA TARRAGONA, HOLA ZARAGOZA! \u2013 L.I.T. EXPANDS IN SOUTHERN EUROPE\"\n                               rel=\"bookmark\">\u00a1HOLA TARRAGONA, HOLA ZARAGOZA! \u2013 L.I.T. EXPANDS IN SOUTHERN EUROPE<\/a>\n\n                        <\/h3>\n\n                    \n                    \n                        <div class=\"lae-entry-meta\">\n\n                            <span class=\"published\"><abbr title=\"Wednesday, January, 2026, 4:19 pm\">28. January 2026<\/abbr><\/span>\n                        <\/div>\n\n                    \n                    \n                        <div class=\"entry-summary\">\n\n                            Blue skies, Mediterranean flair\u2014and plenty of action in between: L.I.T. has been operating on the Iberian Peninsula since June 2024 with great commitment, clear focus, and strong team spirit. With two locations in northeastern Spain, our colleagues are building a dynamic logistics operation.\n                        <\/div>\n\n                    \n                    \n                        \n                        <div class=\"lae-read-more\">\n\n                            <a href=\"https:\/\/www.lit.de\/en\/2026\/01\/28\/hola-tarragona-hola-zaragoza-l-i-t-expandiert-in-suedeuropa\/\">Read on<\/a>\n\n                        <\/div>\n\n                    \n                <\/div>\n\n            \n        \n    <\/article><!-- .hentry -->\n\n<\/div><!-- .lae-posts-carousel-item -->\n<div data-id=\"id-123822\" class=\"lae-posts-carousel-item\">\n\n    <article id=\"post-123822\" class=\"post-123822 post type-post status-publish format-standard has-post-thumbnail hentry category-highlights-en category-reportage-en tag-board tag-brake-en tag-driver-shortage tag-economy tag-forecast tag-interview-en tag-l-i-t-en tag-l-i-t-ag-en tag-logistics tag-rueckblick-en\">\n\n        \n            \n            \n            \n                <div class=\"lae-project-image\">\n\n                    \n                    \n                    \n                        <a href=\"https:\/\/www.lit.de\/en\/2026\/01\/14\/branchen-verbinden-potentiale-entfalten\/\"><img loading=\"lazy\" decoding=\"async\" width=\"500\" height=\"500\" src=\"https:\/\/www.lit.de\/wp-content\/uploads\/2026\/01\/DSC_2401_1_low-500x500.jpg\" class=\"lae-image attachment-medium size-medium\" alt=\"DSC_2401_1_low\" title=\"DSC_2401_1_low\" srcset=\"https:\/\/www.lit.de\/wp-content\/uploads\/2026\/01\/DSC_2401_1_low-500x500.jpg 500w, https:\/\/www.lit.de\/wp-content\/uploads\/2026\/01\/DSC_2401_1_low-1024x1024.jpg 1024w, https:\/\/www.lit.de\/wp-content\/uploads\/2026\/01\/DSC_2401_1_low-150x150.jpg 150w, https:\/\/www.lit.de\/wp-content\/uploads\/2026\/01\/DSC_2401_1_low-768x768.jpg 768w, https:\/\/www.lit.de\/wp-content\/uploads\/2026\/01\/DSC_2401_1_low-1536x1536.jpg 1536w, https:\/\/www.lit.de\/wp-content\/uploads\/2026\/01\/DSC_2401_1_low-2048x2048.jpg 2048w\" sizes=\"(max-width: 500px) 100vw, 500px\" \/><\/a>\n\n                    \n                    \n                        <div class=\"lae-image-info\">\n\n                            <div class=\"lae-entry-info\">\n\n                                \n                                    <h3 class=\"lae-post-title\">\n\n                                        <a href=\"https:\/\/www.lit.de\/en\/2026\/01\/14\/branchen-verbinden-potentiale-entfalten\/\" title=\"CONNECTING INDUSTRIES, UNLOCKING POTENTIAL.\"\n                                           rel=\"bookmark\">CONNECTING INDUSTRIES, UNLOCKING POTENTIAL.<\/a>\n\n                                    <\/h3>\n\n                                \n                                \n                                    <span class=\"lae-terms\"><a href=\"https:\/\/www.lit.de\/en\/category\/highlights-en\/\">Highlights<\/a>, <a href=\"https:\/\/www.lit.de\/en\/category\/reportage-en\/\">Reportage<\/a><\/span>\n                                \n                            <\/div>\n\n                        <\/div><!-- .lae-image-info -->\n\n                    \n                <\/div>\n\n            \n            \n                <div class=\"lae-entry-text-wrap \">\n\n                    \n                        <h3 class=\"entry-title\">\n\n                            <a href=\"https:\/\/www.lit.de\/en\/2026\/01\/14\/branchen-verbinden-potentiale-entfalten\/\" title=\"CONNECTING INDUSTRIES, UNLOCKING POTENTIAL.\"\n                               rel=\"bookmark\">CONNECTING INDUSTRIES, UNLOCKING POTENTIAL.<\/a>\n\n                        <\/h3>\n\n                    \n                    \n                        <div class=\"lae-entry-meta\">\n\n                            <span class=\"published\"><abbr title=\"Wednesday, January, 2026, 9:12 am\">14. January 2026<\/abbr><\/span>\n                        <\/div>\n\n                    \n                    \n                        <div class=\"entry-summary\">\n\n                            The L.I.T. Group operates in 2025 within a challenging market environment. Volatile demand, a shortage of drivers, as well as new opportunities arising from digitalization and international expansion, shape the business landscape. In this context, board members Fokke Fels, Simeon Breuer, Julian Lachnitt, and Ingo Schreiber explain how networked structures and strategic partnerships form the foundation for sustainable growth.\n                        <\/div>\n\n                    \n                    \n                        \n                        <div class=\"lae-read-more\">\n\n                            <a href=\"https:\/\/www.lit.de\/en\/2026\/01\/14\/branchen-verbinden-potentiale-entfalten\/\">Read on<\/a>\n\n                        <\/div>\n\n                    \n                <\/div>\n\n            \n        \n    <\/article><!-- .hentry -->\n\n<\/div><!-- .lae-posts-carousel-item -->\n<div data-id=\"id-32237\" class=\"lae-posts-carousel-item\">\n\n    <article id=\"post-32237\" class=\"post-32237 post type-post status-publish format-standard has-post-thumbnail hentry category-highlights-en category-reportage-en tag-automotive-en tag-contract-logistics tag-l-i-t-en tag-l-i-t-ag-en tag-logistics\">\n\n        \n            \n            \n            \n                <div class=\"lae-project-image\">\n\n                    \n                    \n                    \n                        <a href=\"https:\/\/www.lit.de\/en\/2024\/04\/11\/in-the-fast-lane\/\"><img loading=\"lazy\" decoding=\"async\" width=\"500\" height=\"500\" src=\"https:\/\/www.lit.de\/wp-content\/uploads\/2024\/04\/Automotive-min-1-500x500.png\" class=\"lae-image attachment-medium size-medium\" alt=\"Automotive-min (1)\" title=\"Automotive-min (1)\" srcset=\"https:\/\/www.lit.de\/wp-content\/uploads\/2024\/04\/Automotive-min-1-500x500.png 500w, https:\/\/www.lit.de\/wp-content\/uploads\/2024\/04\/Automotive-min-1-1024x1024.png 1024w, https:\/\/www.lit.de\/wp-content\/uploads\/2024\/04\/Automotive-min-1-150x150.png 150w, https:\/\/www.lit.de\/wp-content\/uploads\/2024\/04\/Automotive-min-1-768x768.png 768w, https:\/\/www.lit.de\/wp-content\/uploads\/2024\/04\/Automotive-min-1-1536x1536.png 1536w, https:\/\/www.lit.de\/wp-content\/uploads\/2024\/04\/Automotive-min-1.png 1696w\" sizes=\"(max-width: 500px) 100vw, 500px\" \/><\/a>\n\n                    \n                    \n                        <div class=\"lae-image-info\">\n\n                            <div class=\"lae-entry-info\">\n\n                                \n                                    <h3 class=\"lae-post-title\">\n\n                                        <a href=\"https:\/\/www.lit.de\/en\/2024\/04\/11\/in-the-fast-lane\/\" title=\"IN THE FAST LANE\"\n                                           rel=\"bookmark\">IN THE FAST LANE<\/a>\n\n                                    <\/h3>\n\n                                \n                                \n                                    <span class=\"lae-terms\"><a href=\"https:\/\/www.lit.de\/en\/category\/highlights-en\/\">Highlights<\/a>, <a href=\"https:\/\/www.lit.de\/en\/category\/reportage-en\/\">Reportage<\/a><\/span>\n                                \n                            <\/div>\n\n                        <\/div><!-- .lae-image-info -->\n\n                    \n                <\/div>\n\n            \n            \n                <div class=\"lae-entry-text-wrap \">\n\n                    \n                        <h3 class=\"entry-title\">\n\n                            <a href=\"https:\/\/www.lit.de\/en\/2024\/04\/11\/in-the-fast-lane\/\" title=\"IN THE FAST LANE\"\n                               rel=\"bookmark\">IN THE FAST LANE<\/a>\n\n                        <\/h3>\n\n                    \n                    \n                        <div class=\"lae-entry-meta\">\n\n                            <span class=\"published\"><abbr title=\"Thursday, April, 2024, 4:43 pm\">11. April 2024<\/abbr><\/span>\n                        <\/div>\n\n                    \n                    \n                        <div class=\"entry-summary\">\n\n                            IN THE FAST LANE Managing Director Claas Durach on the development and next steps of L.I.T. Automotive Solutions GmbH \u00bbConsidering the short period of time since our foundation, we have already reached a number of milestones \u00ab, ClaasDurach reveals in an interview. The Managing Director talks about the beginnings, the development and the next steps [&hellip;]\n                        <\/div>\n\n                    \n                    \n                        \n                        <div class=\"lae-read-more\">\n\n                            <a href=\"https:\/\/www.lit.de\/en\/2024\/04\/11\/in-the-fast-lane\/\">Read on<\/a>\n\n                        <\/div>\n\n                    \n                <\/div>\n\n            \n        \n    <\/article><!-- .hentry -->\n\n<\/div><!-- .lae-posts-carousel-item --><\/div><!-- .lae-posts-carousel -->\t\t<\/div>\n\t\t\t\t<\/div>\n\t\t\t\t<div class=\"elementor-element elementor-element-124ce20 elementor-align-center elementor-widget elementor-widget-button\" data-id=\"124ce20\" data-element_type=\"widget\" data-widget_type=\"button.default\">\n\t\t\t\t<div class=\"elementor-widget-container\">\n\t\t\t\t\t<div class=\"elementor-button-wrapper\">\n\t\t\t<a class=\"elementor-button elementor-button-link elementor-size-md\" href=\"https:\/\/www.lit.de\/en\/?page_id=22400\" target=\"_blank\">\n\t\t\t\t\t\t<span class=\"elementor-button-content-wrapper\">\n\t\t\t\t\t\t<span class=\"elementor-button-text\">Show all reports<\/span>\n\t\t<\/span>\n\t\t\t\t\t<\/a>\n\t\t<\/div>\n\t\t\t\t<\/div>\n\t\t\t\t<\/div>\n\t\t\t\t\t<\/div>\n\t\t<\/div>\n\t\t\t\t\t<\/div>\n\t\t<\/section>\n\t\t\t\t<section class=\"elementor-section elementor-top-section elementor-element elementor-element-a53b3f7 elementor-section-boxed elementor-section-height-default elementor-section-height-default\" data-id=\"a53b3f7\" data-element_type=\"section\" data-settings=\"{&quot;background_background&quot;:&quot;classic&quot;}\">\n\t\t\t\t\t\t<div class=\"elementor-container elementor-column-gap-default\">\n\t\t\t\t\t<div class=\"elementor-column elementor-col-100 elementor-top-column elementor-element elementor-element-18abfbb\" data-id=\"18abfbb\" data-element_type=\"column\" data-settings=\"{&quot;background_background&quot;:&quot;classic&quot;}\">\n\t\t\t<div class=\"elementor-widget-wrap elementor-element-populated\">\n\t\t\t\t\t\t<div class=\"elementor-element elementor-element-317e1ca elementor-widget elementor-widget-menu-anchor\" data-id=\"317e1ca\" data-element_type=\"widget\" data-widget_type=\"menu-anchor.default\">\n\t\t\t\t<div class=\"elementor-widget-container\">\n\t\t\t\t\t<div id=\"literatur\" class=\"elementor-menu-anchor\"><\/div>\n\t\t\t\t<\/div>\n\t\t\t\t<\/div>\n\t\t\t\t\t<\/div>\n\t\t<\/div>\n\t\t\t\t\t<\/div>\n\t\t<\/section>\n\t\t\t\t<section class=\"elementor-section elementor-top-section elementor-element elementor-element-75ccb81 elementor-hidden-tablet elementor-hidden-phone elementor-section-boxed elementor-section-height-default elementor-section-height-default\" data-id=\"75ccb81\" data-element_type=\"section\" data-settings=\"{&quot;background_background&quot;:&quot;classic&quot;}\">\n\t\t\t\t\t\t<div class=\"elementor-container elementor-column-gap-default\">\n\t\t\t\t\t<div class=\"elementor-column elementor-col-100 elementor-top-column elementor-element elementor-element-49d2c01 elementor-invisible\" data-id=\"49d2c01\" data-element_type=\"column\" data-settings=\"{&quot;animation&quot;:&quot;fadeIn&quot;}\">\n\t\t\t<div class=\"elementor-widget-wrap elementor-element-populated\">\n\t\t\t\t\t\t<div class=\"elementor-element elementor-element-1ab3b8d elementor-widget elementor-widget-text-editor\" data-id=\"1ab3b8d\" data-element_type=\"widget\" data-widget_type=\"text-editor.default\">\n\t\t\t\t<div class=\"elementor-widget-container\">\n\t\t\t\t\t\t\t<p>L.I.T.ERATUR<\/p>\n\t\t\t\t\t\t<\/div>\n\t\t\t\t<\/div>\n\t\t\t\t<div class=\"elementor-element elementor-element-aed7cc4 elementor-widget elementor-widget-heading\" data-id=\"aed7cc4\" data-element_type=\"widget\" data-widget_type=\"heading.default\">\n\t\t\t\t<div class=\"elementor-widget-container\">\n\t\t\t<h1 class=\"elementor-heading-title elementor-size-default\">You would like some more information?<\/h1>\t\t<\/div>\n\t\t\t\t<\/div>\n\t\t\t\t<div class=\"elementor-element elementor-element-8105fcf elementor-widget elementor-widget-heading\" data-id=\"8105fcf\" data-element_type=\"widget\" data-widget_type=\"heading.default\">\n\t\t\t\t<div class=\"elementor-widget-container\">\n\t\t\t<h2 class=\"elementor-heading-title elementor-size-default\">then have a look at our magazine issues<\/h2>\t\t<\/div>\n\t\t\t\t<\/div>\n\t\t\t\t<div class=\"elementor-element elementor-element-4141626 elementor-widget__width-inherit elementor-skin-carousel elementor-arrows-yes elementor-widget elementor-widget-global elementor-global-121717 elementor-global-6809 elementor-widget-media-carousel\" data-id=\"4141626\" data-element_type=\"widget\" data-settings=\"{&quot;slides_per_view&quot;:&quot;3&quot;,&quot;slides_per_view_mobile&quot;:&quot;1&quot;,&quot;slides_to_scroll&quot;:&quot;1&quot;,&quot;slides_to_scroll_mobile&quot;:&quot;1&quot;,&quot;space_between&quot;:{&quot;unit&quot;:&quot;px&quot;,&quot;size&quot;:2,&quot;sizes&quot;:[]},&quot;space_between_mobile&quot;:{&quot;unit&quot;:&quot;px&quot;,&quot;size&quot;:&quot;&quot;,&quot;sizes&quot;:[]},&quot;skin&quot;:&quot;carousel&quot;,&quot;effect&quot;:&quot;slide&quot;,&quot;show_arrows&quot;:&quot;yes&quot;,&quot;speed&quot;:500,&quot;space_between_laptop&quot;:{&quot;unit&quot;:&quot;px&quot;,&quot;size&quot;:10,&quot;sizes&quot;:[]},&quot;space_between_tablet&quot;:{&quot;unit&quot;:&quot;px&quot;,&quot;size&quot;:10,&quot;sizes&quot;:[]}}\" data-widget_type=\"media-carousel.default\">\n\t\t\t\t<div class=\"elementor-widget-container\">\n\t\t\t\t\t<div class=\"elementor-swiper\">\n\t\t\t<div class=\"elementor-main-swiper swiper\">\n\t\t\t\t<div class=\"swiper-wrapper\">\n\t\t\t\t\t\t\t\t\t\t\t<div class=\"swiper-slide\">\n\t\t\t\t\t\t\t<a href=\"https:\/\/www.lit.de\/wp-content\/uploads\/2025\/12\/LITeratur9_210x297_20251104_EN_komp.pdf\">\t\t<div class=\"elementor-carousel-image\" role=\"img\" aria-label=\"LITeratur#9_210x297_20251030_Cover\" style=\"background-image: url(&#039;https:\/\/www.lit.de\/wp-content\/uploads\/2025\/12\/LITeratur9_210x297_20251030_Cover.png&#039;)\">\n\n\t\t\t\n\t\t\t\t\t<\/div>\n\t\t<\/a>\t\t\t\t\t\t<\/div>\n\t\t\t\t\t\t\t\t\t\t\t<div class=\"swiper-slide\">\n\t\t\t\t\t\t\t<a href=\"https:\/\/www.lit.de\/wp-content\/uploads\/2024\/12\/L.I.T.ERATUR-Edition-8-english.pdf\">\t\t<div class=\"elementor-carousel-image\" role=\"img\" aria-label=\"LITeratur2024_210x297_20241202_Cover\" style=\"background-image: url(&#039;https:\/\/www.lit.de\/wp-content\/uploads\/2024\/12\/LITeratur2024_210x297_20241202_Cover.jpg&#039;)\">\n\n\t\t\t\n\t\t\t\t\t<\/div>\n\t\t<\/a>\t\t\t\t\t\t<\/div>\n\t\t\t\t\t\t\t\t\t\t\t<div class=\"swiper-slide\">\n\t\t\t\t\t\t\t<a href=\"https:\/\/www.lit.de\/en\/press\/l-i-t-eratur-7\/\" target=\"_blank\">\t\t<div class=\"elementor-carousel-image\" role=\"img\" aria-label=\"LITeratur2023_210x297_COVER\" style=\"background-image: url(&#039;https:\/\/www.lit.de\/wp-content\/uploads\/2023\/12\/LITeratur2023_210x297_COVER.png&#039;)\">\n\n\t\t\t\n\t\t\t\t\t<\/div>\n\t\t<\/a>\t\t\t\t\t\t<\/div>\n\t\t\t\t\t\t\t\t\t\t\t<div class=\"swiper-slide\">\n\t\t\t\t\t\t\t<a href=\"https:\/\/www.lit.de\/presse\/l-i-t-eratur-6\/\" target=\"_blank\">\t\t<div class=\"elementor-carousel-image\" role=\"img\" aria-label=\"22-07 L.I.T_LITeratur2022_210x297_komprimierte Gr\u00f6\u00dfe_COVER_Seite_01\" style=\"background-image: url(&#039;https:\/\/www.lit.de\/wp-content\/uploads\/2023\/12\/22-07-L.I.T_LITeratur2022_210x297_komprimierte-Groesse_COVER_Seite_01.png&#039;)\">\n\n\t\t\t\n\t\t\t\t\t<\/div>\n\t\t<\/a>\t\t\t\t\t\t<\/div>\n\t\t\t\t\t\t\t\t\t\t\t<div class=\"swiper-slide\">\n\t\t\t\t\t\t\t<a href=\"https:\/\/www.lit.de\/presse\/l-i-t-eratur-5\/\">\t\t<div class=\"elementor-carousel-image\" role=\"img\" aria-label=\"RZ_LITeratur_Edition 5_20211206_komp 1\" style=\"background-image: url(&#039;https:\/\/www.lit.de\/wp-content\/uploads\/2025\/05\/RZ_LITeratur_Edition-5_20211206_komp-1-scaled.jpg&#039;)\">\n\n\t\t\t\n\t\t\t\t\t<\/div>\n\t\t<\/a>\t\t\t\t\t\t<\/div>\n\t\t\t\t\t\t\t\t\t<\/div>\n\t\t\t\t\t\t\t\t\t\t\t\t\t\t\t\t\t\t\t\t<div class=\"elementor-swiper-button elementor-swiper-button-prev\" role=\"button\" tabindex=\"0\">\n\t\t\t\t\t\t\t<i aria-hidden=\"true\" class=\"eicon-chevron-left\"><\/i>\t\t\t\t\t\t\t<span class=\"elementor-screen-only\">Previous<\/span>\n\t\t\t\t\t\t<\/div>\n\t\t\t\t\t\t<div class=\"elementor-swiper-button elementor-swiper-button-next\" role=\"button\" tabindex=\"0\">\n\t\t\t\t\t\t\t<i aria-hidden=\"true\" class=\"eicon-chevron-right\"><\/i>\t\t\t\t\t\t\t<span class=\"elementor-screen-only\">Next<\/span>\n\t\t\t\t\t\t<\/div>\n\t\t\t\t\t\t\t\t\t\t\t\t<\/div>\n\t\t<\/div>\n\t\t\t\t<\/div>\n\t\t\t\t<\/div>\n\t\t\t\t\t<\/div>\n\t\t<\/div>\n\t\t\t\t\t<\/div>\n\t\t<\/section>\n\t\t\t\t<section class=\"elementor-section elementor-top-section elementor-element elementor-element-38f0ac5 elementor-hidden-desktop elementor-section-boxed elementor-section-height-default elementor-section-height-default\" data-id=\"38f0ac5\" data-element_type=\"section\" data-settings=\"{&quot;background_background&quot;:&quot;classic&quot;}\">\n\t\t\t\t\t\t<div class=\"elementor-container elementor-column-gap-default\">\n\t\t\t\t\t<div class=\"elementor-column elementor-col-100 elementor-top-column elementor-element elementor-element-d0ca931 elementor-invisible\" data-id=\"d0ca931\" data-element_type=\"column\" data-settings=\"{&quot;animation&quot;:&quot;fadeIn&quot;}\">\n\t\t\t<div class=\"elementor-widget-wrap elementor-element-populated\">\n\t\t\t\t\t\t<div class=\"elementor-element elementor-element-c9838f2 elementor-widget elementor-widget-text-editor\" data-id=\"c9838f2\" data-element_type=\"widget\" data-widget_type=\"text-editor.default\">\n\t\t\t\t<div class=\"elementor-widget-container\">\n\t\t\t\t\t\t\t<p>L.I.T.ERATUR<\/p>\n\t\t\t\t\t\t<\/div>\n\t\t\t\t<\/div>\n\t\t\t\t<div class=\"elementor-element elementor-element-e9f3eaf elementor-widget elementor-widget-heading\" data-id=\"e9f3eaf\" data-element_type=\"widget\" data-widget_type=\"heading.default\">\n\t\t\t\t<div class=\"elementor-widget-container\">\n\t\t\t<h1 class=\"elementor-heading-title elementor-size-default\">You would like some more information?<\/h1>\t\t<\/div>\n\t\t\t\t<\/div>\n\t\t\t\t<div class=\"elementor-element elementor-element-da435bb elementor-widget elementor-widget-heading\" data-id=\"da435bb\" data-element_type=\"widget\" data-widget_type=\"heading.default\">\n\t\t\t\t<div class=\"elementor-widget-container\">\n\t\t\t<h2 class=\"elementor-heading-title elementor-size-default\">then have a look at our magazine issues<\/h2>\t\t<\/div>\n\t\t\t\t<\/div>\n\t\t\t\t<div class=\"elementor-element elementor-element-6f42e18 elementor-widget__width-inherit elementor-skin-carousel elementor-arrows-yes elementor-widget elementor-widget-global elementor-global-121717 elementor-global-6809 elementor-widget-media-carousel\" data-id=\"6f42e18\" data-element_type=\"widget\" data-settings=\"{&quot;slides_per_view&quot;:&quot;3&quot;,&quot;slides_per_view_mobile&quot;:&quot;1&quot;,&quot;slides_to_scroll&quot;:&quot;1&quot;,&quot;slides_to_scroll_mobile&quot;:&quot;1&quot;,&quot;space_between&quot;:{&quot;unit&quot;:&quot;px&quot;,&quot;size&quot;:2,&quot;sizes&quot;:[]},&quot;space_between_mobile&quot;:{&quot;unit&quot;:&quot;px&quot;,&quot;size&quot;:&quot;&quot;,&quot;sizes&quot;:[]},&quot;skin&quot;:&quot;carousel&quot;,&quot;effect&quot;:&quot;slide&quot;,&quot;show_arrows&quot;:&quot;yes&quot;,&quot;speed&quot;:500,&quot;space_between_laptop&quot;:{&quot;unit&quot;:&quot;px&quot;,&quot;size&quot;:10,&quot;sizes&quot;:[]},&quot;space_between_tablet&quot;:{&quot;unit&quot;:&quot;px&quot;,&quot;size&quot;:10,&quot;sizes&quot;:[]}}\" data-widget_type=\"media-carousel.default\">\n\t\t\t\t<div class=\"elementor-widget-container\">\n\t\t\t\t\t<div class=\"elementor-swiper\">\n\t\t\t<div class=\"elementor-main-swiper swiper\">\n\t\t\t\t<div class=\"swiper-wrapper\">\n\t\t\t\t\t\t\t\t\t\t\t<div class=\"swiper-slide\">\n\t\t\t\t\t\t\t<a href=\"https:\/\/www.lit.de\/wp-content\/uploads\/2025\/12\/LITeratur9_210x297_20251104_EN_komp.pdf\">\t\t<div class=\"elementor-carousel-image\" role=\"img\" aria-label=\"LITeratur#9_210x297_20251030_Cover\" style=\"background-image: url(&#039;https:\/\/www.lit.de\/wp-content\/uploads\/2025\/12\/LITeratur9_210x297_20251030_Cover.png&#039;)\">\n\n\t\t\t\n\t\t\t\t\t<\/div>\n\t\t<\/a>\t\t\t\t\t\t<\/div>\n\t\t\t\t\t\t\t\t\t\t\t<div class=\"swiper-slide\">\n\t\t\t\t\t\t\t<a href=\"https:\/\/www.lit.de\/wp-content\/uploads\/2024\/12\/L.I.T.ERATUR-Edition-8-english.pdf\">\t\t<div class=\"elementor-carousel-image\" role=\"img\" aria-label=\"LITeratur2024_210x297_20241202_Cover\" style=\"background-image: url(&#039;https:\/\/www.lit.de\/wp-content\/uploads\/2024\/12\/LITeratur2024_210x297_20241202_Cover.jpg&#039;)\">\n\n\t\t\t\n\t\t\t\t\t<\/div>\n\t\t<\/a>\t\t\t\t\t\t<\/div>\n\t\t\t\t\t\t\t\t\t\t\t<div class=\"swiper-slide\">\n\t\t\t\t\t\t\t<a href=\"https:\/\/www.lit.de\/en\/press\/l-i-t-eratur-7\/\" target=\"_blank\">\t\t<div class=\"elementor-carousel-image\" role=\"img\" aria-label=\"LITeratur2023_210x297_COVER\" style=\"background-image: url(&#039;https:\/\/www.lit.de\/wp-content\/uploads\/2023\/12\/LITeratur2023_210x297_COVER.png&#039;)\">\n\n\t\t\t\n\t\t\t\t\t<\/div>\n\t\t<\/a>\t\t\t\t\t\t<\/div>\n\t\t\t\t\t\t\t\t\t\t\t<div class=\"swiper-slide\">\n\t\t\t\t\t\t\t<a href=\"https:\/\/www.lit.de\/presse\/l-i-t-eratur-6\/\" target=\"_blank\">\t\t<div class=\"elementor-carousel-image\" role=\"img\" aria-label=\"22-07 L.I.T_LITeratur2022_210x297_komprimierte Gr\u00f6\u00dfe_COVER_Seite_01\" style=\"background-image: url(&#039;https:\/\/www.lit.de\/wp-content\/uploads\/2023\/12\/22-07-L.I.T_LITeratur2022_210x297_komprimierte-Groesse_COVER_Seite_01.png&#039;)\">\n\n\t\t\t\n\t\t\t\t\t<\/div>\n\t\t<\/a>\t\t\t\t\t\t<\/div>\n\t\t\t\t\t\t\t\t\t\t\t<div class=\"swiper-slide\">\n\t\t\t\t\t\t\t<a href=\"https:\/\/www.lit.de\/presse\/l-i-t-eratur-5\/\">\t\t<div class=\"elementor-carousel-image\" role=\"img\" aria-label=\"RZ_LITeratur_Edition 5_20211206_komp 1\" style=\"background-image: url(&#039;https:\/\/www.lit.de\/wp-content\/uploads\/2025\/05\/RZ_LITeratur_Edition-5_20211206_komp-1-scaled.jpg&#039;)\">\n\n\t\t\t\n\t\t\t\t\t<\/div>\n\t\t<\/a>\t\t\t\t\t\t<\/div>\n\t\t\t\t\t\t\t\t\t<\/div>\n\t\t\t\t\t\t\t\t\t\t\t\t\t\t\t\t\t\t\t\t<div class=\"elementor-swiper-button elementor-swiper-button-prev\" role=\"button\" tabindex=\"0\">\n\t\t\t\t\t\t\t<i aria-hidden=\"true\" class=\"eicon-chevron-left\"><\/i>\t\t\t\t\t\t\t<span class=\"elementor-screen-only\">Previous<\/span>\n\t\t\t\t\t\t<\/div>\n\t\t\t\t\t\t<div class=\"elementor-swiper-button elementor-swiper-button-next\" role=\"button\" tabindex=\"0\">\n\t\t\t\t\t\t\t<i aria-hidden=\"true\" class=\"eicon-chevron-right\"><\/i>\t\t\t\t\t\t\t<span class=\"elementor-screen-only\">Next<\/span>\n\t\t\t\t\t\t<\/div>\n\t\t\t\t\t\t\t\t\t\t\t\t<\/div>\n\t\t<\/div>\n\t\t\t\t<\/div>\n\t\t\t\t<\/div>\n\t\t\t\t\t<\/div>\n\t\t<\/div>\n\t\t\t\t\t<\/div>\n\t\t<\/section>\n\t\t\t\t<section class=\"elementor-section elementor-top-section elementor-element elementor-element-6e09d59 elementor-section-boxed elementor-section-height-default elementor-section-height-default\" data-id=\"6e09d59\" data-element_type=\"section\">\n\t\t\t\t\t\t<div class=\"elementor-container elementor-column-gap-no\">\n\t\t\t\t\t<div class=\"elementor-column elementor-col-100 elementor-top-column elementor-element elementor-element-ef6b009\" data-id=\"ef6b009\" data-element_type=\"column\" data-settings=\"{&quot;background_background&quot;:&quot;classic&quot;}\">\n\t\t\t<div class=\"elementor-widget-wrap elementor-element-populated\">\n\t\t\t\t\t\t<div class=\"elementor-element elementor-element-cf7c3fe elementor-widget elementor-widget-menu-anchor\" data-id=\"cf7c3fe\" data-element_type=\"widget\" data-widget_type=\"menu-anchor.default\">\n\t\t\t\t<div class=\"elementor-widget-container\">\n\t\t\t\t\t<div id=\"ansprechpartner_presse\" class=\"elementor-menu-anchor\"><\/div>\n\t\t\t\t<\/div>\n\t\t\t\t<\/div>\n\t\t\t\t\t<\/div>\n\t\t<\/div>\n\t\t\t\t\t<\/div>\n\t\t<\/section>\n\t\t\t\t<section class=\"elementor-section elementor-top-section elementor-element elementor-element-7c94fbe elementor-section-boxed elementor-section-height-default elementor-section-height-default\" data-id=\"7c94fbe\" data-element_type=\"section\" data-settings=\"{&quot;background_background&quot;:&quot;classic&quot;}\">\n\t\t\t\t\t\t<div class=\"elementor-container elementor-column-gap-no\">\n\t\t\t\t\t<div class=\"elementor-column elementor-col-100 elementor-top-column elementor-element elementor-element-52edf1b elementor-invisible\" data-id=\"52edf1b\" data-element_type=\"column\" data-settings=\"{&quot;animation&quot;:&quot;fadeIn&quot;}\">\n\t\t\t<div class=\"elementor-widget-wrap elementor-element-populated\">\n\t\t\t\t\t\t<div class=\"elementor-element elementor-element-1af9332 elementor-widget elementor-widget-text-editor\" data-id=\"1af9332\" data-element_type=\"widget\" data-widget_type=\"text-editor.default\">\n\t\t\t\t<div class=\"elementor-widget-container\">\n\t\t\t\t\t\t\t<p>PRESS AND PUBLIC RELATIONS | CORPORATE COMMUNICATIONS CONTACT PARTNERS<\/p>\n\t\t\t\t\t\t<\/div>\n\t\t\t\t<\/div>\n\t\t\t\t<div class=\"elementor-element elementor-element-270050d9 elementor-widget elementor-widget-heading\" data-id=\"270050d9\" data-element_type=\"widget\" data-widget_type=\"heading.default\">\n\t\t\t\t<div class=\"elementor-widget-container\">\n\t\t\t<h1 class=\"elementor-heading-title elementor-size-default\">DO YOU HAVE ANY QUESTIONS? GIVE US A CALL!<\/h1>\t\t<\/div>\n\t\t\t\t<\/div>\n\t\t\t\t<section class=\"elementor-section elementor-inner-section elementor-element elementor-element-396e34a9 elementor-section-boxed elementor-section-height-default elementor-section-height-default\" data-id=\"396e34a9\" data-element_type=\"section\">\n\t\t\t\t\t\t<div class=\"elementor-container elementor-column-gap-default\">\n\t\t\t\t\t<div class=\"elementor-column elementor-col-33 elementor-inner-column elementor-element elementor-element-181a6c69\" data-id=\"181a6c69\" data-element_type=\"column\">\n\t\t\t<div class=\"elementor-widget-wrap elementor-element-populated\">\n\t\t\t\t\t\t<div class=\"elementor-element elementor-element-56a74882 elementor-cta--skin-cover imageMaxWidth elementor-animated-content elementor-bg-transform elementor-bg-transform-zoom-in elementor-widget elementor-widget-call-to-action\" data-id=\"56a74882\" data-element_type=\"widget\" data-widget_type=\"call-to-action.default\">\n\t\t\t\t<div class=\"elementor-widget-container\">\n\t\t\t\t\t<div class=\"elementor-cta\">\n\t\t\t\t\t<div class=\"elementor-cta__bg-wrapper\">\n\t\t\t\t<div class=\"elementor-cta__bg elementor-bg\" style=\"background-image: url(https:\/\/www.lit.de\/wp-content\/uploads\/elementor\/thumbs\/Azubi-Portraits-10.37.45-pzwy6agfpnc4kxj4wsu0r2vgd5trcdw14s57bik8zs.png);\" role=\"img\" aria-label=\"Azubi Portraits 10.37.45\"><\/div>\n\t\t\t\t<div class=\"elementor-cta__bg-overlay\"><\/div>\n\t\t\t<\/div>\n\t\t\t\t\t\t\t<div class=\"elementor-cta__content\">\n\t\t\t\t\n\t\t\t\t\t\t\t\t\t<h2 class=\"elementor-cta__title elementor-cta__content-item elementor-content-item elementor-animated-item--fade-in\">\n\t\t\t\t\t\tTel.: +49 159 04686577\t\t\t\t\t<\/h2>\n\t\t\t\t\n\t\t\t\t\n\t\t\t\t\t\t\t\t\t<div class=\"elementor-cta__button-wrapper elementor-cta__content-item elementor-content-item elementor-animated-item--fade-in\">\n\t\t\t\t\t<a class=\"elementor-cta__button elementor-button elementor-size-\" href=\"mailto:Florence.Meyer@lit.de\">\n\t\t\t\t\t\tSend e-mail\t\t\t\t\t<\/a>\n\t\t\t\t\t<\/div>\n\t\t\t\t\t\t\t<\/div>\n\t\t\t\t\t\t<\/div>\n\t\t\t\t<\/div>\n\t\t\t\t<\/div>\n\t\t\t\t<div class=\"elementor-element elementor-element-2352c12a elementor-widget elementor-widget-heading\" data-id=\"2352c12a\" data-element_type=\"widget\" data-widget_type=\"heading.default\">\n\t\t\t\t<div class=\"elementor-widget-container\">\n\t\t\t<h2 class=\"elementor-heading-title elementor-size-default\">FLORENCE MEYER<\/h2>\t\t<\/div>\n\t\t\t\t<\/div>\n\t\t\t\t<div class=\"elementor-element elementor-element-39738046 elementor-widget elementor-widget-text-editor\" data-id=\"39738046\" data-element_type=\"widget\" data-widget_type=\"text-editor.default\">\n\t\t\t\t<div class=\"elementor-widget-container\">\n\t\t\t\t\t\t\t<p>Head of Corporate Communications<br \/>of L.I.T. Group<span style=\"color: #000000;\"><br \/><\/span><\/p>\n\t\t\t\t\t\t<\/div>\n\t\t\t\t<\/div>\n\t\t\t\t\t<\/div>\n\t\t<\/div>\n\t\t\t\t<div class=\"elementor-column elementor-col-33 elementor-inner-column elementor-element elementor-element-7dc88c66\" data-id=\"7dc88c66\" data-element_type=\"column\">\n\t\t\t<div class=\"elementor-widget-wrap\">\n\t\t\t\t\t\t\t<\/div>\n\t\t<\/div>\n\t\t\t\t<div class=\"elementor-column elementor-col-33 elementor-inner-column elementor-element elementor-element-21d3bab0\" data-id=\"21d3bab0\" data-element_type=\"column\">\n\t\t\t<div class=\"elementor-widget-wrap\">\n\t\t\t\t\t\t\t<\/div>\n\t\t<\/div>\n\t\t\t\t\t<\/div>\n\t\t<\/section>\n\t\t\t\t\t<\/div>\n\t\t<\/div>\n\t\t\t\t\t<\/div>\n\t\t<\/section>\n\t\t\t\t<section class=\"elementor-section elementor-top-section elementor-element elementor-element-120d911 elementor-section-boxed elementor-section-height-default elementor-section-height-default\" data-id=\"120d911\" data-element_type=\"section\" data-settings=\"{&quot;background_background&quot;:&quot;classic&quot;}\">\n\t\t\t\t\t\t<div class=\"elementor-container elementor-column-gap-no\">\n\t\t\t\t\t<div class=\"elementor-column elementor-col-100 elementor-top-column elementor-element elementor-element-5797538\" data-id=\"5797538\" data-element_type=\"column\" data-settings=\"{&quot;background_background&quot;:&quot;classic&quot;}\">\n\t\t\t<div class=\"elementor-widget-wrap elementor-element-populated\">\n\t\t\t\t\t\t<div class=\"elementor-element elementor-element-e71ad80 elementor-widget elementor-widget-menu-anchor\" data-id=\"e71ad80\" data-element_type=\"widget\" data-widget_type=\"menu-anchor.default\">\n\t\t\t\t<div class=\"elementor-widget-container\">\n\t\t\t\t\t<div id=\"presseanfragen\" class=\"elementor-menu-anchor\"><\/div>\n\t\t\t\t<\/div>\n\t\t\t\t<\/div>\n\t\t\t\t\t<\/div>\n\t\t<\/div>\n\t\t\t\t\t<\/div>\n\t\t<\/section>\n\t\t\t\t<section class=\"elementor-section elementor-top-section elementor-element elementor-element-cf9dfd1 elementor-section-boxed elementor-section-height-default elementor-section-height-default\" data-id=\"cf9dfd1\" data-element_type=\"section\" data-settings=\"{&quot;background_background&quot;:&quot;classic&quot;}\">\n\t\t\t\t\t\t<div class=\"elementor-container elementor-column-gap-no\">\n\t\t\t\t\t<div class=\"elementor-column elementor-col-100 elementor-top-column elementor-element elementor-element-4df951c\" data-id=\"4df951c\" data-element_type=\"column\">\n\t\t\t<div class=\"elementor-widget-wrap elementor-element-populated\">\n\t\t\t\t\t\t<div class=\"elementor-element elementor-element-605b762 elementor-widget elementor-widget-menu-anchor\" data-id=\"605b762\" data-element_type=\"widget\" data-widget_type=\"menu-anchor.default\">\n\t\t\t\t<div class=\"elementor-widget-container\">\n\t\t\t\t\t<div id=\"newsletter\" class=\"elementor-menu-anchor\"><\/div>\n\t\t\t\t<\/div>\n\t\t\t\t<\/div>\n\t\t\t\t<div class=\"elementor-element elementor-element-8eda28a preHeader elementor-widget elementor-widget-text-editor\" data-id=\"8eda28a\" data-element_type=\"widget\" data-widget_type=\"text-editor.default\">\n\t\t\t\t<div class=\"elementor-widget-container\">\n\t\t\t\t\t\t\t<p>Inquire<\/p>\n\t\t\t\t\t\t<\/div>\n\t\t\t\t<\/div>\n\t\t\t\t<div class=\"elementor-element elementor-element-387b7b0 elementor-widget elementor-widget-heading\" data-id=\"387b7b0\" data-element_type=\"widget\" data-widget_type=\"heading.default\">\n\t\t\t\t<div class=\"elementor-widget-container\">\n\t\t\t<h2 class=\"elementor-heading-title elementor-size-default\"> ...OR WRITE TO US.<\/h2>\t\t<\/div>\n\t\t\t\t<\/div>\n\t\t\t\t<div class=\"elementor-element elementor-element-c2d7241 eael-contact-form-7-button-align-left eael-contact-form-7-button-custom elementor-widget elementor-widget-eael-contact-form-7\" data-id=\"c2d7241\" data-element_type=\"widget\" data-widget_type=\"eael-contact-form-7.default\">\n\t\t\t\t<div class=\"elementor-widget-container\">\n\t\t\t<div class=\"eael-contact-form-7-wrapper\">\n                <div class=\"eael-contact-form eael-contact-form-7 eael-contact-form-c2d7241 placeholder-show eael-contact-form-align-default\"><div class=\"eael-contact-form-7-heading\"><\/div>\n<div class=\"wpcf7 no-js\" id=\"wpcf7-f17379-o1\" lang=\"en-US\" dir=\"ltr\" data-wpcf7-id=\"17379\">\n<div class=\"screen-reader-response\"><p role=\"status\" aria-live=\"polite\" aria-atomic=\"true\"><\/p> <ul><\/ul><\/div>\n<form action=\"\/en\/wp-json\/wp\/v2\/pages\/21934#wpcf7-f17379-o1\" method=\"post\" class=\"wpcf7-form init\" aria-label=\"Contact form\" novalidate=\"novalidate\" data-status=\"init\">\n<fieldset class=\"hidden-fields-container\"><input type=\"hidden\" name=\"_wpcf7\" value=\"17379\" \/><input type=\"hidden\" name=\"_wpcf7_version\" value=\"6.1.5\" \/><input type=\"hidden\" name=\"_wpcf7_locale\" value=\"en_US\" \/><input type=\"hidden\" name=\"_wpcf7_unit_tag\" value=\"wpcf7-f17379-o1\" \/><input type=\"hidden\" name=\"_wpcf7_container_post\" value=\"0\" \/><input type=\"hidden\" name=\"_wpcf7_posted_data_hash\" value=\"\" \/><input type=\"hidden\" name=\"_wpcf7_recaptcha_response\" value=\"\" \/>\n<\/fieldset>\n<p><span class=\"wpcf7-form-control-wrap\" data-name=\"firma\"><input size=\"40\" maxlength=\"400\" class=\"wpcf7-form-control wpcf7-text wpcf7-validates-as-required\" aria-required=\"true\" aria-invalid=\"false\" placeholder=\"Company\" value=\"\" type=\"text\" name=\"firma\" \/><\/span>\n<\/p>\n<p><span class=\"wpcf7-form-control-wrap\" data-name=\"vorname\"><input size=\"40\" maxlength=\"400\" class=\"wpcf7-form-control wpcf7-text wpcf7-validates-as-required\" aria-required=\"true\" aria-invalid=\"false\" placeholder=\"Name\" value=\"\" type=\"text\" name=\"vorname\" \/><\/span>\n<\/p>\n<p><span class=\"wpcf7-form-control-wrap\" data-name=\"funktion\"><input size=\"40\" maxlength=\"400\" class=\"wpcf7-form-control wpcf7-text wpcf7-validates-as-required\" aria-required=\"true\" aria-invalid=\"false\" placeholder=\"Function\" value=\"\" type=\"text\" name=\"funktion\" \/><\/span>\n<\/p>\n<p><span class=\"wpcf7-form-control-wrap\" data-name=\"email\"><input size=\"40\" maxlength=\"400\" class=\"wpcf7-form-control wpcf7-email wpcf7-validates-as-required wpcf7-text wpcf7-validates-as-email\" aria-required=\"true\" aria-invalid=\"false\" placeholder=\"E-mail\" value=\"\" type=\"email\" name=\"email\" \/><\/span>\n<\/p>\n<p><span class=\"wpcf7-form-control-wrap\" data-name=\"telefonnummer\"><input size=\"40\" maxlength=\"400\" class=\"wpcf7-form-control wpcf7-text wpcf7-validates-as-required\" aria-required=\"true\" aria-invalid=\"false\" placeholder=\"Telephone number\" value=\"\" type=\"text\" name=\"telefonnummer\" \/><\/span>\n<\/p>\n<p><span class=\"wpcf7-form-control-wrap\" data-name=\"betreff\"><input size=\"40\" maxlength=\"400\" class=\"wpcf7-form-control wpcf7-text\" aria-invalid=\"false\" placeholder=\"Subject\" value=\"\" type=\"text\" name=\"betreff\" \/><\/span>\n<\/p>\n<p><span class=\"wpcf7-form-control-wrap\" data-name=\"nachricht\"><textarea cols=\"40\" rows=\"10\" maxlength=\"2000\" class=\"wpcf7-form-control wpcf7-textarea\" aria-invalid=\"false\" placeholder=\"Your message\" name=\"nachricht\"><\/textarea><\/span><br \/>\n<span id=\"wpcf7-69f5f0bb92b5c-wrapper\" class=\"wpcf7-form-control-wrap website-honey-wrap\" ><input type=\"hidden\" name=\"website-honey-time-start\" value=\"1777725627\"><input type=\"hidden\" name=\"website-honey-time-check\" value=\"4\"><input id=\"wpcf7-69f5f0bb92b5c-field\"  class=\"wpcf7-form-control wpcf7-text\" type=\"text\" name=\"website-honey\" value=\"\" size=\"40\" tabindex=\"-1\" autocomplete=\"new-password\" \/><\/span><br \/>\n<span class=\"wpcf7-form-control-wrap g-recaptcha-response\"><span class=\"wpcf7-form-control\">  <\/span><\/span>\n<\/p>\n<p><input class=\"wpcf7-form-control wpcf7-submit has-spinner\" type=\"submit\" value=\"Send Message\" \/>\n<\/p><div class=\"wpcf7-response-output\" aria-hidden=\"true\"><\/div>\n<\/form>\n<\/div>\n<\/div>\n            <\/div>\t\t<\/div>\n\t\t\t\t<\/div>\n\t\t\t\t\t<\/div>\n\t\t<\/div>\n\t\t\t\t\t<\/div>\n\t\t<\/section>\n\t\t\t\t<\/div>\n\t\t","protected":false},"excerpt":{"rendered":"<p>NEWS IF YOU HAVE NOT ALREADY READ IT IN THE MEDIA&#8230; HERE OUR LATEST PRESS REPORTS AND PRESS RELEASES L.I.T. schafft mit Lagerhallenbau Arbeitspl\u00e4tze Presse L.I.T. schafft mit Lagerhallenbau Arbeitspl\u00e4tze 31. August 2023 Anfang Juli kamen die Gesch\u00e4ftsf\u00fchrung der L.I.T. Lager &#038; Logistik GmbH, Thimo Schulz, der B\u00fcrgermeister der Stadt Bassum, Christian Porsch, sowie der [&hellip;]<\/p>\n","protected":false},"author":16,"featured_media":0,"parent":0,"menu_order":0,"comment_status":"closed","ping_status":"closed","template":"elementor_header_footer","meta":{"footnotes":""},"class_list":["post-21934","page","type-page","status-publish","hentry"],"_links":{"self":[{"href":"https:\/\/www.lit.de\/en\/wp-json\/wp\/v2\/pages\/21934","targetHints":{"allow":["GET"]}}],"collection":[{"href":"https:\/\/www.lit.de\/en\/wp-json\/wp\/v2\/pages"}],"about":[{"href":"https:\/\/www.lit.de\/en\/wp-json\/wp\/v2\/types\/page"}],"author":[{"embeddable":true,"href":"https:\/\/www.lit.de\/en\/wp-json\/wp\/v2\/users\/16"}],"replies":[{"embeddable":true,"href":"https:\/\/www.lit.de\/en\/wp-json\/wp\/v2\/comments?post=21934"}],"version-history":[{"count":13,"href":"https:\/\/www.lit.de\/en\/wp-json\/wp\/v2\/pages\/21934\/revisions"}],"predecessor-version":[{"id":31527,"href":"https:\/\/www.lit.de\/en\/wp-json\/wp\/v2\/pages\/21934\/revisions\/31527"}],"wp:attachment":[{"href":"https:\/\/www.lit.de\/en\/wp-json\/wp\/v2\/media?parent=21934"}],"curies":[{"name":"wp","href":"https:\/\/api.w.org\/{rel}","templated":true}]}}